{"id":30672,"date":"2021-02-11T13:02:27","date_gmt":"2021-02-11T12:02:27","guid":{"rendered":"https:\/\/eufortrisomy21.eu\/pl\/?post_type=ngo&#038;p=30672"},"modified":"2021-02-11T13:34:26","modified_gmt":"2021-02-11T12:34:26","slug":"stowarzyszenie-rodzin-i-opiekunow-osob-z-zespolem-downa-bardziej-kochani","status":"publish","type":"ngo","link":"https:\/\/eufortrisomy21.eu\/be\/ngo\/stowarzyszenie-rodzin-i-opiekunow-osob-z-zespolem-downa-bardziej-kochani\/","title":{"rendered":"Stowarzyszenie Rodzin en Opiekun\u00f3w Os\u00f3b z Zespo\u0142em Downa bardziej Kochani"},"content":{"rendered":"<table border=\"0\" width=\"99%\" cellspacing=\"0\" cellpadding=\"1\" bgcolor=\"#EAEAEA\">\n<tbody>\n<tr>\n<td>\n<table border=\"0\" width=\"100%\" cellspacing=\"0\" cellpadding=\"5\" bgcolor=\"#FFFFFF\">\n<tbody>\n<tr bgcolor=\"#EAF2FA\">\n<td colspan=\"2\"><span style=\"font-family: sans-serif; font-size: 12px;\"><strong>Name of the NGO<\/strong><\/span><\/td>\n<\/tr>\n<tr bgcolor=\"#FFFFFF\">\n<td width=\"20\"><\/td>\n<td><span style=\"font-family: sans-serif; font-size: 12px;\">Stowarzyszenie Rodzin en Opiekun\u00f3w Os\u00f3b z Zespo\u0142em Downa bardziej Kochani<\/span><\/td>\n<\/tr>\n<tr bgcolor=\"#EAF2FA\">\n<td colspan=\"2\"><span style=\"font-family: sans-serif; font-size: 12px;\"><strong>Logo<\/strong><\/span><\/td>\n<\/tr>\n<tr bgcolor=\"#FFFFFF\">\n<td width=\"20\"><\/td>\n<td>\n<ul>\n<li><a href=\"https:\/\/eufortrisomy21.eu\/wp-content\/uploads\/2021\/02\/logo-bk-scaled.jpg\" target=\"_blank\" rel=\"noopener\" aria-label=\"Click to view\">logo-bk-scaled.jpg<\/a><\/li>\n<\/ul>\n<p>&nbsp;<\/td>\n<\/tr>\n<tr bgcolor=\"#EAF2FA\">\n<td colspan=\"2\"><span style=\"font-family: sans-serif; font-size: 12px;\"><strong>Land<\/strong><\/span><\/td>\n<\/tr>\n<tr bgcolor=\"#FFFFFF\">\n<td width=\"20\"><\/td>\n<td><span style=\"font-family: sans-serif; font-size: 12px;\">POLEN<\/span><\/td>\n<\/tr>\n<tr bgcolor=\"#EAF2FA\">\n<td colspan=\"2\"><span style=\"font-family: sans-serif; font-size: 12px;\"><strong>Short presentation of the NGO<\/strong><\/span><\/td>\n<\/tr>\n<tr bgcolor=\"#FFFFFF\">\n<td width=\"20\"><\/td>\n<td><span style=\"font-family: sans-serif; font-size: 12px;\">Oferta dla rodzic\u00f3w &#8211; og\u00f3lnopolski informator, telefon zaufania, konferencje, turnusy, specjalistyczny kwartalnik i wydawnictwa. Dla os\u00f3b z zespo\u0142em Downa &#8211; kolonie rehabilitacyjne, rehabilitacyjne zaj\u0119cia pozalekcyjne, wycieczki po Warszawie i Europie, imprezy okoliczno\u015bciowe.<\/span><\/td>\n<\/tr>\n<tr bgcolor=\"#EAF2FA\">\n<td colspan=\"2\"><span style=\"font-family: sans-serif; font-size: 12px;\"><strong>Website<\/strong><\/span><\/td>\n<\/tr>\n<tr bgcolor=\"#FFFFFF\">\n<td width=\"20\"><\/td>\n<td><span style=\"font-family: sans-serif; font-size: 12px;\">www.bardziejkochani.pl<\/span><\/td>\n<\/tr>\n<tr bgcolor=\"#EAF2FA\">\n<td colspan=\"2\"><span style=\"font-family: sans-serif; font-size: 12px;\"><strong>Facebook<\/strong><\/span><\/td>\n<\/tr>\n<tr bgcolor=\"#FFFFFF\">\n<td width=\"20\"><\/td>\n<td><span style=\"font-family: sans-serif; font-size: 12px;\">https:\/\/pl-pl.facebook.com\/bkochani<\/span><\/td>\n<\/tr>\n<tr bgcolor=\"#EAF2FA\">\n<td colspan=\"2\"><span style=\"font-family: sans-serif; font-size: 12px;\"><strong>Contact person&#8217;s first name<\/strong><\/span><\/td>\n<\/tr>\n<tr bgcolor=\"#FFFFFF\">\n<td width=\"20\"><\/td>\n<td><span style=\"font-family: sans-serif; font-size: 12px;\">Ewa<\/span><\/td>\n<\/tr>\n<tr bgcolor=\"#EAF2FA\">\n<td colspan=\"2\"><span style=\"font-family: sans-serif; font-size: 12px;\"><strong>Contact person&#8217;s last name<\/strong><\/span><\/td>\n<\/tr>\n<tr bgcolor=\"#FFFFFF\">\n<td width=\"20\"><\/td>\n<td><span style=\"font-family: sans-serif; font-size: 12px;\">Suchcicka<\/span><\/td>\n<\/tr>\n<tr bgcolor=\"#EAF2FA\">\n<td colspan=\"2\"><span style=\"font-family: sans-serif; font-size: 12px;\"><strong>E-mail<\/strong><\/span><\/td>\n<\/tr>\n<tr bgcolor=\"#FFFFFF\">\n<td width=\"20\"><\/td>\n<td><span style=\"font-family: sans-serif; font-size: 12px;\">esuchcicka@bardziejkochani.pl<\/span><\/td>\n<\/tr>\n<tr bgcolor=\"#EAF2FA\">\n<td colspan=\"2\"><span style=\"font-family: sans-serif; font-size: 12px;\"><strong>Telefoon<\/strong><\/span><\/td>\n<\/tr>\n<tr bgcolor=\"#FFFFFF\">\n<td width=\"20\"><\/td>\n<td><span style=\"font-family: sans-serif; font-size: 12px;\">48 502147487<\/span><\/td>\n<\/tr>\n<tr bgcolor=\"#EAF2FA\">\n<td colspan=\"2\"><span style=\"font-family: sans-serif; font-size: 12px;\"><strong>City<\/strong><\/span><\/td>\n<\/tr>\n<tr bgcolor=\"#FFFFFF\">\n<td width=\"20\"><\/td>\n<td><span style=\"font-family: sans-serif; font-size: 12px;\">Warszawa<\/span><\/td>\n<\/tr>\n<tr bgcolor=\"#EAF2FA\">\n<td colspan=\"2\"><span style=\"font-family: sans-serif; font-size: 12px;\"><strong>I want to register one or more people with Down&#8217;s syndrome<\/strong><\/span><\/td>\n<\/tr>\n<tr bgcolor=\"#FFFFFF\">\n<td width=\"20\"><\/td>\n<td><span style=\"font-family: sans-serif; font-size: 12px;\">No<\/span><\/td>\n<\/tr>\n<tr bgcolor=\"#EAF2FA\">\n<td colspan=\"2\"><span style=\"font-family: sans-serif; font-size: 12px;\"><strong>Contact optin<\/strong><\/span><\/td>\n<\/tr>\n<tr bgcolor=\"#FFFFFF\">\n<td width=\"20\"><\/td>\n<td>\n<ul class=\"bulleted\">\n<li>I would like to be contacted to become a partner of EU for Trisomy 21<\/li>\n<\/ul>\n<p>&nbsp;<\/td>\n<\/tr>\n<tr bgcolor=\"#EAF2FA\">\n<td colspan=\"2\"><\/td>\n<\/tr>\n<tr bgcolor=\"#FFFFFF\">\n<td width=\"20\"><\/td>\n<td><span style=\"font-family: sans-serif; font-size: 12px;\"><span style=\"font-family: sans-serif; font-size: 12px;\"><img decoding=\"async\" src=\"https:\/\/eufortrisomy21.eu\/wp-content\/plugins\/gravityforms\/images\/tick.png\" \/> Ik ga akkoord met de privacy-overeenkomst.<\/span><\/span><\/p>\n<div class=\"gfield_consent_description\">Door dit formulier in te vullen, gaat u ermee akkoord dat uw contactgegevens worden opgenomen in het EUfortrisomy21-contactbestand. Houd er rekening mee dat dit bestand de exclusieve verantwoordelijkheid blijft van EUfortrisomy21 en dat het in geen geval wordt gedeeld met andere entiteiten. Als u onze berichten in de toekomst niet meer wenst te ontvangen, kunt u zich eenvoudig afmelden met de onderstaande link. U hebt te allen tijde het recht om gegevens over u in te zien, te corrigeren of te verwijderen, en het recht om u te verzetten of de verwerking ervan te beperken. Om uw rechten uit te oefenen, kunt u contact met ons opnemen via privacy @ eufortrisomy21. Voor meer informatie over de bescherming van uw persoonsgegevens: privacy @ eufortrisomy21<\/div>\n<p>&nbsp;<\/td>\n<\/tr>\n<\/tbody>\n<\/table>\n<\/td>\n<\/tr>\n<\/tbody>\n<\/table>","protected":false},"featured_media":0,"template":"","country":[10],"class_list":["post-30672","ngo","type-ngo","status-publish","hentry","country-poland"],"acf":[],"_links":{"self":[{"href":"https:\/\/eufortrisomy21.eu\/be\/wp-json\/wp\/v2\/ngo\/30672"}],"collection":[{"href":"https:\/\/eufortrisomy21.eu\/be\/wp-json\/wp\/v2\/ngo"}],"about":[{"href":"https:\/\/eufortrisomy21.eu\/be\/wp-json\/wp\/v2\/types\/ngo"}],"version-history":[{"count":0,"href":"https:\/\/eufortrisomy21.eu\/be\/wp-json\/wp\/v2\/ngo\/30672\/revisions"}],"wp:attachment":[{"href":"https:\/\/eufortrisomy21.eu\/be\/wp-json\/wp\/v2\/media?parent=30672"}],"wp:term":[{"taxonomy":"country","embeddable":true,"href":"https:\/\/eufortrisomy21.eu\/be\/wp-json\/wp\/v2\/country?post=30672"}],"curies":[{"name":"wp","href":"https:\/\/api.w.org\/{rel}","templated":true}]}}