{"id":14524,"date":"2020-03-19T15:28:45","date_gmt":"2020-03-19T14:28:45","guid":{"rendered":"https:\/\/eufortrisomy21.eu\/?page_id=14524"},"modified":"2025-01-27T15:46:22","modified_gmt":"2025-01-27T14:46:22","slug":"declaration","status":"publish","type":"page","link":"https:\/\/eufortrisomy21.eu\/be\/21march20\/declaration\/","title":{"rendered":"Verklaring"},"content":{"rendered":"<h1>\r\n\t\t\r\n\t<\/h1>\r\n<h2>\r\n\t\tVerklaring Wereld Downsyndroom Dag in het Europees Parlement\r\n\t<\/h2>\r\n\t<p>On the occasion of World Down Syndrome Day on the 21st March, we &#8211; members of the European Parliament and civil society &#8211; believe that the \u201crecognition of the inherent dignity and of the equal and inalienable rights of all members of the human family is the foundation of freedom, justice and peace\u201d, founding principles of the European Union. We want to create an inclusive society where the Dignity and human rights of people with disabilities are cherished by all, protected by law and put into practice in concrete actions all over Europe.<\/p>\r\n<p>Als lid van het VN-Verdrag inzake de rechten van personen met een handicap (het verdrag) hebben de EU en de lidstaten een duidelijke verplichting om de rechten van alle personen met een handicap die in het verdrag zijn vastgelegd in de hele Unie te handhaven.<\/p>\r\n<p>Personen met een handicap, met inbegrip van personen met een verstandelijke handicap, hebben het recht volledig te worden opgenomen in en op voet van gelijkheid met anderen deel te nemen aan de samenleving. Personen met een handicap en hun representatieve organisaties moeten worden geraadpleegd en betrokken bij alle besluitvorming in de EU.<\/p>\r\n<p>Personen met een handicap in de Europese Unie lopen een hoog risico op sociale uitsluiting, aangezien hun werkloosheidspercentage het dubbele is van dat van burgers zonder handicap en zelfs vier keer zo hoog voor mensen met een verstandelijke handicap.<\/p>\r\n<p>We eisen dat de rechten van mensen met een handicap en het Verdrag worden ge\u00efntegreerd in alle beleidslijnen en programma&#039;s van de Europese Unie, ook op het gebied van gezondheid, werkgelegenheid en inclusief onderwijs.<\/p>\r\n<p>We call on the European Institutions and the Member States to respect, protect and promote the individual autonomy of people with disabilities and intellectual disabilities, including the freedom to make one&#8217;s own choices. We recall the importance of supporting autonomy rising projects like inclusive educational\u00a0 programs,\u00a0 independent\u00a0 living\u00a0 projects\u00a0 as\u00a0 well\u00a0 as\u00a0 health research programs with therapeutic goals.<\/p>\r\n<p>Inzicht in de ondervertegenwoordiging van mensen met een handicap in politieke instellingen en in de media en in de totale politieke onzichtbaarheid van mensen met een verstandelijke handicap, zullen we ons inspannen om hen te vertegenwoordigen om hun behoeften en hun claims centraal te stellen op de politieke agenda.<\/p>\r\n<h2>\r\n\t\tpersbericht\r\n\t<\/h2>\r\n\t<p><a href=\"https:\/\/eufortrisomy21.eu\/wp-content\/uploads\/2020\/03\/Press_Release_20March2020.pdf\" target=\"_blank\" rel=\"noopener noreferrer\">Download hier<\/a><\/p>\r\n<h2>\r\n\t\tHANDTEKENINGEN VAN LEDEN VAN HET EUROPEES PARLEMENT\r\n\t<\/h2>\r\n\t<table width=\"620\">\r\n<tbody>\r\n<tr>\r\n<td width=\"236\">Bettina<\/td>\r\n<td width=\"236\">Vollath<\/td>\r\n<td width=\"88\">Oostenrijk<\/td>\r\n<td width=\"60\">S&amp;D<\/td>\r\n<\/tr>\r\n<tr>\r\n<td>Lukas<\/td>\r\n<td>Mandli<\/td>\r\n<td>Oostenrijk<\/td>\r\n<td>EPP<\/td>\r\n<\/tr>\r\n<tr>\r\n<td>Monika<\/td>\r\n<td>Vana<\/td>\r\n<td>Oostenrijk<\/td>\r\n<td>Groenen<\/td>\r\n<\/tr>\r\n<tr>\r\n<td>Cindy<\/td>\r\n<td>Franssen<\/td>\r\n<td>Belgi\u00eb<\/td>\r\n<td>EPP<\/td>\r\n<\/tr>\r\n<tr>\r\n<td>Olivier<\/td>\r\n<td>Chastel<\/td>\r\n<td>Belgi\u00eb<\/td>\r\n<td>Vernieuwen<\/td>\r\n<\/tr>\r\n<tr>\r\n<td>Hilde<\/td>\r\n<td>Vautmans<\/td>\r\n<td>Belgi\u00eb<\/td>\r\n<td>Vernieuwen<\/td>\r\n<\/tr>\r\n<tr>\r\n<td>Petra<\/td>\r\n<td>De Sutter<\/td>\r\n<td>Belgi\u00eb<\/td>\r\n<td>Groenen<\/td>\r\n<\/tr>\r\n<tr>\r\n<td>Karlo<\/td>\r\n<td>Ressler<\/td>\r\n<td>Kroati\u00eb<\/td>\r\n<td>EPP<\/td>\r\n<\/tr>\r\n<tr>\r\n<td>Tomislav<\/td>\r\n<td>Sokol<\/td>\r\n<td>Kroati\u00eb<\/td>\r\n<td>EPP<\/td>\r\n<\/tr>\r\n<tr>\r\n<td>Costa&#039;s<\/td>\r\n<td>Mavrides<\/td>\r\n<td>Cyprus<\/td>\r\n<td>S&amp;D<\/td>\r\n<\/tr>\r\n<tr>\r\n<td>Lefteris<\/td>\r\n<td>Christoforou<\/td>\r\n<td>Cyprus<\/td>\r\n<td>EPP<\/td>\r\n<\/tr>\r\n<tr>\r\n<td>Radka<\/td>\r\n<td>Maxov\u00e1<\/td>\r\n<td>Tsjechi\u00eb<\/td>\r\n<td>Vernieuwen<\/td>\r\n<\/tr>\r\n<tr>\r\n<td>Tom\u00e1\u0161<\/td>\r\n<td>Zdechovsk\u00fd<\/td>\r\n<td>Tsjechi\u00eb<\/td>\r\n<td>EPP<\/td>\r\n<\/tr>\r\n<tr>\r\n<td>Michaela<\/td>\r\n<td>ojdrov\u00e1<\/td>\r\n<td>Tsjechi\u00eb<\/td>\r\n<td>EPP<\/td>\r\n<\/tr>\r\n<tr>\r\n<td>Marianne<\/td>\r\n<td>Vind<\/td>\r\n<td>Denemarken<\/td>\r\n<td>S&amp;D<\/td>\r\n<\/tr>\r\n<tr>\r\n<td>Riho<\/td>\r\n<td>Terras<\/td>\r\n<td>Estland<\/td>\r\n<td>EPP<\/td>\r\n<\/tr>\r\n<tr>\r\n<td>Laura<\/td>\r\n<td>Huhtasaari<\/td>\r\n<td>Finland<\/td>\r\n<td>ID kaart<\/td>\r\n<\/tr>\r\n<tr>\r\n<td>Nils<\/td>\r\n<td>Torvalds<\/td>\r\n<td>Finland<\/td>\r\n<td>Vernieuwen<\/td>\r\n<\/tr>\r\n<tr>\r\n<td>Sirpa<\/td>\r\n<td>Pietik\u00e4inen<\/td>\r\n<td>Finland<\/td>\r\n<td>EPP<\/td>\r\n<\/tr>\r\n<tr>\r\n<td>Fran\u00e7ois-Xavier<\/td>\r\n<td>Bellamy<\/td>\r\n<td>Frankrijk<\/td>\r\n<td>EPP<\/td>\r\n<\/tr>\r\n<tr>\r\n<td>Anne-Sophie<\/td>\r\n<td>Pelletier<\/td>\r\n<td>Frankrijk<\/td>\r\n<td>GUE<\/td>\r\n<\/tr>\r\n<tr>\r\n<td>Pascal<\/td>\r\n<td>Durand<\/td>\r\n<td>Frankrijk<\/td>\r\n<td>Vernieuwen<\/td>\r\n<\/tr>\r\n<tr>\r\n<td>Helmut<\/td>\r\n<td>Scholz<\/td>\r\n<td>Duitsland<\/td>\r\n<td>GUE<\/td>\r\n<\/tr>\r\n<tr>\r\n<td>Marlene<\/td>\r\n<td>Mortler<\/td>\r\n<td>Duitsland<\/td>\r\n<td>EPP<\/td>\r\n<\/tr>\r\n<tr>\r\n<td>Christine<\/td>\r\n<td>Schneider<\/td>\r\n<td>Duitsland<\/td>\r\n<td>EPP<\/td>\r\n<\/tr>\r\n<tr>\r\n<td>Andreas<\/td>\r\n<td>Gl\u00fcck<\/td>\r\n<td>Duitsland<\/td>\r\n<td>Vernieuwen<\/td>\r\n<\/tr>\r\n<tr>\r\n<td>Svenja<\/td>\r\n<td>Hahn<\/td>\r\n<td>Duitsland<\/td>\r\n<td>Vernieuwen<\/td>\r\n<\/tr>\r\n<tr>\r\n<td>Jan-Christoph<\/td>\r\n<td>Oetjen<\/td>\r\n<td>Duitsland<\/td>\r\n<td>Vernieuwen<\/td>\r\n<\/tr>\r\n<tr>\r\n<td>Pierrette<\/td>\r\n<td>Herzberger-Fofana<\/td>\r\n<td>Duitsland<\/td>\r\n<td>Groenen<\/td>\r\n<\/tr>\r\n<tr>\r\n<td>Jutta<\/td>\r\n<td>Paulus<\/td>\r\n<td>Duitsland<\/td>\r\n<td>Groenen<\/td>\r\n<\/tr>\r\n<tr>\r\n<td>Katrin<\/td>\r\n<td>Langensiepen<\/td>\r\n<td>Duitsland<\/td>\r\n<td>Groenen<\/td>\r\n<\/tr>\r\n<tr>\r\n<td>Terry<\/td>\r\n<td>Reintke<\/td>\r\n<td>Duitsland<\/td>\r\n<td>Groenen<\/td>\r\n<\/tr>\r\n<tr>\r\n<td>Patrick<\/td>\r\n<td>Breyer<\/td>\r\n<td>Duitsland<\/td>\r\n<td>Groenen<\/td>\r\n<\/tr>\r\n<tr>\r\n<td>Eva<\/td>\r\n<td>Kaili<\/td>\r\n<td>Griekenland<\/td>\r\n<td>S&amp;D<\/td>\r\n<\/tr>\r\n<tr>\r\n<td>Klara<\/td>\r\n<td>Dobrev<\/td>\r\n<td>Hongarije<\/td>\r\n<td>S&amp;D<\/td>\r\n<\/tr>\r\n<tr>\r\n<td>Attila<\/td>\r\n<td>Ara-Kovacs<\/td>\r\n<td>Hongarije<\/td>\r\n<td>S&amp;D<\/td>\r\n<\/tr>\r\n<tr>\r\n<td>Istv\u00e1n<\/td>\r\n<td>Ujhelyi<\/td>\r\n<td>Hongarije<\/td>\r\n<td>S&amp;D<\/td>\r\n<\/tr>\r\n<tr>\r\n<td>Edina<\/td>\r\n<td>Toth<\/td>\r\n<td>Hongarije<\/td>\r\n<td>EPP<\/td>\r\n<\/tr>\r\n<tr>\r\n<td>Enik\u0151<\/td>\r\n<td>Gyori<\/td>\r\n<td>Hongarije<\/td>\r\n<td>EPP<\/td>\r\n<\/tr>\r\n<tr>\r\n<td>Anna Julia<\/td>\r\n<td>Don\u00e1th<\/td>\r\n<td>Hongarije<\/td>\r\n<td>Vernieuwen<\/td>\r\n<\/tr>\r\n<tr>\r\n<td>Clara<\/td>\r\n<td>Daly<\/td>\r\n<td>Ierland<\/td>\r\n<td>GUE<\/td>\r\n<\/tr>\r\n<tr>\r\n<td>Frankrijk<\/td>\r\n<td>Fitzgerald<\/td>\r\n<td>Ierland<\/td>\r\n<td>EPP<\/td>\r\n<\/tr>\r\n<tr>\r\n<td>Sean<\/td>\r\n<td>Kelly<\/td>\r\n<td>Ierland<\/td>\r\n<td>EPP<\/td>\r\n<\/tr>\r\n<tr>\r\n<td>elegantie<\/td>\r\n<td>O\u00b4Sullivan<\/td>\r\n<td>Ierland<\/td>\r\n<td>Groenen<\/td>\r\n<\/tr>\r\n<tr>\r\n<td>Ciar\u00e1n<\/td>\r\n<td>manchet<\/td>\r\n<td>Ierland<\/td>\r\n<td>Groenen<\/td>\r\n<\/tr>\r\n<tr>\r\n<td>Elisabetta<\/td>\r\n<td>Gualmini<\/td>\r\n<td>Itali\u00eb<\/td>\r\n<td>S&amp;D<\/td>\r\n<\/tr>\r\n<tr>\r\n<td>Andrea<\/td>\r\n<td>Cozzolino<\/td>\r\n<td>Itali\u00eb<\/td>\r\n<td>S&amp;D<\/td>\r\n<\/tr>\r\n<tr>\r\n<td>Brando<\/td>\r\n<td>Benifei<\/td>\r\n<td>Itali\u00eb<\/td>\r\n<td>S&amp;D<\/td>\r\n<\/tr>\r\n<tr>\r\n<td>Salvatore<\/td>\r\n<td>de Meo<\/td>\r\n<td>Itali\u00eb<\/td>\r\n<td>EPP<\/td>\r\n<\/tr>\r\n<tr>\r\n<td>Elena<\/td>\r\n<td>Lizzi<\/td>\r\n<td>Itali\u00eb<\/td>\r\n<td>ID kaart<\/td>\r\n<\/tr>\r\n<tr>\r\n<td>Gianna<\/td>\r\n<td>Gancia<\/td>\r\n<td>Itali\u00eb<\/td>\r\n<td>ID kaart<\/td>\r\n<\/tr>\r\n<tr>\r\n<td>Simona<\/td>\r\n<td>Baldassarre<\/td>\r\n<td>Itali\u00eb<\/td>\r\n<td>ID kaart<\/td>\r\n<\/tr>\r\n<tr>\r\n<td>Antonio Maria<\/td>\r\n<td>Rinaldi<\/td>\r\n<td>Itali\u00eb<\/td>\r\n<td>ID kaart<\/td>\r\n<\/tr>\r\n<tr>\r\n<td>Mara<\/td>\r\n<td>Bizzotto<\/td>\r\n<td>Itali\u00eb<\/td>\r\n<td>ID kaart<\/td>\r\n<\/tr>\r\n<tr>\r\n<td>Marco<\/td>\r\n<td>Campomenosi<\/td>\r\n<td>Itali\u00eb<\/td>\r\n<td>ID kaart<\/td>\r\n<\/tr>\r\n<tr>\r\n<td>Matteo<\/td>\r\n<td>Adinolfi<\/td>\r\n<td>Itali\u00eb<\/td>\r\n<td>ID kaart<\/td>\r\n<\/tr>\r\n<tr>\r\n<td>Massimo<\/td>\r\n<td>Casanova<\/td>\r\n<td>Itali\u00eb<\/td>\r\n<td>ID kaart<\/td>\r\n<\/tr>\r\n<tr>\r\n<td>Paolo<\/td>\r\n<td>Borchia<\/td>\r\n<td>Itali\u00eb<\/td>\r\n<td>ID kaart<\/td>\r\n<\/tr>\r\n<tr>\r\n<td>Chiara<\/td>\r\n<td>Gemma<\/td>\r\n<td>Itali\u00eb<\/td>\r\n<td>NA<\/td>\r\n<\/tr>\r\n<tr>\r\n<td>Marco<\/td>\r\n<td>Zull\u00f3<\/td>\r\n<td>Itali\u00eb<\/td>\r\n<td>NA<\/td>\r\n<\/tr>\r\n<tr>\r\n<td>Tatjana<\/td>\r\n<td>danoka<\/td>\r\n<td>Letland<\/td>\r\n<td>Groenen<\/td>\r\n<\/tr>\r\n<tr>\r\n<td>Juozas<\/td>\r\n<td>Oleka<\/td>\r\n<td>Litouwen<\/td>\r\n<td>S&amp;D<\/td>\r\n<\/tr>\r\n<tr>\r\n<td>Petras<\/td>\r\n<td>Au\u0161trevi\u010dius<\/td>\r\n<td>Litouwen<\/td>\r\n<td>Vernieuwen<\/td>\r\n<\/tr>\r\n<tr>\r\n<td>Christoffel<\/td>\r\n<td>Hansen<\/td>\r\n<td>Luxemburg<\/td>\r\n<td>EPP<\/td>\r\n<\/tr>\r\n<tr>\r\n<td>Isabel<\/td>\r\n<td>Wiseler-Lima<\/td>\r\n<td>Luxemburg<\/td>\r\n<td>EPP<\/td>\r\n<\/tr>\r\n<tr>\r\n<td>Tilly<\/td>\r\n<td>Metz<\/td>\r\n<td>Luxemburg<\/td>\r\n<td>Groenen<\/td>\r\n<\/tr>\r\n<tr>\r\n<td>Mirjam<\/td>\r\n<td>Dalli<\/td>\r\n<td>Malta<\/td>\r\n<td>S&amp;D<\/td>\r\n<\/tr>\r\n<tr>\r\n<td>Alex<\/td>\r\n<td>Agius Saliba<\/td>\r\n<td>Malta<\/td>\r\n<td>S&amp;D<\/td>\r\n<\/tr>\r\n<tr>\r\n<td>Roberta<\/td>\r\n<td>Metsola<\/td>\r\n<td>Malta<\/td>\r\n<td>EPP<\/td>\r\n<\/tr>\r\n<tr>\r\n<td>Bert-Jan<\/td>\r\n<td>Ruissen<\/td>\r\n<td>Nederland<\/td>\r\n<td>ECR<\/td>\r\n<\/tr>\r\n<tr>\r\n<td>Derk Jan<\/td>\r\n<td>Eppink<\/td>\r\n<td>Nederland<\/td>\r\n<td>ECR<\/td>\r\n<\/tr>\r\n<tr>\r\n<td>Kim<\/td>\r\n<td>van Sparentak<\/td>\r\n<td>Nederland<\/td>\r\n<td>Groenen<\/td>\r\n<\/tr>\r\n<tr>\r\n<td>Anna<\/td>\r\n<td>Fotyga<\/td>\r\n<td>Polen<\/td>\r\n<td>ECR<\/td>\r\n<\/tr>\r\n<tr>\r\n<td>Izabela<\/td>\r\n<td>Kloc<\/td>\r\n<td>Polen<\/td>\r\n<td>ECR<\/td>\r\n<\/tr>\r\n<tr>\r\n<td>Elzbieta<\/td>\r\n<td>Rafalska<\/td>\r\n<td>Polen<\/td>\r\n<td>ECR<\/td>\r\n<\/tr>\r\n<tr>\r\n<td>Robert<\/td>\r\n<td>Biedron<\/td>\r\n<td>Polen<\/td>\r\n<td>S&amp;D<\/td>\r\n<\/tr>\r\n<tr>\r\n<td>ukasz<\/td>\r\n<td>Kohut<\/td>\r\n<td>Polen<\/td>\r\n<td>S&amp;D<\/td>\r\n<\/tr>\r\n<tr>\r\n<td>Jerzy<\/td>\r\n<td>Buzek<\/td>\r\n<td>Polen<\/td>\r\n<td>EPP<\/td>\r\n<\/tr>\r\n<tr>\r\n<td>Magdalena<\/td>\r\n<td>Adamowicz<\/td>\r\n<td>Polen<\/td>\r\n<td>EPP<\/td>\r\n<\/tr>\r\n<tr>\r\n<td>Jaros .aw<\/td>\r\n<td>Duda<\/td>\r\n<td>Polen<\/td>\r\n<td>EPP<\/td>\r\n<\/tr>\r\n<tr>\r\n<td>El\u017cbieta<\/td>\r\n<td>ukacijewska<\/td>\r\n<td>Polen<\/td>\r\n<td>EPP<\/td>\r\n<\/tr>\r\n<tr>\r\n<td>Maria da Gra\u00e7a<\/td>\r\n<td>Carvalho<\/td>\r\n<td>Portugal<\/td>\r\n<td>EPP<\/td>\r\n<\/tr>\r\n<tr>\r\n<td>Jos\u00e9<\/td>\r\n<td>Gusmao<\/td>\r\n<td>Portugal<\/td>\r\n<td>GUE<\/td>\r\n<\/tr>\r\n<tr>\r\n<td>Marisa<\/td>\r\n<td>Matias<\/td>\r\n<td>Portugal<\/td>\r\n<td>GUE<\/td>\r\n<\/tr>\r\n<tr>\r\n<td>Isabel<\/td>\r\n<td>Carvalhais<\/td>\r\n<td>Portugal<\/td>\r\n<td>S&amp;D<\/td>\r\n<\/tr>\r\n<tr>\r\n<td>Victor<\/td>\r\n<td>Negrescu<\/td>\r\n<td>Roemeni\u00eb<\/td>\r\n<td>S&amp;D<\/td>\r\n<\/tr>\r\n<tr>\r\n<td>Clotilde<\/td>\r\n<td>Armand<\/td>\r\n<td>Roemeni\u00eb<\/td>\r\n<td>Vernieuwen<\/td>\r\n<\/tr>\r\n<tr>\r\n<td>Vlad-Marius<\/td>\r\n<td>Botos<\/td>\r\n<td>Roemeni\u00eb<\/td>\r\n<td>Vernieuwen<\/td>\r\n<\/tr>\r\n<tr>\r\n<td>Tudor<\/td>\r\n<td>Ciuhodoru<\/td>\r\n<td>Roemeni\u00eb<\/td>\r\n<td>S&amp;D<\/td>\r\n<\/tr>\r\n<tr>\r\n<td>Ivan<\/td>\r\n<td>tefanec<\/td>\r\n<td>Slowakije<\/td>\r\n<td>EPP<\/td>\r\n<\/tr>\r\n<tr>\r\n<td>Mirjam<\/td>\r\n<td>Lexmann<\/td>\r\n<td>Slowakije<\/td>\r\n<td>EPP<\/td>\r\n<\/tr>\r\n<tr>\r\n<td>Peter<\/td>\r\n<td>Pollak<\/td>\r\n<td>Slowakije<\/td>\r\n<td>EPP<\/td>\r\n<\/tr>\r\n<tr>\r\n<td>Vladimir<\/td>\r\n<td>Bil\u010d\u00edk<\/td>\r\n<td>Slowakije<\/td>\r\n<td>EPP<\/td>\r\n<\/tr>\r\n<tr>\r\n<td>Lucia<\/td>\r\n<td>\u010euri\u0161 Nicholsonov\u00e1<\/td>\r\n<td>Slowakije<\/td>\r\n<td>ECR<\/td>\r\n<\/tr>\r\n<tr>\r\n<td>Milaan<\/td>\r\n<td>Brglez<\/td>\r\n<td>Sloveni\u00eb<\/td>\r\n<td>S&amp;D<\/td>\r\n<\/tr>\r\n<tr>\r\n<td>Milaan<\/td>\r\n<td>Zver<\/td>\r\n<td>Sloveni\u00eb<\/td>\r\n<td>EPP<\/td>\r\n<\/tr>\r\n<tr>\r\n<td>Tanja<\/td>\r\n<td>Fajon<\/td>\r\n<td>Sloveni\u00eb<\/td>\r\n<td>Vernieuwen<\/td>\r\n<\/tr>\r\n<tr>\r\n<td>Irena<\/td>\r\n<td>Joveva<\/td>\r\n<td>Sloveni\u00eb<\/td>\r\n<td>Vernieuwen<\/td>\r\n<\/tr>\r\n<tr>\r\n<td>Jorge<\/td>\r\n<td>Buxad\u00e9<\/td>\r\n<td>Spanje<\/td>\r\n<td>ECR<\/td>\r\n<\/tr>\r\n<tr>\r\n<td>Herman<\/td>\r\n<td>Tertsch<\/td>\r\n<td>Spanje<\/td>\r\n<td>ECR<\/td>\r\n<\/tr>\r\n<tr>\r\n<td>Mazaly<\/td>\r\n<td>Aguilar<\/td>\r\n<td>Spanje<\/td>\r\n<td>ECR<\/td>\r\n<\/tr>\r\n<tr>\r\n<td>Antoni<\/td>\r\n<td>Com\u00edn i Oliveres<\/td>\r\n<td>Spanje<\/td>\r\n<td>NA<\/td>\r\n<\/tr>\r\n<tr>\r\n<td>Lina<\/td>\r\n<td>Galvez<\/td>\r\n<td>Spanje<\/td>\r\n<td>S&amp;D<\/td>\r\n<\/tr>\r\n<tr>\r\n<td>Estrella<\/td>\r\n<td>Dura Ferrandis<\/td>\r\n<td>Spanje<\/td>\r\n<td>S&amp;D<\/td>\r\n<\/tr>\r\n<tr>\r\n<td>Alicia<\/td>\r\n<td>Homs Ginel<\/td>\r\n<td>Spanje<\/td>\r\n<td>S&amp;D<\/td>\r\n<\/tr>\r\n<tr>\r\n<td>Inmaculada<\/td>\r\n<td>Rodr\u00edguez-Pi\u00f1ero<\/td>\r\n<td>Spanje<\/td>\r\n<td>S&amp;D<\/td>\r\n<\/tr>\r\n<tr>\r\n<td>Javier<\/td>\r\n<td>Moreno Sanchez<\/td>\r\n<td>Spanje<\/td>\r\n<td>S&amp;D<\/td>\r\n<\/tr>\r\n<tr>\r\n<td>Monica Silvana<\/td>\r\n<td>Gonzalez<\/td>\r\n<td>Spanje<\/td>\r\n<td>S&amp;D<\/td>\r\n<\/tr>\r\n<tr>\r\n<td>Rosa<\/td>\r\n<td>Estar\u00e0s Ferragut<\/td>\r\n<td>Spanje<\/td>\r\n<td>EPP<\/td>\r\n<\/tr>\r\n<tr>\r\n<td>Maria Soraya<\/td>\r\n<td>Rodriguez Ramos<\/td>\r\n<td>Spanje<\/td>\r\n<td>Vernieuwen<\/td>\r\n<\/tr>\r\n<tr>\r\n<td>Izaskun<\/td>\r\n<td>Bilbao Barandica<\/td>\r\n<td>Spanje<\/td>\r\n<td>Vernieuwen<\/td>\r\n<\/tr>\r\n<tr>\r\n<td>Jordi<\/td>\r\n<td>Canas<\/td>\r\n<td>Spanje<\/td>\r\n<td>Vernieuwen<\/td>\r\n<\/tr>\r\n<tr>\r\n<td>Adrian<\/td>\r\n<td>Vasquez L\u00e1zara<\/td>\r\n<td>Spanje<\/td>\r\n<td>Vernieuwen<\/td>\r\n<\/tr>\r\n<tr>\r\n<td>Frederik<\/td>\r\n<td>Federley<\/td>\r\n<td>Zweden<\/td>\r\n<td>Vernieuwen<\/td>\r\n<\/tr>\r\n<tr>\r\n<td>Abir<\/td>\r\n<td>Al-Sahlani<\/td>\r\n<td>Zweden<\/td>\r\n<td>Vernieuwen<\/td>\r\n<\/tr>\r\n<tr>\r\n<td>Alice<\/td>\r\n<td>Kuhnke<\/td>\r\n<td>Zweden<\/td>\r\n<td>Groenen<\/td>\r\n<\/tr>\r\n<tr>\r\n<td>Jakop<\/td>\r\n<td>Dalunde<\/td>\r\n<td>Zweden<\/td>\r\n<td>Groenen<\/td>\r\n<\/tr>\r\n<tr>\r\n<td>Par<\/td>\r\n<td>Holmgren<\/td>\r\n<td>Zweden<\/td>\r\n<td>Groenen<\/td>\r\n<\/tr>\r\n<tr>\r\n<td>Evin<\/td>\r\n<td>Incir<\/td>\r\n<td>Zweden<\/td>\r\n<td>S&amp;D<\/td>\r\n<\/tr>\r\n<tr>\r\n<td>Helene<\/td>\r\n<td>Fritzon<\/td>\r\n<td>Zweden<\/td>\r\n<td>S&amp;D<\/td>\r\n<\/tr>\r\n<tr>\r\n<td>Johan<\/td>\r\n<td>Danielsson<\/td>\r\n<td>Zweden<\/td>\r\n<td>S&amp;D<\/td>\r\n<\/tr>\r\n<tr>\r\n<td>Erik<\/td>\r\n<td>Bergkvist<\/td>\r\n<td>Zweden<\/td>\r\n<td>S&amp;D<\/td>\r\n<\/tr>\r\n<tr>\r\n<td>Jytte<\/td>\r\n<td>Guteland<\/td>\r\n<td>Zweden<\/td>\r\n<td>S&amp;D<\/td>\r\n<\/tr>\r\n<\/tbody>\r\n<\/table>","protected":false},"excerpt":{"rendered":"<p>World Down Syndrome Day Declaration in the European Parliament On the occasion of World Down Syndrome Day on the 21st&hellip;<\/p>","protected":false},"author":2,"featured_media":0,"parent":14422,"menu_order":0,"comment_status":"closed","ping_status":"closed","template":"","meta":{"_acf_changed":false,"footnotes":""},"class_list":["post-14524","page","type-page","status-publish","hentry"],"acf":[],"_links":{"self":[{"href":"https:\/\/eufortrisomy21.eu\/be\/wp-json\/wp\/v2\/pages\/14524"}],"collection":[{"href":"https:\/\/eufortrisomy21.eu\/be\/wp-json\/wp\/v2\/pages"}],"about":[{"href":"https:\/\/eufortrisomy21.eu\/be\/wp-json\/wp\/v2\/types\/page"}],"author":[{"embeddable":true,"href":"https:\/\/eufortrisomy21.eu\/be\/wp-json\/wp\/v2\/users\/2"}],"replies":[{"embeddable":true,"href":"https:\/\/eufortrisomy21.eu\/be\/wp-json\/wp\/v2\/comments?post=14524"}],"version-history":[{"count":1,"href":"https:\/\/eufortrisomy21.eu\/be\/wp-json\/wp\/v2\/pages\/14524\/revisions"}],"predecessor-version":[{"id":33889,"href":"https:\/\/eufortrisomy21.eu\/be\/wp-json\/wp\/v2\/pages\/14524\/revisions\/33889"}],"up":[{"embeddable":true,"href":"https:\/\/eufortrisomy21.eu\/be\/wp-json\/wp\/v2\/pages\/14422"}],"wp:attachment":[{"href":"https:\/\/eufortrisomy21.eu\/be\/wp-json\/wp\/v2\/media?parent=14524"}],"curies":[{"name":"wp","href":"https:\/\/api.w.org\/{rel}","templated":true}]}}