{"id":31219,"date":"2021-03-02T09:20:46","date_gmt":"2021-03-02T08:20:46","guid":{"rendered":"https:\/\/eufortrisomy21.eu\/?post_type=citizen&#038;p=31219"},"modified":"2021-03-14T18:29:30","modified_gmt":"2021-03-14T17:29:30","slug":"ina-liebecke","status":"publish","type":"citizen","link":"https:\/\/eufortrisomy21.eu\/cs\/citizen\/ina-liebecke\/","title":{"rendered":"Ina Liebecke"},"content":{"rendered":"<table border=\"0\" width=\"99%\" cellspacing=\"0\" cellpadding=\"1\" bgcolor=\"#EAEAEA\">\n<tbody>\n<tr>\n<td>\n<table border=\"0\" width=\"100%\" cellspacing=\"0\" cellpadding=\"5\" bgcolor=\"#FFFFFF\">\n<tbody>\n<tr>\n<td style=\"font-size: 14px; font-weight: bold; background-color: #eee; border-bottom: 1px solid #DFDFDF; padding: 7px 7px;\" colspan=\"2\">Va\u0161e osobn\u00ed \u00fadaje<\/td>\n<\/tr>\n<tr bgcolor=\"#EAF2FA\">\n<td colspan=\"2\"><span style=\"font-family: sans-serif; font-size: 12px;\"><strong>Jm\u00e9no<\/strong><\/span><\/td>\n<\/tr>\n<tr bgcolor=\"#FFFFFF\">\n<td width=\"20\"><\/td>\n<td><span style=\"font-family: sans-serif; font-size: 12px;\">Ina<\/span><\/td>\n<\/tr>\n<tr bgcolor=\"#EAF2FA\">\n<td colspan=\"2\"><span style=\"font-family: sans-serif; font-size: 12px;\"><strong>P\u0159\u00edjmen\u00ed<\/strong><\/span><\/td>\n<\/tr>\n<tr bgcolor=\"#FFFFFF\">\n<td width=\"20\"><\/td>\n<td><span style=\"font-family: sans-serif; font-size: 12px;\">Liebecke<\/span><\/td>\n<\/tr>\n<tr bgcolor=\"#EAF2FA\">\n<td colspan=\"2\"><span style=\"font-family: sans-serif; font-size: 12px;\"><strong>Datum narozen\u00ed<\/strong><\/span><\/td>\n<\/tr>\n<tr bgcolor=\"#FFFFFF\">\n<td width=\"20\"><\/td>\n<td><span style=\"font-family: sans-serif; font-size: 12px;\">11\/03\/1982<\/span><\/td>\n<\/tr>\n<tr bgcolor=\"#EAF2FA\">\n<td colspan=\"2\"><span style=\"font-family: sans-serif; font-size: 12px;\"><strong>Popis (co r\u00e1d d\u011bl\u00e1te, kon\u00ed\u010dky, sport,\u2026)<\/strong><\/span><\/td>\n<\/tr>\n<tr bgcolor=\"#FFFFFF\">\n<td width=\"20\"><\/td>\n<td><span style=\"font-family: sans-serif; font-size: 12px;\">Ich w\u00fcnsche mir mehr Sichtbarkeit und zugestandene L(i)ebenswertigkeit f\u00fcr Menschen mit Down Syndrom &#8230; wie unseren Sohn Vincent!<br \/>\nIch freue mich, wenn Sie uns auf diesem Weg begleiten m\u00f6chten!<\/span><\/td>\n<\/tr>\n<tr bgcolor=\"#EAF2FA\">\n<td colspan=\"2\"><span style=\"font-family: sans-serif; font-size: 12px;\"><strong>Profilov\u00fd obr\u00e1zek<\/strong><\/span><\/td>\n<\/tr>\n<tr bgcolor=\"#FFFFFF\">\n<td width=\"20\"><\/td>\n<td>\n<ul>\n<li><a href=\"https:\/\/eufortrisomy21.eu\/index.php?gf-download=2021%2F03%2F90F4229D-9F6F-4C8C-A546-31B97A3AD3E2.jpeg&amp;form-id=10&amp;field-id=39&amp;hash=4fae969031a019cad32759140ef9677f50f67ba11700071076b10ebad473cf61\" target=\"_blank\" rel=\"noopener\" aria-label=\"Click to view\">90F4229D-9F6F-4C8C-A546-31B97A3AD3E2.jpeg<\/a><\/li>\n<\/ul>\n<p>&nbsp;<\/td>\n<\/tr>\n<tr>\n<td style=\"font-size: 14px; font-weight: bold; background-color: #eee; border-bottom: 1px solid #DFDFDF; padding: 7px 7px;\" colspan=\"2\">Va\u0161e kontaktn\u00ed informace<\/td>\n<\/tr>\n<tr bgcolor=\"#EAF2FA\">\n<td colspan=\"2\"><span style=\"font-family: sans-serif; font-size: 12px;\"><strong>E-mailem<\/strong><\/span><\/td>\n<\/tr>\n<tr bgcolor=\"#FFFFFF\">\n<td width=\"20\"><\/td>\n<td><span style=\"font-family: sans-serif; font-size: 12px;\"><a href=\"mailto:ina.liebecke@gmx.de\">ina.liebecke@gmx.de<\/a><\/span><\/td>\n<\/tr>\n<tr bgcolor=\"#EAF2FA\">\n<td colspan=\"2\"><span style=\"font-family: sans-serif; font-size: 12px;\"><strong>Telefon<\/strong><\/span><\/td>\n<\/tr>\n<tr bgcolor=\"#FFFFFF\">\n<td width=\"20\"><\/td>\n<td><span style=\"font-family: sans-serif; font-size: 12px;\">01704188573<\/span><\/td>\n<\/tr>\n<tr bgcolor=\"#EAF2FA\">\n<td colspan=\"2\"><span style=\"font-family: sans-serif; font-size: 12px;\"><strong>Zem\u011b<\/strong><\/span><\/td>\n<\/tr>\n<tr bgcolor=\"#FFFFFF\">\n<td width=\"20\"><\/td>\n<td><span style=\"font-family: sans-serif; font-size: 12px;\">N\u011aMECKO<\/span><\/td>\n<\/tr>\n<tr bgcolor=\"#EAF2FA\">\n<td colspan=\"2\"><span style=\"font-family: sans-serif; font-size: 12px;\"><strong>M\u011bsto<\/strong><\/span><\/td>\n<\/tr>\n<tr bgcolor=\"#FFFFFF\">\n<td width=\"20\"><\/td>\n<td><span style=\"font-family: sans-serif; font-size: 12px;\">Ilsenburg \/ Harz<\/span><\/td>\n<\/tr>\n<tr bgcolor=\"#EAF2FA\">\n<td colspan=\"2\"><span style=\"font-family: sans-serif; font-size: 12px;\"><strong>Jak\u00e1 je va\u0161e situace? (DE)<\/strong><\/span><\/td>\n<\/tr>\n<tr bgcolor=\"#FFFFFF\">\n<td width=\"20\"><\/td>\n<td><span style=\"font-family: sans-serif; font-size: 12px;\">Ich bin Vater \/ Mutter einer Person mit Down-Syndrom<\/span><\/td>\n<\/tr>\n<tr>\n<td style=\"font-size: 14px; font-weight: bold; background-color: #eee; border-bottom: 1px solid #DFDFDF; padding: 7px 7px;\" colspan=\"2\">Napi\u0161te sv\u00e9mu poslanci<\/td>\n<\/tr>\n<tr bgcolor=\"#EAF2FA\">\n<td colspan=\"2\"><span style=\"font-family: sans-serif; font-size: 12px;\"><strong>Your MEP&#8217;sponsor choice<\/strong><\/span><\/td>\n<\/tr>\n<tr bgcolor=\"#FFFFFF\">\n<td width=\"20\"><\/td>\n<td><span style=\"font-family: sans-serif; font-size: 12px;\">Woelken Tiemo<\/span><\/td>\n<\/tr>\n<tr bgcolor=\"#EAF2FA\">\n<td colspan=\"2\"><span style=\"font-family: sans-serif; font-size: 12px;\"><strong>Your MEP&#8217;s email address<\/strong><\/span><\/td>\n<\/tr>\n<tr bgcolor=\"#FFFFFF\">\n<td width=\"20\"><\/td>\n<td><span style=\"font-family: sans-serif; font-size: 12px;\">tiemo.woelken@europarl.europa.eu<\/span><\/td>\n<\/tr>\n<tr bgcolor=\"#EAF2FA\">\n<td colspan=\"2\"><\/td>\n<\/tr>\n<tr bgcolor=\"#FFFFFF\">\n<td width=\"20\"><\/td>\n<td><span style=\"font-family: sans-serif; font-size: 12px;\"><span style=\"font-family: sans-serif; font-size: 12px;\"><img decoding=\"async\" src=\"https:\/\/eufortrisomy21.eu\/wp-content\/plugins\/gravityforms\/images\/tick.png\" \/> Souhlas\u00edm se z\u00e1sadami ochrany osobn\u00edch \u00fadaj\u016f.<\/span><\/span><\/p>\n<div class=\"gfield_consent_description\">Vypln\u011bn\u00edm tohoto formul\u00e1\u0159e souhlas\u00edte s t\u00edm, \u017ee va\u0161e kontaktn\u00ed \u00fadaje budou zahrnuty do kontaktn\u00edho souboru EUfortrisomy21. Upozor\u0148ujeme, \u017ee tento soubor z\u016fst\u00e1v\u00e1 v\u00fdlu\u010dnou odpov\u011bdnost\u00ed EUfortrisomy21 a \u017ee za \u017e\u00e1dn\u00fdch okolnost\u00ed nen\u00ed sd\u00edlen s jin\u00fdmi subjekty. Pokud si ji\u017e nep\u0159ejete dost\u00e1vat na\u0161e sd\u011blen\u00ed, jednodu\u0161e se odhlaste pomoc\u00ed n\u00ed\u017ee uveden\u00e9ho odkazu. Budete m\u00edt pr\u00e1vo kdykoli p\u0159istupovat, opravovat nebo mazat \u00fadaje, kter\u00e9 se v\u00e1s t\u00fdkaj\u00ed, a pr\u00e1vo vzn\u00e9st n\u00e1mitku nebo omezit jejich zpracov\u00e1n\u00ed. Chcete-li uplatnit sv\u00e1 pr\u00e1va, m\u016f\u017eete n\u00e1s kontaktovat na adrese privacy @ eufortrisomy21. Dal\u0161\u00ed informace o ochran\u011b va\u0161ich osobn\u00edch \u00fadaj\u016f: privacy @ eufortrisomy21<\/div>\n<p>&nbsp;<\/td>\n<\/tr>\n<\/tbody>\n<\/table>\n<\/td>\n<\/tr>\n<\/tbody>\n<\/table>","protected":false},"featured_media":0,"template":"","country":[21],"sponsorship_status":[43],"class_list":["post-31219","citizen","type-citizen","status-publish","hentry","country-germany","sponsorship_status-matched"],"acf":[],"_links":{"self":[{"href":"https:\/\/eufortrisomy21.eu\/cs\/wp-json\/wp\/v2\/citizen\/31219"}],"collection":[{"href":"https:\/\/eufortrisomy21.eu\/cs\/wp-json\/wp\/v2\/citizen"}],"about":[{"href":"https:\/\/eufortrisomy21.eu\/cs\/wp-json\/wp\/v2\/types\/citizen"}],"version-history":[{"count":0,"href":"https:\/\/eufortrisomy21.eu\/cs\/wp-json\/wp\/v2\/citizen\/31219\/revisions"}],"wp:attachment":[{"href":"https:\/\/eufortrisomy21.eu\/cs\/wp-json\/wp\/v2\/media?parent=31219"}],"wp:term":[{"taxonomy":"country","embeddable":true,"href":"https:\/\/eufortrisomy21.eu\/cs\/wp-json\/wp\/v2\/country?post=31219"},{"taxonomy":"sponsorship_status","embeddable":true,"href":"https:\/\/eufortrisomy21.eu\/cs\/wp-json\/wp\/v2\/sponsorship_status?post=31219"}],"curies":[{"name":"wp","href":"https:\/\/api.w.org\/{rel}","templated":true}]}}