{"id":29527,"date":"2021-01-08T12:36:53","date_gmt":"2021-01-08T11:36:53","guid":{"rendered":"https:\/\/eufortrisomy21.eu\/?post_type=ngo&#038;p=29527"},"modified":"2021-02-05T23:48:18","modified_gmt":"2021-02-05T22:48:18","slug":"malta-federation-of-organisations-persons-with-disability-mfopd","status":"publish","type":"ngo","link":"https:\/\/eufortrisomy21.eu\/cs\/ngo\/malta-federation-of-organisations-persons-with-disability-mfopd\/","title":{"rendered":"Federace organizac\u00ed se zdravotn\u00edm posti\u017een\u00edm na Malt\u011b (MFOPD)"},"content":{"rendered":"<table border=\"0\" width=\"99%\" cellspacing=\"0\" cellpadding=\"1\" bgcolor=\"#EAEAEA\">\n<tbody>\n<tr>\n<td>\n<table border=\"0\" width=\"100%\" cellspacing=\"0\" cellpadding=\"5\" bgcolor=\"#FFFFFF\">\n<tbody>\n<tr bgcolor=\"#EAF2FA\">\n<td colspan=\"2\"><span style=\"font-family: sans-serif; font-size: 12px;\"><strong>Name of the NGO<\/strong><\/span><\/td>\n<\/tr>\n<tr bgcolor=\"#FFFFFF\">\n<td width=\"20\"><\/td>\n<td><span style=\"font-family: sans-serif; font-size: 12px;\">Federace organizac\u00ed se zdravotn\u00edm posti\u017een\u00edm na Malt\u011b (MFOPD)<\/span><\/td>\n<\/tr>\n<tr bgcolor=\"#EAF2FA\">\n<td colspan=\"2\"><span style=\"font-family: sans-serif; font-size: 12px;\"><strong>Zem\u011b<\/strong><\/span><\/td>\n<\/tr>\n<tr bgcolor=\"#FFFFFF\">\n<td width=\"20\"><\/td>\n<td><span style=\"font-family: sans-serif; font-size: 12px;\">MALTA<\/span><\/td>\n<\/tr>\n<tr bgcolor=\"#EAF2FA\">\n<td colspan=\"2\"><span style=\"font-family: sans-serif; font-size: 12px;\"><strong>Short presentation of the NGO<\/strong><\/span><\/td>\n<\/tr>\n<tr bgcolor=\"#FFFFFF\">\n<td width=\"20\"><\/td>\n<td><span style=\"font-family: sans-serif; font-size: 12px;\">MFOPD is Malta&#8217;s national umbrella organisation for the disability sector. It was founded 50 years ago with the aim, among others, to bring together associations working in the disability sector and to promote and raise awareness about the different disabilities and their needs.<\/span><\/td>\n<\/tr>\n<tr bgcolor=\"#EAF2FA\">\n<td colspan=\"2\"><span style=\"font-family: sans-serif; font-size: 12px;\"><strong>Contact person&#8217;s first name<\/strong><\/span><\/td>\n<\/tr>\n<tr bgcolor=\"#FFFFFF\">\n<td width=\"20\"><\/td>\n<td><span style=\"font-family: sans-serif; font-size: 12px;\">Marthese<\/span><\/td>\n<\/tr>\n<tr bgcolor=\"#EAF2FA\">\n<td colspan=\"2\"><span style=\"font-family: sans-serif; font-size: 12px;\"><strong>Contact person&#8217;s last name<\/strong><\/span><\/td>\n<\/tr>\n<tr bgcolor=\"#FFFFFF\">\n<td width=\"20\"><\/td>\n<td><span style=\"font-family: sans-serif; font-size: 12px;\">Mugliette<\/span><\/td>\n<\/tr>\n<tr bgcolor=\"#EAF2FA\">\n<td colspan=\"2\"><span style=\"font-family: sans-serif; font-size: 12px;\"><strong>E-mailem<\/strong><\/span><\/td>\n<\/tr>\n<tr bgcolor=\"#FFFFFF\">\n<td width=\"20\"><\/td>\n<td><span style=\"font-family: sans-serif; font-size: 12px;\">marthesemugliette@gmail.com<\/span><\/td>\n<\/tr>\n<tr bgcolor=\"#EAF2FA\">\n<td colspan=\"2\"><span style=\"font-family: sans-serif; font-size: 12px;\"><strong>Telefon<\/strong><\/span><\/td>\n<\/tr>\n<tr bgcolor=\"#FFFFFF\">\n<td width=\"20\"><\/td>\n<td><span style=\"font-family: sans-serif; font-size: 12px;\">+356 99229418<\/span><\/td>\n<\/tr>\n<tr bgcolor=\"#EAF2FA\">\n<td colspan=\"2\"><span style=\"font-family: sans-serif; font-size: 12px;\"><strong>M\u011bsto<\/strong><\/span><\/td>\n<\/tr>\n<tr bgcolor=\"#FFFFFF\">\n<td width=\"20\"><\/td>\n<td><span style=\"font-family: sans-serif; font-size: 12px;\">Sta Venera<\/span><\/td>\n<\/tr>\n<tr bgcolor=\"#EAF2FA\">\n<td colspan=\"2\"><span style=\"font-family: sans-serif; font-size: 12px;\"><strong>I want to register one or more people with Down&#8217;s syndrome<\/strong><\/span><\/td>\n<\/tr>\n<tr bgcolor=\"#FFFFFF\">\n<td width=\"20\"><\/td>\n<td><span style=\"font-family: sans-serif; font-size: 12px;\">Yes, bring me to the citizen registration form submitting<\/span><\/td>\n<\/tr>\n<tr bgcolor=\"#EAF2FA\">\n<td colspan=\"2\"><span style=\"font-family: sans-serif; font-size: 12px;\"><strong>Contact optin<\/strong><\/span><\/td>\n<\/tr>\n<tr bgcolor=\"#FFFFFF\">\n<td width=\"20\"><\/td>\n<td>\n<ul class=\"bulleted\">\n<li>I would like to be contacted to become a partner of EU for Trisomy 21<\/li>\n<\/ul>\n<p>&nbsp;<\/td>\n<\/tr>\n<tr bgcolor=\"#EAF2FA\">\n<td colspan=\"2\"><\/td>\n<\/tr>\n<tr bgcolor=\"#FFFFFF\">\n<td width=\"20\"><\/td>\n<td><span style=\"font-family: sans-serif; font-size: 12px;\"><span style=\"font-family: sans-serif; font-size: 12px;\"><img decoding=\"async\" src=\"https:\/\/eufortrisomy21.eu\/wp-content\/plugins\/gravityforms\/images\/tick.png\" \/> Souhlas\u00edm se z\u00e1sadami ochrany osobn\u00edch \u00fadaj\u016f.<\/span><\/span><\/p>\n<div class=\"gfield_consent_description\">Vypln\u011bn\u00edm tohoto formul\u00e1\u0159e souhlas\u00edte s t\u00edm, \u017ee va\u0161e kontaktn\u00ed \u00fadaje budou zahrnuty do kontaktn\u00edho souboru EUfortrisomy21. Upozor\u0148ujeme, \u017ee tento soubor z\u016fst\u00e1v\u00e1 v\u00fdlu\u010dnou odpov\u011bdnost\u00ed EUfortrisomy21 a \u017ee za \u017e\u00e1dn\u00fdch okolnost\u00ed nen\u00ed sd\u00edlen s jin\u00fdmi subjekty. Pokud si ji\u017e nep\u0159ejete dost\u00e1vat na\u0161e sd\u011blen\u00ed, jednodu\u0161e se odhlaste pomoc\u00ed n\u00ed\u017ee uveden\u00e9ho odkazu. Budete m\u00edt pr\u00e1vo kdykoli p\u0159istupovat, opravovat nebo mazat \u00fadaje, kter\u00e9 se v\u00e1s t\u00fdkaj\u00ed, a pr\u00e1vo vzn\u00e9st n\u00e1mitku nebo omezit jejich zpracov\u00e1n\u00ed. Chcete-li uplatnit sv\u00e1 pr\u00e1va, m\u016f\u017eete n\u00e1s kontaktovat na adrese privacy @ eufortrisomy21. Dal\u0161\u00ed informace o ochran\u011b va\u0161ich osobn\u00edch \u00fadaj\u016f: privacy @ eufortrisomy21<\/div>\n<p>&nbsp;<\/td>\n<\/tr>\n<\/tbody>\n<\/table>\n<\/td>\n<\/tr>\n<\/tbody>\n<\/table>","protected":false},"featured_media":0,"template":"","country":[14],"class_list":["post-29527","ngo","type-ngo","status-publish","hentry","country-malta"],"acf":[],"_links":{"self":[{"href":"https:\/\/eufortrisomy21.eu\/cs\/wp-json\/wp\/v2\/ngo\/29527"}],"collection":[{"href":"https:\/\/eufortrisomy21.eu\/cs\/wp-json\/wp\/v2\/ngo"}],"about":[{"href":"https:\/\/eufortrisomy21.eu\/cs\/wp-json\/wp\/v2\/types\/ngo"}],"version-history":[{"count":0,"href":"https:\/\/eufortrisomy21.eu\/cs\/wp-json\/wp\/v2\/ngo\/29527\/revisions"}],"wp:attachment":[{"href":"https:\/\/eufortrisomy21.eu\/cs\/wp-json\/wp\/v2\/media?parent=29527"}],"wp:term":[{"taxonomy":"country","embeddable":true,"href":"https:\/\/eufortrisomy21.eu\/cs\/wp-json\/wp\/v2\/country?post=29527"}],"curies":[{"name":"wp","href":"https:\/\/api.w.org\/{rel}","templated":true}]}}