{"id":31216,"date":"2021-03-01T22:25:20","date_gmt":"2021-03-01T21:25:20","guid":{"rendered":"https:\/\/eufortrisomy21.eu\/fr\/?post_type=ngo&#038;p=31216"},"modified":"2021-03-03T11:02:00","modified_gmt":"2021-03-03T10:02:00","slug":"association-la-ferme-de-tobie","status":"publish","type":"ngo","link":"https:\/\/eufortrisomy21.eu\/cs\/ngo\/association-la-ferme-de-tobie\/","title":{"rendered":"Sdru\u017een\u00ed La ferme de Tobie"},"content":{"rendered":"<table width=\"99%\" border=\"0\" cellpadding=\"1\" cellspacing=\"0\" bgcolor=\"#EAEAEA\">\n<tr>\n<td>\n<table width=\"100%\" border=\"0\" cellpadding=\"5\" cellspacing=\"0\" bgcolor=\"#FFFFFF\">\n<tr bgcolor=\"#EAF2FA\">\n<td colspan=\"2\">\n\t\t                                        <font style=\"font-family: sans-serif;font-size:12px\"><strong>Name of the NGO<\/strong><\/font>\n\t\t                                    <\/td>\n<\/tr>\n<tr bgcolor=\"#FFFFFF\">\n<td width=\"20\">&nbsp;<\/td>\n<td>\n\t\t                                        <font style=\"font-family: sans-serif;font-size:12px\">Sdru\u017een\u00ed La ferme de Tobie<\/font>\n\t\t                                    <\/td>\n<\/tr>\n<tr bgcolor=\"#EAF2FA\">\n<td colspan=\"2\">\n\t\t                                        <font style=\"font-family: sans-serif;font-size:12px\"><strong>Logo<\/strong><\/font>\n\t\t                                    <\/td>\n<\/tr>\n<tr bgcolor=\"#FFFFFF\">\n<td width=\"20\">&nbsp;<\/td>\n<td>\n\t\t                                        <font style=\"font-family: sans-serif;font-size:12px\"><\/p>\n<ul>\n<li><a href='https:\/\/eufortrisomy21.eu\/wp-content\/uploads\/2021\/03\/logofermetobie-2-scaled.jpg' target='_blank' aria-label='Cliquez pour voir' rel=\"noopener\">logofermetobie-2-scaled.jpg<\/a><\/li>\n<\/ul>\n<p><\/font>\n\t\t                                    <\/td>\n<\/tr>\n<tr bgcolor=\"#EAF2FA\">\n<td colspan=\"2\">\n\t\t                                        <font style=\"font-family: sans-serif;font-size:12px\"><strong>Zem\u011b<\/strong><\/font>\n\t\t                                    <\/td>\n<\/tr>\n<tr bgcolor=\"#FFFFFF\">\n<td width=\"20\">&nbsp;<\/td>\n<td>\n\t\t                                        <font style=\"font-family: sans-serif;font-size:12px\">FRANCIE<\/font>\n\t\t                                    <\/td>\n<\/tr>\n<tr bgcolor=\"#EAF2FA\">\n<td colspan=\"2\">\n\t\t                                        <font style=\"font-family: sans-serif;font-size:12px\"><strong>Short presentation of the NGO<\/strong><\/font>\n\t\t                                    <\/td>\n<\/tr>\n<tr bgcolor=\"#FFFFFF\">\n<td width=\"20\">&nbsp;<\/td>\n<td>\n\t\t                                        <font style=\"font-family: sans-serif;font-size:12px\">La ferme de Tobie accueille, accompagne et soutient des familles ayant un enfant avec un handicap mental. Elle propose des apr\u00e8s-midis d&#039;activit\u00e9s pour les enfants et  les familles ainsi que des temps de r\u00e9pit  sous diff\u00e9rentes formes ( garde de l&#039;enfant \u00e0 son domicile , week-end d&#039;accueil&#8230;)<\/font>\n\t\t                                    <\/td>\n<\/tr>\n<tr bgcolor=\"#EAF2FA\">\n<td colspan=\"2\">\n\t\t                                        <font style=\"font-family: sans-serif;font-size:12px\"><strong>Website<\/strong><\/font>\n\t\t                                    <\/td>\n<\/tr>\n<tr bgcolor=\"#FFFFFF\">\n<td width=\"20\">&nbsp;<\/td>\n<td>\n\t\t                                        <font style=\"font-family: sans-serif;font-size:12px\">www.lafermedetobie.fr<\/font>\n\t\t                                    <\/td>\n<\/tr>\n<tr bgcolor=\"#EAF2FA\">\n<td colspan=\"2\">\n\t\t                                        <font style=\"font-family: sans-serif;font-size:12px\"><strong>Facebook<\/strong><\/font>\n\t\t                                    <\/td>\n<\/tr>\n<tr bgcolor=\"#FFFFFF\">\n<td width=\"20\">&nbsp;<\/td>\n<td>\n\t\t                                        <font style=\"font-family: sans-serif;font-size:12px\">https:\/\/www.facebook.com\/lafermedetobie\/<\/font>\n\t\t                                    <\/td>\n<\/tr>\n<tr bgcolor=\"#EAF2FA\">\n<td colspan=\"2\">\n\t\t                                        <font style=\"font-family: sans-serif;font-size:12px\"><strong>Twitter<\/strong><\/font>\n\t\t                                    <\/td>\n<\/tr>\n<tr bgcolor=\"#FFFFFF\">\n<td width=\"20\">&nbsp;<\/td>\n<td>\n\t\t                                        <font style=\"font-family: sans-serif;font-size:12px\">non<\/font>\n\t\t                                    <\/td>\n<\/tr>\n<tr bgcolor=\"#EAF2FA\">\n<td colspan=\"2\">\n\t\t                                        <font style=\"font-family: sans-serif;font-size:12px\"><strong>Instagram<\/strong><\/font>\n\t\t                                    <\/td>\n<\/tr>\n<tr bgcolor=\"#FFFFFF\">\n<td width=\"20\">&nbsp;<\/td>\n<td>\n\t\t                                        <font style=\"font-family: sans-serif;font-size:12px\">non<\/font>\n\t\t                                    <\/td>\n<\/tr>\n<tr bgcolor=\"#EAF2FA\">\n<td colspan=\"2\">\n\t\t                                        <font style=\"font-family: sans-serif;font-size:12px\"><strong>Youtube<\/strong><\/font>\n\t\t                                    <\/td>\n<\/tr>\n<tr bgcolor=\"#FFFFFF\">\n<td width=\"20\">&nbsp;<\/td>\n<td>\n\t\t                                        <font style=\"font-family: sans-serif;font-size:12px\">non<\/font>\n\t\t                                    <\/td>\n<\/tr>\n<tr bgcolor=\"#EAF2FA\">\n<td colspan=\"2\">\n\t\t                                        <font style=\"font-family: sans-serif;font-size:12px\"><strong>TikTok<\/strong><\/font>\n\t\t                                    <\/td>\n<\/tr>\n<tr bgcolor=\"#FFFFFF\">\n<td width=\"20\">&nbsp;<\/td>\n<td>\n\t\t                                        <font style=\"font-family: sans-serif;font-size:12px\">non<\/font>\n\t\t                                    <\/td>\n<\/tr>\n<tr bgcolor=\"#EAF2FA\">\n<td colspan=\"2\">\n\t\t                                        <font style=\"font-family: sans-serif;font-size:12px\"><strong>Contact person&#039;s first name<\/strong><\/font>\n\t\t                                    <\/td>\n<\/tr>\n<tr bgcolor=\"#FFFFFF\">\n<td width=\"20\">&nbsp;<\/td>\n<td>\n\t\t                                        <font style=\"font-family: sans-serif;font-size:12px\">Anne-C\u00e9cile<\/font>\n\t\t                                    <\/td>\n<\/tr>\n<tr bgcolor=\"#EAF2FA\">\n<td colspan=\"2\">\n\t\t                                        <font style=\"font-family: sans-serif;font-size:12px\"><strong>Contact person&#039;s last name<\/strong><\/font>\n\t\t                                    <\/td>\n<\/tr>\n<tr bgcolor=\"#FFFFFF\">\n<td width=\"20\">&nbsp;<\/td>\n<td>\n\t\t                                        <font style=\"font-family: sans-serif;font-size:12px\">Quiviger<\/font>\n\t\t                                    <\/td>\n<\/tr>\n<tr bgcolor=\"#EAF2FA\">\n<td colspan=\"2\">\n\t\t                                        <font style=\"font-family: sans-serif;font-size:12px\"><strong>E-mailem<\/strong><\/font>\n\t\t                                    <\/td>\n<\/tr>\n<tr bgcolor=\"#FFFFFF\">\n<td width=\"20\">&nbsp;<\/td>\n<td>\n\t\t                                        <font style=\"font-family: sans-serif;font-size:12px\"><a href='mailto:lafermedetobie@gmail.com'>lafermedetobie@gmail.com<\/a><\/font>\n\t\t                                    <\/td>\n<\/tr>\n<tr bgcolor=\"#EAF2FA\">\n<td colspan=\"2\">\n\t\t                                        <font style=\"font-family: sans-serif;font-size:12px\"><strong>Telefon<\/strong><\/font>\n\t\t                                    <\/td>\n<\/tr>\n<tr bgcolor=\"#FFFFFF\">\n<td width=\"20\">&nbsp;<\/td>\n<td>\n\t\t                                        <font style=\"font-family: sans-serif;font-size:12px\">0781895613<\/font>\n\t\t                                    <\/td>\n<\/tr>\n<tr bgcolor=\"#EAF2FA\">\n<td colspan=\"2\">\n\t\t                                        <font style=\"font-family: sans-serif;font-size:12px\"><strong>M\u011bsto<\/strong><\/font>\n\t\t                                    <\/td>\n<\/tr>\n<tr bgcolor=\"#FFFFFF\">\n<td width=\"20\">&nbsp;<\/td>\n<td>\n\t\t                                        <font style=\"font-family: sans-serif;font-size:12px\">Clohars-Fouesnant<\/font>\n\t\t                                    <\/td>\n<\/tr>\n<tr bgcolor=\"#EAF2FA\">\n<td colspan=\"2\">\n\t\t                                        <font style=\"font-family: sans-serif;font-size:12px\"><strong>I want to register one or more people with Down&#039;s syndrome<\/strong><\/font>\n\t\t                                    <\/td>\n<\/tr>\n<tr bgcolor=\"#FFFFFF\">\n<td width=\"20\">&nbsp;<\/td>\n<td>\n\t\t                                        <font style=\"font-family: sans-serif;font-size:12px\">No<\/font>\n\t\t                                    <\/td>\n<\/tr>\n<tr bgcolor=\"#EAF2FA\">\n<td colspan=\"2\">\n\t\t                                        <font style=\"font-family: sans-serif;font-size:12px\"><strong>Contact optin<\/strong><\/font>\n\t\t                                    <\/td>\n<\/tr>\n<tr bgcolor=\"#FFFFFF\">\n<td width=\"20\">&nbsp;<\/td>\n<td>\n\t\t                                        <font style=\"font-family: sans-serif;font-size:12px\"><\/p>\n<ul class='bulleted'>\n<li>I would like to be contacted to become a partner of EU for Trisomy 21<\/li>\n<\/ul>\n<p><\/font>\n\t\t                                    <\/td>\n<\/tr>\n<tr bgcolor=\"#EAF2FA\">\n<td colspan=\"2\">\n\t\t                                        <font style=\"font-family: sans-serif;font-size:12px\"><strong><\/strong><\/font>\n\t\t                                    <\/td>\n<\/tr>\n<tr bgcolor=\"#FFFFFF\">\n<td width=\"20\">&nbsp;<\/td>\n<td>\n\t\t                                        <font style=\"font-family: sans-serif;font-size:12px\"><img decoding=\"async\" src=\"https:\/\/eufortrisomy21.eu\/wp-content\/plugins\/gravityforms\/images\/tick.png\" \/> Souhlas\u00edm se z\u00e1sadami ochrany osobn\u00edch \u00fadaj\u016f.<\/p>\n<div class=\"gfield_consent_description\">Vypln\u011bn\u00edm tohoto formul\u00e1\u0159e souhlas\u00edte s t\u00edm, \u017ee va\u0161e kontaktn\u00ed \u00fadaje budou zahrnuty do kontaktn\u00edho souboru EUfortrisomy21. Upozor\u0148ujeme, \u017ee tento soubor z\u016fst\u00e1v\u00e1 v\u00fdlu\u010dnou odpov\u011bdnost\u00ed EUfortrisomy21 a \u017ee za \u017e\u00e1dn\u00fdch okolnost\u00ed nen\u00ed sd\u00edlen s jin\u00fdmi subjekty. Pokud si ji\u017e nep\u0159ejete dost\u00e1vat na\u0161e sd\u011blen\u00ed, jednodu\u0161e se odhlaste pomoc\u00ed n\u00ed\u017ee uveden\u00e9ho odkazu. Budete m\u00edt pr\u00e1vo kdykoli p\u0159istupovat, opravovat nebo mazat \u00fadaje, kter\u00e9 se v\u00e1s t\u00fdkaj\u00ed, a pr\u00e1vo vzn\u00e9st n\u00e1mitku nebo omezit jejich zpracov\u00e1n\u00ed. Chcete-li uplatnit sv\u00e1 pr\u00e1va, m\u016f\u017eete n\u00e1s kontaktovat na adrese privacy @ eufortrisomy21. Dal\u0161\u00ed informace o ochran\u011b va\u0161ich osobn\u00edch \u00fadaj\u016f: privacy @ eufortrisomy21<\/div>\n<p><\/font>\n\t\t                                    <\/td>\n<\/tr>\n<\/table>\n<\/td>\n<\/tr>\n<\/table>","protected":false},"featured_media":0,"template":"","country":[12],"class_list":["post-31216","ngo","type-ngo","status-publish","hentry","country-france"],"acf":[],"_links":{"self":[{"href":"https:\/\/eufortrisomy21.eu\/cs\/wp-json\/wp\/v2\/ngo\/31216"}],"collection":[{"href":"https:\/\/eufortrisomy21.eu\/cs\/wp-json\/wp\/v2\/ngo"}],"about":[{"href":"https:\/\/eufortrisomy21.eu\/cs\/wp-json\/wp\/v2\/types\/ngo"}],"version-history":[{"count":0,"href":"https:\/\/eufortrisomy21.eu\/cs\/wp-json\/wp\/v2\/ngo\/31216\/revisions"}],"wp:attachment":[{"href":"https:\/\/eufortrisomy21.eu\/cs\/wp-json\/wp\/v2\/media?parent=31216"}],"wp:term":[{"taxonomy":"country","embeddable":true,"href":"https:\/\/eufortrisomy21.eu\/cs\/wp-json\/wp\/v2\/country?post=31216"}],"curies":[{"name":"wp","href":"https:\/\/api.w.org\/{rel}","templated":true}]}}