{"id":31709,"date":"2021-03-12T12:48:17","date_gmt":"2021-03-12T11:48:17","guid":{"rendered":"https:\/\/eufortrisomy21.eu\/?post_type=ngo&#038;p=31709"},"modified":"2021-03-12T13:02:18","modified_gmt":"2021-03-12T12:02:18","slug":"down-syndrome-ireland-mayo-branch","status":"publish","type":"ngo","link":"https:\/\/eufortrisomy21.eu\/cs\/ngo\/down-syndrome-ireland-mayo-branch\/","title":{"rendered":"Down\u016fv syndrom, Irsko, pobo\u010dka Mayo"},"content":{"rendered":"<table border=\"0\" width=\"99%\" cellspacing=\"0\" cellpadding=\"1\" bgcolor=\"#EAEAEA\">\n<tbody>\n<tr>\n<td>\n<table border=\"0\" width=\"100%\" cellspacing=\"0\" cellpadding=\"5\" bgcolor=\"#FFFFFF\">\n<tbody>\n<tr bgcolor=\"#EAF2FA\">\n<td colspan=\"2\"><span style=\"font-family: sans-serif; font-size: 12px;\"><strong>Name of the NGO<\/strong><\/span><\/td>\n<\/tr>\n<tr bgcolor=\"#FFFFFF\">\n<td width=\"20\"><\/td>\n<td><span style=\"font-family: sans-serif; font-size: 12px;\">Down\u016fv syndrom, Irsko, pobo\u010dka Mayo<\/span><\/td>\n<\/tr>\n<tr bgcolor=\"#EAF2FA\">\n<td colspan=\"2\"><span style=\"font-family: sans-serif; font-size: 12px;\"><strong>Zem\u011b<\/strong><\/span><\/td>\n<\/tr>\n<tr bgcolor=\"#FFFFFF\">\n<td width=\"20\"><\/td>\n<td><span style=\"font-family: sans-serif; font-size: 12px;\">IRSKO<\/span><\/td>\n<\/tr>\n<tr bgcolor=\"#EAF2FA\">\n<td colspan=\"2\"><span style=\"font-family: sans-serif; font-size: 12px;\"><strong>Short presentation of the NGO<\/strong><\/span><\/td>\n<\/tr>\n<tr bgcolor=\"#FFFFFF\">\n<td width=\"20\"><\/td>\n<td><span style=\"font-family: sans-serif; font-size: 12px;\">Jako charitativn\u00ed organizace podporujeme na\u0161e \u010dleny s Downov\u00fdm syndromem a jejich rodiny v cel\u00e9 Mayo. V r\u00e1mci na\u0161\u00ed skupiny zaji\u0161\u0165ujeme spole\u010densk\u00e9 aktivity, vzd\u011bl\u00e1vac\u00ed kurzy pro na\u0161e \u010dleny a jejich rodiny, advok\u00e1ta pro lidi s Downov\u00fdm syndromem.<\/span><\/td>\n<\/tr>\n<tr bgcolor=\"#EAF2FA\">\n<td colspan=\"2\"><span style=\"font-family: sans-serif; font-size: 12px;\"><strong>Website<\/strong><\/span><\/td>\n<\/tr>\n<tr bgcolor=\"#FFFFFF\">\n<td width=\"20\"><\/td>\n<td><span style=\"font-family: sans-serif; font-size: 12px;\">https:\/\/downsyndrome.ie\/branches-detail\/mayo\/<\/span><\/td>\n<\/tr>\n<tr bgcolor=\"#EAF2FA\">\n<td colspan=\"2\"><span style=\"font-family: sans-serif; font-size: 12px;\"><strong>Facebook<\/strong><\/span><\/td>\n<\/tr>\n<tr bgcolor=\"#FFFFFF\">\n<td width=\"20\"><\/td>\n<td><span style=\"font-family: sans-serif; font-size: 12px;\">https:\/\/www.facebook.com\/DownSyndromeMayo<\/span><\/td>\n<\/tr>\n<tr bgcolor=\"#EAF2FA\">\n<td colspan=\"2\"><span style=\"font-family: sans-serif; font-size: 12px;\"><strong>Twitter<\/strong><\/span><\/td>\n<\/tr>\n<tr bgcolor=\"#FFFFFF\">\n<td width=\"20\"><\/td>\n<td><span style=\"font-family: sans-serif; font-size: 12px;\">https:\/\/twitter.com\/downmayo?lang=en<\/span><\/td>\n<\/tr>\n<tr bgcolor=\"#EAF2FA\">\n<td colspan=\"2\"><span style=\"font-family: sans-serif; font-size: 12px;\"><strong>Instagram<\/strong><\/span><\/td>\n<\/tr>\n<tr bgcolor=\"#FFFFFF\">\n<td width=\"20\"><\/td>\n<td><span style=\"font-family: sans-serif; font-size: 12px;\">https:\/\/www.instagram.com\/mayodownsyndrome\/<\/span><\/td>\n<\/tr>\n<tr bgcolor=\"#EAF2FA\">\n<td colspan=\"2\"><span style=\"font-family: sans-serif; font-size: 12px;\"><strong>Contact person&#8217;s first name<\/strong><\/span><\/td>\n<\/tr>\n<tr bgcolor=\"#FFFFFF\">\n<td width=\"20\"><\/td>\n<td><span style=\"font-family: sans-serif; font-size: 12px;\">Nichola<\/span><\/td>\n<\/tr>\n<tr bgcolor=\"#EAF2FA\">\n<td colspan=\"2\"><span style=\"font-family: sans-serif; font-size: 12px;\"><strong>Contact person&#8217;s last name<\/strong><\/span><\/td>\n<\/tr>\n<tr bgcolor=\"#FFFFFF\">\n<td width=\"20\"><\/td>\n<td><span style=\"font-family: sans-serif; font-size: 12px;\">Gilmartin<\/span><\/td>\n<\/tr>\n<tr bgcolor=\"#EAF2FA\">\n<td colspan=\"2\"><span style=\"font-family: sans-serif; font-size: 12px;\"><strong>E-mailem<\/strong><\/span><\/td>\n<\/tr>\n<tr bgcolor=\"#FFFFFF\">\n<td width=\"20\"><\/td>\n<td><span style=\"font-family: sans-serif; font-size: 12px;\"><a href=\"mailto:mayoinfo@downsyndrome.ie\">mayoinfo@downsyndrome.ie<\/a><\/span><\/td>\n<\/tr>\n<tr bgcolor=\"#EAF2FA\">\n<td colspan=\"2\"><span style=\"font-family: sans-serif; font-size: 12px;\"><strong>Telefon<\/strong><\/span><\/td>\n<\/tr>\n<tr bgcolor=\"#FFFFFF\">\n<td width=\"20\"><\/td>\n<td><span style=\"font-family: sans-serif; font-size: 12px;\">0833184075<\/span><\/td>\n<\/tr>\n<tr bgcolor=\"#EAF2FA\">\n<td colspan=\"2\"><span style=\"font-family: sans-serif; font-size: 12px;\"><strong>M\u011bsto<\/strong><\/span><\/td>\n<\/tr>\n<tr bgcolor=\"#FFFFFF\">\n<td width=\"20\"><\/td>\n<td><span style=\"font-family: sans-serif; font-size: 12px;\">Mayo<\/span><\/td>\n<\/tr>\n<tr bgcolor=\"#EAF2FA\">\n<td colspan=\"2\"><span style=\"font-family: sans-serif; font-size: 12px;\"><strong>I want to register one or more people with Down&#8217;s syndrome<\/strong><\/span><\/td>\n<\/tr>\n<tr bgcolor=\"#FFFFFF\">\n<td width=\"20\"><\/td>\n<td><span style=\"font-family: sans-serif; font-size: 12px;\">No<\/span><\/td>\n<\/tr>\n<tr bgcolor=\"#EAF2FA\">\n<td colspan=\"2\"><span style=\"font-family: sans-serif; font-size: 12px;\"><strong>Contact optin<\/strong><\/span><\/td>\n<\/tr>\n<tr bgcolor=\"#FFFFFF\">\n<td width=\"20\"><\/td>\n<td>\n<ul class=\"bulleted\">\n<li>I would like to be contacted to become a partner of EU for Trisomy 21<\/li>\n<\/ul>\n<p>&nbsp;<\/td>\n<\/tr>\n<tr bgcolor=\"#EAF2FA\">\n<td colspan=\"2\"><\/td>\n<\/tr>\n<tr bgcolor=\"#FFFFFF\">\n<td width=\"20\"><\/td>\n<td><span style=\"font-family: sans-serif; font-size: 12px;\"><span style=\"font-family: sans-serif; font-size: 12px;\"><img decoding=\"async\" src=\"https:\/\/eufortrisomy21.eu\/wp-content\/plugins\/gravityforms\/images\/tick.png\" \/> Souhlas\u00edm se z\u00e1sadami ochrany osobn\u00edch \u00fadaj\u016f.<\/span><\/span><\/p>\n<div class=\"gfield_consent_description\">Vypln\u011bn\u00edm tohoto formul\u00e1\u0159e souhlas\u00edte s t\u00edm, \u017ee va\u0161e kontaktn\u00ed \u00fadaje budou zahrnuty do kontaktn\u00edho souboru EUfortrisomy21. Upozor\u0148ujeme, \u017ee tento soubor z\u016fst\u00e1v\u00e1 v\u00fdlu\u010dnou odpov\u011bdnost\u00ed EUfortrisomy21 a \u017ee za \u017e\u00e1dn\u00fdch okolnost\u00ed nen\u00ed sd\u00edlen s jin\u00fdmi subjekty. Pokud si ji\u017e nep\u0159ejete dost\u00e1vat na\u0161e sd\u011blen\u00ed, jednodu\u0161e se odhlaste pomoc\u00ed n\u00ed\u017ee uveden\u00e9ho odkazu. Budete m\u00edt pr\u00e1vo kdykoli p\u0159istupovat, opravovat nebo mazat \u00fadaje, kter\u00e9 se v\u00e1s t\u00fdkaj\u00ed, a pr\u00e1vo vzn\u00e9st n\u00e1mitku nebo omezit jejich zpracov\u00e1n\u00ed. Chcete-li uplatnit sv\u00e1 pr\u00e1va, m\u016f\u017eete n\u00e1s kontaktovat na adrese privacy @ eufortrisomy21. Dal\u0161\u00ed informace o ochran\u011b va\u0161ich osobn\u00edch \u00fadaj\u016f: privacy @ eufortrisomy21<\/div>\n<p>&nbsp;<\/td>\n<\/tr>\n<\/tbody>\n<\/table>\n<\/td>\n<\/tr>\n<\/tbody>\n<\/table>","protected":false},"featured_media":0,"template":"","country":[26],"class_list":["post-31709","ngo","type-ngo","status-publish","hentry","country-ireland"],"acf":[],"_links":{"self":[{"href":"https:\/\/eufortrisomy21.eu\/cs\/wp-json\/wp\/v2\/ngo\/31709"}],"collection":[{"href":"https:\/\/eufortrisomy21.eu\/cs\/wp-json\/wp\/v2\/ngo"}],"about":[{"href":"https:\/\/eufortrisomy21.eu\/cs\/wp-json\/wp\/v2\/types\/ngo"}],"version-history":[{"count":0,"href":"https:\/\/eufortrisomy21.eu\/cs\/wp-json\/wp\/v2\/ngo\/31709\/revisions"}],"wp:attachment":[{"href":"https:\/\/eufortrisomy21.eu\/cs\/wp-json\/wp\/v2\/media?parent=31709"}],"wp:term":[{"taxonomy":"country","embeddable":true,"href":"https:\/\/eufortrisomy21.eu\/cs\/wp-json\/wp\/v2\/country?post=31709"}],"curies":[{"name":"wp","href":"https:\/\/api.w.org\/{rel}","templated":true}]}}