{"id":15436,"date":"2020-09-18T10:22:23","date_gmt":"2020-09-18T08:22:23","guid":{"rendered":"https:\/\/eufortrisomy21.eu\/?page_id=15436"},"modified":"2022-06-30T20:03:29","modified_gmt":"2022-06-30T18:03:29","slug":"21march21","status":"publish","type":"page","link":"https:\/\/eufortrisomy21.eu\/cs\/21march21\/","title":{"rendered":"21. b\u0159ezna 2021"},"content":{"rendered":"\n<h2>\n\t\t21<sup>st<\/sup> of March 2021 <br \/>\n\t<\/h2>\n<h1>\n\t\tA MONUMENTAL DATE!\n\t<\/h1>\n\tThe next World Down Syndrome Day,<br \/>\nwill be emblematic as it will take place in <strong>2021.<br \/>\n<\/strong>Down Syndrome is medically known as Trisomy 21.\n<p><b>2021: a year dedicated to people with Trisomy 21. <\/b><\/p>\n<h2>\n\t\tBe part of a unique experience during a special date\n\t<\/h2>\n\t<p>Eu for trisomy 21 in collaboration with European civil society organisations has created a sponsorship platform to celebrate this event. This platform facilitates the contact of Members of the European Parliament with people with Down syndrome and parents of children with Down syndrome.<\/p>\n\t\t\t\t<a href=\"https:\/\/eufortrisomy21.eu\/21march21\/for-mep\/\" target=\"_self\" itemprop=\"url\" rel=\"noopener\">\n\t\t\t\t<img loading=\"lazy\" decoding=\"async\" src=\"https:\/\/eufortrisomy21.eu\/wp-content\/uploads\/2020\/11\/frederic-koberl-x_0hW-KaCgI-unsplash.jpg\" alt=\"frederic-koberl-x_0hW-KaCgI-unsplash\" itemprop=\"image\" height=\"1198\" width=\"1800\" title=\"frederic-koberl-x_0hW-KaCgI-unsplash\" onerror=\"this.style.display='none'\"  \/>\n\t\t\t\t<\/a>\n<h3>\n\t\t<a href=\"https:\/\/eufortrisomy21.eu\/21march21\/for-mep\/\" title=\"MEP\" target=\"_self\" rel=\"noopener\">\n\t\tMEP\n\t\t<\/a>\n\t<\/h3>\n\t<p>Look at the list of Members of the European Parliament that supported our celebration of the World Down Syndrome Day<\/p>\n\t\t\t<a href=\"https:\/\/eufortrisomy21.eu\/21march21\/for-citizen\/meps\/\" target=\"_self\" role=\"button\" rel=\"noopener\">\n\t\t\t\t\t\t\tList of MEPs\n\t\t\t\t\t<\/a>\n\t\t\t\t<a href=\"https:\/\/eufortrisomy21.eu\/21march21\/for-citizen\/\" target=\"_self\" itemprop=\"url\" rel=\"noopener\">\n\t\t\t\t<img loading=\"lazy\" decoding=\"async\" src=\"https:\/\/eufortrisomy21.eu\/wp-content\/uploads\/2020\/10\/img-20180902-wa0027.jpg\" alt=\"img-20180902-wa0027\" itemprop=\"image\" height=\"683\" width=\"1024\" title=\"img-20180902-wa0027\" onerror=\"this.style.display='none'\"  \/>\n\t\t\t\t<\/a>\n<h3>\n\t\t<a href=\"https:\/\/eufortrisomy21.eu\/21march21\/for-citizen\/\" title=\"CITIZEN\" target=\"_self\" rel=\"noopener\">\n\t\tCITIZEN\n\t\t<\/a>\n\t<\/h3>\n\t<p>Many people with Down syndrome as well as parents of people with Down syndrome celebrated with us.<\/p>\n\t\t\t<a href=\"https:\/\/eufortrisomy21.eu\/press-release-on-march-21st-europe-is-honouring-persons-with-downs-syndrome\/\" target=\"_self\" role=\"button\" rel=\"noopener\">\n\t\t\t\t\t\t\tMore info\n\t\t\t\t\t<\/a>\n\t\t\t\t<a href=\"https:\/\/eufortrisomy21.eu\/21march21\/for-ngo\/\" target=\"_self\" itemprop=\"url\" rel=\"noopener\">\n\t\t\t\t<img loading=\"lazy\" decoding=\"async\" src=\"https:\/\/eufortrisomy21.eu\/wp-content\/uploads\/2020\/11\/nathan-anderson-FHiJWoBodrs-unsplash.jpg\" alt=\"nathan-anderson-FHiJWoBodrs-unsplash\" itemprop=\"image\" height=\"1202\" width=\"1800\" title=\"nathan-anderson-FHiJWoBodrs-unsplash\" onerror=\"this.style.display='none'\"  \/>\n\t\t\t\t<\/a>\n<h3>\n\t\t<a href=\"https:\/\/eufortrisomy21.eu\/21march21\/for-ngo\/\" title=\"NGO\" target=\"_self\" rel=\"noopener\">\n\t\tNGO\n\t\t<\/a>\n\t<\/h3>\n\t<p>Have a look at all the partners that supported our celebrations for 2021 World Down Syndrome Day.<\/p>\n\t\t\t<a href=\"https:\/\/eufortrisomy21.eu\/21march21\/for-ngo\/list-of-ngos\/\" target=\"_self\" role=\"button\" rel=\"noopener\">\n\t\t\t\t\t\t\tList of Partners\n\t\t\t\t\t<\/a>\n<h2>\n\t\tPartners\n\t<\/h2>\n\t<meta itemscope itemprop=\"mainEntityOfPage\" itemtype=\"https:\/\/schema.org\/WebPage\" itemid=\"https:\/\/eufortrisomy21.eu\/ngo\/inclusion-finland-fduv\/\" content=\"Inclusion Finland FDUV\" \/><meta itemprop=\"datePublished\" content=\"2021-05-10\" \/><meta itemprop=\"dateModified\" content=\"2021-05-10\" \/><meta itemprop=\"name\" content=\"EU for Trisomy 21\"\/><meta itemprop=\"url\" content=\"https:\/\/eufortrisomy21.eu\/author\/contacteufortrisomy21-eu\/\" \/><meta itemprop=\"name\" content=\"contact@eufortrisomy21.eu\" \/><meta itemprop=\"interactionType\" content=\"https:\/\/schema.org\/CommentAction\" \/><meta itemprop=\"userInteractionCount\" content=\"0\" \/>\n<a href=\"https:\/\/eufortrisomy21.eu\/ngo\/inclusion-finland-fduv\/\">\n\t<img decoding=\"async\" src=\"https:\/\/eufortrisomy21.eu\/wp-content\/uploads\/2021\/05\/FDUV_logo.jpg\"\/>\n\t<\/a>\n\t<meta itemscope itemprop=\"mainEntityOfPage\" itemtype=\"https:\/\/schema.org\/WebPage\" itemid=\"https:\/\/eufortrisomy21.eu\/ngo\/kreissportjugend-im-kreissportbund-sonneberg-e-v\/\" content=\"Kreissportjugend im Kreissportbund Sonneberg e.V.\" \/><meta itemprop=\"datePublished\" content=\"2021-03-18\" \/><meta itemprop=\"dateModified\" content=\"2021-03-18\" \/><meta itemprop=\"name\" content=\"EU for Trisomy 21\"\/><meta itemprop=\"url\" content=\"https:\/\/eufortrisomy21.eu\/author\/contacteufortrisomy21-eu\/\" \/><meta itemprop=\"name\" content=\"contact@eufortrisomy21.eu\" \/><meta itemprop=\"interactionType\" content=\"https:\/\/schema.org\/CommentAction\" \/><meta itemprop=\"userInteractionCount\" content=\"0\" \/>\n<a href=\"https:\/\/eufortrisomy21.eu\/ngo\/kreissportjugend-im-kreissportbund-sonneberg-e-v\/\">\n\t<img decoding=\"async\" src=\"https:\/\/eufortrisomy21.eu\/wp-content\/uploads\/2021\/03\/Logo-KSJ.doc\"\/>\n\t<\/a>\n\t<meta itemscope itemprop=\"mainEntityOfPage\" itemtype=\"https:\/\/schema.org\/WebPage\" itemid=\"https:\/\/eufortrisomy21.eu\/ngo\/%cf%83%cf%85%ce%bb%ce%bb%ce%bf%ce%b3%ce%bf%cf%83-%cf%86%ce%b9%ce%bb%cf%89%ce%bd-%cf%84%cf%89%ce%bd-%ce%ba%ce%b1%cf%81%ce%ba%ce%b9%ce%bd%ce%bf%cf%80%ce%b1%ce%b8%cf%89%ce%bd-%cf%80%ce%b1%ce%b9%ce%b4\/\" content=\"\u03a3\u03a5\u039b\u039b\u039f\u0393\u039f\u03a3 \u03a6\u0399\u039b\u03a9\u039d \u03a4\u03a9\u039d \u039a\u0391\u03a1\u039a\u0399\u039d\u039f\u03a0\u0391\u0398\u03a9\u039d \u03a0\u0391\u0399\u0394\u0399\u03a9\u039d &#8220;\u03a3\u03a4\u039f\u03a1\u0393\u0397&#8221;\" \/><meta itemprop=\"datePublished\" content=\"2021-03-18\" \/><meta itemprop=\"dateModified\" content=\"2021-03-18\" \/><meta itemprop=\"name\" content=\"EU for Trisomy 21\"\/><meta itemprop=\"url\" content=\"https:\/\/eufortrisomy21.eu\/author\/contacteufortrisomy21-eu\/\" \/><meta itemprop=\"name\" content=\"contact@eufortrisomy21.eu\" \/><meta itemprop=\"interactionType\" content=\"https:\/\/schema.org\/CommentAction\" \/><meta itemprop=\"userInteractionCount\" content=\"0\" \/>\n<a href=\"https:\/\/eufortrisomy21.eu\/ngo\/%cf%83%cf%85%ce%bb%ce%bb%ce%bf%ce%b3%ce%bf%cf%83-%cf%86%ce%b9%ce%bb%cf%89%ce%bd-%cf%84%cf%89%ce%bd-%ce%ba%ce%b1%cf%81%ce%ba%ce%b9%ce%bd%ce%bf%cf%80%ce%b1%ce%b8%cf%89%ce%bd-%cf%80%ce%b1%ce%b9%ce%b4\/\">\n\t<img decoding=\"async\" src=\"https:\/\/eufortrisomy21.eu\/wp-content\/uploads\/2021\/03\/\u03bd\u03b5\u03bf.docx\"\/>\n\t<\/a>\n\t<meta itemscope itemprop=\"mainEntityOfPage\" itemtype=\"https:\/\/schema.org\/WebPage\" itemid=\"https:\/\/eufortrisomy21.eu\/ngo\/the-christian-organization-of-good-samaritan\/\" content=\"The Christian Organization of Good Samaritan\" \/><meta itemprop=\"datePublished\" content=\"2021-03-16\" \/><meta itemprop=\"dateModified\" content=\"2021-03-18\" \/><meta itemprop=\"name\" content=\"EU for Trisomy 21\"\/><meta itemprop=\"url\" content=\"https:\/\/eufortrisomy21.eu\/author\/contacteufortrisomy21-eu\/\" \/><meta itemprop=\"name\" content=\"contact@eufortrisomy21.eu\" \/><meta itemprop=\"interactionType\" content=\"https:\/\/schema.org\/CommentAction\" \/><meta itemprop=\"userInteractionCount\" content=\"0\" \/>\n<a href=\"https:\/\/eufortrisomy21.eu\/ngo\/the-christian-organization-of-good-samaritan\/\">\n\tThe Christian Organization of Good Samaritan\n\t<\/a>\n\t<meta itemscope itemprop=\"mainEntityOfPage\" itemtype=\"https:\/\/schema.org\/WebPage\" itemid=\"https:\/\/eufortrisomy21.eu\/ngo\/slovak-down-syndrome-association\/\" content=\"Slovak Down Syndrome association\" \/><meta itemprop=\"datePublished\" content=\"2021-03-15\" \/><meta itemprop=\"dateModified\" content=\"2021-07-18\" \/><meta itemprop=\"name\" content=\"EU for Trisomy 21\"\/><meta itemprop=\"url\" content=\"https:\/\/eufortrisomy21.eu\/author\/contacteufortrisomy21-eu\/\" \/><meta itemprop=\"name\" content=\"contact@eufortrisomy21.eu\" \/><meta itemprop=\"interactionType\" content=\"https:\/\/schema.org\/CommentAction\" \/><meta itemprop=\"userInteractionCount\" content=\"0\" \/>\n<a href=\"https:\/\/eufortrisomy21.eu\/ngo\/slovak-down-syndrome-association\/\">\n\t<img decoding=\"async\" src=\"https:\/\/eufortrisomy21.eu\/wp-content\/uploads\/2021\/03\/SDS_logo_full.png\"\/>\n\t<\/a>\n\t<meta itemscope itemprop=\"mainEntityOfPage\" itemtype=\"https:\/\/schema.org\/WebPage\" itemid=\"https:\/\/eufortrisomy21.eu\/ngo\/fundacja-supersprawni\/\" content=\"Fundacja SUPERSPRAWNI\" \/><meta itemprop=\"datePublished\" content=\"2021-03-15\" \/><meta itemprop=\"dateModified\" content=\"2021-03-15\" \/><meta itemprop=\"name\" content=\"EU for Trisomy 21\"\/><meta itemprop=\"url\" content=\"https:\/\/eufortrisomy21.eu\/author\/contacteufortrisomy21-eu\/\" \/><meta itemprop=\"name\" content=\"contact@eufortrisomy21.eu\" \/><meta itemprop=\"interactionType\" content=\"https:\/\/schema.org\/CommentAction\" \/><meta itemprop=\"userInteractionCount\" content=\"0\" \/>\n<a href=\"https:\/\/eufortrisomy21.eu\/ngo\/fundacja-supersprawni\/\">\n\t<img decoding=\"async\" src=\"https:\/\/eufortrisomy21.eu\/wp-content\/uploads\/2021\/03\/SUPERSPRAWNI_KOLOR.png\"\/>\n\t<\/a>\n\t<meta itemscope itemprop=\"mainEntityOfPage\" itemtype=\"https:\/\/schema.org\/WebPage\" itemid=\"https:\/\/eufortrisomy21.eu\/ngo\/ich-bin-aktiv\/\" content=\"ich bin aktiv\" \/><meta itemprop=\"datePublished\" content=\"2021-03-15\" \/><meta itemprop=\"dateModified\" content=\"2021-03-15\" \/><meta itemprop=\"name\" content=\"EU for Trisomy 21\"\/><meta itemprop=\"url\" content=\"https:\/\/eufortrisomy21.eu\/author\/contacteufortrisomy21-eu\/\" \/><meta itemprop=\"name\" content=\"contact@eufortrisomy21.eu\" \/><meta itemprop=\"interactionType\" content=\"https:\/\/schema.org\/CommentAction\" \/><meta itemprop=\"userInteractionCount\" content=\"0\" \/>\n<a href=\"https:\/\/eufortrisomy21.eu\/ngo\/ich-bin-aktiv\/\">\n\t<img decoding=\"async\" src=\"https:\/\/eufortrisomy21.eu\/wp-content\/uploads\/2021\/03\/ichbinaktiv_LOGO-scaled.jpg\"\/>\n\t<\/a>\n\t<meta itemscope itemprop=\"mainEntityOfPage\" itemtype=\"https:\/\/schema.org\/WebPage\" itemid=\"https:\/\/eufortrisomy21.eu\/ngo\/down-syndrome-ireland-mayo-branch\/\" content=\"Down Syndrome Ireland Mayo Branch\" \/><meta itemprop=\"datePublished\" content=\"2021-03-12\" \/><meta itemprop=\"dateModified\" content=\"2021-03-12\" \/><meta itemprop=\"name\" content=\"EU for Trisomy 21\"\/><meta itemprop=\"url\" content=\"https:\/\/eufortrisomy21.eu\/author\/contacteufortrisomy21-eu\/\" \/><meta itemprop=\"name\" content=\"contact@eufortrisomy21.eu\" \/><meta itemprop=\"interactionType\" content=\"https:\/\/schema.org\/CommentAction\" \/><meta itemprop=\"userInteractionCount\" content=\"0\" \/>\n<a href=\"https:\/\/eufortrisomy21.eu\/ngo\/down-syndrome-ireland-mayo-branch\/\">\n\tDown Syndrome Ireland Mayo Branch\n\t<\/a>\n\t<meta itemscope itemprop=\"mainEntityOfPage\" itemtype=\"https:\/\/schema.org\/WebPage\" itemid=\"https:\/\/eufortrisomy21.eu\/ngo\/downi-sundroomi-uhing-down-syndrome-association-estonia\/\" content=\"Downi S\u00fcndroomi \u00dching \/ Down Syndrome Association Estonia\" \/><meta itemprop=\"datePublished\" content=\"2021-03-11\" \/><meta itemprop=\"dateModified\" content=\"2021-03-12\" \/><meta itemprop=\"name\" content=\"EU for Trisomy 21\"\/><meta itemprop=\"url\" content=\"https:\/\/eufortrisomy21.eu\/author\/contacteufortrisomy21-eu\/\" \/><meta itemprop=\"name\" content=\"contact@eufortrisomy21.eu\" \/><meta itemprop=\"interactionType\" content=\"https:\/\/schema.org\/CommentAction\" \/><meta itemprop=\"userInteractionCount\" content=\"0\" \/>\n<a href=\"https:\/\/eufortrisomy21.eu\/ngo\/downi-sundroomi-uhing-down-syndrome-association-estonia\/\">\n\tDowni S\u00fcndroomi \u00dching \/ Down Syndrome Association Estonia\n\t<\/a>\n\t<meta itemscope itemprop=\"mainEntityOfPage\" itemtype=\"https:\/\/schema.org\/WebPage\" itemid=\"https:\/\/eufortrisomy21.eu\/ngo\/inclution-org\/\" content=\"inclution.org\" \/><meta itemprop=\"datePublished\" content=\"2021-03-11\" \/><meta itemprop=\"dateModified\" content=\"2021-03-11\" \/><meta itemprop=\"name\" content=\"EU for Trisomy 21\"\/><meta itemprop=\"url\" content=\"https:\/\/eufortrisomy21.eu\/author\/contacteufortrisomy21-eu\/\" \/><meta itemprop=\"name\" content=\"contact@eufortrisomy21.eu\" \/><meta itemprop=\"interactionType\" content=\"https:\/\/schema.org\/CommentAction\" \/><meta itemprop=\"userInteractionCount\" content=\"0\" \/>\n<a href=\"https:\/\/eufortrisomy21.eu\/ngo\/inclution-org\/\">\n\t<img decoding=\"async\" src=\"https:\/\/eufortrisomy21.eu\/wp-content\/uploads\/2021\/03\/inclution_450x450_blau.jpg\"\/>\n\t<\/a>\n\t<meta itemscope itemprop=\"mainEntityOfPage\" itemtype=\"https:\/\/schema.org\/WebPage\" itemid=\"https:\/\/eufortrisomy21.eu\/ngo\/triso-opolskie-stowarzyszenie-na-rzecz-rozwoju-dzueci-z-trisomia-21\/\" content=\"TRISO OPOLSKIE STOWARZYSZENIE NA RZECZ ROZWOJU DZUECI Z TRISOMI\u0104 21\" \/><meta itemprop=\"datePublished\" content=\"2021-03-11\" \/><meta itemprop=\"dateModified\" content=\"2021-03-11\" \/><meta itemprop=\"name\" content=\"EU for Trisomy 21\"\/><meta itemprop=\"url\" content=\"https:\/\/eufortrisomy21.eu\/author\/contacteufortrisomy21-eu\/\" \/><meta itemprop=\"name\" content=\"contact@eufortrisomy21.eu\" \/><meta itemprop=\"interactionType\" content=\"https:\/\/schema.org\/CommentAction\" \/><meta itemprop=\"userInteractionCount\" content=\"0\" \/>\n<a href=\"https:\/\/eufortrisomy21.eu\/ngo\/triso-opolskie-stowarzyszenie-na-rzecz-rozwoju-dzueci-z-trisomia-21\/\">\n\t<img decoding=\"async\" src=\"https:\/\/eufortrisomy21.eu\/wp-content\/uploads\/2021\/03\/logo-A.jpg\"\/>\n\t<\/a>\n\t<meta itemscope itemprop=\"mainEntityOfPage\" itemtype=\"https:\/\/schema.org\/WebPage\" itemid=\"https:\/\/eufortrisomy21.eu\/ngo\/ja-wybieram-stowarzyszenie-na-rzecz-osob-wyjatkowych\/\" content=\"JA-WYBIERAM. Stowarzyszenie na rzecz os\u00f3b wyj\u0105tkowych\" \/><meta itemprop=\"datePublished\" content=\"2021-03-09\" \/><meta itemprop=\"dateModified\" content=\"2021-03-10\" \/><meta itemprop=\"name\" content=\"EU for Trisomy 21\"\/><meta itemprop=\"url\" content=\"https:\/\/eufortrisomy21.eu\/author\/contacteufortrisomy21-eu\/\" \/><meta itemprop=\"name\" content=\"contact@eufortrisomy21.eu\" \/><meta itemprop=\"interactionType\" content=\"https:\/\/schema.org\/CommentAction\" \/><meta itemprop=\"userInteractionCount\" content=\"0\" \/>\n<a href=\"https:\/\/eufortrisomy21.eu\/ngo\/ja-wybieram-stowarzyszenie-na-rzecz-osob-wyjatkowych\/\">\n\t<img decoding=\"async\" src=\"https:\/\/eufortrisomy21.eu\/wp-content\/uploads\/2021\/03\/ja-wybieram.logo_-scaled.jpg\"\/>\n\t<\/a>\n\t<meta itemscope itemprop=\"mainEntityOfPage\" itemtype=\"https:\/\/schema.org\/WebPage\" itemid=\"https:\/\/eufortrisomy21.eu\/ngo\/larche-le-caillou-blanc\/\" content=\"L&#8217;Arche le Caillou Blanc\" \/><meta itemprop=\"datePublished\" content=\"2021-03-08\" \/><meta itemprop=\"dateModified\" content=\"2021-03-09\" \/><meta itemprop=\"name\" content=\"EU for Trisomy 21\"\/><meta itemprop=\"url\" content=\"https:\/\/eufortrisomy21.eu\/author\/contacteufortrisomy21-eu\/\" \/><meta itemprop=\"name\" content=\"contact@eufortrisomy21.eu\" \/><meta itemprop=\"interactionType\" content=\"https:\/\/schema.org\/CommentAction\" \/><meta itemprop=\"userInteractionCount\" content=\"0\" \/>\n<a href=\"https:\/\/eufortrisomy21.eu\/ngo\/larche-le-caillou-blanc\/\">\n\t<img decoding=\"async\" src=\"https:\/\/eufortrisomy21.eu\/wp-content\/uploads\/2021\/03\/LARCGE-CAILLOU-BLANC.jpg\"\/>\n\t<\/a>\n\t<meta itemscope itemprop=\"mainEntityOfPage\" itemtype=\"https:\/\/schema.org\/WebPage\" itemid=\"https:\/\/eufortrisomy21.eu\/ngo\/association-chromosome-surprise\/\" content=\"ASSOCIATION CHROMOSOME SURPRISE\" \/><meta itemprop=\"datePublished\" content=\"2021-03-06\" \/><meta itemprop=\"dateModified\" content=\"2021-03-09\" \/><meta itemprop=\"name\" content=\"EU for Trisomy 21\"\/><meta itemprop=\"url\" content=\"https:\/\/eufortrisomy21.eu\/author\/contacteufortrisomy21-eu\/\" \/><meta itemprop=\"name\" content=\"contact@eufortrisomy21.eu\" \/><meta itemprop=\"interactionType\" content=\"https:\/\/schema.org\/CommentAction\" \/><meta itemprop=\"userInteractionCount\" content=\"0\" \/>\n<a href=\"https:\/\/eufortrisomy21.eu\/ngo\/association-chromosome-surprise\/\">\n\t<img decoding=\"async\" src=\"https:\/\/eufortrisomy21.eu\/wp-content\/uploads\/2021\/03\/LOGO-1.png\"\/>\n\t<\/a>\n\t<meta itemscope itemprop=\"mainEntityOfPage\" itemtype=\"https:\/\/schema.org\/WebPage\" itemid=\"https:\/\/eufortrisomy21.eu\/ngo\/stowarzyszenie-chata-z-pomyslami-the-hut-with-ideas-association\/\" content=\"Stowarzyszenie \u201eChata z pomys\u0142ami\" (\u201eThe Hut with Ideas\" Association)\" \/><meta itemprop=\"datePublished\" content=\"2021-03-03\" \/><meta itemprop=\"dateModified\" content=\"2021-03-04\" \/><meta itemprop=\"name\" content=\"EU for Trisomy 21\"\/><meta itemprop=\"url\" content=\"https:\/\/eufortrisomy21.eu\/author\/contacteufortrisomy21-eu\/\" \/><meta itemprop=\"name\" content=\"contact@eufortrisomy21.eu\" \/><meta itemprop=\"interactionType\" content=\"https:\/\/schema.org\/CommentAction\" \/><meta itemprop=\"userInteractionCount\" content=\"0\" \/>\n<a href=\"https:\/\/eufortrisomy21.eu\/ngo\/stowarzyszenie-chata-z-pomyslami-the-hut-with-ideas-association\/\">\n\t<img decoding=\"async\" src=\"https:\/\/eufortrisomy21.eu\/wp-content\/uploads\/2021\/03\/logo-Chata-FB.png\"\/>\n\t<\/a>\n\t<meta itemscope itemprop=\"mainEntityOfPage\" itemtype=\"https:\/\/schema.org\/WebPage\" itemid=\"https:\/\/eufortrisomy21.eu\/ngo\/happycurien-asbl\/\" content=\"HAPPYCURIEN ASBL\" \/><meta itemprop=\"datePublished\" content=\"2021-03-03\" \/><meta itemprop=\"dateModified\" content=\"2021-03-08\" \/><meta itemprop=\"name\" content=\"EU for Trisomy 21\"\/><meta itemprop=\"url\" content=\"https:\/\/eufortrisomy21.eu\/author\/contacteufortrisomy21-eu\/\" \/><meta itemprop=\"name\" content=\"contact@eufortrisomy21.eu\" \/><meta itemprop=\"interactionType\" content=\"https:\/\/schema.org\/CommentAction\" \/><meta itemprop=\"userInteractionCount\" content=\"0\" \/>\n<a href=\"https:\/\/eufortrisomy21.eu\/ngo\/happycurien-asbl\/\">\n\t<img decoding=\"async\" src=\"https:\/\/eufortrisomy21.eu\/wp-content\/uploads\/2021\/03\/Logo_RGB.png\"\/>\n\t<\/a>\n\t<meta itemscope itemprop=\"mainEntityOfPage\" itemtype=\"https:\/\/schema.org\/WebPage\" itemid=\"https:\/\/eufortrisomy21.eu\/ngo\/%ce%ba%ce%b4%ce%b1%cf%80-%ce%bc%ce%b5%ce%b1-%cf%83%cf%85%ce%ba%ce%b5%cf%89%ce%bd\/\" content=\"\u039a\u0394\u0391\u03a0 \u039c\u0395\u0391 \u03a3\u03a5\u039a\u0395\u03a9\u039d\" \/><meta itemprop=\"datePublished\" content=\"2021-03-02\" \/><meta itemprop=\"dateModified\" content=\"2021-03-03\" \/><meta itemprop=\"name\" content=\"EU for Trisomy 21\"\/><meta itemprop=\"url\" content=\"https:\/\/eufortrisomy21.eu\/author\/contacteufortrisomy21-eu\/\" \/><meta itemprop=\"name\" content=\"contact@eufortrisomy21.eu\" \/><meta itemprop=\"interactionType\" content=\"https:\/\/schema.org\/CommentAction\" \/><meta itemprop=\"userInteractionCount\" content=\"0\" \/>\n<a href=\"https:\/\/eufortrisomy21.eu\/ngo\/%ce%ba%ce%b4%ce%b1%cf%80-%ce%bc%ce%b5%ce%b1-%cf%83%cf%85%ce%ba%ce%b5%cf%89%ce%bd\/\">\n\t<img decoding=\"async\" src=\"https:\/\/eufortrisomy21.eu\/wp-content\/uploads\/2021\/03\/\u039a\u0394\u0391\u03a0-\u039c\u0395\u0391-\u03a3\u03a5\u039a\u0395\u03a9\u039d.doc\"\/>\n\t<\/a>\n\t<meta itemscope itemprop=\"mainEntityOfPage\" itemtype=\"https:\/\/schema.org\/WebPage\" itemid=\"https:\/\/eufortrisomy21.eu\/ngo\/association-la-ferme-de-tobie\/\" content=\"Association La ferme de Tobie\" \/><meta itemprop=\"datePublished\" content=\"2021-03-01\" \/><meta itemprop=\"dateModified\" content=\"2021-03-03\" \/><meta itemprop=\"name\" content=\"EU for Trisomy 21\"\/><meta itemprop=\"url\" content=\"https:\/\/eufortrisomy21.eu\/author\/contacteufortrisomy21-eu\/\" \/><meta itemprop=\"name\" content=\"contact@eufortrisomy21.eu\" \/><meta itemprop=\"interactionType\" content=\"https:\/\/schema.org\/CommentAction\" \/><meta itemprop=\"userInteractionCount\" content=\"0\" \/>\n<a href=\"https:\/\/eufortrisomy21.eu\/ngo\/association-la-ferme-de-tobie\/\">\n\t<img decoding=\"async\" src=\"https:\/\/eufortrisomy21.eu\/wp-content\/uploads\/2021\/03\/logofermetobie-2-scaled.jpg\"\/>\n\t<\/a>\n\t<meta itemscope itemprop=\"mainEntityOfPage\" itemtype=\"https:\/\/schema.org\/WebPage\" itemid=\"https:\/\/eufortrisomy21.eu\/ngo\/xavier-lapem-t21-rainotte\/\" content=\"APEM-T21\" \/><meta itemprop=\"datePublished\" content=\"2021-03-01\" \/><meta itemprop=\"dateModified\" content=\"2021-03-12\" \/><meta itemprop=\"name\" content=\"EU for Trisomy 21\"\/><meta itemprop=\"url\" content=\"https:\/\/eufortrisomy21.eu\/author\/contacteufortrisomy21-eu\/\" \/><meta itemprop=\"name\" content=\"contact@eufortrisomy21.eu\" \/><meta itemprop=\"interactionType\" content=\"https:\/\/schema.org\/CommentAction\" \/><meta itemprop=\"userInteractionCount\" content=\"0\" \/>\n<a href=\"https:\/\/eufortrisomy21.eu\/ngo\/xavier-lapem-t21-rainotte\/\">\n\t<img decoding=\"async\" src=\"https:\/\/eufortrisomy21.eu\/wp-content\/uploads\/2021\/03\/SERVICESAPEM-T21_logo.jpg\"\/>\n\t<\/a>\n\t<meta itemscope itemprop=\"mainEntityOfPage\" itemtype=\"https:\/\/schema.org\/WebPage\" itemid=\"https:\/\/eufortrisomy21.eu\/ngo\/base-21\/\" content=\"Base 21\" \/><meta itemprop=\"datePublished\" content=\"2021-03-01\" \/><meta itemprop=\"dateModified\" content=\"2021-03-01\" \/><meta itemprop=\"name\" content=\"EU for Trisomy 21\"\/><meta itemprop=\"url\" content=\"https:\/\/eufortrisomy21.eu\/author\/contacteufortrisomy21-eu\/\" \/><meta itemprop=\"name\" content=\"contact@eufortrisomy21.eu\" \/><meta itemprop=\"interactionType\" content=\"https:\/\/schema.org\/CommentAction\" \/><meta itemprop=\"userInteractionCount\" content=\"0\" \/>\n<a href=\"https:\/\/eufortrisomy21.eu\/ngo\/base-21\/\">\n\t<img decoding=\"async\" src=\"https:\/\/eufortrisomy21.eu\/wp-content\/uploads\/2021\/03\/Base-21-DEF.png\"\/>\n\t<\/a>\n\t<meta itemscope itemprop=\"mainEntityOfPage\" itemtype=\"https:\/\/schema.org\/WebPage\" itemid=\"https:\/\/eufortrisomy21.eu\/ngo\/down-syndrom-wien\/\" content=\"Down-Syndrom Wien\" \/><meta itemprop=\"datePublished\" content=\"2021-02-28\" \/><meta itemprop=\"dateModified\" content=\"2021-03-01\" \/><meta itemprop=\"name\" content=\"EU for Trisomy 21\"\/><meta itemprop=\"url\" content=\"https:\/\/eufortrisomy21.eu\/author\/contacteufortrisomy21-eu\/\" \/><meta itemprop=\"name\" content=\"contact@eufortrisomy21.eu\" \/><meta itemprop=\"interactionType\" content=\"https:\/\/schema.org\/CommentAction\" \/><meta itemprop=\"userInteractionCount\" content=\"0\" \/>\n<a href=\"https:\/\/eufortrisomy21.eu\/ngo\/down-syndrom-wien\/\">\n\t<img decoding=\"async\" src=\"https:\/\/eufortrisomy21.eu\/wp-content\/uploads\/2021\/02\/DSWIEN_weiss_ohne.png\"\/>\n\t<\/a>\n\t<meta itemscope itemprop=\"mainEntityOfPage\" itemtype=\"https:\/\/schema.org\/WebPage\" itemid=\"https:\/\/eufortrisomy21.eu\/ngo\/heartbeatmovingchildren\/\" content=\"Heartbeatmovingchildren\" \/><meta itemprop=\"datePublished\" content=\"2021-02-27\" \/><meta itemprop=\"dateModified\" content=\"2021-03-01\" \/><meta itemprop=\"name\" content=\"EU for Trisomy 21\"\/><meta itemprop=\"url\" content=\"https:\/\/eufortrisomy21.eu\/author\/contacteufortrisomy21-eu\/\" \/><meta itemprop=\"name\" content=\"contact@eufortrisomy21.eu\" \/><meta itemprop=\"interactionType\" content=\"https:\/\/schema.org\/CommentAction\" \/><meta itemprop=\"userInteractionCount\" content=\"0\" \/>\n<a href=\"https:\/\/eufortrisomy21.eu\/ngo\/heartbeatmovingchildren\/\">\n\t<img decoding=\"async\" src=\"https:\/\/eufortrisomy21.eu\/wp-content\/uploads\/2021\/02\/AD91F259-771F-4603-BC81-9342E19BF3AA.jpeg\"\/>\n\t<\/a>\n\t<meta itemscope itemprop=\"mainEntityOfPage\" itemtype=\"https:\/\/schema.org\/WebPage\" itemid=\"https:\/\/eufortrisomy21.eu\/ngo\/alternative-21\/\" content=\"Alternative 21\" \/><meta itemprop=\"datePublished\" content=\"2021-02-26\" \/><meta itemprop=\"dateModified\" content=\"2021-02-26\" \/><meta itemprop=\"name\" content=\"EU for Trisomy 21\"\/><meta itemprop=\"url\" content=\"https:\/\/eufortrisomy21.eu\/author\/contacteufortrisomy21-eu\/\" \/><meta itemprop=\"name\" content=\"contact@eufortrisomy21.eu\" \/><meta itemprop=\"interactionType\" content=\"https:\/\/schema.org\/CommentAction\" \/><meta itemprop=\"userInteractionCount\" content=\"0\" \/>\n<a href=\"https:\/\/eufortrisomy21.eu\/ngo\/alternative-21\/\">\n\t<img decoding=\"async\" src=\"https:\/\/eufortrisomy21.eu\/wp-content\/uploads\/2021\/02\/alTernative21_horizontal_Q.jpg\"\/>\n\t<\/a>\n\t<meta itemscope itemprop=\"mainEntityOfPage\" itemtype=\"https:\/\/schema.org\/WebPage\" itemid=\"https:\/\/eufortrisomy21.eu\/ngo\/vaimupuudega-inimeste-tugiliit-vaimukad\/\" content=\"Vaimupuudega Inimeste Tugiliit Vaimukad\" \/><meta itemprop=\"datePublished\" content=\"2021-02-26\" \/><meta itemprop=\"dateModified\" content=\"2021-02-26\" \/><meta itemprop=\"name\" content=\"EU for Trisomy 21\"\/><meta itemprop=\"url\" content=\"https:\/\/eufortrisomy21.eu\/author\/contacteufortrisomy21-eu\/\" \/><meta itemprop=\"name\" content=\"contact@eufortrisomy21.eu\" \/><meta itemprop=\"interactionType\" content=\"https:\/\/schema.org\/CommentAction\" \/><meta itemprop=\"userInteractionCount\" content=\"0\" \/>\n<a href=\"https:\/\/eufortrisomy21.eu\/ngo\/vaimupuudega-inimeste-tugiliit-vaimukad\/\">\n\t<img decoding=\"async\" src=\"https:\/\/eufortrisomy21.eu\/wp-content\/uploads\/2021\/02\/vaimukad.jpg\"\/>\n\t<\/a>\n\t<meta itemscope itemprop=\"mainEntityOfPage\" itemtype=\"https:\/\/schema.org\/WebPage\" itemid=\"https:\/\/eufortrisomy21.eu\/ngo\/ngo-erivajadustega-inimeste-toetusuhing-tugiliisu\/\" content=\"NGO ERIVAJADUSTEGA INIMESTE TOETUS\u00dcHING TUGILIISU\" \/><meta itemprop=\"datePublished\" content=\"2021-02-26\" \/><meta itemprop=\"dateModified\" content=\"2021-02-26\" \/><meta itemprop=\"name\" content=\"EU for Trisomy 21\"\/><meta itemprop=\"url\" content=\"https:\/\/eufortrisomy21.eu\/author\/contacteufortrisomy21-eu\/\" \/><meta itemprop=\"name\" content=\"contact@eufortrisomy21.eu\" \/><meta itemprop=\"interactionType\" content=\"https:\/\/schema.org\/CommentAction\" \/><meta itemprop=\"userInteractionCount\" content=\"0\" \/>\n<a href=\"https:\/\/eufortrisomy21.eu\/ngo\/ngo-erivajadustega-inimeste-toetusuhing-tugiliisu\/\">\n\t<img decoding=\"async\" src=\"https:\/\/eufortrisomy21.eu\/wp-content\/uploads\/2021\/02\/eit-logo.jpg\"\/>\n\t<\/a>\n\t<meta itemscope itemprop=\"mainEntityOfPage\" itemtype=\"https:\/\/schema.org\/WebPage\" itemid=\"https:\/\/eufortrisomy21.eu\/ngo\/diversicom\/\" content=\"DiversiCom\" \/><meta itemprop=\"datePublished\" content=\"2021-02-25\" \/><meta itemprop=\"dateModified\" content=\"2021-02-26\" \/><meta itemprop=\"name\" content=\"EU for Trisomy 21\"\/><meta itemprop=\"url\" content=\"https:\/\/eufortrisomy21.eu\/author\/contacteufortrisomy21-eu\/\" \/><meta itemprop=\"name\" content=\"contact@eufortrisomy21.eu\" \/><meta itemprop=\"interactionType\" content=\"https:\/\/schema.org\/CommentAction\" \/><meta itemprop=\"userInteractionCount\" content=\"0\" \/>\n<a href=\"https:\/\/eufortrisomy21.eu\/ngo\/diversicom\/\">\n\t<img decoding=\"async\" src=\"https:\/\/eufortrisomy21.eu\/wp-content\/uploads\/2021\/02\/logo-DC-haute-def_ED.jpg\"\/>\n\t<\/a>\n\t<meta itemscope itemprop=\"mainEntityOfPage\" itemtype=\"https:\/\/schema.org\/WebPage\" itemid=\"https:\/\/eufortrisomy21.eu\/ngo\/65-degres\/\" content=\"65 degr\u00e9s\" \/><meta itemprop=\"datePublished\" content=\"2021-02-24\" \/><meta itemprop=\"dateModified\" content=\"2021-02-24\" \/><meta itemprop=\"name\" content=\"EU for Trisomy 21\"\/><meta itemprop=\"url\" content=\"https:\/\/eufortrisomy21.eu\/author\/contacteufortrisomy21-eu\/\" \/><meta itemprop=\"name\" content=\"contact@eufortrisomy21.eu\" \/><meta itemprop=\"interactionType\" content=\"https:\/\/schema.org\/CommentAction\" \/><meta itemprop=\"userInteractionCount\" content=\"0\" \/>\n<a href=\"https:\/\/eufortrisomy21.eu\/ngo\/65-degres\/\">\n\t<img decoding=\"async\" src=\"https:\/\/eufortrisomy21.eu\/wp-content\/uploads\/2021\/02\/Logo1-3-scaled.jpg\"\/>\n\t<\/a>\n\t<meta itemscope itemprop=\"mainEntityOfPage\" itemtype=\"https:\/\/schema.org\/WebPage\" itemid=\"https:\/\/eufortrisomy21.eu\/ngo\/verein-hand-in-hand-europaisches-kompetenzzentrum-fur-menschen-mit-trisomie-21\/\" content=\"Verein Hand in Hand &#8211; Europ\u00e4isches Kompetenzzentrum f\u00fcr Menschen mit Trisomie 21\" \/><meta itemprop=\"datePublished\" content=\"2021-02-23\" \/><meta itemprop=\"dateModified\" content=\"2021-02-23\" \/><meta itemprop=\"name\" content=\"EU for Trisomy 21\"\/><meta itemprop=\"url\" content=\"https:\/\/eufortrisomy21.eu\/author\/contacteufortrisomy21-eu\/\" \/><meta itemprop=\"name\" content=\"contact@eufortrisomy21.eu\" \/><meta itemprop=\"interactionType\" content=\"https:\/\/schema.org\/CommentAction\" \/><meta itemprop=\"userInteractionCount\" content=\"0\" \/>\n<a href=\"https:\/\/eufortrisomy21.eu\/ngo\/verein-hand-in-hand-europaisches-kompetenzzentrum-fur-menschen-mit-trisomie-21\/\">\n\t<img decoding=\"async\" src=\"https:\/\/eufortrisomy21.eu\/wp-content\/uploads\/2021\/02\/logo-leben-lachen-lernen_rgb.jpg\"\/>\n\t<\/a>\n\t<meta itemscope itemprop=\"mainEntityOfPage\" itemtype=\"https:\/\/schema.org\/WebPage\" itemid=\"https:\/\/eufortrisomy21.eu\/ngo\/hope-ndown\/\" content=\"Hope n&#8217;Down\" \/><meta itemprop=\"datePublished\" content=\"2021-02-20\" \/><meta itemprop=\"dateModified\" content=\"2021-02-22\" \/><meta itemprop=\"name\" content=\"EU for Trisomy 21\"\/><meta itemprop=\"url\" content=\"https:\/\/eufortrisomy21.eu\/author\/contacteufortrisomy21-eu\/\" \/><meta itemprop=\"name\" content=\"contact@eufortrisomy21.eu\" \/><meta itemprop=\"interactionType\" content=\"https:\/\/schema.org\/CommentAction\" \/><meta itemprop=\"userInteractionCount\" content=\"0\" \/>\n<a href=\"https:\/\/eufortrisomy21.eu\/ngo\/hope-ndown\/\">\n\t<img decoding=\"async\" src=\"https:\/\/eufortrisomy21.eu\/wp-content\/uploads\/2021\/02\/logo-HopeNdown-couleurs.jpg\"\/>\n\t<\/a>\n\t<meta itemscope itemprop=\"mainEntityOfPage\" itemtype=\"https:\/\/schema.org\/WebPage\" itemid=\"https:\/\/eufortrisomy21.eu\/ngo\/trisomie21-letzebuerg\/\" content=\"Trisomie21 L\u00ebtzebuerg\" \/><meta itemprop=\"datePublished\" content=\"2021-02-19\" \/><meta itemprop=\"dateModified\" content=\"2021-02-22\" \/><meta itemprop=\"name\" content=\"EU for Trisomy 21\"\/><meta itemprop=\"url\" content=\"https:\/\/eufortrisomy21.eu\/author\/contacteufortrisomy21-eu\/\" \/><meta itemprop=\"name\" content=\"contact@eufortrisomy21.eu\" \/><meta itemprop=\"interactionType\" content=\"https:\/\/schema.org\/CommentAction\" \/><meta itemprop=\"userInteractionCount\" content=\"0\" \/>\n<a href=\"https:\/\/eufortrisomy21.eu\/ngo\/trisomie21-letzebuerg\/\">\n\t<img decoding=\"async\" src=\"https:\/\/eufortrisomy21.eu\/wp-content\/uploads\/2021\/02\/imageedit_11_6296460440.png\"\/>\n\t<\/a>\n\t<meta itemscope itemprop=\"mainEntityOfPage\" itemtype=\"https:\/\/schema.org\/WebPage\" itemid=\"https:\/\/eufortrisomy21.eu\/ngo\/life-network-foundation-malta\/\" content=\"Life Network Foundation Malta\" \/><meta itemprop=\"datePublished\" content=\"2021-02-18\" \/><meta itemprop=\"dateModified\" content=\"2021-03-12\" \/><meta itemprop=\"name\" content=\"EU for Trisomy 21\"\/><meta itemprop=\"url\" content=\"https:\/\/eufortrisomy21.eu\/author\/contacteufortrisomy21-eu\/\" \/><meta itemprop=\"name\" content=\"contact@eufortrisomy21.eu\" \/><meta itemprop=\"interactionType\" content=\"https:\/\/schema.org\/CommentAction\" \/><meta itemprop=\"userInteractionCount\" content=\"0\" \/>\n<a href=\"https:\/\/eufortrisomy21.eu\/ngo\/life-network-foundation-malta\/\">\n\tLife Network Foundation Malta\n\t<\/a>\n\t<meta itemscope itemprop=\"mainEntityOfPage\" itemtype=\"https:\/\/schema.org\/WebPage\" itemid=\"https:\/\/eufortrisomy21.eu\/ngo\/trisomie-21-corse\/\" content=\"TRISOMIE 21 CORSE\" \/><meta itemprop=\"datePublished\" content=\"2021-02-18\" \/><meta itemprop=\"dateModified\" content=\"2021-02-18\" \/><meta itemprop=\"name\" content=\"EU for Trisomy 21\"\/><meta itemprop=\"url\" content=\"https:\/\/eufortrisomy21.eu\/author\/contacteufortrisomy21-eu\/\" \/><meta itemprop=\"name\" content=\"contact@eufortrisomy21.eu\" \/><meta itemprop=\"interactionType\" content=\"https:\/\/schema.org\/CommentAction\" \/><meta itemprop=\"userInteractionCount\" content=\"0\" \/>\n<a href=\"https:\/\/eufortrisomy21.eu\/ngo\/trisomie-21-corse\/\">\n\tTRISOMIE 21 CORSE\n\t<\/a>\n\t<meta itemscope itemprop=\"mainEntityOfPage\" itemtype=\"https:\/\/schema.org\/WebPage\" itemid=\"https:\/\/eufortrisomy21.eu\/ngo\/30817\/\" content=\"Sunshine\" \/><meta itemprop=\"datePublished\" content=\"2021-02-17\" \/><meta itemprop=\"dateModified\" content=\"2021-02-17\" \/><meta itemprop=\"name\" content=\"EU for Trisomy 21\"\/><meta itemprop=\"url\" content=\"https:\/\/eufortrisomy21.eu\/author\/contacteufortrisomy21-eu\/\" \/><meta itemprop=\"name\" content=\"contact@eufortrisomy21.eu\" \/><meta itemprop=\"interactionType\" content=\"https:\/\/schema.org\/CommentAction\" \/><meta itemprop=\"userInteractionCount\" content=\"0\" \/>\n<a href=\"https:\/\/eufortrisomy21.eu\/ngo\/30817\/\">\n\t<img decoding=\"async\" src=\"https:\/\/eufortrisomy21.eu\/wp-content\/uploads\/2021\/02\/IMG-1f2580a7425e6db2a1ff00b7d3854cee-V.jpg\"\/>\n\t<\/a>\n\t<meta itemscope itemprop=\"mainEntityOfPage\" itemtype=\"https:\/\/schema.org\/WebPage\" itemid=\"https:\/\/eufortrisomy21.eu\/ngo\/hidden-treasures-down-association\/\" content=\"Hidden Treasures Down Association\" \/><meta itemprop=\"datePublished\" content=\"2021-02-16\" \/><meta itemprop=\"dateModified\" content=\"2021-07-18\" \/><meta itemprop=\"name\" content=\"EU for Trisomy 21\"\/><meta itemprop=\"url\" content=\"https:\/\/eufortrisomy21.eu\/author\/contacteufortrisomy21-eu\/\" \/><meta itemprop=\"name\" content=\"contact@eufortrisomy21.eu\" \/><meta itemprop=\"interactionType\" content=\"https:\/\/schema.org\/CommentAction\" \/><meta itemprop=\"userInteractionCount\" content=\"0\" \/>\n<a href=\"https:\/\/eufortrisomy21.eu\/ngo\/hidden-treasures-down-association\/\">\n\t<img decoding=\"async\" src=\"https:\/\/eufortrisomy21.eu\/wp-content\/uploads\/2021\/02\/rkde_small.png\"\/>\n\t<\/a>\n\t<meta itemscope itemprop=\"mainEntityOfPage\" itemtype=\"https:\/\/schema.org\/WebPage\" itemid=\"https:\/\/eufortrisomy21.eu\/ngo\/rien-quun-chromosome-en-plus\/\" content=\"Rien qu&#8217;un chromosome en +\" \/><meta itemprop=\"datePublished\" content=\"2021-02-12\" \/><meta itemprop=\"dateModified\" content=\"2021-02-17\" \/><meta itemprop=\"name\" content=\"EU for Trisomy 21\"\/><meta itemprop=\"url\" content=\"https:\/\/eufortrisomy21.eu\/author\/contacteufortrisomy21-eu\/\" \/><meta itemprop=\"name\" content=\"contact@eufortrisomy21.eu\" \/><meta itemprop=\"interactionType\" content=\"https:\/\/schema.org\/CommentAction\" \/><meta itemprop=\"userInteractionCount\" content=\"0\" \/>\n<a href=\"https:\/\/eufortrisomy21.eu\/ngo\/rien-quun-chromosome-en-plus\/\">\n\t<img decoding=\"async\" src=\"https:\/\/eufortrisomy21.eu\/wp-content\/uploads\/2021\/02\/logo-dc3a9finitif.gif\"\/>\n\t<\/a>\n\t<meta itemscope itemprop=\"mainEntityOfPage\" itemtype=\"https:\/\/schema.org\/WebPage\" itemid=\"https:\/\/eufortrisomy21.eu\/ngo\/asociatia-down-oradea-romania\/\" content=\"Asociatia Down Oradea Romania\" \/><meta itemprop=\"datePublished\" content=\"2021-02-11\" \/><meta itemprop=\"dateModified\" content=\"2021-02-11\" \/><meta itemprop=\"name\" content=\"EU for Trisomy 21\"\/><meta itemprop=\"url\" content=\"https:\/\/eufortrisomy21.eu\/author\/contacteufortrisomy21-eu\/\" \/><meta itemprop=\"name\" content=\"contact@eufortrisomy21.eu\" \/><meta itemprop=\"interactionType\" content=\"https:\/\/schema.org\/CommentAction\" \/><meta itemprop=\"userInteractionCount\" content=\"0\" \/>\n<a href=\"https:\/\/eufortrisomy21.eu\/ngo\/asociatia-down-oradea-romania\/\">\n\t<img decoding=\"async\" src=\"https:\/\/eufortrisomy21.eu\/wp-content\/uploads\/2021\/02\/Sigla-Down-scaled.jpg\"\/>\n\t<\/a>\n\t<meta itemscope itemprop=\"mainEntityOfPage\" itemtype=\"https:\/\/schema.org\/WebPage\" itemid=\"https:\/\/eufortrisomy21.eu\/ngo\/stowarzyszenie-rodzin-i-opiekunow-osob-z-zespolem-downa-bardziej-kochani\/\" content=\"Stowarzyszenie Rodzin i Opiekun\u00f3w Os\u00f3b z Zespo\u0142em Downa bardziej Kochani\" \/><meta itemprop=\"datePublished\" content=\"2021-02-11\" \/><meta itemprop=\"dateModified\" content=\"2021-02-11\" \/><meta itemprop=\"name\" content=\"EU for Trisomy 21\"\/><meta itemprop=\"url\" content=\"https:\/\/eufortrisomy21.eu\/author\/contacteufortrisomy21-eu\/\" \/><meta itemprop=\"name\" content=\"contact@eufortrisomy21.eu\" \/><meta itemprop=\"interactionType\" content=\"https:\/\/schema.org\/CommentAction\" \/><meta itemprop=\"userInteractionCount\" content=\"0\" \/>\n<a href=\"https:\/\/eufortrisomy21.eu\/ngo\/stowarzyszenie-rodzin-i-opiekunow-osob-z-zespolem-downa-bardziej-kochani\/\">\n\t<img decoding=\"async\" src=\"https:\/\/eufortrisomy21.eu\/wp-content\/uploads\/2021\/02\/logo-bk-scaled.jpg\"\/>\n\t<\/a>\n\t<meta itemscope itemprop=\"mainEntityOfPage\" itemtype=\"https:\/\/schema.org\/WebPage\" itemid=\"https:\/\/eufortrisomy21.eu\/ngo\/stowarzyszenie-rodzicow-i-przyjaciol-osob-z-zespolem-downa-tecza\/\" content=\"Stowarzyszenie Rodzic\u00f3w i Przyjaci\u00f3\u0142 Os\u00f3b z zespo\u0142em Downa &#8220;T\u0119cza&#8221;\" \/><meta itemprop=\"datePublished\" content=\"2021-02-09\" \/><meta itemprop=\"dateModified\" content=\"2021-02-10\" \/><meta itemprop=\"name\" content=\"EU for Trisomy 21\"\/><meta itemprop=\"url\" content=\"https:\/\/eufortrisomy21.eu\/author\/contacteufortrisomy21-eu\/\" \/><meta itemprop=\"name\" content=\"contact@eufortrisomy21.eu\" \/><meta itemprop=\"interactionType\" content=\"https:\/\/schema.org\/CommentAction\" \/><meta itemprop=\"userInteractionCount\" content=\"0\" \/>\n<a href=\"https:\/\/eufortrisomy21.eu\/ngo\/stowarzyszenie-rodzicow-i-przyjaciol-osob-z-zespolem-downa-tecza\/\">\n\tStowarzyszenie Rodzic\u00f3w i Przyjaci\u00f3\u0142 Os\u00f3b z zespo\u0142em Downa &#8220;T\u0119cza&#8221;\n\t<\/a>\n\t<meta itemscope itemprop=\"mainEntityOfPage\" itemtype=\"https:\/\/schema.org\/WebPage\" itemid=\"https:\/\/eufortrisomy21.eu\/ngo\/legnickie-stowarzyszenie-rodzin-i-przyjaciol-dzieci-z-zespolem-downa-otworz-serce\/\" content=\"LEGNICKIE STOWARZYSZENIE RODZIN I PRZYJACI\u00d3\u0141 DZIECI Z ZESPO\u0141EM DOWNA &#8220;OTW\u00d3RZ SERCE&#8221;\" \/><meta itemprop=\"datePublished\" content=\"2021-02-08\" \/><meta itemprop=\"dateModified\" content=\"2021-02-09\" \/><meta itemprop=\"name\" content=\"EU for Trisomy 21\"\/><meta itemprop=\"url\" content=\"https:\/\/eufortrisomy21.eu\/author\/contacteufortrisomy21-eu\/\" \/><meta itemprop=\"name\" content=\"contact@eufortrisomy21.eu\" \/><meta itemprop=\"interactionType\" content=\"https:\/\/schema.org\/CommentAction\" \/><meta itemprop=\"userInteractionCount\" content=\"0\" \/>\n<a href=\"https:\/\/eufortrisomy21.eu\/ngo\/legnickie-stowarzyszenie-rodzin-i-przyjaciol-dzieci-z-zespolem-downa-otworz-serce\/\">\n\t<img decoding=\"async\" src=\"https:\/\/eufortrisomy21.eu\/wp-content\/uploads\/2021\/02\/logo.png\"\/>\n\t<\/a>\n\t<meta itemscope itemprop=\"mainEntityOfPage\" itemtype=\"https:\/\/schema.org\/WebPage\" itemid=\"https:\/\/eufortrisomy21.eu\/ngo\/apei-de-chambery\/\" content=\"APEI de Chamb\u00e9ry\" \/><meta itemprop=\"datePublished\" content=\"2021-02-05\" \/><meta itemprop=\"dateModified\" content=\"2021-03-08\" \/><meta itemprop=\"name\" content=\"EU for Trisomy 21\"\/><meta itemprop=\"url\" content=\"https:\/\/eufortrisomy21.eu\/author\/contacteufortrisomy21-eu\/\" \/><meta itemprop=\"name\" content=\"contact@eufortrisomy21.eu\" \/><meta itemprop=\"interactionType\" content=\"https:\/\/schema.org\/CommentAction\" \/><meta itemprop=\"userInteractionCount\" content=\"0\" \/>\n<a href=\"https:\/\/eufortrisomy21.eu\/ngo\/apei-de-chambery\/\">\n\t<img decoding=\"async\" src=\"https:\/\/eufortrisomy21.eu\/wp-content\/uploads\/2021\/02\/1920_icon_apei_chambery.png\"\/>\n\t<\/a>\n\t<meta itemscope itemprop=\"mainEntityOfPage\" itemtype=\"https:\/\/schema.org\/WebPage\" itemid=\"https:\/\/eufortrisomy21.eu\/ngo\/ekek-amea-%ce%bf%cf%81%ce%b9%ce%b6%ce%bf%ce%bd%cf%84%ce%b1%cf%83\/\" content=\"EKEK AMEA &#8220;\u039f\u03a1\u0399\u0396\u039f\u039d\u03a4\u0391\u03a3&#8221;\" \/><meta itemprop=\"datePublished\" content=\"2021-02-05\" \/><meta itemprop=\"dateModified\" content=\"2021-02-05\" \/><meta itemprop=\"name\" content=\"EU for Trisomy 21\"\/><meta itemprop=\"url\" content=\"https:\/\/eufortrisomy21.eu\/author\/contacteufortrisomy21-eu\/\" \/><meta itemprop=\"name\" content=\"contact@eufortrisomy21.eu\" \/><meta itemprop=\"interactionType\" content=\"https:\/\/schema.org\/CommentAction\" \/><meta itemprop=\"userInteractionCount\" content=\"0\" \/>\n<a href=\"https:\/\/eufortrisomy21.eu\/ngo\/ekek-amea-%ce%bf%cf%81%ce%b9%ce%b6%ce%bf%ce%bd%cf%84%ce%b1%cf%83\/\">\n\t<img decoding=\"async\" src=\"https:\/\/eufortrisomy21.eu\/wp-content\/uploads\/2021\/02\/ekek-amea-_o\u03c1\u03b9\u03b6\u03bf\u03bd\u03c4\u03b1\u03c3.png\"\/>\n\t<\/a>\n\t<meta itemscope itemprop=\"mainEntityOfPage\" itemtype=\"https:\/\/schema.org\/WebPage\" itemid=\"https:\/\/eufortrisomy21.eu\/ngo\/tcap21\/\" content=\"TCAP21\" \/><meta itemprop=\"datePublished\" content=\"2021-02-04\" \/><meta itemprop=\"dateModified\" content=\"2021-08-22\" \/><meta itemprop=\"name\" content=\"EU for Trisomy 21\"\/><meta itemprop=\"url\" content=\"https:\/\/eufortrisomy21.eu\/author\/contacteufortrisomy21-eu\/\" \/><meta itemprop=\"name\" content=\"contact@eufortrisomy21.eu\" \/><meta itemprop=\"interactionType\" content=\"https:\/\/schema.org\/CommentAction\" \/><meta itemprop=\"userInteractionCount\" content=\"0\" \/>\n<a href=\"https:\/\/eufortrisomy21.eu\/ngo\/tcap21\/\">\n\t<img decoding=\"async\" src=\"https:\/\/eufortrisomy21.eu\/wp-content\/uploads\/2021\/02\/TCAP-LOGO-BASELINE2.png\"\/>\n\t<\/a>\n\t<meta itemscope itemprop=\"mainEntityOfPage\" itemtype=\"https:\/\/schema.org\/WebPage\" itemid=\"https:\/\/eufortrisomy21.eu\/ngo\/divadlo-aldente\/\" content=\"Divadlo Aldente\" \/><meta itemprop=\"datePublished\" content=\"2021-02-04\" \/><meta itemprop=\"dateModified\" content=\"2021-02-05\" \/><meta itemprop=\"name\" content=\"EU for Trisomy 21\"\/><meta itemprop=\"url\" content=\"https:\/\/eufortrisomy21.eu\/author\/contacteufortrisomy21-eu\/\" \/><meta itemprop=\"name\" content=\"contact@eufortrisomy21.eu\" \/><meta itemprop=\"interactionType\" content=\"https:\/\/schema.org\/CommentAction\" \/><meta itemprop=\"userInteractionCount\" content=\"0\" \/>\n<a href=\"https:\/\/eufortrisomy21.eu\/ngo\/divadlo-aldente\/\">\n\t<img decoding=\"async\" src=\"https:\/\/eufortrisomy21.eu\/wp-content\/uploads\/2021\/02\/Logo-Divadlo-Aldente.png\"\/>\n\t<\/a>\n\t<meta itemscope itemprop=\"mainEntityOfPage\" itemtype=\"https:\/\/schema.org\/WebPage\" itemid=\"https:\/\/eufortrisomy21.eu\/ngo\/up-with-down-foundation\/\" content=\"UP WITH DOWN Foundation\" \/><meta itemprop=\"datePublished\" content=\"2021-02-03\" \/><meta itemprop=\"dateModified\" content=\"2021-02-05\" \/><meta itemprop=\"name\" content=\"EU for Trisomy 21\"\/><meta itemprop=\"url\" content=\"https:\/\/eufortrisomy21.eu\/author\/contacteufortrisomy21-eu\/\" \/><meta itemprop=\"name\" content=\"contact@eufortrisomy21.eu\" \/><meta itemprop=\"interactionType\" content=\"https:\/\/schema.org\/CommentAction\" \/><meta itemprop=\"userInteractionCount\" content=\"0\" \/>\n<a href=\"https:\/\/eufortrisomy21.eu\/ngo\/up-with-down-foundation\/\">\n\t<img decoding=\"async\" src=\"https:\/\/eufortrisomy21.eu\/wp-content\/uploads\/2021\/02\/UPwithDOWN_logo-FINAL-NEWcolors-1-small.png\"\/>\n\t<\/a>\n\t<meta itemscope itemprop=\"mainEntityOfPage\" itemtype=\"https:\/\/schema.org\/WebPage\" itemid=\"https:\/\/eufortrisomy21.eu\/ngo\/usmevy-spolek-pro-pomoc-lidem-s-downovym-syndromem-a-jejich-rodinam\/\" content=\"\u00dasm\u011bvy &#8211; spolek pro pomoc lidem s Downov\u00fdm syndromem a jejich rodin\u00e1m\" \/><meta itemprop=\"datePublished\" content=\"2021-02-02\" \/><meta itemprop=\"dateModified\" content=\"2021-02-05\" \/><meta itemprop=\"name\" content=\"EU for Trisomy 21\"\/><meta itemprop=\"url\" content=\"https:\/\/eufortrisomy21.eu\/author\/contacteufortrisomy21-eu\/\" \/><meta itemprop=\"name\" content=\"contact@eufortrisomy21.eu\" \/><meta itemprop=\"interactionType\" content=\"https:\/\/schema.org\/CommentAction\" \/><meta itemprop=\"userInteractionCount\" content=\"0\" \/>\n<a href=\"https:\/\/eufortrisomy21.eu\/ngo\/usmevy-spolek-pro-pomoc-lidem-s-downovym-syndromem-a-jejich-rodinam\/\">\n\t<img decoding=\"async\" src=\"https:\/\/eufortrisomy21.eu\/wp-content\/uploads\/2021\/02\/usmevy_normal.png\"\/>\n\t<\/a>\n\t<meta itemscope itemprop=\"mainEntityOfPage\" itemtype=\"https:\/\/schema.org\/WebPage\" itemid=\"https:\/\/eufortrisomy21.eu\/ngo\/spolecnost-rodicu-a-pratel-deti-s-downovym-syndromem-downsyndrom-cz\/\" content=\"Spole\u010dnost rodi\u010d\u016f a p\u0159\u00e1tel d\u011bt\u00ed s Downov\u00fdm syndromem (DownSyndrom CZ)\" \/><meta itemprop=\"datePublished\" content=\"2021-02-02\" \/><meta itemprop=\"dateModified\" content=\"2021-02-05\" \/><meta itemprop=\"name\" content=\"EU for Trisomy 21\"\/><meta itemprop=\"url\" content=\"https:\/\/eufortrisomy21.eu\/author\/contacteufortrisomy21-eu\/\" \/><meta itemprop=\"name\" content=\"contact@eufortrisomy21.eu\" \/><meta itemprop=\"interactionType\" content=\"https:\/\/schema.org\/CommentAction\" \/><meta itemprop=\"userInteractionCount\" content=\"0\" \/>\n<a href=\"https:\/\/eufortrisomy21.eu\/ngo\/spolecnost-rodicu-a-pratel-deti-s-downovym-syndromem-downsyndrom-cz\/\">\n\t<img decoding=\"async\" src=\"https:\/\/eufortrisomy21.eu\/wp-content\/uploads\/2021\/02\/m_logo_ds.jpg\"\/>\n\t<\/a>\n\t<meta itemscope itemprop=\"mainEntityOfPage\" itemtype=\"https:\/\/schema.org\/WebPage\" itemid=\"https:\/\/eufortrisomy21.eu\/ngo\/tombee-du-nid\/\" content=\"Tomb\u00e9e du Nid\" \/><meta itemprop=\"datePublished\" content=\"2021-02-02\" \/><meta itemprop=\"dateModified\" content=\"2021-02-11\" \/><meta itemprop=\"name\" content=\"EU for Trisomy 21\"\/><meta itemprop=\"url\" content=\"https:\/\/eufortrisomy21.eu\/author\/contacteufortrisomy21-eu\/\" \/><meta itemprop=\"name\" content=\"contact@eufortrisomy21.eu\" \/><meta itemprop=\"interactionType\" content=\"https:\/\/schema.org\/CommentAction\" \/><meta itemprop=\"userInteractionCount\" content=\"0\" \/>\n<a href=\"https:\/\/eufortrisomy21.eu\/ngo\/tombee-du-nid\/\">\n\t<img decoding=\"async\" src=\"https:\/\/eufortrisomy21.eu\/wp-content\/uploads\/2021\/02\/Logo-05-2.jpg\"\/>\n\t<\/a>\n\t<meta itemscope itemprop=\"mainEntityOfPage\" itemtype=\"https:\/\/schema.org\/WebPage\" itemid=\"https:\/\/eufortrisomy21.eu\/ngo\/asociatia-dai-o-sansa-alexandria-centrul-de-zi-sf-teodor\/\" content=\"Asociatia Dai o Sansa Alexandria &#8211; Centrul de zi Sf. Teodor\" \/><meta itemprop=\"datePublished\" content=\"2021-01-26\" \/><meta itemprop=\"dateModified\" content=\"2021-02-05\" \/><meta itemprop=\"name\" content=\"EU for Trisomy 21\"\/><meta itemprop=\"url\" content=\"https:\/\/eufortrisomy21.eu\/author\/contacteufortrisomy21-eu\/\" \/><meta itemprop=\"name\" content=\"contact@eufortrisomy21.eu\" \/><meta itemprop=\"interactionType\" content=\"https:\/\/schema.org\/CommentAction\" \/><meta itemprop=\"userInteractionCount\" content=\"0\" \/>\n<a href=\"https:\/\/eufortrisomy21.eu\/ngo\/asociatia-dai-o-sansa-alexandria-centrul-de-zi-sf-teodor\/\">\n\tAsociatia Dai o Sansa Alexandria &#8211; Centrul de zi Sf. Teodor\n\t<\/a>\n\t<meta itemscope itemprop=\"mainEntityOfPage\" itemtype=\"https:\/\/schema.org\/WebPage\" itemid=\"https:\/\/eufortrisomy21.eu\/ngo\/down-association-jiu-valley\/\" content=\"Down Association, Jiu Valley\" \/><meta itemprop=\"datePublished\" content=\"2021-01-26\" \/><meta itemprop=\"dateModified\" content=\"2021-02-05\" \/><meta itemprop=\"name\" content=\"EU for Trisomy 21\"\/><meta itemprop=\"url\" content=\"https:\/\/eufortrisomy21.eu\/author\/contacteufortrisomy21-eu\/\" \/><meta itemprop=\"name\" content=\"contact@eufortrisomy21.eu\" \/><meta itemprop=\"interactionType\" content=\"https:\/\/schema.org\/CommentAction\" \/><meta itemprop=\"userInteractionCount\" content=\"0\" \/>\n<a href=\"https:\/\/eufortrisomy21.eu\/ngo\/down-association-jiu-valley\/\">\n\t<img decoding=\"async\" src=\"https:\/\/eufortrisomy21.eu\/wp-content\/uploads\/2021\/01\/Asociatia-Down-Valea-Jiului.png\"\/>\n\t<\/a>\n\t<meta itemscope itemprop=\"mainEntityOfPage\" itemtype=\"https:\/\/schema.org\/WebPage\" itemid=\"https:\/\/eufortrisomy21.eu\/ngo\/fundacion-cromosuma\/\" content=\"fundacion cromosuma\" \/><meta itemprop=\"datePublished\" content=\"2021-01-25\" \/><meta itemprop=\"dateModified\" content=\"2021-02-05\" \/><meta itemprop=\"name\" content=\"EU for Trisomy 21\"\/><meta itemprop=\"url\" content=\"https:\/\/eufortrisomy21.eu\/author\/contacteufortrisomy21-eu\/\" \/><meta itemprop=\"name\" content=\"contact@eufortrisomy21.eu\" \/><meta itemprop=\"interactionType\" content=\"https:\/\/schema.org\/CommentAction\" \/><meta itemprop=\"userInteractionCount\" content=\"0\" \/>\n<a href=\"https:\/\/eufortrisomy21.eu\/ngo\/fundacion-cromosuma\/\">\n\t<img decoding=\"async\" src=\"https:\/\/eufortrisomy21.eu\/wp-content\/uploads\/2021\/01\/Diseno-CROMOSUMA-EN-CMYK.png\"\/>\n\t<\/a>\n\t<meta itemscope itemprop=\"mainEntityOfPage\" itemtype=\"https:\/\/schema.org\/WebPage\" itemid=\"https:\/\/eufortrisomy21.eu\/ngo\/asociatia-langdon-down-2000\/\" content=\"Asociatia Langdon Down 2000\" \/><meta itemprop=\"datePublished\" content=\"2021-01-20\" \/><meta itemprop=\"dateModified\" content=\"2021-02-05\" \/><meta itemprop=\"name\" content=\"EU for Trisomy 21\"\/><meta itemprop=\"url\" content=\"https:\/\/eufortrisomy21.eu\/author\/contacteufortrisomy21-eu\/\" \/><meta itemprop=\"name\" content=\"contact@eufortrisomy21.eu\" \/><meta itemprop=\"interactionType\" content=\"https:\/\/schema.org\/CommentAction\" \/><meta itemprop=\"userInteractionCount\" content=\"0\" \/>\n<a href=\"https:\/\/eufortrisomy21.eu\/ngo\/asociatia-langdon-down-2000\/\">\n\tAsociatia Langdon Down 2000\n\t<\/a>\n\t<meta itemscope itemprop=\"mainEntityOfPage\" itemtype=\"https:\/\/schema.org\/WebPage\" itemid=\"https:\/\/eufortrisomy21.eu\/ngo\/pro-down-foundation\/\" content=\"PRO DOWN FOUNDATION\" \/><meta itemprop=\"datePublished\" content=\"2021-01-19\" \/><meta itemprop=\"dateModified\" content=\"2021-02-05\" \/><meta itemprop=\"name\" content=\"EU for Trisomy 21\"\/><meta itemprop=\"url\" content=\"https:\/\/eufortrisomy21.eu\/author\/contacteufortrisomy21-eu\/\" \/><meta itemprop=\"name\" content=\"contact@eufortrisomy21.eu\" \/><meta itemprop=\"interactionType\" content=\"https:\/\/schema.org\/CommentAction\" \/><meta itemprop=\"userInteractionCount\" content=\"0\" \/>\n<a href=\"https:\/\/eufortrisomy21.eu\/ngo\/pro-down-foundation\/\">\n\t<img decoding=\"async\" src=\"https:\/\/eufortrisomy21.eu\/wp-content\/uploads\/2021\/01\/logo-pro-down-alapitvany.jpg\"\/>\n\t<\/a>\n\t<meta itemscope itemprop=\"mainEntityOfPage\" itemtype=\"https:\/\/schema.org\/WebPage\" itemid=\"https:\/\/eufortrisomy21.eu\/ngo\/asociatia-down-centrul-educational-raluca\/\" content=\"Asociatia Down Centrul Educational Raluca\" \/><meta itemprop=\"datePublished\" content=\"2021-01-19\" \/><meta itemprop=\"dateModified\" content=\"2021-02-05\" \/><meta itemprop=\"name\" content=\"EU for Trisomy 21\"\/><meta itemprop=\"url\" content=\"https:\/\/eufortrisomy21.eu\/author\/contacteufortrisomy21-eu\/\" \/><meta itemprop=\"name\" content=\"contact@eufortrisomy21.eu\" \/><meta itemprop=\"interactionType\" content=\"https:\/\/schema.org\/CommentAction\" \/><meta itemprop=\"userInteractionCount\" content=\"0\" \/>\n<a href=\"https:\/\/eufortrisomy21.eu\/ngo\/asociatia-down-centrul-educational-raluca\/\">\n\t<img decoding=\"async\" src=\"https:\/\/eufortrisomy21.eu\/wp-content\/uploads\/2021\/01\/sigla-adcer.jpg\"\/>\n\t<\/a>\n\t<meta itemscope itemprop=\"mainEntityOfPage\" itemtype=\"https:\/\/schema.org\/WebPage\" itemid=\"https:\/\/eufortrisomy21.eu\/ngo\/asociatia-botez-vlad-sergiu\/\" content=\"Asociatia Botez Vlad Sergiu\" \/><meta itemprop=\"datePublished\" content=\"2021-01-18\" \/><meta itemprop=\"dateModified\" content=\"2021-02-05\" \/><meta itemprop=\"name\" content=\"EU for Trisomy 21\"\/><meta itemprop=\"url\" content=\"https:\/\/eufortrisomy21.eu\/author\/contacteufortrisomy21-eu\/\" \/><meta itemprop=\"name\" content=\"contact@eufortrisomy21.eu\" \/><meta itemprop=\"interactionType\" content=\"https:\/\/schema.org\/CommentAction\" \/><meta itemprop=\"userInteractionCount\" content=\"0\" \/>\n<a href=\"https:\/\/eufortrisomy21.eu\/ngo\/asociatia-botez-vlad-sergiu\/\">\n\tAsociatia Botez Vlad Sergiu\n\t<\/a>\n\t<meta itemscope itemprop=\"mainEntityOfPage\" itemtype=\"https:\/\/schema.org\/WebPage\" itemid=\"https:\/\/eufortrisomy21.eu\/ngo\/asociatia-parintilor-copiilor-cu-sindrom-down-cluj\/\" content=\"Asociatia P\u0103rin\u021bilor Copiilor cu Sindrom Down Cluj\" \/><meta itemprop=\"datePublished\" content=\"2021-01-18\" \/><meta itemprop=\"dateModified\" content=\"2021-02-05\" \/><meta itemprop=\"name\" content=\"EU for Trisomy 21\"\/><meta itemprop=\"url\" content=\"https:\/\/eufortrisomy21.eu\/author\/contacteufortrisomy21-eu\/\" \/><meta itemprop=\"name\" content=\"contact@eufortrisomy21.eu\" \/><meta itemprop=\"interactionType\" content=\"https:\/\/schema.org\/CommentAction\" \/><meta itemprop=\"userInteractionCount\" content=\"0\" \/>\n<a href=\"https:\/\/eufortrisomy21.eu\/ngo\/asociatia-parintilor-copiilor-cu-sindrom-down-cluj\/\">\n\tAsociatia P\u0103rin\u021bilor Copiilor cu Sindrom Down Cluj\n\t<\/a>\n\t<meta itemscope itemprop=\"mainEntityOfPage\" itemtype=\"https:\/\/schema.org\/WebPage\" itemid=\"https:\/\/eufortrisomy21.eu\/ngo\/asociatia-hoffnung-romania\/\" content=\"ASOCIATIA HOFFNUNG ROMANIA\" \/><meta itemprop=\"datePublished\" content=\"2021-01-17\" \/><meta itemprop=\"dateModified\" content=\"2021-02-05\" \/><meta itemprop=\"name\" content=\"EU for Trisomy 21\"\/><meta itemprop=\"url\" content=\"https:\/\/eufortrisomy21.eu\/author\/contacteufortrisomy21-eu\/\" \/><meta itemprop=\"name\" content=\"contact@eufortrisomy21.eu\" \/><meta itemprop=\"interactionType\" content=\"https:\/\/schema.org\/CommentAction\" \/><meta itemprop=\"userInteractionCount\" content=\"0\" \/>\n<a href=\"https:\/\/eufortrisomy21.eu\/ngo\/asociatia-hoffnung-romania\/\">\n\t<img decoding=\"async\" src=\"https:\/\/eufortrisomy21.eu\/wp-content\/uploads\/2021\/01\/ANTET.png\"\/>\n\t<\/a>\n\t<meta itemscope itemprop=\"mainEntityOfPage\" itemtype=\"https:\/\/schema.org\/WebPage\" itemid=\"https:\/\/eufortrisomy21.eu\/ngo\/asociatia-down-plus-bucuresti\/\" content=\"Asociatia Down Plus Bucure\u0219ti\" \/><meta itemprop=\"datePublished\" content=\"2021-01-17\" \/><meta itemprop=\"dateModified\" content=\"2021-02-05\" \/><meta itemprop=\"name\" content=\"EU for Trisomy 21\"\/><meta itemprop=\"url\" content=\"https:\/\/eufortrisomy21.eu\/author\/contacteufortrisomy21-eu\/\" \/><meta itemprop=\"name\" content=\"contact@eufortrisomy21.eu\" \/><meta itemprop=\"interactionType\" content=\"https:\/\/schema.org\/CommentAction\" \/><meta itemprop=\"userInteractionCount\" content=\"0\" \/>\n<a href=\"https:\/\/eufortrisomy21.eu\/ngo\/asociatia-down-plus-bucuresti\/\">\n\t<img decoding=\"async\" src=\"https:\/\/eufortrisomy21.eu\/wp-content\/uploads\/2021\/01\/Logo-asociatie.jpg\"\/>\n\t<\/a>\n\t<meta itemscope itemprop=\"mainEntityOfPage\" itemtype=\"https:\/\/schema.org\/WebPage\" itemid=\"https:\/\/eufortrisomy21.eu\/ngo\/asociatia-langdon-down-oltenia-centrul-educational-teodora\/\" content=\"Asociatia Langdon Down Oltenia Centrul Educational Teodora\" \/><meta itemprop=\"datePublished\" content=\"2021-01-17\" \/><meta itemprop=\"dateModified\" content=\"2021-02-05\" \/><meta itemprop=\"name\" content=\"EU for Trisomy 21\"\/><meta itemprop=\"url\" content=\"https:\/\/eufortrisomy21.eu\/author\/contacteufortrisomy21-eu\/\" \/><meta itemprop=\"name\" content=\"contact@eufortrisomy21.eu\" \/><meta itemprop=\"interactionType\" content=\"https:\/\/schema.org\/CommentAction\" \/><meta itemprop=\"userInteractionCount\" content=\"0\" \/>\n<a href=\"https:\/\/eufortrisomy21.eu\/ngo\/asociatia-langdon-down-oltenia-centrul-educational-teodora\/\">\n\t<img decoding=\"async\" src=\"https:\/\/eufortrisomy21.eu\/wp-content\/uploads\/2021\/01\/Logo_Aldocet.png\"\/>\n\t<\/a>\n\t<meta itemscope itemprop=\"mainEntityOfPage\" itemtype=\"https:\/\/schema.org\/WebPage\" itemid=\"https:\/\/eufortrisomy21.eu\/ngo\/asociatia-copiilor-cu-sindrom-down-zambete-si-suflete-curate\/\" content=\"Asociatia Copiilor cu Sindrom Down &#8220;Zambete si Suflete Curate&#8221;\" \/><meta itemprop=\"datePublished\" content=\"2021-01-12\" \/><meta itemprop=\"dateModified\" content=\"2021-02-05\" \/><meta itemprop=\"name\" content=\"EU for Trisomy 21\"\/><meta itemprop=\"url\" content=\"https:\/\/eufortrisomy21.eu\/author\/contacteufortrisomy21-eu\/\" \/><meta itemprop=\"name\" content=\"contact@eufortrisomy21.eu\" \/><meta itemprop=\"interactionType\" content=\"https:\/\/schema.org\/CommentAction\" \/><meta itemprop=\"userInteractionCount\" content=\"0\" \/>\n<a href=\"https:\/\/eufortrisomy21.eu\/ngo\/asociatia-copiilor-cu-sindrom-down-zambete-si-suflete-curate\/\">\n\tAsociatia Copiilor cu Sindrom Down &#8220;Zambete si Suflete Curate&#8221;\n\t<\/a>\n\t<meta itemscope itemprop=\"mainEntityOfPage\" itemtype=\"https:\/\/schema.org\/WebPage\" itemid=\"https:\/\/eufortrisomy21.eu\/ngo\/fundacja-larche-larche-poland\/\" content=\"Fundacja L&#8217;Arche \/ L&#8217;Arche Poland\" \/><meta itemprop=\"datePublished\" content=\"2021-01-12\" \/><meta itemprop=\"dateModified\" content=\"2021-01-12\" \/><meta itemprop=\"name\" content=\"EU for Trisomy 21\"\/><meta itemprop=\"url\" content=\"https:\/\/eufortrisomy21.eu\/author\/contacteufortrisomy21-eu\/\" \/><meta itemprop=\"name\" content=\"contact@eufortrisomy21.eu\" \/><meta itemprop=\"interactionType\" content=\"https:\/\/schema.org\/CommentAction\" \/><meta itemprop=\"userInteractionCount\" content=\"0\" \/>\n<a href=\"https:\/\/eufortrisomy21.eu\/ngo\/fundacja-larche-larche-poland\/\">\n\t<img decoding=\"async\" src=\"https:\/\/eufortrisomy21.eu\/wp-content\/uploads\/2021\/01\/LArche_POLSKA_RGB_Blue_on_White.png\"\/>\n\t<\/a>\n\t<meta itemscope itemprop=\"mainEntityOfPage\" itemtype=\"https:\/\/schema.org\/WebPage\" itemid=\"https:\/\/eufortrisomy21.eu\/ngo\/world-youth-alliance-europe\/\" content=\"World Youth Alliance Europe\" \/><meta itemprop=\"datePublished\" content=\"2021-01-08\" \/><meta itemprop=\"dateModified\" content=\"2021-02-05\" \/><meta itemprop=\"name\" content=\"EU for Trisomy 21\"\/><meta itemprop=\"url\" content=\"https:\/\/eufortrisomy21.eu\/author\/contacteufortrisomy21-eu\/\" \/><meta itemprop=\"name\" content=\"contact@eufortrisomy21.eu\" \/><meta itemprop=\"interactionType\" content=\"https:\/\/schema.org\/CommentAction\" \/><meta itemprop=\"userInteractionCount\" content=\"0\" \/>\n<a href=\"https:\/\/eufortrisomy21.eu\/ngo\/world-youth-alliance-europe\/\">\n\t<img decoding=\"async\" src=\"https:\/\/eufortrisomy21.eu\/wp-content\/uploads\/2021\/01\/WYA-Europe-logo.jpg\"\/>\n\t<\/a>\n\t<meta itemscope itemprop=\"mainEntityOfPage\" itemtype=\"https:\/\/schema.org\/WebPage\" itemid=\"https:\/\/eufortrisomy21.eu\/ngo\/malta-federation-of-organisations-persons-with-disability-mfopd\/\" content=\"Malta Federation of Organisations Persons with Disability (MFOPD)\" \/><meta itemprop=\"datePublished\" content=\"2021-01-08\" \/><meta itemprop=\"dateModified\" content=\"2021-02-05\" \/><meta itemprop=\"name\" content=\"EU for Trisomy 21\"\/><meta itemprop=\"url\" content=\"https:\/\/eufortrisomy21.eu\/author\/contacteufortrisomy21-eu\/\" \/><meta itemprop=\"name\" content=\"contact@eufortrisomy21.eu\" \/><meta itemprop=\"interactionType\" content=\"https:\/\/schema.org\/CommentAction\" \/><meta itemprop=\"userInteractionCount\" content=\"0\" \/>\n<a href=\"https:\/\/eufortrisomy21.eu\/ngo\/malta-federation-of-organisations-persons-with-disability-mfopd\/\">\n\tMalta Federation of Organisations Persons with Disability (MFOPD)\n\t<\/a>\n\t<meta itemscope itemprop=\"mainEntityOfPage\" itemtype=\"https:\/\/schema.org\/WebPage\" itemid=\"https:\/\/eufortrisomy21.eu\/ngo\/down-syndrome-association\/\" content=\"Down Syndrome Association Malta\" \/><meta itemprop=\"datePublished\" content=\"2021-01-08\" \/><meta itemprop=\"dateModified\" content=\"2021-03-12\" \/><meta itemprop=\"name\" content=\"EU for Trisomy 21\"\/><meta itemprop=\"url\" content=\"https:\/\/eufortrisomy21.eu\/author\/contacteufortrisomy21-eu\/\" \/><meta itemprop=\"name\" content=\"contact@eufortrisomy21.eu\" \/><meta itemprop=\"interactionType\" content=\"https:\/\/schema.org\/CommentAction\" \/><meta itemprop=\"userInteractionCount\" content=\"0\" \/>\n<a href=\"https:\/\/eufortrisomy21.eu\/ngo\/down-syndrome-association\/\">\n\t<img decoding=\"async\" src=\"https:\/\/eufortrisomy21.eu\/wp-content\/uploads\/2021\/01\/IMG_20210108_091635.jpg\"\/>\n\t<\/a>\n\t<meta itemscope itemprop=\"mainEntityOfPage\" itemtype=\"https:\/\/schema.org\/WebPage\" itemid=\"https:\/\/eufortrisomy21.eu\/ngo\/ergastiri-eidikis-agogis-margarita-vtc-margarita\/\" content=\"ERGASTIRI EIDIKIS AGOGIS &#8220;MARGARITA&#8221; (VTC MARGARITA)\" \/><meta itemprop=\"datePublished\" content=\"2021-01-08\" \/><meta itemprop=\"dateModified\" content=\"2021-02-05\" \/><meta itemprop=\"name\" content=\"EU for Trisomy 21\"\/><meta itemprop=\"url\" content=\"https:\/\/eufortrisomy21.eu\/author\/contacteufortrisomy21-eu\/\" \/><meta itemprop=\"name\" content=\"contact@eufortrisomy21.eu\" \/><meta itemprop=\"interactionType\" content=\"https:\/\/schema.org\/CommentAction\" \/><meta itemprop=\"userInteractionCount\" content=\"0\" \/>\n<a href=\"https:\/\/eufortrisomy21.eu\/ngo\/ergastiri-eidikis-agogis-margarita-vtc-margarita\/\">\n\tERGASTIRI EIDIKIS AGOGIS &#8220;MARGARITA&#8221; (VTC MARGARITA)\n\t<\/a>\n\t<meta itemscope itemprop=\"mainEntityOfPage\" itemtype=\"https:\/\/schema.org\/WebPage\" itemid=\"https:\/\/eufortrisomy21.eu\/ngo\/eesti-vaimupuudega-inimeste-tugiliit\/\" content=\"Eesti Vaimupuudega Inimeste Tugiliit\" \/><meta itemprop=\"datePublished\" content=\"2021-01-06\" \/><meta itemprop=\"dateModified\" content=\"2021-01-07\" \/><meta itemprop=\"name\" content=\"EU for Trisomy 21\"\/><meta itemprop=\"url\" content=\"https:\/\/eufortrisomy21.eu\/author\/contacteufortrisomy21-eu\/\" \/><meta itemprop=\"name\" content=\"contact@eufortrisomy21.eu\" \/><meta itemprop=\"interactionType\" content=\"https:\/\/schema.org\/CommentAction\" \/><meta itemprop=\"userInteractionCount\" content=\"0\" \/>\n<a href=\"https:\/\/eufortrisomy21.eu\/ngo\/eesti-vaimupuudega-inimeste-tugiliit\/\">\n\t<img decoding=\"async\" src=\"https:\/\/eufortrisomy21.eu\/wp-content\/uploads\/2021\/01\/vaimukad-varviline-scaled.jpg\"\/>\n\t<\/a>\n\t<meta itemscope itemprop=\"mainEntityOfPage\" itemtype=\"https:\/\/schema.org\/WebPage\" itemid=\"https:\/\/eufortrisomy21.eu\/ngo\/asociatia-fantasticii-down-galati\/\" content=\"ASOCIATIA FANTASTICII DOWN GALATI\" \/><meta itemprop=\"datePublished\" content=\"2020-12-21\" \/><meta itemprop=\"dateModified\" content=\"2021-02-05\" \/><meta itemprop=\"name\" content=\"EU for Trisomy 21\"\/><meta itemprop=\"url\" content=\"https:\/\/eufortrisomy21.eu\/author\/contacteufortrisomy21-eu\/\" \/><meta itemprop=\"name\" content=\"contact@eufortrisomy21.eu\" \/><meta itemprop=\"interactionType\" content=\"https:\/\/schema.org\/CommentAction\" \/><meta itemprop=\"userInteractionCount\" content=\"0\" \/>\n<a href=\"https:\/\/eufortrisomy21.eu\/ngo\/asociatia-fantasticii-down-galati\/\">\n\t<img decoding=\"async\" src=\"https:\/\/eufortrisomy21.eu\/wp-content\/uploads\/2020\/12\/LogofinalFantasticiiDown.jpeg\"\/>\n\t<\/a>\n\t<meta itemscope itemprop=\"mainEntityOfPage\" itemtype=\"https:\/\/schema.org\/WebPage\" itemid=\"https:\/\/eufortrisomy21.eu\/ngo\/down-syndrome-association-of-greece\/\" content=\"DOWN SYNDROME ASSOCIATION OF GREECE\" \/><meta itemprop=\"datePublished\" content=\"2020-12-21\" \/><meta itemprop=\"dateModified\" content=\"2021-02-05\" \/><meta itemprop=\"name\" content=\"EU for Trisomy 21\"\/><meta itemprop=\"url\" content=\"https:\/\/eufortrisomy21.eu\/author\/contacteufortrisomy21-eu\/\" \/><meta itemprop=\"name\" content=\"contact@eufortrisomy21.eu\" \/><meta itemprop=\"interactionType\" content=\"https:\/\/schema.org\/CommentAction\" \/><meta itemprop=\"userInteractionCount\" content=\"0\" \/>\n<a href=\"https:\/\/eufortrisomy21.eu\/ngo\/down-syndrome-association-of-greece\/\">\n\t<img decoding=\"async\" src=\"https:\/\/eufortrisomy21.eu\/wp-content\/uploads\/2020\/12\/logo-down_version-1.png\"\/>\n\t<\/a>\n\t<meta itemscope itemprop=\"mainEntityOfPage\" itemtype=\"https:\/\/schema.org\/WebPage\" itemid=\"https:\/\/eufortrisomy21.eu\/ngo\/asociatia-down-art-therapy\/\" content=\"Asociatia Down Art Therapy\" \/><meta itemprop=\"datePublished\" content=\"2020-12-18\" \/><meta itemprop=\"dateModified\" content=\"2021-02-05\" \/><meta itemprop=\"name\" content=\"EU for Trisomy 21\"\/><meta itemprop=\"url\" content=\"https:\/\/eufortrisomy21.eu\/author\/contacteufortrisomy21-eu\/\" \/><meta itemprop=\"name\" content=\"contact@eufortrisomy21.eu\" \/><meta itemprop=\"interactionType\" content=\"https:\/\/schema.org\/CommentAction\" \/><meta itemprop=\"userInteractionCount\" content=\"0\" \/>\n<a href=\"https:\/\/eufortrisomy21.eu\/ngo\/asociatia-down-art-therapy\/\">\n\t<img decoding=\"async\" src=\"https:\/\/eufortrisomy21.eu\/wp-content\/uploads\/2020\/12\/dart-sigla.jpg\"\/>\n\t<\/a>\n\t<meta itemscope itemprop=\"mainEntityOfPage\" itemtype=\"https:\/\/schema.org\/WebPage\" itemid=\"https:\/\/eufortrisomy21.eu\/ngo\/asociatia-happyatoys\/\" content=\"Asociatia Happyatoys\" \/><meta itemprop=\"datePublished\" content=\"2020-12-15\" \/><meta itemprop=\"dateModified\" content=\"2021-08-22\" \/><meta itemprop=\"name\" content=\"EU for Trisomy 21\"\/><meta itemprop=\"url\" content=\"https:\/\/eufortrisomy21.eu\/author\/contacteufortrisomy21-eu\/\" \/><meta itemprop=\"name\" content=\"contact@eufortrisomy21.eu\" \/><meta itemprop=\"interactionType\" content=\"https:\/\/schema.org\/CommentAction\" \/><meta itemprop=\"userInteractionCount\" content=\"0\" \/>\n<a href=\"https:\/\/eufortrisomy21.eu\/ngo\/asociatia-happyatoys\/\">\n\t<img decoding=\"async\" src=\"https:\/\/eufortrisomy21.eu\/wp-content\/uploads\/2020\/12\/happyatoy.png\"\/>\n\t<\/a>\n\t\t<!-- .pp-content-posts -->\n<h2>\n\t\tNEWS\n\t<\/h2>\n\t<meta itemscope itemprop=\"mainEntityOfPage\" itemtype=\"https:\/\/schema.org\/WebPage\" itemid=\"https:\/\/eufortrisomy21.eu\/eu-for-trisomy-21-takes-part-in-the-citizen-consultation-for-the-future-of-europe\/\" content=\"EU for Trisomy 21 takes part in the citizen consultation for the Future of Europe\" \/><meta itemprop=\"datePublished\" content=\"2021-07-12\" \/><meta itemprop=\"dateModified\" content=\"2021-07-13\" \/><meta itemprop=\"name\" content=\"EU for Trisomy 21\"\/><meta itemprop=\"url\" content=\"https:\/\/eufortrisomy21.eu\/author\/contacteufortrisomy21-eu\/\" \/><meta itemprop=\"name\" content=\"contact@eufortrisomy21.eu\" \/><meta itemprop=\"interactionType\" content=\"https:\/\/schema.org\/CommentAction\" \/><meta itemprop=\"userInteractionCount\" content=\"0\" \/>\n\t\t\t\t\t<a href=\"https:\/\/eufortrisomy21.eu\/eu-for-trisomy-21-takes-part-in-the-citizen-consultation-for-the-future-of-europe\/\" title=\"EU for Trisomy 21 takes part in the citizen consultation for the Future of Europe\"><\/a>\n\t\t\t\t\t\t\t\t\t<h3 itemprop=\"headline\">\n\t\t\t\t\t\t\t\t\t\t\t\t\t\tEU for Trisomy 21 takes part in the citizen consultation for the Future of Europe\t\t\t\t\t\t\t\t\t\t\t<\/h3>\n\t\t\t12 July 2021\t\t\t\t\t\t\n    &nbsp; Improving the visibility of people with Down syndrome in Europe Following our online conference on the 8th of July 2021 on improving the visibility of people with Down syndrome,&#8230;\n\t<meta itemscope itemprop=\"mainEntityOfPage\" itemtype=\"https:\/\/schema.org\/WebPage\" itemid=\"https:\/\/eufortrisomy21.eu\/online-conference-improving-the-visibility-of-people-with-down-syndrome-an-emergency-for-europe\/\" content=\"Online conference &#8211; 8th of July 2021 &#8211; Improving the visibility of people with Down syndrome\" \/><meta itemprop=\"datePublished\" content=\"2021-06-24\" \/><meta itemprop=\"dateModified\" content=\"2021-07-13\" \/><meta itemprop=\"name\" content=\"EU for Trisomy 21\"\/><meta itemprop=\"url\" content=\"https:\/\/eufortrisomy21.eu\/author\/contacteufortrisomy21-eu\/\" \/><meta itemprop=\"name\" content=\"contact@eufortrisomy21.eu\" \/><meta itemprop=\"interactionType\" content=\"https:\/\/schema.org\/CommentAction\" \/><meta itemprop=\"userInteractionCount\" content=\"0\" \/>\n\t\t\t\t\t<a href=\"https:\/\/eufortrisomy21.eu\/online-conference-improving-the-visibility-of-people-with-down-syndrome-an-emergency-for-europe\/\" title=\"Online conference &#8211; 8th of July 2021 &#8211; Improving the visibility of people with Down syndrome\"><\/a>\n\t\t\t\t\t\t\t\t\t<h3 itemprop=\"headline\">\n\t\t\t\t\t\t\t\t\t\t\t\t\t\tOnline conference &#8211; 8th of July 2021 &#8211; Improving the visibility of people with Down syndrome\t\t\t\t\t\t\t\t\t\t\t<\/h3>\n\t\t\t24 June 2021\t\t\t\t\t\t\n    &nbsp; &nbsp; &nbsp; &nbsp; Improving the visibility of people with Down syndrome: an emergency for Europe. Why? How? Improving the visibility of people with Down syndrome in Europe should be&#8230;\n\t<meta itemscope itemprop=\"mainEntityOfPage\" itemtype=\"https:\/\/schema.org\/WebPage\" itemid=\"https:\/\/eufortrisomy21.eu\/press-release-on-march-21st-europe-is-honouring-persons-with-downs-syndrome\/\" content=\"Press release : On March 21st, Europe is honouring persons with Down's syndrome\" \/><meta itemprop=\"datePublished\" content=\"2021-03-19\" \/><meta itemprop=\"dateModified\" content=\"2022-06-24\" \/><meta itemprop=\"name\" content=\"EU for Trisomy 21\"\/><meta itemprop=\"url\" content=\"https:\/\/eufortrisomy21.eu\/author\/contacteufortrisomy21-eu\/\" \/><meta itemprop=\"name\" content=\"contact@eufortrisomy21.eu\" \/><meta itemprop=\"interactionType\" content=\"https:\/\/schema.org\/CommentAction\" \/><meta itemprop=\"userInteractionCount\" content=\"0\" \/>\n\t\t\t\t\t<a href=\"https:\/\/eufortrisomy21.eu\/press-release-on-march-21st-europe-is-honouring-persons-with-downs-syndrome\/\" title=\"Press release : On March 21st, Europe is honouring persons with Down's syndrome\"><\/a>\n\t\t\t\t\t\t\t\t\t<h3 itemprop=\"headline\">\n\t\t\t\t\t\t\t\t\t\t\t\t\t\tPress release : On March 21st, Europe is honouring persons with Down&#8217;s syndrome\t\t\t\t\t\t\t\t\t\t\t<\/h3>\n\t\t\t19 March 2021\t\t\t\t\t\t\n    Press release Brussels March 19th 2021 &nbsp; On March 21st, Europe is honouring persons with Down&#8217;s syndrome :\u00a0\u00a0citizens and political leaders are invited to celebrate the International Day of Trisomy&#8230;\n\t\t\t\t<ul class='page-numbers'>\n\t<li>1<\/li>\n\t<li><a href=\"https:\/\/eufortrisomy21.eu\/paged-2\/2\/?page_id=15436&#038;fl_builder\">2<\/a><\/li>\n\t<li><a href=\"https:\/\/eufortrisomy21.eu\/paged-2\/3\/?page_id=15436&#038;fl_builder\">3<\/a><\/li>\n\t<li><a href=\"https:\/\/eufortrisomy21.eu\/paged-2\/2\/?page_id=15436&#038;fl_builder\">Next &raquo;<\/a><\/li>\n<\/ul>\n\t\t<!-- .pp-content-posts -->\n\t\t\t\t<img decoding=\"async\" src=\"https:\/\/eufortrisomy21.eu\/wp-content\/uploads\/2021\/03\/Logo_EUforTrisomy21.svg\" alt=\"Logo_EUforTrisomy21\" itemprop=\"image\" title=\"Logo_EUforTrisomy21\" onerror=\"this.style.display='none'\"  \/>\n<h2>\n\t\tAbout Eufortrisomy21.eu\n\t<\/h2>\n\t<p>A platform for the collaboration of associations, citizens and politicians working together for the celebration of World Down syndrome Day, to make visible the intellectual disability in general and persons with trisomy 21 in particular (most common intellectual disability of genetic origin, also called Down syndrome).<\/p>\n\t\t\t<a href=\"https:\/\/eufortrisomy21.eu\/about\/\" target=\"_self\" role=\"button\" rel=\"noopener\">\n\t\t\t\t\t\t\tMore information\n\t\t\t\t\t<\/a>\n<h2>\n\t\tNeed help? doubts? more information?\n\t<\/h2>\n\t\t\t<a href=\"https:\/\/eufortrisomy21.eu\/contact\/\" target=\"_self\" role=\"button\" rel=\"noopener\">\n\t\t\t\t\t\t\tContact us\n\t\t\t<\/a>\n\t  &nbsp;&nbsp;Translate this page [gtranslate]\n\n","protected":false},"excerpt":{"rendered":"<p>21st of March 2021 A MONUMENTAL DATE! The next World Down Syndrome Day, will be emblematic as it will take&hellip;<\/p>","protected":false},"author":2,"featured_media":0,"parent":0,"menu_order":10,"comment_status":"closed","ping_status":"closed","template":"","meta":{"_acf_changed":false,"footnotes":""},"class_list":["post-15436","page","type-page","status-publish","hentry"],"acf":[],"_links":{"self":[{"href":"https:\/\/eufortrisomy21.eu\/cs\/wp-json\/wp\/v2\/pages\/15436"}],"collection":[{"href":"https:\/\/eufortrisomy21.eu\/cs\/wp-json\/wp\/v2\/pages"}],"about":[{"href":"https:\/\/eufortrisomy21.eu\/cs\/wp-json\/wp\/v2\/types\/page"}],"author":[{"embeddable":true,"href":"https:\/\/eufortrisomy21.eu\/cs\/wp-json\/wp\/v2\/users\/2"}],"replies":[{"embeddable":true,"href":"https:\/\/eufortrisomy21.eu\/cs\/wp-json\/wp\/v2\/comments?post=15436"}],"version-history":[{"count":0,"href":"https:\/\/eufortrisomy21.eu\/cs\/wp-json\/wp\/v2\/pages\/15436\/revisions"}],"wp:attachment":[{"href":"https:\/\/eufortrisomy21.eu\/cs\/wp-json\/wp\/v2\/media?parent=15436"}],"curies":[{"name":"wp","href":"https:\/\/api.w.org\/{rel}","templated":true}]}}