{"id":14530,"date":"2020-03-19T20:43:25","date_gmt":"2020-03-19T19:43:25","guid":{"rendered":"https:\/\/eufortrisomy21.eu\/?page_id=14530"},"modified":"2022-02-01T23:48:02","modified_gmt":"2022-02-01T22:48:02","slug":"research","status":"publish","type":"page","link":"https:\/\/eufortrisomy21.eu\/el\/21march20\/research\/","title":{"rendered":"\u0395\u03c1\u03b5\u03c5\u03bd\u03b1"},"content":{"rendered":"<h1>\n\t\t\n\t<\/h1>\n<h2>\n\t\t\u03a8\u03ac\u03c7\u03bd\u03b5\u03c4\u03b5 \u03b3\u03b9\u03b1 \u03b8\u03b5\u03c1\u03b1\u03c0\u03b5\u03af\u03b1 \u03c4\u03bf\u03c5 \u03c3\u03c5\u03bd\u03b4\u03c1\u03cc\u03bc\u03bf\u03c5 Down: \u03ad\u03bd\u03b1 \u03b5\u03bc\u03c0\u03bd\u03b5\u03c5\u03c3\u03bc\u03ad\u03bd\u03bf \u03b5\u03c0\u03b9\u03c3\u03c4\u03b7\u03bc\u03bf\u03bd\u03b9\u03ba\u03cc \u03ad\u03c1\u03b3\u03bf \u03c0\u03bf\u03c5 \u03b1\u03be\u03af\u03b6\u03b5\u03b9 \u03c4\u03b7\u03bd \u03c0\u03bf\u03bb\u03b9\u03c4\u03b9\u03ba\u03ae \u03b2\u03bf\u03cd\u03bb\u03b7\u03c3\u03b7 \u03c4\u03b7\u03c2 \u0395\u0395\n\t<\/h2>\n\t<p>\u0395\u03c5\u03c1\u03c9\u03c0\u03b1\u03af\u03bf\u03b9 \u03b5\u03c1\u03b5\u03c5\u03bd\u03b7\u03c4\u03ad\u03c2, \u03c0\u03bf\u03c5 \u03ba\u03bb\u03ae\u03b8\u03b7\u03ba\u03b1\u03bd \u03b1\u03c0\u03cc \u03c4\u03bf \u0395\u03c5\u03c1\u03c9\u03c0\u03b1\u03ca\u03ba\u03cc \u039a\u03bf\u03b9\u03bd\u03bf\u03b2\u03bf\u03cd\u03bb\u03b9\u03bf \u03bd\u03b1 \u03c0\u03b1\u03c1\u03bf\u03c5\u03c3\u03b9\u03ac\u03c3\u03bf\u03c5\u03bd \u03b4\u03b7\u03bc\u03cc\u03c3\u03b9\u03b1 \u03c4\u03b1 \u03ad\u03c1\u03b3\u03b1 \u03c4\u03bf\u03c5\u03c2, \u03ad\u03c7\u03bf\u03c5\u03bd \u03b3\u03c1\u03ac\u03c8\u03b5\u03b9 - \u03bc\u03b1\u03b6\u03af \u03bc\u03b5 \u03ac\u03bb\u03bb\u03bf\u03c5\u03c2 \u03b5\u03bc\u03c0\u03b5\u03b9\u03c1\u03bf\u03b3\u03bd\u03ce\u03bc\u03bf\u03bd\u03b5\u03c2 - \u03bc\u03b9\u03b1 \u03b5\u03c0\u03b9\u03bc\u03ad\u03bb\u03b5\u03b9\u03b1. \u0394\u03b7\u03bc\u03bf\u03c3\u03b9\u03b5\u03cd\u03b5\u03c4\u03b1\u03b9 \u03c3\u03b5 \u03b5\u03c5\u03c1\u03c9\u03c0\u03b1\u03ca\u03ba\u03ad\u03c2 \u03b5\u03c6\u03b7\u03bc\u03b5\u03c1\u03af\u03b4\u03b5\u03c2 \u03bc\u03b5 \u03c4\u03b7\u03bd \u03b5\u03c5\u03ba\u03b1\u03b9\u03c1\u03af\u03b1 \u03c4\u03b7\u03c2 \u03a0\u03b1\u03b3\u03ba\u03cc\u03c3\u03bc\u03b9\u03b1\u03c2 \u0397\u03bc\u03ad\u03c1\u03b1\u03c2 \u03a3\u03c5\u03bd\u03b4\u03c1\u03cc\u03bc\u03bf\u03c5 Down. \u03a4\u03bf \u03ac\u03c1\u03b8\u03c1\u03bf \u03c3\u03c5\u03bd\u03bf\u03c8\u03af\u03b6\u03b5\u03b9 \u03c4\u03bf\u03c5\u03c2 \u03c3\u03c4\u03cc\u03c7\u03bf\u03c5\u03c2 \u03ba\u03b1\u03b9 \u03c4\u03b9\u03c2 \u03b1\u03bd\u03b1\u03ba\u03b1\u03bb\u03cd\u03c8\u03b5\u03b9\u03c2 \u03c4\u03b7\u03c2 \u03b8\u03b5\u03c1\u03b1\u03c0\u03b5\u03c5\u03c4\u03b9\u03ba\u03ae\u03c2 \u03ad\u03c1\u03b5\u03c5\u03bd\u03b1\u03c2: \u03bd\u03b1 \u03bc\u03b5\u03b9\u03ce\u03c3\u03b5\u03b9 \u03c4\u03b7\u03bd \u03b1\u03bd\u03b1\u03c0\u03b7\u03c1\u03af\u03b1 \u03ba\u03b1\u03b9 \u03bd\u03b1 \u03b2\u03b5\u03bb\u03c4\u03b9\u03ce\u03c3\u03b5\u03b9 \u03c4\u03b7\u03bd \u03c0\u03bf\u03b9\u03cc\u03c4\u03b7\u03c4\u03b1 \u03b6\u03c9\u03ae\u03c2 \u03ba\u03b1\u03b9 \u03c4\u03b7\u03bd \u03b1\u03bd\u03b5\u03be\u03b1\u03c1\u03c4\u03b7\u03c3\u03af\u03b1 \u03c4\u03c9\u03bd \u03b1\u03c4\u03cc\u03bc\u03c9\u03bd \u03bc\u03b5 \u03c3\u03cd\u03bd\u03b4\u03c1\u03bf\u03bc\u03bf Down:<\/p>\n\t\t\t\t<a href=\"https:\/\/www.lefigaro.fr\/vox\/culture\/l-ue-doit-faire-davantage-pour-la-recherche-d-un-traitement-de-la-trisomie-21-20200321\" target=\"_blank\" rel=\"noopener noreferrer\" itemprop=\"url\">\n\t\t\t\t<img loading=\"lazy\" decoding=\"async\" src=\"https:\/\/eufortrisomy21.eu\/wp-content\/uploads\/2020\/03\/france-150x150.png\" alt=\"france\" itemprop=\"image\" height=\"150\" width=\"150\" title=\"\u0393\u03b1\u03bb\u03bb\u03af\u03b1\" onerror=\"this.style.display='none'\"  \/>\n\t\t\t\t<\/a>\n<h4><a href=\"https:\/\/www.lefigaro.fr\/vox\/culture\/l-ue-doit-faire-davantage-pour-la-recherche-d-un-traitement-de-la-trisomie-21-20200321\" target=\"_blank\" rel=\"noopener noreferrer\">Le Figaro (\u0393\u03b1\u03bb\u03bb\u03af\u03b1)<\/a><\/h4>\t\t\n\t\t\t<p>Trouver un traitement pour la trisomie 21: un projet Scientifique \u03b5\u03bd\u03b8\u03bf\u03c5\u03c3\u03b9\u03b1\u03c3\u03bc\u03cc\u03c2 m\u00e9ritant une volont\u00e9 politique de l&#039;Union europ\u00e9enne!<\/p>\n\t\t\t<a href=\"https:\/\/www.lefigaro.fr\/vox\/culture\/l-ue-doit-faire-davantage-pour-la-recherche-d-un-traitement-de-la-trisomie-21-20200321\" target=\"_blank\" role=\"button\" rel=\"noopener noreferrer\">\n\t\t\t\t\t\t\t\u0391\u03bd\u03ac\u03b3\u03bd\u03c9\u03c3\u03b7\n\t\t\t\t\t<\/a>\n\t\t\t\t<a href=\"https:\/\/www.lalibre.be\/debats\/opinions\/trouver-un-traitement-pour-la-trisomie-21-un-projet-scientifique-enthousiasmant-meritant-une-volonte-politique-de-l-union-europeenne-5e74e742d8ad582f31c4c05a\" target=\"_blank\" rel=\"noopener noreferrer\" itemprop=\"url\">\n\t\t\t\t<img loading=\"lazy\" decoding=\"async\" src=\"https:\/\/eufortrisomy21.eu\/wp-content\/uploads\/2020\/03\/belgium.png\" alt=\"belgium\" itemprop=\"image\" height=\"512\" width=\"512\" title=\"\u0392\u03ad\u03bb\u03b3\u03b9\u03bf\" onerror=\"this.style.display='none'\"  \/>\n\t\t\t\t<\/a>\n<h4><a href=\"https:\/\/www.lalibre.be\/debats\/opinions\/trouver-un-traitement-pour-la-trisomie-21-un-projet-scientifique-enthousiasmant-meritant-une-volonte-politique-de-l-union-europeenne-5e74e742d8ad582f31c4c05a\" target=\"_blank\" rel=\"noopener noreferrer\">Libre Belgique (\u0392\u03ad\u03bb\u03b3\u03b9\u03bf)<\/a><\/h4>\t\t\n\t\t\t<p>Trouver un traitement pour la trisomie 21: un projet Scientifique \u03b5\u03bd\u03b8\u03bf\u03c5\u03c3\u03b9\u03b1\u03c3\u03bc\u03cc\u03c2 m\u00e9ritant une volont\u00e9 politique de l&#039;Union europ\u00e9enne!<\/p>\n\t\t\t<a href=\"https:\/\/www.lalibre.be\/debats\/opinions\/trouver-un-traitement-pour-la-trisomie-21-un-projet-scientifique-enthousiasmant-meritant-une-volonte-politique-de-l-union-europeenne-5e74e742d8ad582f31c4c05a\" target=\"_blank\" role=\"button\" rel=\"noopener noreferrer\">\n\t\t\t\t\t\t\t\u0391\u03bd\u03ac\u03b3\u03bd\u03c9\u03c3\u03b7\n\t\t\t\t\t<\/a>\n\t\t\t\t<a href=\"https:\/\/www.lastampa.it\/salute\/2020\/03\/21\/news\/giornata-mondiale-della-sindrome-di-down-1.38616524\" target=\"_blank\" rel=\"noopener noreferrer\" itemprop=\"url\">\n\t\t\t\t<img loading=\"lazy\" decoding=\"async\" src=\"https:\/\/eufortrisomy21.eu\/wp-content\/uploads\/2020\/03\/italy.png\" alt=\"italy\" itemprop=\"image\" height=\"512\" width=\"512\" title=\"\u0399\u03c4\u03b1\u03bb\u03af\u03b1\" onerror=\"this.style.display='none'\"  \/>\n\t\t\t\t<\/a>\n<h4><a href=\"https:\/\/www.lastampa.it\/salute\/2020\/03\/21\/news\/giornata-mondiale-della-sindrome-di-down-1.38616524\" target=\"_blank\" rel=\"noopener noreferrer\">\u039b\u03b1 \u03a3\u03c4\u03ac\u03bc\u03c0\u03b1 (\u0399\u03c4\u03b1\u03bb\u03af\u03b1)<\/a><\/h4>\t\t\n\t\t\t<p>Trovare una cura per la trisomia 21: un progetto scientifico entusiasmante che merita la volont\u00e0 politica dell&#8217;Unione Europea!<\/p>\n\t\t\t<a href=\"https:\/\/www.lastampa.it\/salute\/2020\/03\/21\/news\/giornata-mondiale-della-sindrome-di-down-1.38616524\" target=\"_blank\" role=\"button\" rel=\"noopener noreferrer\">\n\t\t\t\t\t\t\t\u0391\u03bd\u03ac\u03b3\u03bd\u03c9\u03c3\u03b7\n\t\t\t\t\t<\/a>\n\t\t\t\t<a href=\"https:\/\/wpolityce.pl\/spoleczenstwo\/492308-wspieramy-osoby-z-zespolem-downa\" target=\"_blank\" rel=\"noopener noreferrer\" itemprop=\"url\">\n\t\t\t\t<img loading=\"lazy\" decoding=\"async\" src=\"https:\/\/eufortrisomy21.eu\/wp-content\/uploads\/2020\/03\/republic-of-poland.png\" alt=\"republic-of-poland\" itemprop=\"image\" height=\"512\" width=\"512\" title=\"\u03b4\u03b7\u03bc\u03bf\u03ba\u03c1\u03b1\u03c4\u03af\u03b1 \u03c4\u03b7\u03c2 \u03a0\u03bf\u03bb\u03c9\u03bd\u03af\u03b1\u03c2\" onerror=\"this.style.display='none'\"  \/>\n\t\t\t\t<\/a>\n<h4><a href=\"https:\/\/wpolityce.pl\/spoleczenstwo\/492308-wspieramy-osoby-z-zespolem-downa\" target=\"_blank\" rel=\"noopener noreferrer\">wPolityce (\u03a0\u03bf\u03bb\u03c9\u03bd\u03af\u03b1)<\/a><\/h4>\t\t\n\t\t\t<p>Znalezienie lekarstwa na trisomi\u0119 21: ekscytuj\u0105cy projectt naukowy, kt\u00f3ry zas\u0142uguje na polityczn\u0105 wol\u0119 Unii Europejskiej!<\/p>\n\t\t\t<a href=\"https:\/\/wpolityce.pl\/spoleczenstwo\/492308-wspieramy-osoby-z-zespolem-downa\" target=\"_blank\" role=\"button\" rel=\"noopener noreferrer\">\n\t\t\t\t\t\t\t\u0391\u03bd\u03ac\u03b3\u03bd\u03c9\u03c3\u03b7\n\t\t\t\t\t<\/a>\n\t\t\t\t<a href=\"https:\/\/narod.hr\/zdravlje\/lijecenje-za-sindrom-down-entuzijastican-pothvat-znanstvenika-koji-zahtjeva-politicku-volju-europske-unije\" target=\"_blank\" rel=\"noopener noreferrer\" itemprop=\"url\">\n\t\t\t\t<img loading=\"lazy\" decoding=\"async\" src=\"https:\/\/eufortrisomy21.eu\/wp-content\/uploads\/2020\/03\/croatia.png\" alt=\"croatia\" itemprop=\"image\" height=\"512\" width=\"512\" title=\"\u039a\u03c1\u03bf\u03b1\u03c4\u03af\u03b1\" onerror=\"this.style.display='none'\"  \/>\n\t\t\t\t<\/a>\n<h4><a href=\"https:\/\/narod.hr\/zdravlje\/lijecenje-za-sindrom-down-entuzijastican-pothvat-znanstvenika-koji-zahtjeva-politicku-volju-europske-unije\" target=\"_blank\" rel=\"noopener noreferrer\">Narod (\u039a\u03c1\u03bf\u03b1\u03c4\u03af\u03b1)<\/a><\/h4>\t\t\n\t\t\t<p>Lije\u010denje za sindrom Down: Entuzijasti\u010dan pothvat znanstvenika koji zahtjeva politi\u010dku volju Europske unije<\/p>\n\t\t\t<a href=\"https:\/\/narod.hr\/zdravlje\/lijecenje-za-sindrom-down-entuzijastican-pothvat-znanstvenika-koji-zahtjeva-politicku-volju-europske-unije\" target=\"_blank\" role=\"button\" rel=\"noopener noreferrer\">\n\t\t\t\t\t\t\t\u0391\u03bd\u03ac\u03b3\u03bd\u03c9\u03c3\u03b7\n\t\t\t\t\t<\/a>\n\t\t\t\t<a href=\"https:\/\/eufortrisomy21.eu\/wp-content\/uploads\/2020\/03\/TRIBUNEChercheursWDSD2020-German19mars.pdf\" target=\"_blank\" rel=\"noopener noreferrer\" itemprop=\"url\">\n\t\t\t\t<img loading=\"lazy\" decoding=\"async\" src=\"https:\/\/eufortrisomy21.eu\/wp-content\/uploads\/2020\/03\/germany.png\" alt=\"germany\" itemprop=\"image\" height=\"512\" width=\"512\" title=\"\u0393\u03b5\u03c1\u03bc\u03b1\u03bd\u03af\u03b1\" onerror=\"this.style.display='none'\"  \/>\n\t\t\t\t<\/a>\n<h4><a href=\"https:\/\/eufortrisomy21.eu\/wp-content\/uploads\/2020\/03\/TRIBUNEChercheursWDSD2020-German19mars.pdf\" target=\"_blank\" rel=\"noopener noreferrer\">\u0393\u03b5\u03c1\u03bc\u03b1\u03bd\u03af\u03b1<\/a><\/h4>\t\t\n\t\t\t<p>Die Heilbehandlung der Trisomie 21 entwickeln: ein begeisterndes wissenschaftliches Projekt, das die Anerkennung der Europ\u00e4ischen Union!<\/p>\n\t\t\t<a href=\"https:\/\/eufortrisomy21.eu\/wp-content\/uploads\/2020\/03\/TRIBUNEChercheursWDSD2020-German19mars.pdf\" target=\"_blank\" role=\"button\" rel=\"noopener noreferrer\">\n\t\t\t\t\t\t\t\u0391\u03bd\u03ac\u03b3\u03bd\u03c9\u03c3\u03b7\n\t\t\t\t\t<\/a>\n\t\t\t\t<a href=\"https:\/\/eufortrisomy21.eu\/wp-content\/uploads\/2020\/03\/TRIBUNEChercheursWDSD2020-ES23mars.pdf\" target=\"_blank\" rel=\"noopener noreferrer\" itemprop=\"url\">\n\t\t\t\t<img loading=\"lazy\" decoding=\"async\" src=\"https:\/\/eufortrisomy21.eu\/wp-content\/uploads\/2020\/03\/spain.png\" alt=\"spain\" itemprop=\"image\" height=\"512\" width=\"512\" title=\"\u0399\u03c3\u03c0\u03b1\u03bd\u03af\u03b1\" onerror=\"this.style.display='none'\"  \/>\n\t\t\t\t<\/a>\n<h4><a href=\"https:\/\/eufortrisomy21.eu\/wp-content\/uploads\/2020\/03\/TRIBUNEChercheursWDSD2020-ES23mars.pdf\" target=\"_blank\" rel=\"noopener noreferrer\">\u0399\u03c3\u03c0\u03b1\u03bd\u03af\u03b1<\/a><\/h4>\t\t\n\t\t\t<p>Buscando el tratamiento del s\u00edndrome de Down: un proyecto cient\u00edfico inspirador que merece la voluntad pol\u00edtica de la UE<\/p>\n\t\t\t<a href=\"https:\/\/eufortrisomy21.eu\/wp-content\/uploads\/2020\/03\/TRIBUNEChercheursWDSD2020-ES23mars.pdf\" target=\"_blank\" role=\"button\" rel=\"noopener noreferrer\">\n\t\t\t\t\t\t\t\u0391\u03bd\u03ac\u03b3\u03bd\u03c9\u03c3\u03b7\n\t\t\t\t\t<\/a>\n\t<p>\u0393\u03b9\u03b1 \u03c0\u03b5\u03c1\u03b9\u03c3\u03c3\u03cc\u03c4\u03b5\u03c1\u03b5\u03c2 \u03c0\u03bb\u03b7\u03c1\u03bf\u03c6\u03bf\u03c1\u03af\u03b5\u03c2 \u03c3\u03c7\u03b5\u03c4\u03b9\u03ba\u03ac \u03bc\u03b5 \u03c4\u03b9\u03c2 \u03b5\u03c0\u03b9\u03c3\u03c4\u03b7\u03bc\u03bf\u03bd\u03b9\u03ba\u03ad\u03c2 \u03b1\u03bd\u03b1\u03ba\u03b1\u03bb\u03cd\u03c8\u03b5\u03b9\u03c2, \u03b4\u03b9\u03b1\u03c4\u03af\u03b8\u03b5\u03bd\u03c4\u03b1\u03b9 \u03c4\u03c1\u03b5\u03b9\u03c2 \u03c0\u03b5\u03c1\u03b9\u03bb\u03ae\u03c8\u03b5\u03b9\u03c2 \u03b5\u03b4\u03ce: <\/p>\n<ul>\n<li>Csaba SZABO \u03a0\u03b5\u03c1\u03af\u03bb\u03b7\u03c8\u03b7 (<a href=\"https:\/\/eufortrisomy21.eu\/wp-content\/uploads\/2020\/03\/ABSTRACTCsabaSzabo.pdf\" target=\"_blank\" rel=\"noopener noreferrer\">\u03a0\u03c1\u03bf\u03b2\u03bf\u03bb\u03ae \u03c0\u03b5\u03c1\u03af\u03bb\u03b7\u03c8\u03b7\u03c2<\/a><em>)<\/em><\/li>\n<li>Andre Megarbane \u03a0\u03b5\u03c1\u03af\u03bb\u03b7\u03c8\u03b7 (<a href=\"https:\/\/eufortrisomy21.eu\/wp-content\/uploads\/2020\/03\/AbstractAndreMegarbane.pdf\" target=\"_blank\" rel=\"noopener noreferrer\">\u03a0\u03c1\u03bf\u03b2\u03bf\u03bb\u03ae \u03c0\u03b5\u03c1\u03af\u03bb\u03b7\u03c8\u03b7\u03c2<\/a><em>)<\/em><\/li>\n<li>\u03a0\u03b5\u03c1\u03af\u03bb\u03b7\u03c8\u03b7 Andre Strydom (<a href=\"https:\/\/eufortrisomy21.eu\/wp-content\/uploads\/2020\/03\/ABSTRACTAlzheimer-DSAndreStrydom.pdf\" target=\"_blank\" rel=\"noopener noreferrer\">\u03a0\u03c1\u03bf\u03b2\u03bf\u03bb\u03ae \u03c0\u03b5\u03c1\u03af\u03bb\u03b7\u03c8\u03b7\u03c2<\/a>)<\/li>\n<\/ul>","protected":false},"excerpt":{"rendered":"<p>Looking for Down syndrome treatment: an inspiring scientific project which deserves EU\u2019s political will European researchers, who were invited by&hellip;<\/p>","protected":false},"author":2,"featured_media":0,"parent":14422,"menu_order":0,"comment_status":"closed","ping_status":"closed","template":"","meta":{"_acf_changed":false,"footnotes":""},"class_list":["post-14530","page","type-page","status-publish","hentry"],"acf":[],"_links":{"self":[{"href":"https:\/\/eufortrisomy21.eu\/el\/wp-json\/wp\/v2\/pages\/14530"}],"collection":[{"href":"https:\/\/eufortrisomy21.eu\/el\/wp-json\/wp\/v2\/pages"}],"about":[{"href":"https:\/\/eufortrisomy21.eu\/el\/wp-json\/wp\/v2\/types\/page"}],"author":[{"embeddable":true,"href":"https:\/\/eufortrisomy21.eu\/el\/wp-json\/wp\/v2\/users\/2"}],"replies":[{"embeddable":true,"href":"https:\/\/eufortrisomy21.eu\/el\/wp-json\/wp\/v2\/comments?post=14530"}],"version-history":[{"count":0,"href":"https:\/\/eufortrisomy21.eu\/el\/wp-json\/wp\/v2\/pages\/14530\/revisions"}],"up":[{"embeddable":true,"href":"https:\/\/eufortrisomy21.eu\/el\/wp-json\/wp\/v2\/pages\/14422"}],"wp:attachment":[{"href":"https:\/\/eufortrisomy21.eu\/el\/wp-json\/wp\/v2\/media?parent=14530"}],"curies":[{"name":"wp","href":"https:\/\/api.w.org\/{rel}","templated":true}]}}