{"id":29611,"date":"2021-01-12T11:33:14","date_gmt":"2021-01-12T10:33:14","guid":{"rendered":"https:\/\/eufortrisomy21.eu\/?post_type=ngo&#038;p=29611"},"modified":"2021-02-05T23:48:16","modified_gmt":"2021-02-05T22:48:16","slug":"asociatia-copiilor-cu-sindrom-down-zambete-si-suflete-curate","status":"publish","type":"ngo","link":"https:\/\/eufortrisomy21.eu\/es\/ngo\/asociatia-copiilor-cu-sindrom-down-zambete-si-suflete-curate\/","title":{"rendered":"Asociatia Copiilor cu Sindrom Down \u201cZambete si Suflete Curate\u201d"},"content":{"rendered":"<table border=\"0\" width=\"99%\" cellspacing=\"0\" cellpadding=\"1\" bgcolor=\"#EAEAEA\">\n<tbody>\n<tr>\n<td>\n<table border=\"0\" width=\"100%\" cellspacing=\"0\" cellpadding=\"5\" bgcolor=\"#FFFFFF\">\n<tbody>\n<tr bgcolor=\"#EAF2FA\">\n<td colspan=\"2\"><span style=\"font-family: sans-serif; font-size: 12px;\"><strong>Name of the NGO<\/strong><\/span><\/td>\n<\/tr>\n<tr bgcolor=\"#FFFFFF\">\n<td width=\"20\"><\/td>\n<td><span style=\"font-family: sans-serif; font-size: 12px;\">Asociatia Copiilor cu Sindrom Down \u201cZambete si Suflete Curate\u201d<\/span><\/td>\n<\/tr>\n<tr bgcolor=\"#EAF2FA\">\n<td colspan=\"2\"><span style=\"font-family: sans-serif; font-size: 12px;\"><strong>Pa\u00eds<\/strong><\/span><\/td>\n<\/tr>\n<tr bgcolor=\"#FFFFFF\">\n<td width=\"20\"><\/td>\n<td><span style=\"font-family: sans-serif; font-size: 12px;\">RUMANIA<\/span><\/td>\n<\/tr>\n<tr bgcolor=\"#EAF2FA\">\n<td colspan=\"2\"><span style=\"font-family: sans-serif; font-size: 12px;\"><strong>Short presentation of the NGO<\/strong><\/span><\/td>\n<\/tr>\n<tr bgcolor=\"#FFFFFF\">\n<td width=\"20\"><\/td>\n<td><span style=\"font-family: sans-serif; font-size: 12px;\">We are a group of parents of children with Down Syndrome, concerned about their future. What they will do when they will be adults? That&#8217;s why, our aim is to construct a Center with workshops, a greenhouse and a fruit farm, where they can work and learn and eventually they will live.<\/span><\/td>\n<\/tr>\n<tr bgcolor=\"#EAF2FA\">\n<td colspan=\"2\"><span style=\"font-family: sans-serif; font-size: 12px;\"><strong>Contact person&#8217;s first name<\/strong><\/span><\/td>\n<\/tr>\n<tr bgcolor=\"#FFFFFF\">\n<td width=\"20\"><\/td>\n<td><span style=\"font-family: sans-serif; font-size: 12px;\">Silvana<\/span><\/td>\n<\/tr>\n<tr bgcolor=\"#EAF2FA\">\n<td colspan=\"2\"><span style=\"font-family: sans-serif; font-size: 12px;\"><strong>Contact person&#8217;s last name<\/strong><\/span><\/td>\n<\/tr>\n<tr bgcolor=\"#FFFFFF\">\n<td width=\"20\"><\/td>\n<td><span style=\"font-family: sans-serif; font-size: 12px;\">Atanasescu<\/span><\/td>\n<\/tr>\n<tr bgcolor=\"#EAF2FA\">\n<td colspan=\"2\"><span style=\"font-family: sans-serif; font-size: 12px;\"><strong>Email<\/strong><\/span><\/td>\n<\/tr>\n<tr bgcolor=\"#FFFFFF\">\n<td width=\"20\"><\/td>\n<td><span style=\"font-family: sans-serif; font-size: 12px;\">silvanaatanasescu@gmail.com<\/span><\/td>\n<\/tr>\n<tr bgcolor=\"#EAF2FA\">\n<td colspan=\"2\"><span style=\"font-family: sans-serif; font-size: 12px;\"><strong>Tel\u00e9fono<\/strong><\/span><\/td>\n<\/tr>\n<tr bgcolor=\"#FFFFFF\">\n<td width=\"20\"><\/td>\n<td><span style=\"font-family: sans-serif; font-size: 12px;\">+40725101295<\/span><\/td>\n<\/tr>\n<tr bgcolor=\"#EAF2FA\">\n<td colspan=\"2\"><span style=\"font-family: sans-serif; font-size: 12px;\"><strong>Ciudad<\/strong><\/span><\/td>\n<\/tr>\n<tr bgcolor=\"#FFFFFF\">\n<td width=\"20\"><\/td>\n<td><span style=\"font-family: sans-serif; font-size: 12px;\">Brasov<\/span><\/td>\n<\/tr>\n<tr bgcolor=\"#EAF2FA\">\n<td colspan=\"2\"><span style=\"font-family: sans-serif; font-size: 12px;\"><strong>I want to register one or more people with Down&#8217;s syndrome<\/strong><\/span><\/td>\n<\/tr>\n<tr bgcolor=\"#FFFFFF\">\n<td width=\"20\"><\/td>\n<td><span style=\"font-family: sans-serif; font-size: 12px;\">Yes, bring me to the citizen registration form submitting<\/span><\/td>\n<\/tr>\n<tr bgcolor=\"#EAF2FA\">\n<td colspan=\"2\"><span style=\"font-family: sans-serif; font-size: 12px;\"><strong>Contact optin<\/strong><\/span><\/td>\n<\/tr>\n<tr bgcolor=\"#FFFFFF\">\n<td width=\"20\"><\/td>\n<td>\n<ul class=\"bulleted\">\n<li>I would like to be contacted to become a partner of EU for Trisomy 21<\/li>\n<\/ul>\n<p>&nbsp;<\/td>\n<\/tr>\n<tr bgcolor=\"#EAF2FA\">\n<td colspan=\"2\"><\/td>\n<\/tr>\n<tr bgcolor=\"#FFFFFF\">\n<td width=\"20\"><\/td>\n<td><span style=\"font-family: sans-serif; font-size: 12px;\"><span style=\"font-family: sans-serif; font-size: 12px;\"><img decoding=\"async\" src=\"https:\/\/eufortrisomy21.eu\/wp-content\/plugins\/gravityforms\/images\/tick.png\" \/> Acepto la pol\u00edtica de privacidad.<\/span><\/span><\/p>\n<div class=\"gfield_consent_description\">Al completar este formulario, acepta que sus datos de contacto se incluir\u00e1n en el archivo de contacto de EUfortrisomy21. Tenga en cuenta que este archivo sigue siendo responsabilidad exclusiva de EUfortrisomy21 y que en ning\u00fan caso se comparte con otras entidades. Si ya no desea recibir nuestras comunicaciones en el futuro, simplemente cancele la suscripci\u00f3n con el enlace a continuaci\u00f3n. Tendr\u00e1 derecho a acceder, rectificar o suprimir los datos que le conciernen en cualquier momento, y derecho a oponerse o limitar su tratamiento. Para ejercer sus derechos, puede contactarnos en privacy @ eufortrisomy21. Para m\u00e1s informaci\u00f3n sobre la protecci\u00f3n de sus datos personales: privacidad @ eufortrisomy21<\/div>\n<p>&nbsp;<\/td>\n<\/tr>\n<\/tbody>\n<\/table>\n<\/td>\n<\/tr>\n<\/tbody>\n<\/table>","protected":false},"featured_media":0,"template":"","country":[27],"class_list":["post-29611","ngo","type-ngo","status-publish","hentry","country-romania"],"acf":[],"_links":{"self":[{"href":"https:\/\/eufortrisomy21.eu\/es\/wp-json\/wp\/v2\/ngo\/29611"}],"collection":[{"href":"https:\/\/eufortrisomy21.eu\/es\/wp-json\/wp\/v2\/ngo"}],"about":[{"href":"https:\/\/eufortrisomy21.eu\/es\/wp-json\/wp\/v2\/types\/ngo"}],"version-history":[{"count":0,"href":"https:\/\/eufortrisomy21.eu\/es\/wp-json\/wp\/v2\/ngo\/29611\/revisions"}],"wp:attachment":[{"href":"https:\/\/eufortrisomy21.eu\/es\/wp-json\/wp\/v2\/media?parent=29611"}],"wp:term":[{"taxonomy":"country","embeddable":true,"href":"https:\/\/eufortrisomy21.eu\/es\/wp-json\/wp\/v2\/country?post=29611"}],"curies":[{"name":"wp","href":"https:\/\/api.w.org\/{rel}","templated":true}]}}