{"id":15454,"date":"2020-09-18T13:28:34","date_gmt":"2020-09-18T11:28:34","guid":{"rendered":"https:\/\/eufortrisomy21.eu\/?page_id=15454"},"modified":"2022-02-01T23:01:21","modified_gmt":"2022-02-01T22:01:21","slug":"for-ngo","status":"publish","type":"page","link":"https:\/\/eufortrisomy21.eu\/es\/21march21\/for-ngo\/","title":{"rendered":"Participate as NGO"},"content":{"rendered":"\n<h1>\n\t\tI am a Civil Society Organisation\n\t<\/h1>\n\t<p>Become a Partner organisation to the EU for Trisomy 21 and help us to make a great World Down Syndrome day celebration at European Level.<\/p>\n\t\t\t<a href=\"https:\/\/eufortrisomy21.eu\/21march21\/for-ngo\/ngo-registration\/\" target=\"_self\" rel=\"noopener\">\n\t\t<h4>Register as an NGO<\/h4>\n\t\t\t<p>And become a partner<\/p>\t\t\n\t\t<\/a>\n\t\t\t<a href=\"https:\/\/eufortrisomy21.eu\/21march21\/for-citizen\/meps\/\" target=\"_self\" rel=\"noopener\">\n\t\t<h4>List of MEPs<\/h4>\n\t\t\t<p>Discover the Members of the European Parliament already supporting World Down Syndrome Day<\/p>\t\t\n\t\t<\/a>\n\t\t\t<a href=\"https:\/\/eufortrisomy21.eu\/21march21\/for-ngo\/list-of-ngos\/\" target=\"_self\" rel=\"noopener\">\n\t\t<h4>List of NGOs<\/h4>\n\t\t\t<p>Discover all the Civil society organisations participating in the World Down Syndrome celebration at European level<\/p>\t\t\n\t\t<\/a>\n\t<h3>What it&#8217;s like to be a partner ?<\/h3>\n<p>As a partner you commit to relay EU for Trisomy 21 actions for World Down syndrome Day Specifically the promotion of the sponsorship program for people with Down Syndrome and member of the European Parliament.<\/p>\n\t<h3>Who can be a partner?<\/h3>\n<ul>\n<li>Civil society actors in connection with Down syndrome<\/li>\n<li>Private or public actors wanting to support financially<\/li>\n<\/ul>\n\t\t\t\t<img decoding=\"async\" src=\"https:\/\/lite.demos.wpbeaverbuilder.com\/wp-content\/uploads\/sites\/28\/2020\/02\/office.jpg\" alt=\"\" itemprop=\"image\" onerror=\"this.style.display='none'\"  \/>\n<h2>\n\t\tAbout Eufortrisomy21.eu\n\t<\/h2>\n\t<p>A platform for the collaboration of associations, citizens and politicians working together for the celebration of World Down syndrome Day, to make visible the intellectual disability in general and persons with trisomy 21 in particular (most common intellectual disability of genetic origin, also called Down syndrome).<\/p>\n\t\t\t<a href=\"https:\/\/eufortrisomy21.eu\/about\/\" target=\"_self\" role=\"button\" rel=\"noopener\">\n\t\t\t\t\t\t\tMore information\n\t\t\t\t\t<\/a>\n<h2>\n\t\tPartners\n\t<\/h2>\n\t<meta itemscope itemprop=\"mainEntityOfPage\" itemtype=\"https:\/\/schema.org\/WebPage\" itemid=\"https:\/\/eufortrisomy21.eu\/ngo\/inclusion-finland-fduv\/\" content=\"Inclusion Finland FDUV\" \/><meta itemprop=\"datePublished\" content=\"2021-05-10\" \/><meta itemprop=\"dateModified\" content=\"2021-05-10\" \/><meta itemprop=\"name\" content=\"EU for Trisomy 21\"\/><meta itemprop=\"url\" content=\"https:\/\/eufortrisomy21.eu\/author\/contacteufortrisomy21-eu\/\" \/><meta itemprop=\"name\" content=\"contact@eufortrisomy21.eu\" \/><meta itemprop=\"interactionType\" content=\"https:\/\/schema.org\/CommentAction\" \/><meta itemprop=\"userInteractionCount\" content=\"0\" \/>\n<a href=\"https:\/\/eufortrisomy21.eu\/ngo\/inclusion-finland-fduv\/\">\n\t<img decoding=\"async\" src=\"https:\/\/eufortrisomy21.eu\/wp-content\/uploads\/2021\/05\/FDUV_logo-1024x434.jpg\"\/>\n\t<\/a>\n\t<meta itemscope itemprop=\"mainEntityOfPage\" itemtype=\"https:\/\/schema.org\/WebPage\" itemid=\"https:\/\/eufortrisomy21.eu\/ngo\/kreissportjugend-im-kreissportbund-sonneberg-e-v\/\" content=\"Kreissportjugend im Kreissportbund Sonneberg e.V.\" \/><meta itemprop=\"datePublished\" content=\"2021-03-18\" \/><meta itemprop=\"dateModified\" content=\"2021-03-18\" \/><meta itemprop=\"name\" content=\"EU for Trisomy 21\"\/><meta itemprop=\"url\" content=\"https:\/\/eufortrisomy21.eu\/author\/contacteufortrisomy21-eu\/\" \/><meta itemprop=\"name\" content=\"contact@eufortrisomy21.eu\" \/><meta itemprop=\"interactionType\" content=\"https:\/\/schema.org\/CommentAction\" \/><meta itemprop=\"userInteractionCount\" content=\"0\" \/>\n<a href=\"https:\/\/eufortrisomy21.eu\/ngo\/kreissportjugend-im-kreissportbund-sonneberg-e-v\/\">\n\t<img decoding=\"async\" src=\"https:\/\/eufortrisomy21.eu\/wp-content\/uploads\/2021\/03\/Logo-KSJ.doc\"\/>\n\t<\/a>\n\t<meta itemscope itemprop=\"mainEntityOfPage\" itemtype=\"https:\/\/schema.org\/WebPage\" itemid=\"https:\/\/eufortrisomy21.eu\/ngo\/%cf%83%cf%85%ce%bb%ce%bb%ce%bf%ce%b3%ce%bf%cf%83-%cf%86%ce%b9%ce%bb%cf%89%ce%bd-%cf%84%cf%89%ce%bd-%ce%ba%ce%b1%cf%81%ce%ba%ce%b9%ce%bd%ce%bf%cf%80%ce%b1%ce%b8%cf%89%ce%bd-%cf%80%ce%b1%ce%b9%ce%b4\/\" content=\"\u03a3\u03a5\u039b\u039b\u039f\u0393\u039f\u03a3 \u03a6\u0399\u039b\u03a9\u039d \u03a4\u03a9\u039d \u039a\u0391\u03a1\u039a\u0399\u039d\u039f\u03a0\u0391\u0398\u03a9\u039d \u03a0\u0391\u0399\u0394\u0399\u03a9\u039d &#8220;\u03a3\u03a4\u039f\u03a1\u0393\u0397&#8221;\" \/><meta itemprop=\"datePublished\" content=\"2021-03-18\" \/><meta itemprop=\"dateModified\" content=\"2021-03-18\" \/><meta itemprop=\"name\" content=\"EU for Trisomy 21\"\/><meta itemprop=\"url\" content=\"https:\/\/eufortrisomy21.eu\/author\/contacteufortrisomy21-eu\/\" \/><meta itemprop=\"name\" content=\"contact@eufortrisomy21.eu\" \/><meta itemprop=\"interactionType\" content=\"https:\/\/schema.org\/CommentAction\" \/><meta itemprop=\"userInteractionCount\" content=\"0\" \/>\n<a href=\"https:\/\/eufortrisomy21.eu\/ngo\/%cf%83%cf%85%ce%bb%ce%bb%ce%bf%ce%b3%ce%bf%cf%83-%cf%86%ce%b9%ce%bb%cf%89%ce%bd-%cf%84%cf%89%ce%bd-%ce%ba%ce%b1%cf%81%ce%ba%ce%b9%ce%bd%ce%bf%cf%80%ce%b1%ce%b8%cf%89%ce%bd-%cf%80%ce%b1%ce%b9%ce%b4\/\">\n\t<img decoding=\"async\" src=\"https:\/\/eufortrisomy21.eu\/wp-content\/uploads\/2021\/03\/\u03bd\u03b5\u03bf.docx\"\/>\n\t<\/a>\n\t<meta itemscope itemprop=\"mainEntityOfPage\" itemtype=\"https:\/\/schema.org\/WebPage\" itemid=\"https:\/\/eufortrisomy21.eu\/ngo\/the-christian-organization-of-good-samaritan\/\" content=\"The Christian Organization of Good Samaritan\" \/><meta itemprop=\"datePublished\" content=\"2021-03-16\" \/><meta itemprop=\"dateModified\" content=\"2021-03-18\" \/><meta itemprop=\"name\" content=\"EU for Trisomy 21\"\/><meta itemprop=\"url\" content=\"https:\/\/eufortrisomy21.eu\/author\/contacteufortrisomy21-eu\/\" \/><meta itemprop=\"name\" content=\"contact@eufortrisomy21.eu\" \/><meta itemprop=\"interactionType\" content=\"https:\/\/schema.org\/CommentAction\" \/><meta itemprop=\"userInteractionCount\" content=\"0\" \/>\n<a href=\"https:\/\/eufortrisomy21.eu\/ngo\/the-christian-organization-of-good-samaritan\/\">\n\tThe Christian Organization of Good Samaritan\n\t<\/a>\n\t<meta itemscope itemprop=\"mainEntityOfPage\" itemtype=\"https:\/\/schema.org\/WebPage\" itemid=\"https:\/\/eufortrisomy21.eu\/ngo\/slovak-down-syndrome-association\/\" content=\"Slovak Down Syndrome association\" \/><meta itemprop=\"datePublished\" content=\"2021-03-15\" \/><meta itemprop=\"dateModified\" content=\"2021-07-18\" \/><meta itemprop=\"name\" content=\"EU for Trisomy 21\"\/><meta itemprop=\"url\" content=\"https:\/\/eufortrisomy21.eu\/author\/contacteufortrisomy21-eu\/\" \/><meta itemprop=\"name\" content=\"contact@eufortrisomy21.eu\" \/><meta itemprop=\"interactionType\" content=\"https:\/\/schema.org\/CommentAction\" \/><meta itemprop=\"userInteractionCount\" content=\"0\" \/>\n<a href=\"https:\/\/eufortrisomy21.eu\/ngo\/slovak-down-syndrome-association\/\">\n\t<img decoding=\"async\" src=\"https:\/\/eufortrisomy21.eu\/wp-content\/uploads\/2021\/03\/SDS_logo_full.png\"\/>\n\t<\/a>\n\t<meta itemscope itemprop=\"mainEntityOfPage\" itemtype=\"https:\/\/schema.org\/WebPage\" itemid=\"https:\/\/eufortrisomy21.eu\/ngo\/fundacja-supersprawni\/\" content=\"Fundacja SUPERSPRAWNI\" \/><meta itemprop=\"datePublished\" content=\"2021-03-15\" \/><meta itemprop=\"dateModified\" content=\"2021-03-15\" \/><meta itemprop=\"name\" content=\"EU for Trisomy 21\"\/><meta itemprop=\"url\" content=\"https:\/\/eufortrisomy21.eu\/author\/contacteufortrisomy21-eu\/\" \/><meta itemprop=\"name\" content=\"contact@eufortrisomy21.eu\" \/><meta itemprop=\"interactionType\" content=\"https:\/\/schema.org\/CommentAction\" \/><meta itemprop=\"userInteractionCount\" content=\"0\" \/>\n<a href=\"https:\/\/eufortrisomy21.eu\/ngo\/fundacja-supersprawni\/\">\n\t<img decoding=\"async\" src=\"https:\/\/eufortrisomy21.eu\/wp-content\/uploads\/2021\/03\/SUPERSPRAWNI_KOLOR-1024x321.png\"\/>\n\t<\/a>\n\t<meta itemscope itemprop=\"mainEntityOfPage\" itemtype=\"https:\/\/schema.org\/WebPage\" itemid=\"https:\/\/eufortrisomy21.eu\/ngo\/ich-bin-aktiv\/\" content=\"ich bin aktiv\" \/><meta itemprop=\"datePublished\" content=\"2021-03-15\" \/><meta itemprop=\"dateModified\" content=\"2021-03-15\" \/><meta itemprop=\"name\" content=\"EU for Trisomy 21\"\/><meta itemprop=\"url\" content=\"https:\/\/eufortrisomy21.eu\/author\/contacteufortrisomy21-eu\/\" \/><meta itemprop=\"name\" content=\"contact@eufortrisomy21.eu\" \/><meta itemprop=\"interactionType\" content=\"https:\/\/schema.org\/CommentAction\" \/><meta itemprop=\"userInteractionCount\" content=\"0\" \/>\n<a href=\"https:\/\/eufortrisomy21.eu\/ngo\/ich-bin-aktiv\/\">\n\t<img decoding=\"async\" src=\"https:\/\/eufortrisomy21.eu\/wp-content\/uploads\/2021\/03\/ichbinaktiv_LOGO-1024x1024.jpg\"\/>\n\t<\/a>\n\t<meta itemscope itemprop=\"mainEntityOfPage\" itemtype=\"https:\/\/schema.org\/WebPage\" itemid=\"https:\/\/eufortrisomy21.eu\/ngo\/down-syndrome-ireland-mayo-branch\/\" content=\"Down Syndrome Ireland Mayo Branch\" \/><meta itemprop=\"datePublished\" content=\"2021-03-12\" \/><meta itemprop=\"dateModified\" content=\"2021-03-12\" \/><meta itemprop=\"name\" content=\"EU for Trisomy 21\"\/><meta itemprop=\"url\" content=\"https:\/\/eufortrisomy21.eu\/author\/contacteufortrisomy21-eu\/\" \/><meta itemprop=\"name\" content=\"contact@eufortrisomy21.eu\" \/><meta itemprop=\"interactionType\" content=\"https:\/\/schema.org\/CommentAction\" \/><meta itemprop=\"userInteractionCount\" content=\"0\" \/>\n<a href=\"https:\/\/eufortrisomy21.eu\/ngo\/down-syndrome-ireland-mayo-branch\/\">\n\tDown Syndrome Ireland Mayo Branch\n\t<\/a>\n\t<meta itemscope itemprop=\"mainEntityOfPage\" itemtype=\"https:\/\/schema.org\/WebPage\" itemid=\"https:\/\/eufortrisomy21.eu\/ngo\/downi-sundroomi-uhing-down-syndrome-association-estonia\/\" content=\"Downi S\u00fcndroomi \u00dching \/ Down Syndrome Association Estonia\" \/><meta itemprop=\"datePublished\" content=\"2021-03-11\" \/><meta itemprop=\"dateModified\" content=\"2021-03-12\" \/><meta itemprop=\"name\" content=\"EU for Trisomy 21\"\/><meta itemprop=\"url\" content=\"https:\/\/eufortrisomy21.eu\/author\/contacteufortrisomy21-eu\/\" \/><meta itemprop=\"name\" content=\"contact@eufortrisomy21.eu\" \/><meta itemprop=\"interactionType\" content=\"https:\/\/schema.org\/CommentAction\" \/><meta itemprop=\"userInteractionCount\" content=\"0\" \/>\n<a href=\"https:\/\/eufortrisomy21.eu\/ngo\/downi-sundroomi-uhing-down-syndrome-association-estonia\/\">\n\tDowni S\u00fcndroomi \u00dching \/ Down Syndrome Association Estonia\n\t<\/a>\n\t<meta itemscope itemprop=\"mainEntityOfPage\" itemtype=\"https:\/\/schema.org\/WebPage\" itemid=\"https:\/\/eufortrisomy21.eu\/ngo\/inclution-org\/\" content=\"inclution.org\" \/><meta itemprop=\"datePublished\" content=\"2021-03-11\" \/><meta itemprop=\"dateModified\" content=\"2021-03-11\" \/><meta itemprop=\"name\" content=\"EU for Trisomy 21\"\/><meta itemprop=\"url\" content=\"https:\/\/eufortrisomy21.eu\/author\/contacteufortrisomy21-eu\/\" \/><meta itemprop=\"name\" content=\"contact@eufortrisomy21.eu\" \/><meta itemprop=\"interactionType\" content=\"https:\/\/schema.org\/CommentAction\" \/><meta itemprop=\"userInteractionCount\" content=\"0\" \/>\n<a href=\"https:\/\/eufortrisomy21.eu\/ngo\/inclution-org\/\">\n\t<img decoding=\"async\" src=\"https:\/\/eufortrisomy21.eu\/wp-content\/uploads\/2021\/03\/inclution_450x450_blau.jpg\"\/>\n\t<\/a>\n\t<meta itemscope itemprop=\"mainEntityOfPage\" itemtype=\"https:\/\/schema.org\/WebPage\" itemid=\"https:\/\/eufortrisomy21.eu\/ngo\/triso-opolskie-stowarzyszenie-na-rzecz-rozwoju-dzueci-z-trisomia-21\/\" content=\"TRISO OPOLSKIE STOWARZYSZENIE NA RZECZ ROZWOJU DZUECI Z TRISOMI\u0104 21\" \/><meta itemprop=\"datePublished\" content=\"2021-03-11\" \/><meta itemprop=\"dateModified\" content=\"2021-03-11\" \/><meta itemprop=\"name\" content=\"EU for Trisomy 21\"\/><meta itemprop=\"url\" content=\"https:\/\/eufortrisomy21.eu\/author\/contacteufortrisomy21-eu\/\" \/><meta itemprop=\"name\" content=\"contact@eufortrisomy21.eu\" \/><meta itemprop=\"interactionType\" content=\"https:\/\/schema.org\/CommentAction\" \/><meta itemprop=\"userInteractionCount\" content=\"0\" \/>\n<a href=\"https:\/\/eufortrisomy21.eu\/ngo\/triso-opolskie-stowarzyszenie-na-rzecz-rozwoju-dzueci-z-trisomia-21\/\">\n\t<img decoding=\"async\" src=\"https:\/\/eufortrisomy21.eu\/wp-content\/uploads\/2021\/03\/logo-A.jpg\"\/>\n\t<\/a>\n\t<meta itemscope itemprop=\"mainEntityOfPage\" itemtype=\"https:\/\/schema.org\/WebPage\" itemid=\"https:\/\/eufortrisomy21.eu\/ngo\/ja-wybieram-stowarzyszenie-na-rzecz-osob-wyjatkowych\/\" content=\"JA-WYBIERAM. Stowarzyszenie na rzecz os\u00f3b wyj\u0105tkowych\" \/><meta itemprop=\"datePublished\" content=\"2021-03-09\" \/><meta itemprop=\"dateModified\" content=\"2021-03-10\" \/><meta itemprop=\"name\" content=\"EU for Trisomy 21\"\/><meta itemprop=\"url\" content=\"https:\/\/eufortrisomy21.eu\/author\/contacteufortrisomy21-eu\/\" \/><meta itemprop=\"name\" content=\"contact@eufortrisomy21.eu\" \/><meta itemprop=\"interactionType\" content=\"https:\/\/schema.org\/CommentAction\" \/><meta itemprop=\"userInteractionCount\" content=\"0\" \/>\n<a href=\"https:\/\/eufortrisomy21.eu\/ngo\/ja-wybieram-stowarzyszenie-na-rzecz-osob-wyjatkowych\/\">\n\t<img decoding=\"async\" src=\"https:\/\/eufortrisomy21.eu\/wp-content\/uploads\/2021\/03\/ja-wybieram.logo_-1024x516.jpg\"\/>\n\t<\/a>\n\t<meta itemscope itemprop=\"mainEntityOfPage\" itemtype=\"https:\/\/schema.org\/WebPage\" itemid=\"https:\/\/eufortrisomy21.eu\/ngo\/larche-le-caillou-blanc\/\" content=\"L&#8217;Arche le Caillou Blanc\" \/><meta itemprop=\"datePublished\" content=\"2021-03-08\" \/><meta itemprop=\"dateModified\" content=\"2021-03-09\" \/><meta itemprop=\"name\" content=\"EU for Trisomy 21\"\/><meta itemprop=\"url\" content=\"https:\/\/eufortrisomy21.eu\/author\/contacteufortrisomy21-eu\/\" \/><meta itemprop=\"name\" content=\"contact@eufortrisomy21.eu\" \/><meta itemprop=\"interactionType\" content=\"https:\/\/schema.org\/CommentAction\" \/><meta itemprop=\"userInteractionCount\" content=\"0\" \/>\n<a href=\"https:\/\/eufortrisomy21.eu\/ngo\/larche-le-caillou-blanc\/\">\n\t<img decoding=\"async\" src=\"https:\/\/eufortrisomy21.eu\/wp-content\/uploads\/2021\/03\/LARCGE-CAILLOU-BLANC-1024x1024.jpg\"\/>\n\t<\/a>\n\t<meta itemscope itemprop=\"mainEntityOfPage\" itemtype=\"https:\/\/schema.org\/WebPage\" itemid=\"https:\/\/eufortrisomy21.eu\/ngo\/association-chromosome-surprise\/\" content=\"ASSOCIATION CHROMOSOME SURPRISE\" \/><meta itemprop=\"datePublished\" content=\"2021-03-06\" \/><meta itemprop=\"dateModified\" content=\"2021-03-09\" \/><meta itemprop=\"name\" content=\"EU for Trisomy 21\"\/><meta itemprop=\"url\" content=\"https:\/\/eufortrisomy21.eu\/author\/contacteufortrisomy21-eu\/\" \/><meta itemprop=\"name\" content=\"contact@eufortrisomy21.eu\" \/><meta itemprop=\"interactionType\" content=\"https:\/\/schema.org\/CommentAction\" \/><meta itemprop=\"userInteractionCount\" content=\"0\" \/>\n<a href=\"https:\/\/eufortrisomy21.eu\/ngo\/association-chromosome-surprise\/\">\n\t<img decoding=\"async\" src=\"https:\/\/eufortrisomy21.eu\/wp-content\/uploads\/2021\/03\/LOGO-1-1024x351.png\"\/>\n\t<\/a>\n\t<meta itemscope itemprop=\"mainEntityOfPage\" itemtype=\"https:\/\/schema.org\/WebPage\" itemid=\"https:\/\/eufortrisomy21.eu\/ngo\/stowarzyszenie-chata-z-pomyslami-the-hut-with-ideas-association\/\" content=\"Stowarzyszenie \u201eChata z pomys\u0142ami\" (\u201eThe Hut with Ideas\" Association)\" \/><meta itemprop=\"datePublished\" content=\"2021-03-03\" \/><meta itemprop=\"dateModified\" content=\"2021-03-04\" \/><meta itemprop=\"name\" content=\"EU for Trisomy 21\"\/><meta itemprop=\"url\" content=\"https:\/\/eufortrisomy21.eu\/author\/contacteufortrisomy21-eu\/\" \/><meta itemprop=\"name\" content=\"contact@eufortrisomy21.eu\" \/><meta itemprop=\"interactionType\" content=\"https:\/\/schema.org\/CommentAction\" \/><meta itemprop=\"userInteractionCount\" content=\"0\" \/>\n<a href=\"https:\/\/eufortrisomy21.eu\/ngo\/stowarzyszenie-chata-z-pomyslami-the-hut-with-ideas-association\/\">\n\t<img decoding=\"async\" src=\"https:\/\/eufortrisomy21.eu\/wp-content\/uploads\/2021\/03\/logo-Chata-FB.png\"\/>\n\t<\/a>\n\t<meta itemscope itemprop=\"mainEntityOfPage\" itemtype=\"https:\/\/schema.org\/WebPage\" itemid=\"https:\/\/eufortrisomy21.eu\/ngo\/happycurien-asbl\/\" content=\"HAPPYCURIEN ASBL\" \/><meta itemprop=\"datePublished\" content=\"2021-03-03\" \/><meta itemprop=\"dateModified\" content=\"2021-03-08\" \/><meta itemprop=\"name\" content=\"EU for Trisomy 21\"\/><meta itemprop=\"url\" content=\"https:\/\/eufortrisomy21.eu\/author\/contacteufortrisomy21-eu\/\" \/><meta itemprop=\"name\" content=\"contact@eufortrisomy21.eu\" \/><meta itemprop=\"interactionType\" content=\"https:\/\/schema.org\/CommentAction\" \/><meta itemprop=\"userInteractionCount\" content=\"0\" \/>\n<a href=\"https:\/\/eufortrisomy21.eu\/ngo\/happycurien-asbl\/\">\n\t<img decoding=\"async\" src=\"https:\/\/eufortrisomy21.eu\/wp-content\/uploads\/2021\/03\/Logo_RGB.png\"\/>\n\t<\/a>\n\t<meta itemscope itemprop=\"mainEntityOfPage\" itemtype=\"https:\/\/schema.org\/WebPage\" itemid=\"https:\/\/eufortrisomy21.eu\/ngo\/%ce%ba%ce%b4%ce%b1%cf%80-%ce%bc%ce%b5%ce%b1-%cf%83%cf%85%ce%ba%ce%b5%cf%89%ce%bd\/\" content=\"\u039a\u0394\u0391\u03a0 \u039c\u0395\u0391 \u03a3\u03a5\u039a\u0395\u03a9\u039d\" \/><meta itemprop=\"datePublished\" content=\"2021-03-02\" \/><meta itemprop=\"dateModified\" content=\"2021-03-03\" \/><meta itemprop=\"name\" content=\"EU for Trisomy 21\"\/><meta itemprop=\"url\" content=\"https:\/\/eufortrisomy21.eu\/author\/contacteufortrisomy21-eu\/\" \/><meta itemprop=\"name\" content=\"contact@eufortrisomy21.eu\" \/><meta itemprop=\"interactionType\" content=\"https:\/\/schema.org\/CommentAction\" \/><meta itemprop=\"userInteractionCount\" content=\"0\" \/>\n<a href=\"https:\/\/eufortrisomy21.eu\/ngo\/%ce%ba%ce%b4%ce%b1%cf%80-%ce%bc%ce%b5%ce%b1-%cf%83%cf%85%ce%ba%ce%b5%cf%89%ce%bd\/\">\n\t<img decoding=\"async\" src=\"https:\/\/eufortrisomy21.eu\/wp-content\/uploads\/2021\/03\/\u039a\u0394\u0391\u03a0-\u039c\u0395\u0391-\u03a3\u03a5\u039a\u0395\u03a9\u039d.doc\"\/>\n\t<\/a>\n\t<meta itemscope itemprop=\"mainEntityOfPage\" itemtype=\"https:\/\/schema.org\/WebPage\" itemid=\"https:\/\/eufortrisomy21.eu\/ngo\/association-la-ferme-de-tobie\/\" content=\"Association La ferme de Tobie\" \/><meta itemprop=\"datePublished\" content=\"2021-03-01\" \/><meta itemprop=\"dateModified\" content=\"2021-03-03\" \/><meta itemprop=\"name\" content=\"EU for Trisomy 21\"\/><meta itemprop=\"url\" content=\"https:\/\/eufortrisomy21.eu\/author\/contacteufortrisomy21-eu\/\" \/><meta itemprop=\"name\" content=\"contact@eufortrisomy21.eu\" \/><meta itemprop=\"interactionType\" content=\"https:\/\/schema.org\/CommentAction\" \/><meta itemprop=\"userInteractionCount\" content=\"0\" \/>\n<a href=\"https:\/\/eufortrisomy21.eu\/ngo\/association-la-ferme-de-tobie\/\">\n\t<img decoding=\"async\" src=\"https:\/\/eufortrisomy21.eu\/wp-content\/uploads\/2021\/03\/logofermetobie-2-1024x1024.jpg\"\/>\n\t<\/a>\n\t<meta itemscope itemprop=\"mainEntityOfPage\" itemtype=\"https:\/\/schema.org\/WebPage\" itemid=\"https:\/\/eufortrisomy21.eu\/ngo\/xavier-lapem-t21-rainotte\/\" content=\"APEM-T21\" \/><meta itemprop=\"datePublished\" content=\"2021-03-01\" \/><meta itemprop=\"dateModified\" content=\"2021-03-12\" \/><meta itemprop=\"name\" content=\"EU for Trisomy 21\"\/><meta itemprop=\"url\" content=\"https:\/\/eufortrisomy21.eu\/author\/contacteufortrisomy21-eu\/\" \/><meta itemprop=\"name\" content=\"contact@eufortrisomy21.eu\" \/><meta itemprop=\"interactionType\" content=\"https:\/\/schema.org\/CommentAction\" \/><meta itemprop=\"userInteractionCount\" content=\"0\" \/>\n<a href=\"https:\/\/eufortrisomy21.eu\/ngo\/xavier-lapem-t21-rainotte\/\">\n\t<img decoding=\"async\" src=\"https:\/\/eufortrisomy21.eu\/wp-content\/uploads\/2021\/03\/SERVICESAPEM-T21_logo-1024x1024.jpg\"\/>\n\t<\/a>\n\t<meta itemscope itemprop=\"mainEntityOfPage\" itemtype=\"https:\/\/schema.org\/WebPage\" itemid=\"https:\/\/eufortrisomy21.eu\/ngo\/base-21\/\" content=\"Base 21\" \/><meta itemprop=\"datePublished\" content=\"2021-03-01\" \/><meta itemprop=\"dateModified\" content=\"2021-03-01\" \/><meta itemprop=\"name\" content=\"EU for Trisomy 21\"\/><meta itemprop=\"url\" content=\"https:\/\/eufortrisomy21.eu\/author\/contacteufortrisomy21-eu\/\" \/><meta itemprop=\"name\" content=\"contact@eufortrisomy21.eu\" \/><meta itemprop=\"interactionType\" content=\"https:\/\/schema.org\/CommentAction\" \/><meta itemprop=\"userInteractionCount\" content=\"0\" \/>\n<a href=\"https:\/\/eufortrisomy21.eu\/ngo\/base-21\/\">\n\t<img decoding=\"async\" src=\"https:\/\/eufortrisomy21.eu\/wp-content\/uploads\/2021\/03\/Base-21-DEF.png\"\/>\n\t<\/a>\n\t<meta itemscope itemprop=\"mainEntityOfPage\" itemtype=\"https:\/\/schema.org\/WebPage\" itemid=\"https:\/\/eufortrisomy21.eu\/ngo\/down-syndrom-wien\/\" content=\"Down-Syndrom Wien\" \/><meta itemprop=\"datePublished\" content=\"2021-02-28\" \/><meta itemprop=\"dateModified\" content=\"2021-03-01\" \/><meta itemprop=\"name\" content=\"EU for Trisomy 21\"\/><meta itemprop=\"url\" content=\"https:\/\/eufortrisomy21.eu\/author\/contacteufortrisomy21-eu\/\" \/><meta itemprop=\"name\" content=\"contact@eufortrisomy21.eu\" \/><meta itemprop=\"interactionType\" content=\"https:\/\/schema.org\/CommentAction\" \/><meta itemprop=\"userInteractionCount\" content=\"0\" \/>\n<a href=\"https:\/\/eufortrisomy21.eu\/ngo\/down-syndrom-wien\/\">\n\t<img decoding=\"async\" src=\"https:\/\/eufortrisomy21.eu\/wp-content\/uploads\/2021\/02\/DSWIEN_weiss_ohne.png\"\/>\n\t<\/a>\n\t<meta itemscope itemprop=\"mainEntityOfPage\" itemtype=\"https:\/\/schema.org\/WebPage\" itemid=\"https:\/\/eufortrisomy21.eu\/ngo\/heartbeatmovingchildren\/\" content=\"Heartbeatmovingchildren\" \/><meta itemprop=\"datePublished\" content=\"2021-02-27\" \/><meta itemprop=\"dateModified\" content=\"2021-03-01\" \/><meta itemprop=\"name\" content=\"EU for Trisomy 21\"\/><meta itemprop=\"url\" content=\"https:\/\/eufortrisomy21.eu\/author\/contacteufortrisomy21-eu\/\" \/><meta itemprop=\"name\" content=\"contact@eufortrisomy21.eu\" \/><meta itemprop=\"interactionType\" content=\"https:\/\/schema.org\/CommentAction\" \/><meta itemprop=\"userInteractionCount\" content=\"0\" \/>\n<a href=\"https:\/\/eufortrisomy21.eu\/ngo\/heartbeatmovingchildren\/\">\n\t<img decoding=\"async\" src=\"https:\/\/eufortrisomy21.eu\/wp-content\/uploads\/2021\/02\/AD91F259-771F-4603-BC81-9342E19BF3AA.jpeg\"\/>\n\t<\/a>\n\t<meta itemscope itemprop=\"mainEntityOfPage\" itemtype=\"https:\/\/schema.org\/WebPage\" itemid=\"https:\/\/eufortrisomy21.eu\/ngo\/alternative-21\/\" content=\"Alternative 21\" \/><meta itemprop=\"datePublished\" content=\"2021-02-26\" \/><meta itemprop=\"dateModified\" content=\"2021-02-26\" \/><meta itemprop=\"name\" content=\"EU for Trisomy 21\"\/><meta itemprop=\"url\" content=\"https:\/\/eufortrisomy21.eu\/author\/contacteufortrisomy21-eu\/\" \/><meta itemprop=\"name\" content=\"contact@eufortrisomy21.eu\" \/><meta itemprop=\"interactionType\" content=\"https:\/\/schema.org\/CommentAction\" \/><meta itemprop=\"userInteractionCount\" content=\"0\" \/>\n<a href=\"https:\/\/eufortrisomy21.eu\/ngo\/alternative-21\/\">\n\t<img decoding=\"async\" src=\"https:\/\/eufortrisomy21.eu\/wp-content\/uploads\/2021\/02\/alTernative21_horizontal_Q-1024x408.jpg\"\/>\n\t<\/a>\n\t<meta itemscope itemprop=\"mainEntityOfPage\" itemtype=\"https:\/\/schema.org\/WebPage\" itemid=\"https:\/\/eufortrisomy21.eu\/ngo\/vaimupuudega-inimeste-tugiliit-vaimukad\/\" content=\"Vaimupuudega Inimeste Tugiliit Vaimukad\" \/><meta itemprop=\"datePublished\" content=\"2021-02-26\" \/><meta itemprop=\"dateModified\" content=\"2021-02-26\" \/><meta itemprop=\"name\" content=\"EU for Trisomy 21\"\/><meta itemprop=\"url\" content=\"https:\/\/eufortrisomy21.eu\/author\/contacteufortrisomy21-eu\/\" \/><meta itemprop=\"name\" content=\"contact@eufortrisomy21.eu\" \/><meta itemprop=\"interactionType\" content=\"https:\/\/schema.org\/CommentAction\" \/><meta itemprop=\"userInteractionCount\" content=\"0\" \/>\n<a href=\"https:\/\/eufortrisomy21.eu\/ngo\/vaimupuudega-inimeste-tugiliit-vaimukad\/\">\n\t<img decoding=\"async\" src=\"https:\/\/eufortrisomy21.eu\/wp-content\/uploads\/2021\/02\/vaimukad.jpg\"\/>\n\t<\/a>\n\t<meta itemscope itemprop=\"mainEntityOfPage\" itemtype=\"https:\/\/schema.org\/WebPage\" itemid=\"https:\/\/eufortrisomy21.eu\/ngo\/ngo-erivajadustega-inimeste-toetusuhing-tugiliisu\/\" content=\"NGO ERIVAJADUSTEGA INIMESTE TOETUS\u00dcHING TUGILIISU\" \/><meta itemprop=\"datePublished\" content=\"2021-02-26\" \/><meta itemprop=\"dateModified\" content=\"2021-02-26\" \/><meta itemprop=\"name\" content=\"EU for Trisomy 21\"\/><meta itemprop=\"url\" content=\"https:\/\/eufortrisomy21.eu\/author\/contacteufortrisomy21-eu\/\" \/><meta itemprop=\"name\" content=\"contact@eufortrisomy21.eu\" \/><meta itemprop=\"interactionType\" content=\"https:\/\/schema.org\/CommentAction\" \/><meta itemprop=\"userInteractionCount\" content=\"0\" \/>\n<a href=\"https:\/\/eufortrisomy21.eu\/ngo\/ngo-erivajadustega-inimeste-toetusuhing-tugiliisu\/\">\n\t<img decoding=\"async\" src=\"https:\/\/eufortrisomy21.eu\/wp-content\/uploads\/2021\/02\/eit-logo.jpg\"\/>\n\t<\/a>\n\t<meta itemscope itemprop=\"mainEntityOfPage\" itemtype=\"https:\/\/schema.org\/WebPage\" itemid=\"https:\/\/eufortrisomy21.eu\/ngo\/diversicom\/\" content=\"DiversiCom\" \/><meta itemprop=\"datePublished\" content=\"2021-02-25\" \/><meta itemprop=\"dateModified\" content=\"2021-02-26\" \/><meta itemprop=\"name\" content=\"EU for Trisomy 21\"\/><meta itemprop=\"url\" content=\"https:\/\/eufortrisomy21.eu\/author\/contacteufortrisomy21-eu\/\" \/><meta itemprop=\"name\" content=\"contact@eufortrisomy21.eu\" \/><meta itemprop=\"interactionType\" content=\"https:\/\/schema.org\/CommentAction\" \/><meta itemprop=\"userInteractionCount\" content=\"0\" \/>\n<a href=\"https:\/\/eufortrisomy21.eu\/ngo\/diversicom\/\">\n\t<img decoding=\"async\" src=\"https:\/\/eufortrisomy21.eu\/wp-content\/uploads\/2021\/02\/logo-DC-haute-def_ED-1024x673.jpg\"\/>\n\t<\/a>\n\t<meta itemscope itemprop=\"mainEntityOfPage\" itemtype=\"https:\/\/schema.org\/WebPage\" itemid=\"https:\/\/eufortrisomy21.eu\/ngo\/65-degres\/\" content=\"65 degr\u00e9s\" \/><meta itemprop=\"datePublished\" content=\"2021-02-24\" \/><meta itemprop=\"dateModified\" content=\"2021-02-24\" \/><meta itemprop=\"name\" content=\"EU for Trisomy 21\"\/><meta itemprop=\"url\" content=\"https:\/\/eufortrisomy21.eu\/author\/contacteufortrisomy21-eu\/\" \/><meta itemprop=\"name\" content=\"contact@eufortrisomy21.eu\" \/><meta itemprop=\"interactionType\" content=\"https:\/\/schema.org\/CommentAction\" \/><meta itemprop=\"userInteractionCount\" content=\"0\" \/>\n<a href=\"https:\/\/eufortrisomy21.eu\/ngo\/65-degres\/\">\n\t<img decoding=\"async\" src=\"https:\/\/eufortrisomy21.eu\/wp-content\/uploads\/2021\/02\/Logo1-3-1024x438.jpg\"\/>\n\t<\/a>\n\t<meta itemscope itemprop=\"mainEntityOfPage\" itemtype=\"https:\/\/schema.org\/WebPage\" itemid=\"https:\/\/eufortrisomy21.eu\/ngo\/verein-hand-in-hand-europaisches-kompetenzzentrum-fur-menschen-mit-trisomie-21\/\" content=\"Verein Hand in Hand &#8211; Europ\u00e4isches Kompetenzzentrum f\u00fcr Menschen mit Trisomie 21\" \/><meta itemprop=\"datePublished\" content=\"2021-02-23\" \/><meta itemprop=\"dateModified\" content=\"2021-02-23\" \/><meta itemprop=\"name\" content=\"EU for Trisomy 21\"\/><meta itemprop=\"url\" content=\"https:\/\/eufortrisomy21.eu\/author\/contacteufortrisomy21-eu\/\" \/><meta itemprop=\"name\" content=\"contact@eufortrisomy21.eu\" \/><meta itemprop=\"interactionType\" content=\"https:\/\/schema.org\/CommentAction\" \/><meta itemprop=\"userInteractionCount\" content=\"0\" \/>\n<a href=\"https:\/\/eufortrisomy21.eu\/ngo\/verein-hand-in-hand-europaisches-kompetenzzentrum-fur-menschen-mit-trisomie-21\/\">\n\t<img decoding=\"async\" src=\"https:\/\/eufortrisomy21.eu\/wp-content\/uploads\/2021\/02\/logo-leben-lachen-lernen_rgb.jpg\"\/>\n\t<\/a>\n\t<meta itemscope itemprop=\"mainEntityOfPage\" itemtype=\"https:\/\/schema.org\/WebPage\" itemid=\"https:\/\/eufortrisomy21.eu\/ngo\/hope-ndown\/\" content=\"Hope n&#8217;Down\" \/><meta itemprop=\"datePublished\" content=\"2021-02-20\" \/><meta itemprop=\"dateModified\" content=\"2021-02-22\" \/><meta itemprop=\"name\" content=\"EU for Trisomy 21\"\/><meta itemprop=\"url\" content=\"https:\/\/eufortrisomy21.eu\/author\/contacteufortrisomy21-eu\/\" \/><meta itemprop=\"name\" content=\"contact@eufortrisomy21.eu\" \/><meta itemprop=\"interactionType\" content=\"https:\/\/schema.org\/CommentAction\" \/><meta itemprop=\"userInteractionCount\" content=\"0\" \/>\n<a href=\"https:\/\/eufortrisomy21.eu\/ngo\/hope-ndown\/\">\n\t<img decoding=\"async\" src=\"https:\/\/eufortrisomy21.eu\/wp-content\/uploads\/2021\/02\/logo-HopeNdown-couleurs-1024x432.jpg\"\/>\n\t<\/a>\n\t<meta itemscope itemprop=\"mainEntityOfPage\" itemtype=\"https:\/\/schema.org\/WebPage\" itemid=\"https:\/\/eufortrisomy21.eu\/ngo\/trisomie21-letzebuerg\/\" content=\"Trisomie21 L\u00ebtzebuerg\" \/><meta itemprop=\"datePublished\" content=\"2021-02-19\" \/><meta itemprop=\"dateModified\" content=\"2021-02-22\" \/><meta itemprop=\"name\" content=\"EU for Trisomy 21\"\/><meta itemprop=\"url\" content=\"https:\/\/eufortrisomy21.eu\/author\/contacteufortrisomy21-eu\/\" \/><meta itemprop=\"name\" content=\"contact@eufortrisomy21.eu\" \/><meta itemprop=\"interactionType\" content=\"https:\/\/schema.org\/CommentAction\" \/><meta itemprop=\"userInteractionCount\" content=\"0\" \/>\n<a href=\"https:\/\/eufortrisomy21.eu\/ngo\/trisomie21-letzebuerg\/\">\n\t<img decoding=\"async\" src=\"https:\/\/eufortrisomy21.eu\/wp-content\/uploads\/2021\/02\/imageedit_11_6296460440.png\"\/>\n\t<\/a>\n\t<meta itemscope itemprop=\"mainEntityOfPage\" itemtype=\"https:\/\/schema.org\/WebPage\" itemid=\"https:\/\/eufortrisomy21.eu\/ngo\/life-network-foundation-malta\/\" content=\"Life Network Foundation Malta\" \/><meta itemprop=\"datePublished\" content=\"2021-02-18\" \/><meta itemprop=\"dateModified\" content=\"2021-03-12\" \/><meta itemprop=\"name\" content=\"EU for Trisomy 21\"\/><meta itemprop=\"url\" content=\"https:\/\/eufortrisomy21.eu\/author\/contacteufortrisomy21-eu\/\" \/><meta itemprop=\"name\" content=\"contact@eufortrisomy21.eu\" \/><meta itemprop=\"interactionType\" content=\"https:\/\/schema.org\/CommentAction\" \/><meta itemprop=\"userInteractionCount\" content=\"0\" \/>\n<a href=\"https:\/\/eufortrisomy21.eu\/ngo\/life-network-foundation-malta\/\">\n\tLife Network Foundation Malta\n\t<\/a>\n\t<meta itemscope itemprop=\"mainEntityOfPage\" itemtype=\"https:\/\/schema.org\/WebPage\" itemid=\"https:\/\/eufortrisomy21.eu\/ngo\/trisomie-21-corse\/\" content=\"TRISOMIE 21 CORSE\" \/><meta itemprop=\"datePublished\" content=\"2021-02-18\" \/><meta itemprop=\"dateModified\" content=\"2021-02-18\" \/><meta itemprop=\"name\" content=\"EU for Trisomy 21\"\/><meta itemprop=\"url\" content=\"https:\/\/eufortrisomy21.eu\/author\/contacteufortrisomy21-eu\/\" \/><meta itemprop=\"name\" content=\"contact@eufortrisomy21.eu\" \/><meta itemprop=\"interactionType\" content=\"https:\/\/schema.org\/CommentAction\" \/><meta itemprop=\"userInteractionCount\" content=\"0\" \/>\n<a href=\"https:\/\/eufortrisomy21.eu\/ngo\/trisomie-21-corse\/\">\n\tTRISOMIE 21 CORSE\n\t<\/a>\n\t<meta itemscope itemprop=\"mainEntityOfPage\" itemtype=\"https:\/\/schema.org\/WebPage\" itemid=\"https:\/\/eufortrisomy21.eu\/ngo\/30817\/\" content=\"Sunshine\" \/><meta itemprop=\"datePublished\" content=\"2021-02-17\" \/><meta itemprop=\"dateModified\" content=\"2021-02-17\" \/><meta itemprop=\"name\" content=\"EU for Trisomy 21\"\/><meta itemprop=\"url\" content=\"https:\/\/eufortrisomy21.eu\/author\/contacteufortrisomy21-eu\/\" \/><meta itemprop=\"name\" content=\"contact@eufortrisomy21.eu\" \/><meta itemprop=\"interactionType\" content=\"https:\/\/schema.org\/CommentAction\" \/><meta itemprop=\"userInteractionCount\" content=\"0\" \/>\n<a href=\"https:\/\/eufortrisomy21.eu\/ngo\/30817\/\">\n\t<img decoding=\"async\" src=\"https:\/\/eufortrisomy21.eu\/wp-content\/uploads\/2021\/02\/IMG-1f2580a7425e6db2a1ff00b7d3854cee-V.jpg\"\/>\n\t<\/a>\n\t<meta itemscope itemprop=\"mainEntityOfPage\" itemtype=\"https:\/\/schema.org\/WebPage\" itemid=\"https:\/\/eufortrisomy21.eu\/ngo\/hidden-treasures-down-association\/\" content=\"Hidden Treasures Down Association\" \/><meta itemprop=\"datePublished\" content=\"2021-02-16\" \/><meta itemprop=\"dateModified\" content=\"2021-07-18\" \/><meta itemprop=\"name\" content=\"EU for Trisomy 21\"\/><meta itemprop=\"url\" content=\"https:\/\/eufortrisomy21.eu\/author\/contacteufortrisomy21-eu\/\" \/><meta itemprop=\"name\" content=\"contact@eufortrisomy21.eu\" \/><meta itemprop=\"interactionType\" content=\"https:\/\/schema.org\/CommentAction\" \/><meta itemprop=\"userInteractionCount\" content=\"0\" \/>\n<a href=\"https:\/\/eufortrisomy21.eu\/ngo\/hidden-treasures-down-association\/\">\n\t<img decoding=\"async\" src=\"https:\/\/eufortrisomy21.eu\/wp-content\/uploads\/2021\/02\/rkde_small-1024x546.png\"\/>\n\t<\/a>\n\t<meta itemscope itemprop=\"mainEntityOfPage\" itemtype=\"https:\/\/schema.org\/WebPage\" itemid=\"https:\/\/eufortrisomy21.eu\/ngo\/rien-quun-chromosome-en-plus\/\" content=\"Rien qu&#8217;un chromosome en +\" \/><meta itemprop=\"datePublished\" content=\"2021-02-12\" \/><meta itemprop=\"dateModified\" content=\"2021-02-17\" \/><meta itemprop=\"name\" content=\"EU for Trisomy 21\"\/><meta itemprop=\"url\" content=\"https:\/\/eufortrisomy21.eu\/author\/contacteufortrisomy21-eu\/\" \/><meta itemprop=\"name\" content=\"contact@eufortrisomy21.eu\" \/><meta itemprop=\"interactionType\" content=\"https:\/\/schema.org\/CommentAction\" \/><meta itemprop=\"userInteractionCount\" content=\"0\" \/>\n<a href=\"https:\/\/eufortrisomy21.eu\/ngo\/rien-quun-chromosome-en-plus\/\">\n\t<img decoding=\"async\" src=\"https:\/\/eufortrisomy21.eu\/wp-content\/uploads\/2021\/02\/logo-dc3a9finitif.gif\"\/>\n\t<\/a>\n\t<meta itemscope itemprop=\"mainEntityOfPage\" itemtype=\"https:\/\/schema.org\/WebPage\" itemid=\"https:\/\/eufortrisomy21.eu\/ngo\/asociatia-down-oradea-romania\/\" content=\"Asociatia Down Oradea Romania\" \/><meta itemprop=\"datePublished\" content=\"2021-02-11\" \/><meta itemprop=\"dateModified\" content=\"2021-02-11\" \/><meta itemprop=\"name\" content=\"EU for Trisomy 21\"\/><meta itemprop=\"url\" content=\"https:\/\/eufortrisomy21.eu\/author\/contacteufortrisomy21-eu\/\" \/><meta itemprop=\"name\" content=\"contact@eufortrisomy21.eu\" \/><meta itemprop=\"interactionType\" content=\"https:\/\/schema.org\/CommentAction\" \/><meta itemprop=\"userInteractionCount\" content=\"0\" \/>\n<a href=\"https:\/\/eufortrisomy21.eu\/ngo\/asociatia-down-oradea-romania\/\">\n\t<img decoding=\"async\" src=\"https:\/\/eufortrisomy21.eu\/wp-content\/uploads\/2021\/02\/Sigla-Down-1024x1024.jpg\"\/>\n\t<\/a>\n\t<meta itemscope itemprop=\"mainEntityOfPage\" itemtype=\"https:\/\/schema.org\/WebPage\" itemid=\"https:\/\/eufortrisomy21.eu\/ngo\/stowarzyszenie-rodzin-i-opiekunow-osob-z-zespolem-downa-bardziej-kochani\/\" content=\"Stowarzyszenie Rodzin i Opiekun\u00f3w Os\u00f3b z Zespo\u0142em Downa bardziej Kochani\" \/><meta itemprop=\"datePublished\" content=\"2021-02-11\" \/><meta itemprop=\"dateModified\" content=\"2021-02-11\" \/><meta itemprop=\"name\" content=\"EU for Trisomy 21\"\/><meta itemprop=\"url\" content=\"https:\/\/eufortrisomy21.eu\/author\/contacteufortrisomy21-eu\/\" \/><meta itemprop=\"name\" content=\"contact@eufortrisomy21.eu\" \/><meta itemprop=\"interactionType\" content=\"https:\/\/schema.org\/CommentAction\" \/><meta itemprop=\"userInteractionCount\" content=\"0\" \/>\n<a href=\"https:\/\/eufortrisomy21.eu\/ngo\/stowarzyszenie-rodzin-i-opiekunow-osob-z-zespolem-downa-bardziej-kochani\/\">\n\t<img decoding=\"async\" src=\"https:\/\/eufortrisomy21.eu\/wp-content\/uploads\/2021\/02\/logo-bk-1024x689.jpg\"\/>\n\t<\/a>\n\t<meta itemscope itemprop=\"mainEntityOfPage\" itemtype=\"https:\/\/schema.org\/WebPage\" itemid=\"https:\/\/eufortrisomy21.eu\/ngo\/stowarzyszenie-rodzicow-i-przyjaciol-osob-z-zespolem-downa-tecza\/\" content=\"Stowarzyszenie Rodzic\u00f3w i Przyjaci\u00f3\u0142 Os\u00f3b z zespo\u0142em Downa &#8220;T\u0119cza&#8221;\" \/><meta itemprop=\"datePublished\" content=\"2021-02-09\" \/><meta itemprop=\"dateModified\" content=\"2021-02-10\" \/><meta itemprop=\"name\" content=\"EU for Trisomy 21\"\/><meta itemprop=\"url\" content=\"https:\/\/eufortrisomy21.eu\/author\/contacteufortrisomy21-eu\/\" \/><meta itemprop=\"name\" content=\"contact@eufortrisomy21.eu\" \/><meta itemprop=\"interactionType\" content=\"https:\/\/schema.org\/CommentAction\" \/><meta itemprop=\"userInteractionCount\" content=\"0\" \/>\n<a href=\"https:\/\/eufortrisomy21.eu\/ngo\/stowarzyszenie-rodzicow-i-przyjaciol-osob-z-zespolem-downa-tecza\/\">\n\tStowarzyszenie Rodzic\u00f3w i Przyjaci\u00f3\u0142 Os\u00f3b z zespo\u0142em Downa &#8220;T\u0119cza&#8221;\n\t<\/a>\n\t<meta itemscope itemprop=\"mainEntityOfPage\" itemtype=\"https:\/\/schema.org\/WebPage\" itemid=\"https:\/\/eufortrisomy21.eu\/ngo\/legnickie-stowarzyszenie-rodzin-i-przyjaciol-dzieci-z-zespolem-downa-otworz-serce\/\" content=\"LEGNICKIE STOWARZYSZENIE RODZIN I PRZYJACI\u00d3\u0141 DZIECI Z ZESPO\u0141EM DOWNA &#8220;OTW\u00d3RZ SERCE&#8221;\" \/><meta itemprop=\"datePublished\" content=\"2021-02-08\" \/><meta itemprop=\"dateModified\" content=\"2021-02-09\" \/><meta itemprop=\"name\" content=\"EU for Trisomy 21\"\/><meta itemprop=\"url\" content=\"https:\/\/eufortrisomy21.eu\/author\/contacteufortrisomy21-eu\/\" \/><meta itemprop=\"name\" content=\"contact@eufortrisomy21.eu\" \/><meta itemprop=\"interactionType\" content=\"https:\/\/schema.org\/CommentAction\" \/><meta itemprop=\"userInteractionCount\" content=\"0\" \/>\n<a href=\"https:\/\/eufortrisomy21.eu\/ngo\/legnickie-stowarzyszenie-rodzin-i-przyjaciol-dzieci-z-zespolem-downa-otworz-serce\/\">\n\t<img decoding=\"async\" src=\"https:\/\/eufortrisomy21.eu\/wp-content\/uploads\/2021\/02\/logo.png\"\/>\n\t<\/a>\n\t<meta itemscope itemprop=\"mainEntityOfPage\" itemtype=\"https:\/\/schema.org\/WebPage\" itemid=\"https:\/\/eufortrisomy21.eu\/ngo\/apei-de-chambery\/\" content=\"APEI de Chamb\u00e9ry\" \/><meta itemprop=\"datePublished\" content=\"2021-02-05\" \/><meta itemprop=\"dateModified\" content=\"2021-03-08\" \/><meta itemprop=\"name\" content=\"EU for Trisomy 21\"\/><meta itemprop=\"url\" content=\"https:\/\/eufortrisomy21.eu\/author\/contacteufortrisomy21-eu\/\" \/><meta itemprop=\"name\" content=\"contact@eufortrisomy21.eu\" \/><meta itemprop=\"interactionType\" content=\"https:\/\/schema.org\/CommentAction\" \/><meta itemprop=\"userInteractionCount\" content=\"0\" \/>\n<a href=\"https:\/\/eufortrisomy21.eu\/ngo\/apei-de-chambery\/\">\n\t<img decoding=\"async\" src=\"https:\/\/eufortrisomy21.eu\/wp-content\/uploads\/2021\/02\/1920_icon_apei_chambery-1024x451.png\"\/>\n\t<\/a>\n\t<meta itemscope itemprop=\"mainEntityOfPage\" itemtype=\"https:\/\/schema.org\/WebPage\" itemid=\"https:\/\/eufortrisomy21.eu\/ngo\/ekek-amea-%ce%bf%cf%81%ce%b9%ce%b6%ce%bf%ce%bd%cf%84%ce%b1%cf%83\/\" content=\"EKEK AMEA &#8220;\u039f\u03a1\u0399\u0396\u039f\u039d\u03a4\u0391\u03a3&#8221;\" \/><meta itemprop=\"datePublished\" content=\"2021-02-05\" \/><meta itemprop=\"dateModified\" content=\"2021-02-05\" \/><meta itemprop=\"name\" content=\"EU for Trisomy 21\"\/><meta itemprop=\"url\" content=\"https:\/\/eufortrisomy21.eu\/author\/contacteufortrisomy21-eu\/\" \/><meta itemprop=\"name\" content=\"contact@eufortrisomy21.eu\" \/><meta itemprop=\"interactionType\" content=\"https:\/\/schema.org\/CommentAction\" \/><meta itemprop=\"userInteractionCount\" content=\"0\" \/>\n<a href=\"https:\/\/eufortrisomy21.eu\/ngo\/ekek-amea-%ce%bf%cf%81%ce%b9%ce%b6%ce%bf%ce%bd%cf%84%ce%b1%cf%83\/\">\n\t<img decoding=\"async\" src=\"https:\/\/eufortrisomy21.eu\/wp-content\/uploads\/2021\/02\/ekek-amea-_o\u03c1\u03b9\u03b6\u03bf\u03bd\u03c4\u03b1\u03c3.png\"\/>\n\t<\/a>\n\t<meta itemscope itemprop=\"mainEntityOfPage\" itemtype=\"https:\/\/schema.org\/WebPage\" itemid=\"https:\/\/eufortrisomy21.eu\/ngo\/tcap21\/\" content=\"TCAP21\" \/><meta itemprop=\"datePublished\" content=\"2021-02-04\" \/><meta itemprop=\"dateModified\" content=\"2021-08-22\" \/><meta itemprop=\"name\" content=\"EU for Trisomy 21\"\/><meta itemprop=\"url\" content=\"https:\/\/eufortrisomy21.eu\/author\/contacteufortrisomy21-eu\/\" \/><meta itemprop=\"name\" content=\"contact@eufortrisomy21.eu\" \/><meta itemprop=\"interactionType\" content=\"https:\/\/schema.org\/CommentAction\" \/><meta itemprop=\"userInteractionCount\" content=\"0\" \/>\n<a href=\"https:\/\/eufortrisomy21.eu\/ngo\/tcap21\/\">\n\t<img decoding=\"async\" src=\"https:\/\/eufortrisomy21.eu\/wp-content\/uploads\/2021\/02\/TCAP-LOGO-BASELINE2.png\"\/>\n\t<\/a>\n\t<meta itemscope itemprop=\"mainEntityOfPage\" itemtype=\"https:\/\/schema.org\/WebPage\" itemid=\"https:\/\/eufortrisomy21.eu\/ngo\/divadlo-aldente\/\" content=\"Divadlo Aldente\" \/><meta itemprop=\"datePublished\" content=\"2021-02-04\" \/><meta itemprop=\"dateModified\" content=\"2021-02-05\" \/><meta itemprop=\"name\" content=\"EU for Trisomy 21\"\/><meta itemprop=\"url\" content=\"https:\/\/eufortrisomy21.eu\/author\/contacteufortrisomy21-eu\/\" \/><meta itemprop=\"name\" content=\"contact@eufortrisomy21.eu\" \/><meta itemprop=\"interactionType\" content=\"https:\/\/schema.org\/CommentAction\" \/><meta itemprop=\"userInteractionCount\" content=\"0\" \/>\n<a href=\"https:\/\/eufortrisomy21.eu\/ngo\/divadlo-aldente\/\">\n\t<img decoding=\"async\" src=\"https:\/\/eufortrisomy21.eu\/wp-content\/uploads\/2021\/02\/Logo-Divadlo-Aldente-1024x329.png\"\/>\n\t<\/a>\n\t<meta itemscope itemprop=\"mainEntityOfPage\" itemtype=\"https:\/\/schema.org\/WebPage\" itemid=\"https:\/\/eufortrisomy21.eu\/ngo\/up-with-down-foundation\/\" content=\"UP WITH DOWN Foundation\" \/><meta itemprop=\"datePublished\" content=\"2021-02-03\" \/><meta itemprop=\"dateModified\" content=\"2021-02-05\" \/><meta itemprop=\"name\" content=\"EU for Trisomy 21\"\/><meta itemprop=\"url\" content=\"https:\/\/eufortrisomy21.eu\/author\/contacteufortrisomy21-eu\/\" \/><meta itemprop=\"name\" content=\"contact@eufortrisomy21.eu\" \/><meta itemprop=\"interactionType\" content=\"https:\/\/schema.org\/CommentAction\" \/><meta itemprop=\"userInteractionCount\" content=\"0\" \/>\n<a href=\"https:\/\/eufortrisomy21.eu\/ngo\/up-with-down-foundation\/\">\n\t<img decoding=\"async\" src=\"https:\/\/eufortrisomy21.eu\/wp-content\/uploads\/2021\/02\/UPwithDOWN_logo-FINAL-NEWcolors-1-small.png\"\/>\n\t<\/a>\n\t<meta itemscope itemprop=\"mainEntityOfPage\" itemtype=\"https:\/\/schema.org\/WebPage\" itemid=\"https:\/\/eufortrisomy21.eu\/ngo\/usmevy-spolek-pro-pomoc-lidem-s-downovym-syndromem-a-jejich-rodinam\/\" content=\"\u00dasm\u011bvy &#8211; spolek pro pomoc lidem s Downov\u00fdm syndromem a jejich rodin\u00e1m\" \/><meta itemprop=\"datePublished\" content=\"2021-02-02\" \/><meta itemprop=\"dateModified\" content=\"2021-02-05\" \/><meta itemprop=\"name\" content=\"EU for Trisomy 21\"\/><meta itemprop=\"url\" content=\"https:\/\/eufortrisomy21.eu\/author\/contacteufortrisomy21-eu\/\" \/><meta itemprop=\"name\" content=\"contact@eufortrisomy21.eu\" \/><meta itemprop=\"interactionType\" content=\"https:\/\/schema.org\/CommentAction\" \/><meta itemprop=\"userInteractionCount\" content=\"0\" \/>\n<a href=\"https:\/\/eufortrisomy21.eu\/ngo\/usmevy-spolek-pro-pomoc-lidem-s-downovym-syndromem-a-jejich-rodinam\/\">\n\t<img decoding=\"async\" src=\"https:\/\/eufortrisomy21.eu\/wp-content\/uploads\/2021\/02\/usmevy_normal.png\"\/>\n\t<\/a>\n\t<meta itemscope itemprop=\"mainEntityOfPage\" itemtype=\"https:\/\/schema.org\/WebPage\" itemid=\"https:\/\/eufortrisomy21.eu\/ngo\/spolecnost-rodicu-a-pratel-deti-s-downovym-syndromem-downsyndrom-cz\/\" content=\"Spole\u010dnost rodi\u010d\u016f a p\u0159\u00e1tel d\u011bt\u00ed s Downov\u00fdm syndromem (DownSyndrom CZ)\" \/><meta itemprop=\"datePublished\" content=\"2021-02-02\" \/><meta itemprop=\"dateModified\" content=\"2021-02-05\" \/><meta itemprop=\"name\" content=\"EU for Trisomy 21\"\/><meta itemprop=\"url\" content=\"https:\/\/eufortrisomy21.eu\/author\/contacteufortrisomy21-eu\/\" \/><meta itemprop=\"name\" content=\"contact@eufortrisomy21.eu\" \/><meta itemprop=\"interactionType\" content=\"https:\/\/schema.org\/CommentAction\" \/><meta itemprop=\"userInteractionCount\" content=\"0\" \/>\n<a href=\"https:\/\/eufortrisomy21.eu\/ngo\/spolecnost-rodicu-a-pratel-deti-s-downovym-syndromem-downsyndrom-cz\/\">\n\t<img decoding=\"async\" src=\"https:\/\/eufortrisomy21.eu\/wp-content\/uploads\/2021\/02\/m_logo_ds.jpg\"\/>\n\t<\/a>\n\t<meta itemscope itemprop=\"mainEntityOfPage\" itemtype=\"https:\/\/schema.org\/WebPage\" itemid=\"https:\/\/eufortrisomy21.eu\/ngo\/tombee-du-nid\/\" content=\"Tomb\u00e9e du Nid\" \/><meta itemprop=\"datePublished\" content=\"2021-02-02\" \/><meta itemprop=\"dateModified\" content=\"2021-02-11\" \/><meta itemprop=\"name\" content=\"EU for Trisomy 21\"\/><meta itemprop=\"url\" content=\"https:\/\/eufortrisomy21.eu\/author\/contacteufortrisomy21-eu\/\" \/><meta itemprop=\"name\" content=\"contact@eufortrisomy21.eu\" \/><meta itemprop=\"interactionType\" content=\"https:\/\/schema.org\/CommentAction\" \/><meta itemprop=\"userInteractionCount\" content=\"0\" \/>\n<a href=\"https:\/\/eufortrisomy21.eu\/ngo\/tombee-du-nid\/\">\n\t<img decoding=\"async\" src=\"https:\/\/eufortrisomy21.eu\/wp-content\/uploads\/2021\/02\/Logo-05-2.jpg\"\/>\n\t<\/a>\n\t<meta itemscope itemprop=\"mainEntityOfPage\" itemtype=\"https:\/\/schema.org\/WebPage\" itemid=\"https:\/\/eufortrisomy21.eu\/ngo\/asociatia-dai-o-sansa-alexandria-centrul-de-zi-sf-teodor\/\" content=\"Asociatia Dai o Sansa Alexandria &#8211; Centrul de zi Sf. Teodor\" \/><meta itemprop=\"datePublished\" content=\"2021-01-26\" \/><meta itemprop=\"dateModified\" content=\"2021-02-05\" \/><meta itemprop=\"name\" content=\"EU for Trisomy 21\"\/><meta itemprop=\"url\" content=\"https:\/\/eufortrisomy21.eu\/author\/contacteufortrisomy21-eu\/\" \/><meta itemprop=\"name\" content=\"contact@eufortrisomy21.eu\" \/><meta itemprop=\"interactionType\" content=\"https:\/\/schema.org\/CommentAction\" \/><meta itemprop=\"userInteractionCount\" content=\"0\" \/>\n<a href=\"https:\/\/eufortrisomy21.eu\/ngo\/asociatia-dai-o-sansa-alexandria-centrul-de-zi-sf-teodor\/\">\n\tAsociatia Dai o Sansa Alexandria &#8211; Centrul de zi Sf. Teodor\n\t<\/a>\n\t<meta itemscope itemprop=\"mainEntityOfPage\" itemtype=\"https:\/\/schema.org\/WebPage\" itemid=\"https:\/\/eufortrisomy21.eu\/ngo\/down-association-jiu-valley\/\" content=\"Down Association, Jiu Valley\" \/><meta itemprop=\"datePublished\" content=\"2021-01-26\" \/><meta itemprop=\"dateModified\" content=\"2021-02-05\" \/><meta itemprop=\"name\" content=\"EU for Trisomy 21\"\/><meta itemprop=\"url\" content=\"https:\/\/eufortrisomy21.eu\/author\/contacteufortrisomy21-eu\/\" \/><meta itemprop=\"name\" content=\"contact@eufortrisomy21.eu\" \/><meta itemprop=\"interactionType\" content=\"https:\/\/schema.org\/CommentAction\" \/><meta itemprop=\"userInteractionCount\" content=\"0\" \/>\n<a href=\"https:\/\/eufortrisomy21.eu\/ngo\/down-association-jiu-valley\/\">\n\t<img decoding=\"async\" src=\"https:\/\/eufortrisomy21.eu\/wp-content\/uploads\/2021\/01\/Asociatia-Down-Valea-Jiului.png\"\/>\n\t<\/a>\n\t<meta itemscope itemprop=\"mainEntityOfPage\" itemtype=\"https:\/\/schema.org\/WebPage\" itemid=\"https:\/\/eufortrisomy21.eu\/ngo\/fundacion-cromosuma\/\" content=\"fundacion cromosuma\" \/><meta itemprop=\"datePublished\" content=\"2021-01-25\" \/><meta itemprop=\"dateModified\" content=\"2021-02-05\" \/><meta itemprop=\"name\" content=\"EU for Trisomy 21\"\/><meta itemprop=\"url\" content=\"https:\/\/eufortrisomy21.eu\/author\/contacteufortrisomy21-eu\/\" \/><meta itemprop=\"name\" content=\"contact@eufortrisomy21.eu\" \/><meta itemprop=\"interactionType\" content=\"https:\/\/schema.org\/CommentAction\" \/><meta itemprop=\"userInteractionCount\" content=\"0\" \/>\n<a href=\"https:\/\/eufortrisomy21.eu\/ngo\/fundacion-cromosuma\/\">\n\t<img decoding=\"async\" src=\"https:\/\/eufortrisomy21.eu\/wp-content\/uploads\/2021\/01\/Diseno-CROMOSUMA-EN-CMYK-1024x372.png\"\/>\n\t<\/a>\n\t<meta itemscope itemprop=\"mainEntityOfPage\" itemtype=\"https:\/\/schema.org\/WebPage\" itemid=\"https:\/\/eufortrisomy21.eu\/ngo\/asociatia-langdon-down-2000\/\" content=\"Asociatia Langdon Down 2000\" \/><meta itemprop=\"datePublished\" content=\"2021-01-20\" \/><meta itemprop=\"dateModified\" content=\"2021-02-05\" \/><meta itemprop=\"name\" content=\"EU for Trisomy 21\"\/><meta itemprop=\"url\" content=\"https:\/\/eufortrisomy21.eu\/author\/contacteufortrisomy21-eu\/\" \/><meta itemprop=\"name\" content=\"contact@eufortrisomy21.eu\" \/><meta itemprop=\"interactionType\" content=\"https:\/\/schema.org\/CommentAction\" \/><meta itemprop=\"userInteractionCount\" content=\"0\" \/>\n<a href=\"https:\/\/eufortrisomy21.eu\/ngo\/asociatia-langdon-down-2000\/\">\n\tAsociatia Langdon Down 2000\n\t<\/a>\n\t<meta itemscope itemprop=\"mainEntityOfPage\" itemtype=\"https:\/\/schema.org\/WebPage\" itemid=\"https:\/\/eufortrisomy21.eu\/ngo\/pro-down-foundation\/\" content=\"PRO DOWN FOUNDATION\" \/><meta itemprop=\"datePublished\" content=\"2021-01-19\" \/><meta itemprop=\"dateModified\" content=\"2021-02-05\" \/><meta itemprop=\"name\" content=\"EU for Trisomy 21\"\/><meta itemprop=\"url\" content=\"https:\/\/eufortrisomy21.eu\/author\/contacteufortrisomy21-eu\/\" \/><meta itemprop=\"name\" content=\"contact@eufortrisomy21.eu\" \/><meta itemprop=\"interactionType\" content=\"https:\/\/schema.org\/CommentAction\" \/><meta itemprop=\"userInteractionCount\" content=\"0\" \/>\n<a href=\"https:\/\/eufortrisomy21.eu\/ngo\/pro-down-foundation\/\">\n\t<img decoding=\"async\" src=\"https:\/\/eufortrisomy21.eu\/wp-content\/uploads\/2021\/01\/logo-pro-down-alapitvany.jpg\"\/>\n\t<\/a>\n\t<meta itemscope itemprop=\"mainEntityOfPage\" itemtype=\"https:\/\/schema.org\/WebPage\" itemid=\"https:\/\/eufortrisomy21.eu\/ngo\/asociatia-down-centrul-educational-raluca\/\" content=\"Asociatia Down Centrul Educational Raluca\" \/><meta itemprop=\"datePublished\" content=\"2021-01-19\" \/><meta itemprop=\"dateModified\" content=\"2021-02-05\" \/><meta itemprop=\"name\" content=\"EU for Trisomy 21\"\/><meta itemprop=\"url\" content=\"https:\/\/eufortrisomy21.eu\/author\/contacteufortrisomy21-eu\/\" \/><meta itemprop=\"name\" content=\"contact@eufortrisomy21.eu\" \/><meta itemprop=\"interactionType\" content=\"https:\/\/schema.org\/CommentAction\" \/><meta itemprop=\"userInteractionCount\" content=\"0\" \/>\n<a href=\"https:\/\/eufortrisomy21.eu\/ngo\/asociatia-down-centrul-educational-raluca\/\">\n\t<img decoding=\"async\" src=\"https:\/\/eufortrisomy21.eu\/wp-content\/uploads\/2021\/01\/sigla-adcer-1024x423.jpg\"\/>\n\t<\/a>\n\t<meta itemscope itemprop=\"mainEntityOfPage\" itemtype=\"https:\/\/schema.org\/WebPage\" itemid=\"https:\/\/eufortrisomy21.eu\/ngo\/asociatia-botez-vlad-sergiu\/\" content=\"Asociatia Botez Vlad Sergiu\" \/><meta itemprop=\"datePublished\" content=\"2021-01-18\" \/><meta itemprop=\"dateModified\" content=\"2021-02-05\" \/><meta itemprop=\"name\" content=\"EU for Trisomy 21\"\/><meta itemprop=\"url\" content=\"https:\/\/eufortrisomy21.eu\/author\/contacteufortrisomy21-eu\/\" \/><meta itemprop=\"name\" content=\"contact@eufortrisomy21.eu\" \/><meta itemprop=\"interactionType\" content=\"https:\/\/schema.org\/CommentAction\" \/><meta itemprop=\"userInteractionCount\" content=\"0\" \/>\n<a href=\"https:\/\/eufortrisomy21.eu\/ngo\/asociatia-botez-vlad-sergiu\/\">\n\tAsociatia Botez Vlad Sergiu\n\t<\/a>\n\t<meta itemscope itemprop=\"mainEntityOfPage\" itemtype=\"https:\/\/schema.org\/WebPage\" itemid=\"https:\/\/eufortrisomy21.eu\/ngo\/asociatia-parintilor-copiilor-cu-sindrom-down-cluj\/\" content=\"Asociatia P\u0103rin\u021bilor Copiilor cu Sindrom Down Cluj\" \/><meta itemprop=\"datePublished\" content=\"2021-01-18\" \/><meta itemprop=\"dateModified\" content=\"2021-02-05\" \/><meta itemprop=\"name\" content=\"EU for Trisomy 21\"\/><meta itemprop=\"url\" content=\"https:\/\/eufortrisomy21.eu\/author\/contacteufortrisomy21-eu\/\" \/><meta itemprop=\"name\" content=\"contact@eufortrisomy21.eu\" \/><meta itemprop=\"interactionType\" content=\"https:\/\/schema.org\/CommentAction\" \/><meta itemprop=\"userInteractionCount\" content=\"0\" \/>\n<a href=\"https:\/\/eufortrisomy21.eu\/ngo\/asociatia-parintilor-copiilor-cu-sindrom-down-cluj\/\">\n\tAsociatia P\u0103rin\u021bilor Copiilor cu Sindrom Down Cluj\n\t<\/a>\n\t<meta itemscope itemprop=\"mainEntityOfPage\" itemtype=\"https:\/\/schema.org\/WebPage\" itemid=\"https:\/\/eufortrisomy21.eu\/ngo\/asociatia-hoffnung-romania\/\" content=\"ASOCIATIA HOFFNUNG ROMANIA\" \/><meta itemprop=\"datePublished\" content=\"2021-01-17\" \/><meta itemprop=\"dateModified\" content=\"2021-02-05\" \/><meta itemprop=\"name\" content=\"EU for Trisomy 21\"\/><meta itemprop=\"url\" content=\"https:\/\/eufortrisomy21.eu\/author\/contacteufortrisomy21-eu\/\" \/><meta itemprop=\"name\" content=\"contact@eufortrisomy21.eu\" \/><meta itemprop=\"interactionType\" content=\"https:\/\/schema.org\/CommentAction\" \/><meta itemprop=\"userInteractionCount\" content=\"0\" \/>\n<a href=\"https:\/\/eufortrisomy21.eu\/ngo\/asociatia-hoffnung-romania\/\">\n\t<img decoding=\"async\" src=\"https:\/\/eufortrisomy21.eu\/wp-content\/uploads\/2021\/01\/ANTET.png\"\/>\n\t<\/a>\n\t<meta itemscope itemprop=\"mainEntityOfPage\" itemtype=\"https:\/\/schema.org\/WebPage\" itemid=\"https:\/\/eufortrisomy21.eu\/ngo\/asociatia-down-plus-bucuresti\/\" content=\"Asociatia Down Plus Bucure\u0219ti\" \/><meta itemprop=\"datePublished\" content=\"2021-01-17\" \/><meta itemprop=\"dateModified\" content=\"2021-02-05\" \/><meta itemprop=\"name\" content=\"EU for Trisomy 21\"\/><meta itemprop=\"url\" content=\"https:\/\/eufortrisomy21.eu\/author\/contacteufortrisomy21-eu\/\" \/><meta itemprop=\"name\" content=\"contact@eufortrisomy21.eu\" \/><meta itemprop=\"interactionType\" content=\"https:\/\/schema.org\/CommentAction\" \/><meta itemprop=\"userInteractionCount\" content=\"0\" \/>\n<a href=\"https:\/\/eufortrisomy21.eu\/ngo\/asociatia-down-plus-bucuresti\/\">\n\t<img decoding=\"async\" src=\"https:\/\/eufortrisomy21.eu\/wp-content\/uploads\/2021\/01\/Logo-asociatie.jpg\"\/>\n\t<\/a>\n\t<meta itemscope itemprop=\"mainEntityOfPage\" itemtype=\"https:\/\/schema.org\/WebPage\" itemid=\"https:\/\/eufortrisomy21.eu\/ngo\/asociatia-langdon-down-oltenia-centrul-educational-teodora\/\" content=\"Asociatia Langdon Down Oltenia Centrul Educational Teodora\" \/><meta itemprop=\"datePublished\" content=\"2021-01-17\" \/><meta itemprop=\"dateModified\" content=\"2021-02-05\" \/><meta itemprop=\"name\" content=\"EU for Trisomy 21\"\/><meta itemprop=\"url\" content=\"https:\/\/eufortrisomy21.eu\/author\/contacteufortrisomy21-eu\/\" \/><meta itemprop=\"name\" content=\"contact@eufortrisomy21.eu\" \/><meta itemprop=\"interactionType\" content=\"https:\/\/schema.org\/CommentAction\" \/><meta itemprop=\"userInteractionCount\" content=\"0\" \/>\n<a href=\"https:\/\/eufortrisomy21.eu\/ngo\/asociatia-langdon-down-oltenia-centrul-educational-teodora\/\">\n\t<img decoding=\"async\" src=\"https:\/\/eufortrisomy21.eu\/wp-content\/uploads\/2021\/01\/Logo_Aldocet-1024x756.png\"\/>\n\t<\/a>\n\t<meta itemscope itemprop=\"mainEntityOfPage\" itemtype=\"https:\/\/schema.org\/WebPage\" itemid=\"https:\/\/eufortrisomy21.eu\/ngo\/asociatia-copiilor-cu-sindrom-down-zambete-si-suflete-curate\/\" content=\"Asociatia Copiilor cu Sindrom Down &#8220;Zambete si Suflete Curate&#8221;\" \/><meta itemprop=\"datePublished\" content=\"2021-01-12\" \/><meta itemprop=\"dateModified\" content=\"2021-02-05\" \/><meta itemprop=\"name\" content=\"EU for Trisomy 21\"\/><meta itemprop=\"url\" content=\"https:\/\/eufortrisomy21.eu\/author\/contacteufortrisomy21-eu\/\" \/><meta itemprop=\"name\" content=\"contact@eufortrisomy21.eu\" \/><meta itemprop=\"interactionType\" content=\"https:\/\/schema.org\/CommentAction\" \/><meta itemprop=\"userInteractionCount\" content=\"0\" \/>\n<a href=\"https:\/\/eufortrisomy21.eu\/ngo\/asociatia-copiilor-cu-sindrom-down-zambete-si-suflete-curate\/\">\n\tAsociatia Copiilor cu Sindrom Down &#8220;Zambete si Suflete Curate&#8221;\n\t<\/a>\n\t<meta itemscope itemprop=\"mainEntityOfPage\" itemtype=\"https:\/\/schema.org\/WebPage\" itemid=\"https:\/\/eufortrisomy21.eu\/ngo\/fundacja-larche-larche-poland\/\" content=\"Fundacja L&#8217;Arche \/ L&#8217;Arche Poland\" \/><meta itemprop=\"datePublished\" content=\"2021-01-12\" \/><meta itemprop=\"dateModified\" content=\"2021-01-12\" \/><meta itemprop=\"name\" content=\"EU for Trisomy 21\"\/><meta itemprop=\"url\" content=\"https:\/\/eufortrisomy21.eu\/author\/contacteufortrisomy21-eu\/\" \/><meta itemprop=\"name\" content=\"contact@eufortrisomy21.eu\" \/><meta itemprop=\"interactionType\" content=\"https:\/\/schema.org\/CommentAction\" \/><meta itemprop=\"userInteractionCount\" content=\"0\" \/>\n<a href=\"https:\/\/eufortrisomy21.eu\/ngo\/fundacja-larche-larche-poland\/\">\n\t<img decoding=\"async\" src=\"https:\/\/eufortrisomy21.eu\/wp-content\/uploads\/2021\/01\/LArche_POLSKA_RGB_Blue_on_White-888x1024.png\"\/>\n\t<\/a>\n\t<meta itemscope itemprop=\"mainEntityOfPage\" itemtype=\"https:\/\/schema.org\/WebPage\" itemid=\"https:\/\/eufortrisomy21.eu\/ngo\/world-youth-alliance-europe\/\" content=\"World Youth Alliance Europe\" \/><meta itemprop=\"datePublished\" content=\"2021-01-08\" \/><meta itemprop=\"dateModified\" content=\"2021-02-05\" \/><meta itemprop=\"name\" content=\"EU for Trisomy 21\"\/><meta itemprop=\"url\" content=\"https:\/\/eufortrisomy21.eu\/author\/contacteufortrisomy21-eu\/\" \/><meta itemprop=\"name\" content=\"contact@eufortrisomy21.eu\" \/><meta itemprop=\"interactionType\" content=\"https:\/\/schema.org\/CommentAction\" \/><meta itemprop=\"userInteractionCount\" content=\"0\" \/>\n<a href=\"https:\/\/eufortrisomy21.eu\/ngo\/world-youth-alliance-europe\/\">\n\t<img decoding=\"async\" src=\"https:\/\/eufortrisomy21.eu\/wp-content\/uploads\/2021\/01\/WYA-Europe-logo.jpg\"\/>\n\t<\/a>\n\t<meta itemscope itemprop=\"mainEntityOfPage\" itemtype=\"https:\/\/schema.org\/WebPage\" itemid=\"https:\/\/eufortrisomy21.eu\/ngo\/malta-federation-of-organisations-persons-with-disability-mfopd\/\" content=\"Malta Federation of Organisations Persons with Disability (MFOPD)\" \/><meta itemprop=\"datePublished\" content=\"2021-01-08\" \/><meta itemprop=\"dateModified\" content=\"2021-02-05\" \/><meta itemprop=\"name\" content=\"EU for Trisomy 21\"\/><meta itemprop=\"url\" content=\"https:\/\/eufortrisomy21.eu\/author\/contacteufortrisomy21-eu\/\" \/><meta itemprop=\"name\" content=\"contact@eufortrisomy21.eu\" \/><meta itemprop=\"interactionType\" content=\"https:\/\/schema.org\/CommentAction\" \/><meta itemprop=\"userInteractionCount\" content=\"0\" \/>\n<a href=\"https:\/\/eufortrisomy21.eu\/ngo\/malta-federation-of-organisations-persons-with-disability-mfopd\/\">\n\tMalta Federation of Organisations Persons with Disability (MFOPD)\n\t<\/a>\n\t<meta itemscope itemprop=\"mainEntityOfPage\" itemtype=\"https:\/\/schema.org\/WebPage\" itemid=\"https:\/\/eufortrisomy21.eu\/ngo\/down-syndrome-association\/\" content=\"Down Syndrome Association Malta\" \/><meta itemprop=\"datePublished\" content=\"2021-01-08\" \/><meta itemprop=\"dateModified\" content=\"2021-03-12\" \/><meta itemprop=\"name\" content=\"EU for Trisomy 21\"\/><meta itemprop=\"url\" content=\"https:\/\/eufortrisomy21.eu\/author\/contacteufortrisomy21-eu\/\" \/><meta itemprop=\"name\" content=\"contact@eufortrisomy21.eu\" \/><meta itemprop=\"interactionType\" content=\"https:\/\/schema.org\/CommentAction\" \/><meta itemprop=\"userInteractionCount\" content=\"0\" \/>\n<a href=\"https:\/\/eufortrisomy21.eu\/ngo\/down-syndrome-association\/\">\n\t<img decoding=\"async\" src=\"https:\/\/eufortrisomy21.eu\/wp-content\/uploads\/2021\/01\/IMG_20210108_091635.jpg\"\/>\n\t<\/a>\n\t<meta itemscope itemprop=\"mainEntityOfPage\" itemtype=\"https:\/\/schema.org\/WebPage\" itemid=\"https:\/\/eufortrisomy21.eu\/ngo\/ergastiri-eidikis-agogis-margarita-vtc-margarita\/\" content=\"ERGASTIRI EIDIKIS AGOGIS &#8220;MARGARITA&#8221; (VTC MARGARITA)\" \/><meta itemprop=\"datePublished\" content=\"2021-01-08\" \/><meta itemprop=\"dateModified\" content=\"2021-02-05\" \/><meta itemprop=\"name\" content=\"EU for Trisomy 21\"\/><meta itemprop=\"url\" content=\"https:\/\/eufortrisomy21.eu\/author\/contacteufortrisomy21-eu\/\" \/><meta itemprop=\"name\" content=\"contact@eufortrisomy21.eu\" \/><meta itemprop=\"interactionType\" content=\"https:\/\/schema.org\/CommentAction\" \/><meta itemprop=\"userInteractionCount\" content=\"0\" \/>\n<a href=\"https:\/\/eufortrisomy21.eu\/ngo\/ergastiri-eidikis-agogis-margarita-vtc-margarita\/\">\n\tERGASTIRI EIDIKIS AGOGIS &#8220;MARGARITA&#8221; (VTC MARGARITA)\n\t<\/a>\n\t<meta itemscope itemprop=\"mainEntityOfPage\" itemtype=\"https:\/\/schema.org\/WebPage\" itemid=\"https:\/\/eufortrisomy21.eu\/ngo\/eesti-vaimupuudega-inimeste-tugiliit\/\" content=\"Eesti Vaimupuudega Inimeste Tugiliit\" \/><meta itemprop=\"datePublished\" content=\"2021-01-06\" \/><meta itemprop=\"dateModified\" content=\"2021-01-07\" \/><meta itemprop=\"name\" content=\"EU for Trisomy 21\"\/><meta itemprop=\"url\" content=\"https:\/\/eufortrisomy21.eu\/author\/contacteufortrisomy21-eu\/\" \/><meta itemprop=\"name\" content=\"contact@eufortrisomy21.eu\" \/><meta itemprop=\"interactionType\" content=\"https:\/\/schema.org\/CommentAction\" \/><meta itemprop=\"userInteractionCount\" content=\"0\" \/>\n<a href=\"https:\/\/eufortrisomy21.eu\/ngo\/eesti-vaimupuudega-inimeste-tugiliit\/\">\n\t<img decoding=\"async\" src=\"https:\/\/eufortrisomy21.eu\/wp-content\/uploads\/2021\/01\/vaimukad-varviline-724x1024.jpg\"\/>\n\t<\/a>\n\t<meta itemscope itemprop=\"mainEntityOfPage\" itemtype=\"https:\/\/schema.org\/WebPage\" itemid=\"https:\/\/eufortrisomy21.eu\/ngo\/asociatia-fantasticii-down-galati\/\" content=\"ASOCIATIA FANTASTICII DOWN GALATI\" \/><meta itemprop=\"datePublished\" content=\"2020-12-21\" \/><meta itemprop=\"dateModified\" content=\"2021-02-05\" \/><meta itemprop=\"name\" content=\"EU for Trisomy 21\"\/><meta itemprop=\"url\" content=\"https:\/\/eufortrisomy21.eu\/author\/contacteufortrisomy21-eu\/\" \/><meta itemprop=\"name\" content=\"contact@eufortrisomy21.eu\" \/><meta itemprop=\"interactionType\" content=\"https:\/\/schema.org\/CommentAction\" \/><meta itemprop=\"userInteractionCount\" content=\"0\" \/>\n<a href=\"https:\/\/eufortrisomy21.eu\/ngo\/asociatia-fantasticii-down-galati\/\">\n\t<img decoding=\"async\" src=\"https:\/\/eufortrisomy21.eu\/wp-content\/uploads\/2020\/12\/LogofinalFantasticiiDown-1024x1024.jpeg\"\/>\n\t<\/a>\n\t<meta itemscope itemprop=\"mainEntityOfPage\" itemtype=\"https:\/\/schema.org\/WebPage\" itemid=\"https:\/\/eufortrisomy21.eu\/ngo\/down-syndrome-association-of-greece\/\" content=\"DOWN SYNDROME ASSOCIATION OF GREECE\" \/><meta itemprop=\"datePublished\" content=\"2020-12-21\" \/><meta itemprop=\"dateModified\" content=\"2021-02-05\" \/><meta itemprop=\"name\" content=\"EU for Trisomy 21\"\/><meta itemprop=\"url\" content=\"https:\/\/eufortrisomy21.eu\/author\/contacteufortrisomy21-eu\/\" \/><meta itemprop=\"name\" content=\"contact@eufortrisomy21.eu\" \/><meta itemprop=\"interactionType\" content=\"https:\/\/schema.org\/CommentAction\" \/><meta itemprop=\"userInteractionCount\" content=\"0\" \/>\n<a href=\"https:\/\/eufortrisomy21.eu\/ngo\/down-syndrome-association-of-greece\/\">\n\t<img decoding=\"async\" src=\"https:\/\/eufortrisomy21.eu\/wp-content\/uploads\/2020\/12\/logo-down_version-1-1024x647.png\"\/>\n\t<\/a>\n\t<meta itemscope itemprop=\"mainEntityOfPage\" itemtype=\"https:\/\/schema.org\/WebPage\" itemid=\"https:\/\/eufortrisomy21.eu\/ngo\/asociatia-down-art-therapy\/\" content=\"Asociatia Down Art Therapy\" \/><meta itemprop=\"datePublished\" content=\"2020-12-18\" \/><meta itemprop=\"dateModified\" content=\"2021-02-05\" \/><meta itemprop=\"name\" content=\"EU for Trisomy 21\"\/><meta itemprop=\"url\" content=\"https:\/\/eufortrisomy21.eu\/author\/contacteufortrisomy21-eu\/\" \/><meta itemprop=\"name\" content=\"contact@eufortrisomy21.eu\" \/><meta itemprop=\"interactionType\" content=\"https:\/\/schema.org\/CommentAction\" \/><meta itemprop=\"userInteractionCount\" content=\"0\" \/>\n<a href=\"https:\/\/eufortrisomy21.eu\/ngo\/asociatia-down-art-therapy\/\">\n\t<img decoding=\"async\" src=\"https:\/\/eufortrisomy21.eu\/wp-content\/uploads\/2020\/12\/dart-sigla.jpg\"\/>\n\t<\/a>\n\t<meta itemscope itemprop=\"mainEntityOfPage\" itemtype=\"https:\/\/schema.org\/WebPage\" itemid=\"https:\/\/eufortrisomy21.eu\/ngo\/asociatia-happyatoys\/\" content=\"Asociatia Happyatoys\" \/><meta itemprop=\"datePublished\" content=\"2020-12-15\" \/><meta itemprop=\"dateModified\" content=\"2021-08-22\" \/><meta itemprop=\"name\" content=\"EU for Trisomy 21\"\/><meta itemprop=\"url\" content=\"https:\/\/eufortrisomy21.eu\/author\/contacteufortrisomy21-eu\/\" \/><meta itemprop=\"name\" content=\"contact@eufortrisomy21.eu\" \/><meta itemprop=\"interactionType\" content=\"https:\/\/schema.org\/CommentAction\" \/><meta itemprop=\"userInteractionCount\" content=\"0\" \/>\n<a href=\"https:\/\/eufortrisomy21.eu\/ngo\/asociatia-happyatoys\/\">\n\t<img decoding=\"async\" src=\"https:\/\/eufortrisomy21.eu\/wp-content\/uploads\/2020\/12\/happyatoy-731x1024.png\"\/>\n\t<\/a>\n\t\t<!-- .pp-content-posts -->\n<h2>\n\t\tNeed help? doubts? more information?\n\t<\/h2>\n\t\t\t<a href=\"https:\/\/eufortrisomy21.eu\/contact\/\" target=\"_self\" role=\"button\" rel=\"noopener\">\n\t\t\t\t\t\t\tContact us\n\t\t\t<\/a>\n\t  &nbsp;&nbsp;Translate this page [gtranslate]\n\n","protected":false},"excerpt":{"rendered":"<p>I am a Civil Society Organisation Become a Partner organisation to the EU for Trisomy 21 and help us to&hellip;<\/p>","protected":false},"author":2,"featured_media":0,"parent":15436,"menu_order":0,"comment_status":"closed","ping_status":"closed","template":"","meta":{"_acf_changed":false,"footnotes":""},"class_list":["post-15454","page","type-page","status-publish","hentry"],"acf":[],"_links":{"self":[{"href":"https:\/\/eufortrisomy21.eu\/es\/wp-json\/wp\/v2\/pages\/15454"}],"collection":[{"href":"https:\/\/eufortrisomy21.eu\/es\/wp-json\/wp\/v2\/pages"}],"about":[{"href":"https:\/\/eufortrisomy21.eu\/es\/wp-json\/wp\/v2\/types\/page"}],"author":[{"embeddable":true,"href":"https:\/\/eufortrisomy21.eu\/es\/wp-json\/wp\/v2\/users\/2"}],"replies":[{"embeddable":true,"href":"https:\/\/eufortrisomy21.eu\/es\/wp-json\/wp\/v2\/comments?post=15454"}],"version-history":[{"count":0,"href":"https:\/\/eufortrisomy21.eu\/es\/wp-json\/wp\/v2\/pages\/15454\/revisions"}],"up":[{"embeddable":true,"href":"https:\/\/eufortrisomy21.eu\/es\/wp-json\/wp\/v2\/pages\/15436"}],"wp:attachment":[{"href":"https:\/\/eufortrisomy21.eu\/es\/wp-json\/wp\/v2\/media?parent=15454"}],"curies":[{"name":"wp","href":"https:\/\/api.w.org\/{rel}","templated":true}]}}