{"id":30106,"date":"2021-02-02T14:56:29","date_gmt":"2021-02-02T13:56:29","guid":{"rendered":"https:\/\/eufortrisomy21.eu\/?post_type=ngo&#038;p=30106"},"modified":"2021-02-05T23:48:18","modified_gmt":"2021-02-05T22:48:18","slug":"spolecnost-rodicu-a-pratel-deti-s-downovym-syndromem-downsyndrom-cz","status":"publish","type":"ngo","link":"https:\/\/eufortrisomy21.eu\/et\/ngo\/spolecnost-rodicu-a-pratel-deti-s-downovym-syndromem-downsyndrom-cz\/","title":{"rendered":"Spole\u010dnost rodi\u010d\u016f a p\u0159\u00e1tel d\u011bt\u00ed s Downov\u00fdm s\u00fcndroom (Downi s\u00fcndroom CZ)"},"content":{"rendered":"<table border=\"0\" width=\"99%\" cellspacing=\"0\" cellpadding=\"1\" bgcolor=\"#EAEAEA\">\n<tbody>\n<tr>\n<td>\n<table border=\"0\" width=\"100%\" cellspacing=\"0\" cellpadding=\"5\" bgcolor=\"#FFFFFF\">\n<tbody>\n<tr bgcolor=\"#EAF2FA\">\n<td colspan=\"2\"><span style=\"font-family: sans-serif; font-size: 12px;\"><strong>Name of the NGO<\/strong><\/span><\/td>\n<\/tr>\n<tr bgcolor=\"#FFFFFF\">\n<td width=\"20\"><\/td>\n<td><span style=\"font-family: sans-serif; font-size: 12px;\">Spole\u010dnost rodi\u010d\u016f a p\u0159\u00e1tel d\u011bt\u00ed s Downov\u00fdm s\u00fcndroom (Downi s\u00fcndroom CZ)<\/span><\/td>\n<\/tr>\n<tr bgcolor=\"#EAF2FA\">\n<td colspan=\"2\"><span style=\"font-family: sans-serif; font-size: 12px;\"><strong>Logo<\/strong><\/span><\/td>\n<\/tr>\n<tr bgcolor=\"#FFFFFF\">\n<td width=\"20\"><\/td>\n<td>\n<ul>\n<li><a href=\"https:\/\/eufortrisomy21.eu\/wp-content\/uploads\/2021\/02\/m_logo_ds.jpg\" target=\"_blank\" rel=\"noopener\" aria-label=\"Click to view\">m_logo_ds.jpg<\/a><\/li>\n<\/ul>\n<p>&nbsp;<\/td>\n<\/tr>\n<tr bgcolor=\"#EAF2FA\">\n<td colspan=\"2\"><span style=\"font-family: sans-serif; font-size: 12px;\"><strong>Riik<\/strong><\/span><\/td>\n<\/tr>\n<tr bgcolor=\"#FFFFFF\">\n<td width=\"20\"><\/td>\n<td><span style=\"font-family: sans-serif; font-size: 12px;\">T\u0160EHHIA<\/span><\/td>\n<\/tr>\n<tr bgcolor=\"#EAF2FA\">\n<td colspan=\"2\"><span style=\"font-family: sans-serif; font-size: 12px;\"><strong>Short presentation of the NGO<\/strong><\/span><\/td>\n<\/tr>\n<tr bgcolor=\"#FFFFFF\">\n<td width=\"20\"><\/td>\n<td><span style=\"font-family: sans-serif; font-size: 12px;\">Oleme MT\u00dc, mis t\u00f6\u00f6tab 25 aastat k\u00f5igi Downi s\u00fcndroomiga inimeste ja nende perede heaks. Aastaid korraldame tegevusi Downi s\u00fcndroomiga lastele ja t\u00e4iskasvanutele, talve- ja suvelaagreid ning loenguid lapsevanematele, \u00f5petajatele ja teistele hooldajatele.<\/span><\/td>\n<\/tr>\n<tr bgcolor=\"#EAF2FA\">\n<td colspan=\"2\"><span style=\"font-family: sans-serif; font-size: 12px;\"><strong>Contact person&#8217;s first name<\/strong><\/span><\/td>\n<\/tr>\n<tr bgcolor=\"#FFFFFF\">\n<td width=\"20\"><\/td>\n<td><span style=\"font-family: sans-serif; font-size: 12px;\">Gabriela<\/span><\/td>\n<\/tr>\n<tr bgcolor=\"#EAF2FA\">\n<td colspan=\"2\"><span style=\"font-family: sans-serif; font-size: 12px;\"><strong>Contact person&#8217;s last name<\/strong><\/span><\/td>\n<\/tr>\n<tr bgcolor=\"#FFFFFF\">\n<td width=\"20\"><\/td>\n<td><span style=\"font-family: sans-serif; font-size: 12px;\">Salkova<\/span><\/td>\n<\/tr>\n<tr bgcolor=\"#EAF2FA\">\n<td colspan=\"2\"><span style=\"font-family: sans-serif; font-size: 12px;\"><strong>E-post<\/strong><\/span><\/td>\n<\/tr>\n<tr bgcolor=\"#FFFFFF\">\n<td width=\"20\"><\/td>\n<td><span style=\"font-family: sans-serif; font-size: 12px;\">gabriela.salkova@downsyndrom.cz<\/span><\/td>\n<\/tr>\n<tr bgcolor=\"#EAF2FA\">\n<td colspan=\"2\"><span style=\"font-family: sans-serif; font-size: 12px;\"><strong>Telefon<\/strong><\/span><\/td>\n<\/tr>\n<tr bgcolor=\"#FFFFFF\">\n<td width=\"20\"><\/td>\n<td><span style=\"font-family: sans-serif; font-size: 12px;\">603231045<\/span><\/td>\n<\/tr>\n<tr bgcolor=\"#EAF2FA\">\n<td colspan=\"2\"><span style=\"font-family: sans-serif; font-size: 12px;\"><strong>City<\/strong><\/span><\/td>\n<\/tr>\n<tr bgcolor=\"#FFFFFF\">\n<td width=\"20\"><\/td>\n<td><span style=\"font-family: sans-serif; font-size: 12px;\">Praha<\/span><\/td>\n<\/tr>\n<tr bgcolor=\"#EAF2FA\">\n<td colspan=\"2\"><span style=\"font-family: sans-serif; font-size: 12px;\"><strong>I want to register one or more people with Down&#8217;s syndrome<\/strong><\/span><\/td>\n<\/tr>\n<tr bgcolor=\"#FFFFFF\">\n<td width=\"20\"><\/td>\n<td><span style=\"font-family: sans-serif; font-size: 12px;\">No<\/span><\/td>\n<\/tr>\n<tr bgcolor=\"#EAF2FA\">\n<td colspan=\"2\"><span style=\"font-family: sans-serif; font-size: 12px;\"><strong>Contact optin<\/strong><\/span><\/td>\n<\/tr>\n<tr bgcolor=\"#FFFFFF\">\n<td width=\"20\"><\/td>\n<td>\n<ul class=\"bulleted\">\n<li>I would like to be contacted to become a partner of EU for Trisomy 21<\/li>\n<\/ul>\n<p>&nbsp;<\/td>\n<\/tr>\n<tr bgcolor=\"#EAF2FA\">\n<td colspan=\"2\"><\/td>\n<\/tr>\n<tr bgcolor=\"#FFFFFF\">\n<td width=\"20\"><\/td>\n<td><span style=\"font-family: sans-serif; font-size: 12px;\"><span style=\"font-family: sans-serif; font-size: 12px;\"><img decoding=\"async\" src=\"https:\/\/eufortrisomy21.eu\/wp-content\/plugins\/gravityforms\/images\/tick.png\" \/> N\u00f5ustun privaatsuspoliitikaga.<\/span><\/span><\/p>\n<div class=\"gfield_consent_description\">Selle vormi t\u00e4itmisega n\u00f5ustute, et teie kontaktandmed lisatakse EUfortrisomy21 kontaktfaili. Pange t\u00e4hele, et see fail j\u00e4\u00e4b ainu\u00fcksi EUfortrisomy21 vastutusalasse ja seda ei jagata mingil juhul teiste \u00fcksustega. Kui te ei soovi tulevikus enam meie teateid saada, t\u00fchistage lihtsalt linki pakkuv tellimus. Teil on igal ajal \u00f5igus p\u00e4\u00e4seda juurde teid puudutavatele andmetele, neid parandada v\u00f5i neid kustutada ning \u00f5igus olla vastu v\u00f5i piirata nende t\u00f6\u00f6tlemist. Oma \u00f5iguste kasutamiseks v\u00f5ite meiega \u00fchendust v\u00f5tta aadressil privacy @ eufortrisomy21. Lisateavet teie isikuandmete kaitse kohta leiate aadressilt privacy @ eufortrisomy21<\/div>\n<p>&nbsp;<\/td>\n<\/tr>\n<\/tbody>\n<\/table>\n<\/td>\n<\/tr>\n<\/tbody>\n<\/table>","protected":false},"featured_media":0,"template":"","country":[17],"class_list":["post-30106","ngo","type-ngo","status-publish","hentry","country-czechia"],"acf":[],"_links":{"self":[{"href":"https:\/\/eufortrisomy21.eu\/et\/wp-json\/wp\/v2\/ngo\/30106"}],"collection":[{"href":"https:\/\/eufortrisomy21.eu\/et\/wp-json\/wp\/v2\/ngo"}],"about":[{"href":"https:\/\/eufortrisomy21.eu\/et\/wp-json\/wp\/v2\/types\/ngo"}],"version-history":[{"count":0,"href":"https:\/\/eufortrisomy21.eu\/et\/wp-json\/wp\/v2\/ngo\/30106\/revisions"}],"wp:attachment":[{"href":"https:\/\/eufortrisomy21.eu\/et\/wp-json\/wp\/v2\/media?parent=30106"}],"wp:term":[{"taxonomy":"country","embeddable":true,"href":"https:\/\/eufortrisomy21.eu\/et\/wp-json\/wp\/v2\/country?post=30106"}],"curies":[{"name":"wp","href":"https:\/\/api.w.org\/{rel}","templated":true}]}}