{"id":31216,"date":"2021-03-01T22:25:20","date_gmt":"2021-03-01T21:25:20","guid":{"rendered":"https:\/\/eufortrisomy21.eu\/fr\/?post_type=ngo&#038;p=31216"},"modified":"2021-03-03T11:02:00","modified_gmt":"2021-03-03T10:02:00","slug":"association-la-ferme-de-tobie","status":"publish","type":"ngo","link":"https:\/\/eufortrisomy21.eu\/et\/ngo\/association-la-ferme-de-tobie\/","title":{"rendered":"\u00dchendus La Ferme de Tobie"},"content":{"rendered":"<table width=\"99%\" border=\"0\" cellpadding=\"1\" cellspacing=\"0\" bgcolor=\"#EAEAEA\">\n<tr>\n<td>\n<table width=\"100%\" border=\"0\" cellpadding=\"5\" cellspacing=\"0\" bgcolor=\"#FFFFFF\">\n<tr bgcolor=\"#EAF2FA\">\n<td colspan=\"2\">\n\t\t                                        <font style=\"font-family: sans-serif;font-size:12px\"><strong>Name of the NGO<\/strong><\/font>\n\t\t                                    <\/td>\n<\/tr>\n<tr bgcolor=\"#FFFFFF\">\n<td width=\"20\">&nbsp;<\/td>\n<td>\n\t\t                                        <font style=\"font-family: sans-serif;font-size:12px\">\u00dchendus La Ferme de Tobie<\/font>\n\t\t                                    <\/td>\n<\/tr>\n<tr bgcolor=\"#EAF2FA\">\n<td colspan=\"2\">\n\t\t                                        <font style=\"font-family: sans-serif;font-size:12px\"><strong>Logo<\/strong><\/font>\n\t\t                                    <\/td>\n<\/tr>\n<tr bgcolor=\"#FFFFFF\">\n<td width=\"20\">&nbsp;<\/td>\n<td>\n\t\t                                        <font style=\"font-family: sans-serif;font-size:12px\"><\/p>\n<ul>\n<li><a href='https:\/\/eufortrisomy21.eu\/wp-content\/uploads\/2021\/03\/logofermetobie-2-scaled.jpg' target='_blank' aria-label='Cliquez pour voir' rel=\"noopener\">logofermetobie-2-scaled.jpg<\/a><\/li>\n<\/ul>\n<p><\/font>\n\t\t                                    <\/td>\n<\/tr>\n<tr bgcolor=\"#EAF2FA\">\n<td colspan=\"2\">\n\t\t                                        <font style=\"font-family: sans-serif;font-size:12px\"><strong>Riik<\/strong><\/font>\n\t\t                                    <\/td>\n<\/tr>\n<tr bgcolor=\"#FFFFFF\">\n<td width=\"20\">&nbsp;<\/td>\n<td>\n\t\t                                        <font style=\"font-family: sans-serif;font-size:12px\">PRANTSUSMAA<\/font>\n\t\t                                    <\/td>\n<\/tr>\n<tr bgcolor=\"#EAF2FA\">\n<td colspan=\"2\">\n\t\t                                        <font style=\"font-family: sans-serif;font-size:12px\"><strong>Short presentation of the NGO<\/strong><\/font>\n\t\t                                    <\/td>\n<\/tr>\n<tr bgcolor=\"#FFFFFF\">\n<td width=\"20\">&nbsp;<\/td>\n<td>\n\t\t                                        <font style=\"font-family: sans-serif;font-size:12px\">La ferme de Tobie accueille, accompagne et soutient des familles ayant un enfant avec un handicap mental. Elle propose des apr\u00e8s-midis d&#039;activit\u00e9s pour les enfants et  les familles ainsi que des temps de r\u00e9pit  sous diff\u00e9rentes formes ( garde de l&#039;enfant \u00e0 son domicile , week-end d&#039;accueil&#8230;)<\/font>\n\t\t                                    <\/td>\n<\/tr>\n<tr bgcolor=\"#EAF2FA\">\n<td colspan=\"2\">\n\t\t                                        <font style=\"font-family: sans-serif;font-size:12px\"><strong>Website<\/strong><\/font>\n\t\t                                    <\/td>\n<\/tr>\n<tr bgcolor=\"#FFFFFF\">\n<td width=\"20\">&nbsp;<\/td>\n<td>\n\t\t                                        <font style=\"font-family: sans-serif;font-size:12px\">www.lafermedetobie.fr<\/font>\n\t\t                                    <\/td>\n<\/tr>\n<tr bgcolor=\"#EAF2FA\">\n<td colspan=\"2\">\n\t\t                                        <font style=\"font-family: sans-serif;font-size:12px\"><strong>Facebook<\/strong><\/font>\n\t\t                                    <\/td>\n<\/tr>\n<tr bgcolor=\"#FFFFFF\">\n<td width=\"20\">&nbsp;<\/td>\n<td>\n\t\t                                        <font style=\"font-family: sans-serif;font-size:12px\">https:\/\/www.facebook.com\/lafermedetobie\/<\/font>\n\t\t                                    <\/td>\n<\/tr>\n<tr bgcolor=\"#EAF2FA\">\n<td colspan=\"2\">\n\t\t                                        <font style=\"font-family: sans-serif;font-size:12px\"><strong>Twitter<\/strong><\/font>\n\t\t                                    <\/td>\n<\/tr>\n<tr bgcolor=\"#FFFFFF\">\n<td width=\"20\">&nbsp;<\/td>\n<td>\n\t\t                                        <font style=\"font-family: sans-serif;font-size:12px\">non<\/font>\n\t\t                                    <\/td>\n<\/tr>\n<tr bgcolor=\"#EAF2FA\">\n<td colspan=\"2\">\n\t\t                                        <font style=\"font-family: sans-serif;font-size:12px\"><strong>Instagram<\/strong><\/font>\n\t\t                                    <\/td>\n<\/tr>\n<tr bgcolor=\"#FFFFFF\">\n<td width=\"20\">&nbsp;<\/td>\n<td>\n\t\t                                        <font style=\"font-family: sans-serif;font-size:12px\">non<\/font>\n\t\t                                    <\/td>\n<\/tr>\n<tr bgcolor=\"#EAF2FA\">\n<td colspan=\"2\">\n\t\t                                        <font style=\"font-family: sans-serif;font-size:12px\"><strong>Youtube<\/strong><\/font>\n\t\t                                    <\/td>\n<\/tr>\n<tr bgcolor=\"#FFFFFF\">\n<td width=\"20\">&nbsp;<\/td>\n<td>\n\t\t                                        <font style=\"font-family: sans-serif;font-size:12px\">non<\/font>\n\t\t                                    <\/td>\n<\/tr>\n<tr bgcolor=\"#EAF2FA\">\n<td colspan=\"2\">\n\t\t                                        <font style=\"font-family: sans-serif;font-size:12px\"><strong>TikTok<\/strong><\/font>\n\t\t                                    <\/td>\n<\/tr>\n<tr bgcolor=\"#FFFFFF\">\n<td width=\"20\">&nbsp;<\/td>\n<td>\n\t\t                                        <font style=\"font-family: sans-serif;font-size:12px\">non<\/font>\n\t\t                                    <\/td>\n<\/tr>\n<tr bgcolor=\"#EAF2FA\">\n<td colspan=\"2\">\n\t\t                                        <font style=\"font-family: sans-serif;font-size:12px\"><strong>Contact person&#039;s first name<\/strong><\/font>\n\t\t                                    <\/td>\n<\/tr>\n<tr bgcolor=\"#FFFFFF\">\n<td width=\"20\">&nbsp;<\/td>\n<td>\n\t\t                                        <font style=\"font-family: sans-serif;font-size:12px\">Anne-C\u00e9cile<\/font>\n\t\t                                    <\/td>\n<\/tr>\n<tr bgcolor=\"#EAF2FA\">\n<td colspan=\"2\">\n\t\t                                        <font style=\"font-family: sans-serif;font-size:12px\"><strong>Contact person&#039;s last name<\/strong><\/font>\n\t\t                                    <\/td>\n<\/tr>\n<tr bgcolor=\"#FFFFFF\">\n<td width=\"20\">&nbsp;<\/td>\n<td>\n\t\t                                        <font style=\"font-family: sans-serif;font-size:12px\">Quiviger<\/font>\n\t\t                                    <\/td>\n<\/tr>\n<tr bgcolor=\"#EAF2FA\">\n<td colspan=\"2\">\n\t\t                                        <font style=\"font-family: sans-serif;font-size:12px\"><strong>E-post<\/strong><\/font>\n\t\t                                    <\/td>\n<\/tr>\n<tr bgcolor=\"#FFFFFF\">\n<td width=\"20\">&nbsp;<\/td>\n<td>\n\t\t                                        <font style=\"font-family: sans-serif;font-size:12px\"><a href='mailto:lafermedetobie@gmail.com'>lafermedetobie@gmail.com<\/a><\/font>\n\t\t                                    <\/td>\n<\/tr>\n<tr bgcolor=\"#EAF2FA\">\n<td colspan=\"2\">\n\t\t                                        <font style=\"font-family: sans-serif;font-size:12px\"><strong>Telefon<\/strong><\/font>\n\t\t                                    <\/td>\n<\/tr>\n<tr bgcolor=\"#FFFFFF\">\n<td width=\"20\">&nbsp;<\/td>\n<td>\n\t\t                                        <font style=\"font-family: sans-serif;font-size:12px\">0781895613<\/font>\n\t\t                                    <\/td>\n<\/tr>\n<tr bgcolor=\"#EAF2FA\">\n<td colspan=\"2\">\n\t\t                                        <font style=\"font-family: sans-serif;font-size:12px\"><strong>City<\/strong><\/font>\n\t\t                                    <\/td>\n<\/tr>\n<tr bgcolor=\"#FFFFFF\">\n<td width=\"20\">&nbsp;<\/td>\n<td>\n\t\t                                        <font style=\"font-family: sans-serif;font-size:12px\">Clohars-Fouesnant<\/font>\n\t\t                                    <\/td>\n<\/tr>\n<tr bgcolor=\"#EAF2FA\">\n<td colspan=\"2\">\n\t\t                                        <font style=\"font-family: sans-serif;font-size:12px\"><strong>I want to register one or more people with Down&#039;s syndrome<\/strong><\/font>\n\t\t                                    <\/td>\n<\/tr>\n<tr bgcolor=\"#FFFFFF\">\n<td width=\"20\">&nbsp;<\/td>\n<td>\n\t\t                                        <font style=\"font-family: sans-serif;font-size:12px\">No<\/font>\n\t\t                                    <\/td>\n<\/tr>\n<tr bgcolor=\"#EAF2FA\">\n<td colspan=\"2\">\n\t\t                                        <font style=\"font-family: sans-serif;font-size:12px\"><strong>Contact optin<\/strong><\/font>\n\t\t                                    <\/td>\n<\/tr>\n<tr bgcolor=\"#FFFFFF\">\n<td width=\"20\">&nbsp;<\/td>\n<td>\n\t\t                                        <font style=\"font-family: sans-serif;font-size:12px\"><\/p>\n<ul class='bulleted'>\n<li>I would like to be contacted to become a partner of EU for Trisomy 21<\/li>\n<\/ul>\n<p><\/font>\n\t\t                                    <\/td>\n<\/tr>\n<tr bgcolor=\"#EAF2FA\">\n<td colspan=\"2\">\n\t\t                                        <font style=\"font-family: sans-serif;font-size:12px\"><strong><\/strong><\/font>\n\t\t                                    <\/td>\n<\/tr>\n<tr bgcolor=\"#FFFFFF\">\n<td width=\"20\">&nbsp;<\/td>\n<td>\n\t\t                                        <font style=\"font-family: sans-serif;font-size:12px\"><img decoding=\"async\" src=\"https:\/\/eufortrisomy21.eu\/wp-content\/plugins\/gravityforms\/images\/tick.png\" \/> N\u00f5ustun privaatsuspoliitikaga.<\/p>\n<div class=\"gfield_consent_description\">Selle vormi t\u00e4itmisega n\u00f5ustute, et teie kontaktandmed lisatakse EUfortrisomy21 kontaktfaili. Pange t\u00e4hele, et see fail j\u00e4\u00e4b ainu\u00fcksi EUfortrisomy21 vastutusalasse ja seda ei jagata mingil juhul teiste \u00fcksustega. Kui te ei soovi tulevikus enam meie teateid saada, t\u00fchistage lihtsalt linki pakkuv tellimus. Teil on igal ajal \u00f5igus p\u00e4\u00e4seda juurde teid puudutavatele andmetele, neid parandada v\u00f5i neid kustutada ning \u00f5igus olla vastu v\u00f5i piirata nende t\u00f6\u00f6tlemist. Oma \u00f5iguste kasutamiseks v\u00f5ite meiega \u00fchendust v\u00f5tta aadressil privacy @ eufortrisomy21. Lisateavet teie isikuandmete kaitse kohta leiate aadressilt privacy @ eufortrisomy21<\/div>\n<p><\/font>\n\t\t                                    <\/td>\n<\/tr>\n<\/table>\n<\/td>\n<\/tr>\n<\/table>","protected":false},"featured_media":0,"template":"","country":[12],"class_list":["post-31216","ngo","type-ngo","status-publish","hentry","country-france"],"acf":[],"_links":{"self":[{"href":"https:\/\/eufortrisomy21.eu\/et\/wp-json\/wp\/v2\/ngo\/31216"}],"collection":[{"href":"https:\/\/eufortrisomy21.eu\/et\/wp-json\/wp\/v2\/ngo"}],"about":[{"href":"https:\/\/eufortrisomy21.eu\/et\/wp-json\/wp\/v2\/types\/ngo"}],"version-history":[{"count":0,"href":"https:\/\/eufortrisomy21.eu\/et\/wp-json\/wp\/v2\/ngo\/31216\/revisions"}],"wp:attachment":[{"href":"https:\/\/eufortrisomy21.eu\/et\/wp-json\/wp\/v2\/media?parent=31216"}],"wp:term":[{"taxonomy":"country","embeddable":true,"href":"https:\/\/eufortrisomy21.eu\/et\/wp-json\/wp\/v2\/country?post=31216"}],"curies":[{"name":"wp","href":"https:\/\/api.w.org\/{rel}","templated":true}]}}