{"id":14534,"date":"2020-03-19T20:48:33","date_gmt":"2020-03-19T19:48:33","guid":{"rendered":"https:\/\/eufortrisomy21.eu\/?page_id=14534"},"modified":"2022-02-01T23:47:47","modified_gmt":"2022-02-01T22:47:47","slug":"challenge","status":"publish","type":"page","link":"https:\/\/eufortrisomy21.eu\/et\/21march20\/challenge\/","title":{"rendered":"V\u00e4ljakutse"},"content":{"rendered":"<h1>\n\t\t\n\t<\/h1>\n<h2>\n\t\tSobimatu sokkide v\u00e4ljakutse\n\t<\/h2>\n\t\t\t\t\t\t<img decoding=\"async\" src=\"https:\/\/i.ytimg.com\/vi\/QZ3elhGVp_Q\/maxresdefault.jpg\"  \/>\n\t<p>Viis perekonda Belgiast, Prantsusmaalt, Itaaliast, Hispaaniast ja Poolast on esitanud \u00fcleskutse Euroopa Parlamendi liikmetele sokke sobimata, et toetada \u00fclemaailmse Downi s\u00fcndroomi p\u00e4eva t\u00e4histamist, mis t\u00e4hendab, et Downi s\u00fcndroomiga inimesed v\u00f5ivad olla erinevad (nagu meie sokid), kuid need rikastavad meie \u00fchiskonda k\u00f5ige ilusamal viisil.<\/p>\n<p>See veebikampaania valmistab ette \u00fclemaailmset Downi s\u00fcndroomi p\u00e4eva, mida t\u00e4histatakse nagu igal aastal 21. m\u00e4rtsil.<\/p>\n<p>EL for Trisomy 21 on koost\u00f6\u00f6s paljude teiste valitsusv\u00e4liste organisatsioonide ja parlamendiliikmetega korraldanud Euroopa Parlamendis selle erilise s\u00fcndmuse jaoks mitmeid tegevusi. Kahjuks on parlamendis selle t\u00e4histamise jaoks kavandatud tegevused Covid-19 juhiste t\u00f5ttu \u00e4ra j\u00e4etud.<\/p>\n\t<p>Sellegipoolest j\u00e4tkub sobimatu sokkidega sotsiaalmeedia kampaania, alustades t\u00e4na video viiest Downi s\u00fcndroomiga inimesest ja nende peredest, kutsudes parlamendiliikmeid \u00fcles nende sokke mittevastama.<\/p>\n<p>Selle kampaania k\u00e4igus saavad parlamendiliikmed l\u00fchikese m\u00e4rkuse Euroopa Liidu tegevuse vajaduste kohta tervishoiu, hariduse, v\u00f5rd\u00f5iguslikkuse ja teadusuuringute valdkonnas, et lahendada Downi s\u00fcndroomiga inimeste ja nende perekondade probleeme.<\/p>\n<p>EU for Trisomy 21 kutsub teid lahkesti \u00fchinema sobimatute sokkide kampaaniaga, postitades oma foto v\u00f5i video Twitterisse, Facebooki v\u00f5i Instagrami r\u00e4sim\u00e4rkidega #EUforTrisomy21 #WDSD20 ja #WorldDownSyndromeDay.<\/p>\n<p>Rohkem informatsiooni: <a href=\"mailto:antonio@eufortrisomy21.eu\">antonio@eufortrisomy21.eu<\/a><\/p>","protected":false},"excerpt":{"rendered":"<p>Mismatched socks challenge Five families from Belgium, France, Italy, Spain and Poland has challenged the Members of the European Parliament&hellip;<\/p>","protected":false},"author":2,"featured_media":0,"parent":14422,"menu_order":0,"comment_status":"closed","ping_status":"closed","template":"","meta":{"_acf_changed":false,"footnotes":""},"class_list":["post-14534","page","type-page","status-publish","hentry"],"acf":[],"_links":{"self":[{"href":"https:\/\/eufortrisomy21.eu\/et\/wp-json\/wp\/v2\/pages\/14534"}],"collection":[{"href":"https:\/\/eufortrisomy21.eu\/et\/wp-json\/wp\/v2\/pages"}],"about":[{"href":"https:\/\/eufortrisomy21.eu\/et\/wp-json\/wp\/v2\/types\/page"}],"author":[{"embeddable":true,"href":"https:\/\/eufortrisomy21.eu\/et\/wp-json\/wp\/v2\/users\/2"}],"replies":[{"embeddable":true,"href":"https:\/\/eufortrisomy21.eu\/et\/wp-json\/wp\/v2\/comments?post=14534"}],"version-history":[{"count":0,"href":"https:\/\/eufortrisomy21.eu\/et\/wp-json\/wp\/v2\/pages\/14534\/revisions"}],"up":[{"embeddable":true,"href":"https:\/\/eufortrisomy21.eu\/et\/wp-json\/wp\/v2\/pages\/14422"}],"wp:attachment":[{"href":"https:\/\/eufortrisomy21.eu\/et\/wp-json\/wp\/v2\/media?parent=14534"}],"curies":[{"name":"wp","href":"https:\/\/api.w.org\/{rel}","templated":true}]}}