{"id":14530,"date":"2020-03-19T20:43:25","date_gmt":"2020-03-19T19:43:25","guid":{"rendered":"https:\/\/eufortrisomy21.eu\/?page_id=14530"},"modified":"2022-02-01T23:48:02","modified_gmt":"2022-02-01T22:48:02","slug":"research","status":"publish","type":"page","link":"https:\/\/eufortrisomy21.eu\/fi\/21march20\/research\/","title":{"rendered":"Tutkimus"},"content":{"rendered":"<h1>\n\t\t\n\t<\/h1>\n<h2>\n\t\tEtsit\u00e4\u00e4n Downin oireyhtym\u00e4n hoitoa: innostava tieteellinen projekti, joka ansaitsee EU: n poliittisen tahdon\n\t<\/h2>\n\t<p>Eurooppalaiset tutkijat, jotka Euroopan parlamentti on kutsunut julkisesti esittelem\u00e4\u00e4n teoksiaan, ovat kirjoittaneet - yhdess\u00e4 muiden asiantuntijoiden kanssa - opas. Se julkaistaan eurooppalaisissa sanomalehdiss\u00e4 Downin oireyhtym\u00e4n p\u00e4iv\u00e4n\u00e4. Artikkeli tiivist\u00e4\u00e4 terapeuttisen tutkimuksen tavoitteet ja l\u00e4pimurrot: v\u00e4hent\u00e4\u00e4 vammaisuutta ja parantaa Downin oireyhtym\u00e4\u00e4 sairastavien ihmisten el\u00e4m\u00e4nlaatua ja itsen\u00e4isyytt\u00e4:<\/p>\n\t\t\t\t<a href=\"https:\/\/www.lefigaro.fr\/vox\/culture\/l-ue-doit-faire-davantage-pour-la-recherche-d-un-traitement-de-la-trisomie-21-20200321\" target=\"_blank\" rel=\"noopener noreferrer\" itemprop=\"url\">\n\t\t\t\t<img loading=\"lazy\" decoding=\"async\" src=\"https:\/\/eufortrisomy21.eu\/wp-content\/uploads\/2020\/03\/france-150x150.png\" alt=\"france\" itemprop=\"image\" height=\"150\" width=\"150\" title=\"Ranska\" onerror=\"this.style.display='none'\"  \/>\n\t\t\t\t<\/a>\n<h4><a href=\"https:\/\/www.lefigaro.fr\/vox\/culture\/l-ue-doit-faire-davantage-pour-la-recherche-d-un-traitement-de-la-trisomie-21-20200321\" target=\"_blank\" rel=\"noopener noreferrer\">Le Figaro (Ranska)<\/a><\/h4>\t\t\n\t\t\t<p>Trouver un traitement pour la trisomie 21: un projet scientifique enthousiasmant m\u00e9ritant une volont\u00e9 politique de l&#039;Union europ\u00e9enne!<\/p>\n\t\t\t<a href=\"https:\/\/www.lefigaro.fr\/vox\/culture\/l-ue-doit-faire-davantage-pour-la-recherche-d-un-traitement-de-la-trisomie-21-20200321\" target=\"_blank\" role=\"button\" rel=\"noopener noreferrer\">\n\t\t\t\t\t\t\tLukea\n\t\t\t\t\t<\/a>\n\t\t\t\t<a href=\"https:\/\/www.lalibre.be\/debats\/opinions\/trouver-un-traitement-pour-la-trisomie-21-un-projet-scientifique-enthousiasmant-meritant-une-volonte-politique-de-l-union-europeenne-5e74e742d8ad582f31c4c05a\" target=\"_blank\" rel=\"noopener noreferrer\" itemprop=\"url\">\n\t\t\t\t<img loading=\"lazy\" decoding=\"async\" src=\"https:\/\/eufortrisomy21.eu\/wp-content\/uploads\/2020\/03\/belgium.png\" alt=\"belgium\" itemprop=\"image\" height=\"512\" width=\"512\" title=\"Belgia\" onerror=\"this.style.display='none'\"  \/>\n\t\t\t\t<\/a>\n<h4><a href=\"https:\/\/www.lalibre.be\/debats\/opinions\/trouver-un-traitement-pour-la-trisomie-21-un-projet-scientifique-enthousiasmant-meritant-une-volonte-politique-de-l-union-europeenne-5e74e742d8ad582f31c4c05a\" target=\"_blank\" rel=\"noopener noreferrer\">Libre Belgique (Belgia)<\/a><\/h4>\t\t\n\t\t\t<p>Trouver un traitement pour la trisomie 21: un projet scientifique enthousiasmant m\u00e9ritant une volont\u00e9 politique de l&#039;Union europ\u00e9enne!<\/p>\n\t\t\t<a href=\"https:\/\/www.lalibre.be\/debats\/opinions\/trouver-un-traitement-pour-la-trisomie-21-un-projet-scientifique-enthousiasmant-meritant-une-volonte-politique-de-l-union-europeenne-5e74e742d8ad582f31c4c05a\" target=\"_blank\" role=\"button\" rel=\"noopener noreferrer\">\n\t\t\t\t\t\t\tLukea\n\t\t\t\t\t<\/a>\n\t\t\t\t<a href=\"https:\/\/www.lastampa.it\/salute\/2020\/03\/21\/news\/giornata-mondiale-della-sindrome-di-down-1.38616524\" target=\"_blank\" rel=\"noopener noreferrer\" itemprop=\"url\">\n\t\t\t\t<img loading=\"lazy\" decoding=\"async\" src=\"https:\/\/eufortrisomy21.eu\/wp-content\/uploads\/2020\/03\/italy.png\" alt=\"italy\" itemprop=\"image\" height=\"512\" width=\"512\" title=\"Italia\" onerror=\"this.style.display='none'\"  \/>\n\t\t\t\t<\/a>\n<h4><a href=\"https:\/\/www.lastampa.it\/salute\/2020\/03\/21\/news\/giornata-mondiale-della-sindrome-di-down-1.38616524\" target=\"_blank\" rel=\"noopener noreferrer\">La Stampa (Italia)<\/a><\/h4>\t\t\n\t\t\t<p>Trovare una cura per la trisomia 21: un progetto scientifico entusiasmante che merita la volont\u00e0 politica dell&#8217;Unione Europea!<\/p>\n\t\t\t<a href=\"https:\/\/www.lastampa.it\/salute\/2020\/03\/21\/news\/giornata-mondiale-della-sindrome-di-down-1.38616524\" target=\"_blank\" role=\"button\" rel=\"noopener noreferrer\">\n\t\t\t\t\t\t\tLukea\n\t\t\t\t\t<\/a>\n\t\t\t\t<a href=\"https:\/\/wpolityce.pl\/spoleczenstwo\/492308-wspieramy-osoby-z-zespolem-downa\" target=\"_blank\" rel=\"noopener noreferrer\" itemprop=\"url\">\n\t\t\t\t<img loading=\"lazy\" decoding=\"async\" src=\"https:\/\/eufortrisomy21.eu\/wp-content\/uploads\/2020\/03\/republic-of-poland.png\" alt=\"republic-of-poland\" itemprop=\"image\" height=\"512\" width=\"512\" title=\"Puolan tasavalta\" onerror=\"this.style.display='none'\"  \/>\n\t\t\t\t<\/a>\n<h4><a href=\"https:\/\/wpolityce.pl\/spoleczenstwo\/492308-wspieramy-osoby-z-zespolem-downa\" target=\"_blank\" rel=\"noopener noreferrer\">wPolityce (Puola)<\/a><\/h4>\t\t\n\t\t\t<p>Znalezienie lekarstwa na trisomi\u0119 21: ekscytuj\u0105cy projekt naukowy, kt\u00f3ry zas\u0142uguje na polityczn\u0105 wol\u0119 Unii Europejskiej!<\/p>\n\t\t\t<a href=\"https:\/\/wpolityce.pl\/spoleczenstwo\/492308-wspieramy-osoby-z-zespolem-downa\" target=\"_blank\" role=\"button\" rel=\"noopener noreferrer\">\n\t\t\t\t\t\t\tLukea\n\t\t\t\t\t<\/a>\n\t\t\t\t<a href=\"https:\/\/narod.hr\/zdravlje\/lijecenje-za-sindrom-down-entuzijastican-pothvat-znanstvenika-koji-zahtjeva-politicku-volju-europske-unije\" target=\"_blank\" rel=\"noopener noreferrer\" itemprop=\"url\">\n\t\t\t\t<img loading=\"lazy\" decoding=\"async\" src=\"https:\/\/eufortrisomy21.eu\/wp-content\/uploads\/2020\/03\/croatia.png\" alt=\"croatia\" itemprop=\"image\" height=\"512\" width=\"512\" title=\"Kroatia\" onerror=\"this.style.display='none'\"  \/>\n\t\t\t\t<\/a>\n<h4><a href=\"https:\/\/narod.hr\/zdravlje\/lijecenje-za-sindrom-down-entuzijastican-pothvat-znanstvenika-koji-zahtjeva-politicku-volju-europske-unije\" target=\"_blank\" rel=\"noopener noreferrer\">Narod (Kroatia)<\/a><\/h4>\t\t\n\t\t\t<p>Lije\u010denje za sindrom Down: Entuzijasti\u010dan pothvat znanstvenika koji zahtjeva politi\u010dku volju Europske unije<\/p>\n\t\t\t<a href=\"https:\/\/narod.hr\/zdravlje\/lijecenje-za-sindrom-down-entuzijastican-pothvat-znanstvenika-koji-zahtjeva-politicku-volju-europske-unije\" target=\"_blank\" role=\"button\" rel=\"noopener noreferrer\">\n\t\t\t\t\t\t\tLukea\n\t\t\t\t\t<\/a>\n\t\t\t\t<a href=\"https:\/\/eufortrisomy21.eu\/wp-content\/uploads\/2020\/03\/TRIBUNEChercheursWDSD2020-German19mars.pdf\" target=\"_blank\" rel=\"noopener noreferrer\" itemprop=\"url\">\n\t\t\t\t<img loading=\"lazy\" decoding=\"async\" src=\"https:\/\/eufortrisomy21.eu\/wp-content\/uploads\/2020\/03\/germany.png\" alt=\"germany\" itemprop=\"image\" height=\"512\" width=\"512\" title=\"Saksa\" onerror=\"this.style.display='none'\"  \/>\n\t\t\t\t<\/a>\n<h4><a href=\"https:\/\/eufortrisomy21.eu\/wp-content\/uploads\/2020\/03\/TRIBUNEChercheursWDSD2020-German19mars.pdf\" target=\"_blank\" rel=\"noopener noreferrer\">Saksa<\/a><\/h4>\t\t\n\t\t\t<p>Die Heilbehandlung der Trisomie 21 entwickeln: ein begeisterndes wissenschaftliches Projekt, das die Anerkennung der Europ\u00e4ischen Union verdient!<\/p>\n\t\t\t<a href=\"https:\/\/eufortrisomy21.eu\/wp-content\/uploads\/2020\/03\/TRIBUNEChercheursWDSD2020-German19mars.pdf\" target=\"_blank\" role=\"button\" rel=\"noopener noreferrer\">\n\t\t\t\t\t\t\tLukea\n\t\t\t\t\t<\/a>\n\t\t\t\t<a href=\"https:\/\/eufortrisomy21.eu\/wp-content\/uploads\/2020\/03\/TRIBUNEChercheursWDSD2020-ES23mars.pdf\" target=\"_blank\" rel=\"noopener noreferrer\" itemprop=\"url\">\n\t\t\t\t<img loading=\"lazy\" decoding=\"async\" src=\"https:\/\/eufortrisomy21.eu\/wp-content\/uploads\/2020\/03\/spain.png\" alt=\"spain\" itemprop=\"image\" height=\"512\" width=\"512\" title=\"Espanja\" onerror=\"this.style.display='none'\"  \/>\n\t\t\t\t<\/a>\n<h4><a href=\"https:\/\/eufortrisomy21.eu\/wp-content\/uploads\/2020\/03\/TRIBUNEChercheursWDSD2020-ES23mars.pdf\" target=\"_blank\" rel=\"noopener noreferrer\">Espanja<\/a><\/h4>\t\t\n\t\t\t<p>Buscando el tratamiento del s\u00edndrome de Down: un proyecto cient\u00edfico inspirador que merece la voluntad pol\u00edtica de la UE<\/p>\n\t\t\t<a href=\"https:\/\/eufortrisomy21.eu\/wp-content\/uploads\/2020\/03\/TRIBUNEChercheursWDSD2020-ES23mars.pdf\" target=\"_blank\" role=\"button\" rel=\"noopener noreferrer\">\n\t\t\t\t\t\t\tLukea\n\t\t\t\t\t<\/a>\n\t<p>Lis\u00e4tietoja tieteellisist\u00e4 l\u00e4pimurroista on saatavilla kolmesta tiivistelm\u00e4st\u00e4: <\/p>\n<ul>\n<li>Csaba SZABO Tiivistelm\u00e4 (<a href=\"https:\/\/eufortrisomy21.eu\/wp-content\/uploads\/2020\/03\/ABSTRACTCsabaSzabo.pdf\" target=\"_blank\" rel=\"noopener noreferrer\">N\u00e4yt\u00e4 tiivistelm\u00e4<\/a><em>)<\/em><\/li>\n<li>Andre Megarbane Tiivistelm\u00e4 (<a href=\"https:\/\/eufortrisomy21.eu\/wp-content\/uploads\/2020\/03\/AbstractAndreMegarbane.pdf\" target=\"_blank\" rel=\"noopener noreferrer\">N\u00e4yt\u00e4 tiivistelm\u00e4<\/a><em>)<\/em><\/li>\n<li>Andre Strydom Abstrakti (<a href=\"https:\/\/eufortrisomy21.eu\/wp-content\/uploads\/2020\/03\/ABSTRACTAlzheimer-DSAndreStrydom.pdf\" target=\"_blank\" rel=\"noopener noreferrer\">N\u00e4yt\u00e4 tiivistelm\u00e4<\/a>)<\/li>\n<\/ul>","protected":false},"excerpt":{"rendered":"<p>Looking for Down syndrome treatment: an inspiring scientific project which deserves EU\u2019s political will European researchers, who were invited by&hellip;<\/p>","protected":false},"author":2,"featured_media":0,"parent":14422,"menu_order":0,"comment_status":"closed","ping_status":"closed","template":"","meta":{"_acf_changed":false,"footnotes":""},"class_list":["post-14530","page","type-page","status-publish","hentry"],"acf":[],"_links":{"self":[{"href":"https:\/\/eufortrisomy21.eu\/fi\/wp-json\/wp\/v2\/pages\/14530"}],"collection":[{"href":"https:\/\/eufortrisomy21.eu\/fi\/wp-json\/wp\/v2\/pages"}],"about":[{"href":"https:\/\/eufortrisomy21.eu\/fi\/wp-json\/wp\/v2\/types\/page"}],"author":[{"embeddable":true,"href":"https:\/\/eufortrisomy21.eu\/fi\/wp-json\/wp\/v2\/users\/2"}],"replies":[{"embeddable":true,"href":"https:\/\/eufortrisomy21.eu\/fi\/wp-json\/wp\/v2\/comments?post=14530"}],"version-history":[{"count":0,"href":"https:\/\/eufortrisomy21.eu\/fi\/wp-json\/wp\/v2\/pages\/14530\/revisions"}],"up":[{"embeddable":true,"href":"https:\/\/eufortrisomy21.eu\/fi\/wp-json\/wp\/v2\/pages\/14422"}],"wp:attachment":[{"href":"https:\/\/eufortrisomy21.eu\/fi\/wp-json\/wp\/v2\/media?parent=14530"}],"curies":[{"name":"wp","href":"https:\/\/api.w.org\/{rel}","templated":true}]}}