{"id":30131,"date":"2021-02-02T18:38:18","date_gmt":"2021-02-02T17:38:18","guid":{"rendered":"https:\/\/eufortrisomy21.eu\/?post_type=ngo&#038;p=30131"},"modified":"2021-02-05T23:48:18","modified_gmt":"2021-02-05T22:48:18","slug":"usmevy-spolek-pro-pomoc-lidem-s-downovym-syndromem-a-jejich-rodinam","status":"publish","type":"ngo","link":"https:\/\/eufortrisomy21.eu\/fr\/ngo\/usmevy-spolek-pro-pomoc-lidem-s-downovym-syndromem-a-jejich-rodinam\/","title":{"rendered":"\u00dasm\u011bvy \u2013 spolek pro pomoc lidem s Downov\u00fdm syndromem a jejich rodin\u00e1m"},"content":{"rendered":"<table border=\"0\" width=\"99%\" cellspacing=\"0\" cellpadding=\"1\" bgcolor=\"#EAEAEA\">\n<tbody>\n<tr>\n<td>\n<table border=\"0\" width=\"100%\" cellspacing=\"0\" cellpadding=\"5\" bgcolor=\"#FFFFFF\">\n<tbody>\n<tr bgcolor=\"#EAF2FA\">\n<td colspan=\"2\"><span style=\"font-family: sans-serif; font-size: 12px;\"><strong>Nom de l&#039;ONG<\/strong><\/span><\/td>\n<\/tr>\n<tr bgcolor=\"#FFFFFF\">\n<td width=\"20\"><\/td>\n<td><span style=\"font-family: sans-serif; font-size: 12px;\">\u00dasm\u011bvy \u2013 spolek pro pomoc lidem s Downov\u00fdm syndromem a jejich rodin\u00e1m<\/span><\/td>\n<\/tr>\n<tr bgcolor=\"#EAF2FA\">\n<td colspan=\"2\"><span style=\"font-family: sans-serif; font-size: 12px;\"><strong>Logo<\/strong><\/span><\/td>\n<\/tr>\n<tr bgcolor=\"#FFFFFF\">\n<td width=\"20\"><\/td>\n<td>\n<ul>\n<li><a href=\"https:\/\/eufortrisomy21.eu\/wp-content\/uploads\/2021\/02\/usmevy_normal.png\" target=\"_blank\" rel=\"noopener\" aria-label=\"Click to view\">usmevy_normal.png<\/a><\/li>\n<\/ul>\n<p>&nbsp;<\/td>\n<\/tr>\n<tr bgcolor=\"#EAF2FA\">\n<td colspan=\"2\"><span style=\"font-family: sans-serif; font-size: 12px;\"><strong>Pays<\/strong><\/span><\/td>\n<\/tr>\n<tr bgcolor=\"#FFFFFF\">\n<td width=\"20\"><\/td>\n<td><span style=\"font-family: sans-serif; font-size: 12px;\">TCH\u00c8QUE<\/span><\/td>\n<\/tr>\n<tr bgcolor=\"#EAF2FA\">\n<td colspan=\"2\"><span style=\"font-family: sans-serif; font-size: 12px;\"><strong>Br\u00e8ve pr\u00e9sentation de l&#039;ONG<\/strong><\/span><\/td>\n<\/tr>\n<tr bgcolor=\"#FFFFFF\">\n<td width=\"20\"><\/td>\n<td><span style=\"font-family: sans-serif; font-size: 12px;\">Rodi\u010dovsk\u00e1 organizace zalo\u017een\u00e1 v roce 2006. Podporuje lidi s DS a jejich rodiny. Pom\u00e1h\u00e1 rodin\u00e1m s novorozenci, s d\u011btmi p\u0159ed\u0161koln\u00edho a \u0161koln\u00edho v\u011bku, s teenagery, s dosp\u011bl\u00e1ky. Organizuje setk\u00e1n\u00ed, terapie, volno\u010dasov\u00e9 aktivity. Po\u0159\u00e1d\u00e1 osv\u011btov\u00e9 akce.<br \/>\nwww.usmevy.cz<\/span><\/td>\n<\/tr>\n<tr bgcolor=\"#EAF2FA\">\n<td colspan=\"2\"><span style=\"font-family: sans-serif; font-size: 12px;\"><strong>Contact person&#8217;s first name<\/strong><\/span><\/td>\n<\/tr>\n<tr bgcolor=\"#FFFFFF\">\n<td width=\"20\"><\/td>\n<td><span style=\"font-family: sans-serif; font-size: 12px;\">Karla<\/span><\/td>\n<\/tr>\n<tr bgcolor=\"#EAF2FA\">\n<td colspan=\"2\"><span style=\"font-family: sans-serif; font-size: 12px;\"><strong>Contact person&#8217;s last name<\/strong><\/span><\/td>\n<\/tr>\n<tr bgcolor=\"#FFFFFF\">\n<td width=\"20\"><\/td>\n<td><span style=\"font-family: sans-serif; font-size: 12px;\">Truskov\u00e1<\/span><\/td>\n<\/tr>\n<tr bgcolor=\"#EAF2FA\">\n<td colspan=\"2\"><span style=\"font-family: sans-serif; font-size: 12px;\"><strong>Email<\/strong><\/span><\/td>\n<\/tr>\n<tr bgcolor=\"#FFFFFF\">\n<td width=\"20\"><\/td>\n<td><span style=\"font-family: sans-serif; font-size: 12px;\">karla@usmevy.cz<\/span><\/td>\n<\/tr>\n<tr bgcolor=\"#EAF2FA\">\n<td colspan=\"2\"><span style=\"font-family: sans-serif; font-size: 12px;\"><strong>T\u00e9l\u00e9phone<\/strong><\/span><\/td>\n<\/tr>\n<tr bgcolor=\"#FFFFFF\">\n<td width=\"20\"><\/td>\n<td><span style=\"font-family: sans-serif; font-size: 12px;\">724244954<\/span><\/td>\n<\/tr>\n<tr bgcolor=\"#EAF2FA\">\n<td colspan=\"2\"><span style=\"font-family: sans-serif; font-size: 12px;\"><strong>Ville<\/strong><\/span><\/td>\n<\/tr>\n<tr bgcolor=\"#FFFFFF\">\n<td width=\"20\"><\/td>\n<td><span style=\"font-family: sans-serif; font-size: 12px;\">Brno<\/span><\/td>\n<\/tr>\n<tr bgcolor=\"#EAF2FA\">\n<td colspan=\"2\"><span style=\"font-family: sans-serif; font-size: 12px;\"><strong>I want to register one or more people with Down&#8217;s syndrome<\/strong><\/span><\/td>\n<\/tr>\n<tr bgcolor=\"#FFFFFF\">\n<td width=\"20\"><\/td>\n<td><span style=\"font-family: sans-serif; font-size: 12px;\">Non<\/span><\/td>\n<\/tr>\n<tr bgcolor=\"#EAF2FA\">\n<td colspan=\"2\"><span style=\"font-family: sans-serif; font-size: 12px;\"><strong>Contacter optin<\/strong><\/span><\/td>\n<\/tr>\n<tr bgcolor=\"#FFFFFF\">\n<td width=\"20\"><\/td>\n<td>\n<ul class=\"bulleted\">\n<li>Je souhaite \u00eatre contact\u00e9 pour devenir partenaire de l&#039;UE pour la trisomie 21<\/li>\n<\/ul>\n<p>&nbsp;<\/td>\n<\/tr>\n<tr bgcolor=\"#EAF2FA\">\n<td colspan=\"2\"><\/td>\n<\/tr>\n<tr bgcolor=\"#FFFFFF\">\n<td width=\"20\"><\/td>\n<td><span style=\"font-family: sans-serif; font-size: 12px;\"><span style=\"font-family: sans-serif; font-size: 12px;\"><img decoding=\"async\" src=\"https:\/\/eufortrisomy21.eu\/wp-content\/plugins\/gravityforms\/images\/tick.png\" \/> J&#039;accepte la politique de confidentialit\u00e9.<\/span><\/span><\/p>\n<div class=\"gfield_consent_description\">En remplissant ce formulaire, vous acceptez que vos coordonn\u00e9es soient incluses dans le fichier de contact EUfortrisomy21. Veuillez noter que ce fichier reste sous la responsabilit\u00e9 exclusive d&#039;EUfortrisomy21 et qu&#039;il n&#039;est en aucun cas partag\u00e9 avec d&#039;autres entit\u00e9s. Si vous ne souhaitez plus recevoir nos communications \u00e0 l&#039;avenir, d\u00e9sabonnez-vous simplement avec le lien ci-dessous. Vous disposerez \u00e0 tout moment d&#039;un droit d&#039;acc\u00e8s, de rectification ou de suppression des donn\u00e9es vous concernant, et d&#039;un droit d&#039;opposition, ou de limitation de leur traitement. Pour exercer vos droits, vous pouvez nous contacter \u00e0 privacy @ eufortrisomy21. Pour plus d&#039;informations sur la protection de vos donn\u00e9es personnelles: privacy @ eufortrisomy21<\/div>\n<p>&nbsp;<\/td>\n<\/tr>\n<\/tbody>\n<\/table>\n<\/td>\n<\/tr>\n<\/tbody>\n<\/table>","protected":false},"featured_media":0,"template":"","country":[17],"class_list":["post-30131","ngo","type-ngo","status-publish","hentry","country-czechia"],"acf":[],"_links":{"self":[{"href":"https:\/\/eufortrisomy21.eu\/fr\/wp-json\/wp\/v2\/ngo\/30131"}],"collection":[{"href":"https:\/\/eufortrisomy21.eu\/fr\/wp-json\/wp\/v2\/ngo"}],"about":[{"href":"https:\/\/eufortrisomy21.eu\/fr\/wp-json\/wp\/v2\/types\/ngo"}],"version-history":[{"count":0,"href":"https:\/\/eufortrisomy21.eu\/fr\/wp-json\/wp\/v2\/ngo\/30131\/revisions"}],"wp:attachment":[{"href":"https:\/\/eufortrisomy21.eu\/fr\/wp-json\/wp\/v2\/media?parent=30131"}],"wp:term":[{"taxonomy":"country","embeddable":true,"href":"https:\/\/eufortrisomy21.eu\/fr\/wp-json\/wp\/v2\/country?post=30131"}],"curies":[{"name":"wp","href":"https:\/\/api.w.org\/{rel}","templated":true}]}}