{"id":30548,"date":"2021-02-08T17:24:35","date_gmt":"2021-02-08T16:24:35","guid":{"rendered":"https:\/\/eufortrisomy21.eu\/pl\/?post_type=ngo&#038;p=30548"},"modified":"2021-02-09T08:51:21","modified_gmt":"2021-02-09T07:51:21","slug":"legnickie-stowarzyszenie-rodzin-i-przyjaciol-dzieci-z-zespolem-downa-otworz-serce","status":"publish","type":"ngo","link":"https:\/\/eufortrisomy21.eu\/fr\/ngo\/legnickie-stowarzyszenie-rodzin-i-przyjaciol-dzieci-z-zespolem-downa-otworz-serce\/","title":{"rendered":"LEGNICKIE STOWARZYSZENIE RODZIN I PRZYJACI\u00d3\u0141 DZIECI Z ZESPO\u0141EM DOWNA \u00abOTW\u00d3RZ SERCE\u00bb"},"content":{"rendered":"<table border=\"0\" width=\"99%\" cellspacing=\"0\" cellpadding=\"1\" bgcolor=\"#EAEAEA\">\n<tbody>\n<tr>\n<td>\n<table border=\"0\" width=\"100%\" cellspacing=\"0\" cellpadding=\"5\" bgcolor=\"#FFFFFF\">\n<tbody>\n<tr bgcolor=\"#EAF2FA\">\n<td colspan=\"2\"><span style=\"font-family: sans-serif; font-size: 12px;\"><strong>Nom de l&#039;ONG<\/strong><\/span><\/td>\n<\/tr>\n<tr bgcolor=\"#FFFFFF\">\n<td width=\"20\"><\/td>\n<td><span style=\"font-family: sans-serif; font-size: 12px;\">LEGNICKIE STOWARZYSZENIE RODZIN I PRZYJACI\u00d3\u0141 DZIECI Z ZESPO\u0141EM DOWNA \u00abOTW\u00d3RZ SERCE\u00bb<\/span><\/td>\n<\/tr>\n<tr bgcolor=\"#EAF2FA\">\n<td colspan=\"2\"><span style=\"font-family: sans-serif; font-size: 12px;\"><strong>Logo<\/strong><\/span><\/td>\n<\/tr>\n<tr bgcolor=\"#FFFFFF\">\n<td width=\"20\"><\/td>\n<td>\n<ul>\n<li><a href=\"https:\/\/eufortrisomy21.eu\/wp-content\/uploads\/2021\/02\/logo.png\" target=\"_blank\" rel=\"noopener\" aria-label=\"Click to view\">logo.png<\/a><\/li>\n<\/ul>\n<p>&nbsp;<\/td>\n<\/tr>\n<tr bgcolor=\"#EAF2FA\">\n<td colspan=\"2\"><span style=\"font-family: sans-serif; font-size: 12px;\"><strong>Pays<\/strong><\/span><\/td>\n<\/tr>\n<tr bgcolor=\"#FFFFFF\">\n<td width=\"20\"><\/td>\n<td><span style=\"font-family: sans-serif; font-size: 12px;\">POLOGNE<\/span><\/td>\n<\/tr>\n<tr bgcolor=\"#EAF2FA\">\n<td colspan=\"2\"><span style=\"font-family: sans-serif; font-size: 12px;\"><strong>Br\u00e8ve pr\u00e9sentation de l&#039;ONG<\/strong><\/span><\/td>\n<\/tr>\n<tr bgcolor=\"#FFFFFF\">\n<td width=\"20\"><\/td>\n<td><span style=\"font-family: sans-serif; font-size: 12px;\">Mamy pod opieka 64 dzieci . Dzia\u0142amy ju\u017c kilkana\u015bcie lat. Udzielamy pomocy i wsparcia niepe\u0142nosprawnym i ich rodzinom na ka\u017cdym etapie \u017cycia. Organizujemy wydarzenia kulturalne (m.in. od lat obchody 21.03).Organizujemy turnusy rehabilitacyjne, p\u00f3\u0142kolonie i inne niezb\u0119dne terapie.<\/span><\/td>\n<\/tr>\n<tr bgcolor=\"#EAF2FA\">\n<td colspan=\"2\"><span style=\"font-family: sans-serif; font-size: 12px;\"><strong>Facebook<\/strong><\/span><\/td>\n<\/tr>\n<tr bgcolor=\"#FFFFFF\">\n<td width=\"20\"><\/td>\n<td><span style=\"font-family: sans-serif; font-size: 12px;\">https:\/\/pl-pl.facebook.com\/otworz.serce<\/span><\/td>\n<\/tr>\n<tr bgcolor=\"#EAF2FA\">\n<td colspan=\"2\"><span style=\"font-family: sans-serif; font-size: 12px;\"><strong>Contact person&#8217;s first name<\/strong><\/span><\/td>\n<\/tr>\n<tr bgcolor=\"#FFFFFF\">\n<td width=\"20\"><\/td>\n<td><span style=\"font-family: sans-serif; font-size: 12px;\">Anna<\/span><\/td>\n<\/tr>\n<tr bgcolor=\"#EAF2FA\">\n<td colspan=\"2\"><span style=\"font-family: sans-serif; font-size: 12px;\"><strong>Contact person&#8217;s last name<\/strong><\/span><\/td>\n<\/tr>\n<tr bgcolor=\"#FFFFFF\">\n<td width=\"20\"><\/td>\n<td><span style=\"font-family: sans-serif; font-size: 12px;\">K\u0105cka<\/span><\/td>\n<\/tr>\n<tr bgcolor=\"#EAF2FA\">\n<td colspan=\"2\"><span style=\"font-family: sans-serif; font-size: 12px;\"><strong>Email<\/strong><\/span><\/td>\n<\/tr>\n<tr bgcolor=\"#FFFFFF\">\n<td width=\"20\"><\/td>\n<td><span style=\"font-family: sans-serif; font-size: 12px;\">stowarzyszenie.otworzserce@wp.pl<\/span><\/td>\n<\/tr>\n<tr bgcolor=\"#EAF2FA\">\n<td colspan=\"2\"><span style=\"font-family: sans-serif; font-size: 12px;\"><strong>T\u00e9l\u00e9phone<\/strong><\/span><\/td>\n<\/tr>\n<tr bgcolor=\"#FFFFFF\">\n<td width=\"20\"><\/td>\n<td><span style=\"font-family: sans-serif; font-size: 12px;\">+48 501 594 220<\/span><\/td>\n<\/tr>\n<tr bgcolor=\"#EAF2FA\">\n<td colspan=\"2\"><span style=\"font-family: sans-serif; font-size: 12px;\"><strong>Ville<\/strong><\/span><\/td>\n<\/tr>\n<tr bgcolor=\"#FFFFFF\">\n<td width=\"20\"><\/td>\n<td><span style=\"font-family: sans-serif; font-size: 12px;\">Legnica<\/span><\/td>\n<\/tr>\n<tr bgcolor=\"#EAF2FA\">\n<td colspan=\"2\"><span style=\"font-family: sans-serif; font-size: 12px;\"><strong>I want to register one or more people with Down&#8217;s syndrome<\/strong><\/span><\/td>\n<\/tr>\n<tr bgcolor=\"#FFFFFF\">\n<td width=\"20\"><\/td>\n<td><span style=\"font-family: sans-serif; font-size: 12px;\">Non<\/span><\/td>\n<\/tr>\n<tr bgcolor=\"#EAF2FA\">\n<td colspan=\"2\"><span style=\"font-family: sans-serif; font-size: 12px;\"><strong>Contacter optin<\/strong><\/span><\/td>\n<\/tr>\n<tr bgcolor=\"#FFFFFF\">\n<td width=\"20\"><\/td>\n<td>\n<ul class=\"bulleted\">\n<li>Je souhaite \u00eatre contact\u00e9 pour devenir partenaire de l&#039;UE pour la trisomie 21<\/li>\n<\/ul>\n<p>&nbsp;<\/td>\n<\/tr>\n<tr bgcolor=\"#EAF2FA\">\n<td colspan=\"2\"><\/td>\n<\/tr>\n<tr bgcolor=\"#FFFFFF\">\n<td width=\"20\"><\/td>\n<td><span style=\"font-family: sans-serif; font-size: 12px;\"><span style=\"font-family: sans-serif; font-size: 12px;\"><img decoding=\"async\" src=\"https:\/\/eufortrisomy21.eu\/wp-content\/plugins\/gravityforms\/images\/tick.png\" \/> J&#039;accepte la politique de confidentialit\u00e9.<\/span><\/span><\/p>\n<div class=\"gfield_consent_description\">En remplissant ce formulaire, vous acceptez que vos coordonn\u00e9es soient incluses dans le fichier de contact EUfortrisomy21. Veuillez noter que ce fichier reste sous la responsabilit\u00e9 exclusive d&#039;EUfortrisomy21 et qu&#039;il n&#039;est en aucun cas partag\u00e9 avec d&#039;autres entit\u00e9s. Si vous ne souhaitez plus recevoir nos communications \u00e0 l&#039;avenir, d\u00e9sabonnez-vous simplement avec le lien ci-dessous. Vous disposerez \u00e0 tout moment d&#039;un droit d&#039;acc\u00e8s, de rectification ou de suppression des donn\u00e9es vous concernant, et d&#039;un droit d&#039;opposition, ou de limitation de leur traitement. Pour exercer vos droits, vous pouvez nous contacter \u00e0 privacy @ eufortrisomy21. Pour plus d&#039;informations sur la protection de vos donn\u00e9es personnelles: privacy @ eufortrisomy21<\/div>\n<p>&nbsp;<\/td>\n<\/tr>\n<\/tbody>\n<\/table>\n<\/td>\n<\/tr>\n<\/tbody>\n<\/table>","protected":false},"featured_media":0,"template":"","country":[10],"class_list":["post-30548","ngo","type-ngo","status-publish","hentry","country-poland"],"acf":[],"_links":{"self":[{"href":"https:\/\/eufortrisomy21.eu\/fr\/wp-json\/wp\/v2\/ngo\/30548"}],"collection":[{"href":"https:\/\/eufortrisomy21.eu\/fr\/wp-json\/wp\/v2\/ngo"}],"about":[{"href":"https:\/\/eufortrisomy21.eu\/fr\/wp-json\/wp\/v2\/types\/ngo"}],"version-history":[{"count":0,"href":"https:\/\/eufortrisomy21.eu\/fr\/wp-json\/wp\/v2\/ngo\/30548\/revisions"}],"wp:attachment":[{"href":"https:\/\/eufortrisomy21.eu\/fr\/wp-json\/wp\/v2\/media?parent=30548"}],"wp:term":[{"taxonomy":"country","embeddable":true,"href":"https:\/\/eufortrisomy21.eu\/fr\/wp-json\/wp\/v2\/country?post=30548"}],"curies":[{"name":"wp","href":"https:\/\/api.w.org\/{rel}","templated":true}]}}