{"id":30299,"date":"2021-02-05T16:58:51","date_gmt":"2021-02-05T15:58:51","guid":{"rendered":"https:\/\/eufortrisomy21.eu\/?post_type=ngo&#038;p=30299"},"modified":"2021-03-08T14:36:02","modified_gmt":"2021-03-08T13:36:02","slug":"apei-de-chambery","status":"publish","type":"ngo","link":"https:\/\/eufortrisomy21.eu\/hr\/ngo\/apei-de-chambery\/","title":{"rendered":"APEI de Chamb\u00e9ry"},"content":{"rendered":"<table border=\"0\" width=\"99%\" cellspacing=\"0\" cellpadding=\"1\" bgcolor=\"#EAEAEA\">\n<tbody>\n<tr>\n<td>\n<table border=\"0\" width=\"100%\" cellspacing=\"0\" cellpadding=\"5\" bgcolor=\"#FFFFFF\">\n<tbody>\n<tr bgcolor=\"#EAF2FA\">\n<td colspan=\"2\"><span style=\"font-family: sans-serif; font-size: 12px;\"><strong>Naziv NVO<\/strong><\/span><\/td>\n<\/tr>\n<tr bgcolor=\"#FFFFFF\">\n<td width=\"20\"><\/td>\n<td><span style=\"font-family: sans-serif; font-size: 12px;\">APEI de Chamb\u00e9ry<\/span><\/td>\n<\/tr>\n<tr bgcolor=\"#EAF2FA\">\n<td colspan=\"2\"><span style=\"font-family: sans-serif; font-size: 12px;\"><strong>Zemlja<\/strong><\/span><\/td>\n<\/tr>\n<tr bgcolor=\"#FFFFFF\">\n<td width=\"20\"><\/td>\n<td><span style=\"font-family: sans-serif; font-size: 12px;\">FRANCUSKA<\/span><\/td>\n<\/tr>\n<tr bgcolor=\"#EAF2FA\">\n<td colspan=\"2\"><span style=\"font-family: sans-serif; font-size: 12px;\"><strong>Kratka prezentacija NVO-a<\/strong><\/span><\/td>\n<\/tr>\n<tr bgcolor=\"#FFFFFF\">\n<td width=\"20\"><\/td>\n<td><span style=\"font-family: sans-serif; font-size: 12px;\">Nous agissons pour que les enfants et adultes avec troubles du neuro-d\u00e9veloppement s&#8217;\u00e9panouissent dans une soci\u00e9t\u00e9 inclusive et accueillante. Reconnue d&#8217;utilit\u00e9 publique , nous g\u00e8rons 17 \u00e9tablissements et services sur le Grand Chamb\u00e9ry, et accueillons plus de 600 enfants et adultes.<\/span><\/td>\n<\/tr>\n<tr bgcolor=\"#EAF2FA\">\n<td colspan=\"2\"><span style=\"font-family: sans-serif; font-size: 12px;\"><strong>Contact person&#8217;s first name<\/strong><\/span><\/td>\n<\/tr>\n<tr bgcolor=\"#FFFFFF\">\n<td width=\"20\"><\/td>\n<td><span style=\"font-family: sans-serif; font-size: 12px;\">Julia<\/span><\/td>\n<\/tr>\n<tr bgcolor=\"#EAF2FA\">\n<td colspan=\"2\"><span style=\"font-family: sans-serif; font-size: 12px;\"><strong>Contact person&#8217;s last name<\/strong><\/span><\/td>\n<\/tr>\n<tr bgcolor=\"#FFFFFF\">\n<td width=\"20\"><\/td>\n<td><span style=\"font-family: sans-serif; font-size: 12px;\">Schmidt<\/span><\/td>\n<\/tr>\n<tr bgcolor=\"#EAF2FA\">\n<td colspan=\"2\"><span style=\"font-family: sans-serif; font-size: 12px;\"><strong>E-mail<\/strong><\/span><\/td>\n<\/tr>\n<tr bgcolor=\"#FFFFFF\">\n<td width=\"20\"><\/td>\n<td><span style=\"font-family: sans-serif; font-size: 12px;\">julia.schmidt@apeichambery.com<\/span><\/td>\n<\/tr>\n<tr bgcolor=\"#EAF2FA\">\n<td colspan=\"2\"><span style=\"font-family: sans-serif; font-size: 12px;\"><strong>Telefon<\/strong><\/span><\/td>\n<\/tr>\n<tr bgcolor=\"#FFFFFF\">\n<td width=\"20\"><\/td>\n<td><span style=\"font-family: sans-serif; font-size: 12px;\">0684241546<\/span><\/td>\n<\/tr>\n<tr bgcolor=\"#EAF2FA\">\n<td colspan=\"2\"><span style=\"font-family: sans-serif; font-size: 12px;\"><strong>Grad<\/strong><\/span><\/td>\n<\/tr>\n<tr bgcolor=\"#FFFFFF\">\n<td width=\"20\"><\/td>\n<td><span style=\"font-family: sans-serif; font-size: 12px;\">Chamb\u00e9ry<\/span><\/td>\n<\/tr>\n<tr bgcolor=\"#EAF2FA\">\n<td colspan=\"2\"><span style=\"font-family: sans-serif; font-size: 12px;\"><strong>I want to register one or more people with Down&#8217;s syndrome<\/strong><\/span><\/td>\n<\/tr>\n<tr bgcolor=\"#FFFFFF\">\n<td width=\"20\"><\/td>\n<td><span style=\"font-family: sans-serif; font-size: 12px;\">Ne<\/span><\/td>\n<\/tr>\n<tr bgcolor=\"#EAF2FA\">\n<td colspan=\"2\"><span style=\"font-family: sans-serif; font-size: 12px;\"><strong>Kontaktirajte optin<\/strong><\/span><\/td>\n<\/tr>\n<tr bgcolor=\"#FFFFFF\">\n<td width=\"20\"><\/td>\n<td>\n<ul class=\"bulleted\">\n<li>Volio bih da me kontaktiraju da postanem partner EU-a za Trisomy 21<\/li>\n<\/ul>\n<p>&nbsp;<\/td>\n<\/tr>\n<tr bgcolor=\"#EAF2FA\">\n<td colspan=\"2\"><\/td>\n<\/tr>\n<tr bgcolor=\"#FFFFFF\">\n<td width=\"20\"><\/td>\n<td><span style=\"font-family: sans-serif; font-size: 12px;\"><span style=\"font-family: sans-serif; font-size: 12px;\"><img decoding=\"async\" src=\"https:\/\/eufortrisomy21.eu\/wp-content\/plugins\/gravityforms\/images\/tick.png\" \/> Sla\u017eem se s politikom privatnosti.<\/span><\/span><\/p>\n<div class=\"gfield_consent_description\">Ispunjavanjem ovog obrasca pristajete na to da \u0107e va\u0161i podaci za kontakt biti uklju\u010deni u EUfortrisomy21 kontakt datoteku. Napominjemo da ova datoteka ostaje isklju\u010diva odgovornost EUfortrisomy21 i da se ni pod kojim okolnostima ne dijeli s drugim entitetima. Ako vi\u0161e ne \u017eelite primati na\u0161e komunikacije u budu\u0107nosti, jednostavno se odjavite s dolje navedenom vezom. Imat \u0107ete pravo u bilo kojem trenutku pristupiti, ispraviti ili izbrisati podatke koji se odnose na vas i pravo usprotiviti se ili ograni\u010diti njihovu obradu. Da biste ostvarili svoja prava, mo\u017eete nas kontaktirati na privacy @ eufortrisomy21. Za vi\u0161e informacija o za\u0161titi va\u0161ih osobnih podataka: privacy @ eufortrisomy21<\/div>\n<p>&nbsp;<\/td>\n<\/tr>\n<\/tbody>\n<\/table>\n<\/td>\n<\/tr>\n<\/tbody>\n<\/table>","protected":false},"featured_media":0,"template":"","country":[12],"class_list":["post-30299","ngo","type-ngo","status-publish","hentry","country-france"],"acf":[],"_links":{"self":[{"href":"https:\/\/eufortrisomy21.eu\/hr\/wp-json\/wp\/v2\/ngo\/30299"}],"collection":[{"href":"https:\/\/eufortrisomy21.eu\/hr\/wp-json\/wp\/v2\/ngo"}],"about":[{"href":"https:\/\/eufortrisomy21.eu\/hr\/wp-json\/wp\/v2\/types\/ngo"}],"version-history":[{"count":0,"href":"https:\/\/eufortrisomy21.eu\/hr\/wp-json\/wp\/v2\/ngo\/30299\/revisions"}],"wp:attachment":[{"href":"https:\/\/eufortrisomy21.eu\/hr\/wp-json\/wp\/v2\/media?parent=30299"}],"wp:term":[{"taxonomy":"country","embeddable":true,"href":"https:\/\/eufortrisomy21.eu\/hr\/wp-json\/wp\/v2\/country?post=30299"}],"curies":[{"name":"wp","href":"https:\/\/api.w.org\/{rel}","templated":true}]}}