{"id":14524,"date":"2020-03-19T15:28:45","date_gmt":"2020-03-19T14:28:45","guid":{"rendered":"https:\/\/eufortrisomy21.eu\/?page_id=14524"},"modified":"2025-01-27T15:46:22","modified_gmt":"2025-01-27T14:46:22","slug":"declaration","status":"publish","type":"page","link":"https:\/\/eufortrisomy21.eu\/hr\/21march20\/declaration\/","title":{"rendered":"Izjava"},"content":{"rendered":"<h1>\r\n\t\t\r\n\t<\/h1>\r\n<h2>\r\n\t\tDeklaracija o Svjetskom danu sindroma Down u Europskom parlamentu\r\n\t<\/h2>\r\n\t<p>On the occasion of World Down Syndrome Day on the 21st March, we &#8211; members of the European Parliament and civil society &#8211; believe that the \u201crecognition of the inherent dignity and of the equal and inalienable rights of all members of the human family is the foundation of freedom, justice and peace\u201d, founding principles of the European Union. We want to create an inclusive society where the Dignity and human rights of people with disabilities are cherished by all, protected by law and put into practice in concrete actions all over Europe.<\/p>\r\n<p>Kao \u010dlanice Konvencije UN-a o pravima osoba s invaliditetom (Konvencija), EU i dr\u017eave \u010dlanice imaju jasnu obvezu pridr\u017eavati prava svih osoba s invaliditetom sadr\u017eana u Konvenciji u cijeloj Uniji.<\/p>\r\n<p>Osobe s invaliditetom, uklju\u010duju\u0107i osobe s intelektualnim te\u0161ko\u0107ama, imaju pravo biti potpuno uklju\u010dene i sudjelovati na ravnopravnoj osnovi s drugima u dru\u0161tvu. Osobe s invaliditetom i njihove predstavni\u010dke organizacije trebaju se konzultirati i uklju\u010diti u sve procese dono\u0161enja odluka u EU.<\/p>\r\n<p>Osobe s invaliditetom u Europskoj uniji izlo\u017eene su visokom riziku od socijalne isklju\u010denosti, jer je njihova stopa nezaposlenosti dvostruko ve\u0107a od broja gra\u0111ana bez invaliditeta, a \u010dak \u010detiri puta ve\u0107a za osobe s intelektualnim te\u0161ko\u0107ama.<\/p>\r\n<p>Zahtijevamo da se prava osoba s invaliditetom i Konvencija uvrste u sve politike i programe Europske unije, uklju\u010duju\u0107i zdravstvo, zapo\u0161ljavanje i inkluzivno obrazovanje.<\/p>\r\n<p>We call on the European Institutions and the Member States to respect, protect and promote the individual autonomy of people with disabilities and intellectual disabilities, including the freedom to make one&#8217;s own choices. We recall the importance of supporting autonomy rising projects like inclusive educational\u00a0 programs,\u00a0 independent\u00a0 living\u00a0 projects\u00a0 as\u00a0 well\u00a0 as\u00a0 health research programs with therapeutic goals.<\/p>\r\n<p>Razumijevaju\u0107i nedovoljnu zastupljenost osoba s invaliditetom na politi\u010dkim institucijama, kao i na medijima i potpunu politi\u010dku nevidljivost osoba s intelektualnim te\u0161ko\u0107ama, radit \u0107emo na tome da ih predstavimo kako bi svoje potrebe i svoje zahtjeve stavili u sredi\u0161te politi\u010dke agende.<\/p>\r\n<h2>\r\n\t\tPriop\u0107enje za javnost\r\n\t<\/h2>\r\n\t<p><a href=\"https:\/\/eufortrisomy21.eu\/wp-content\/uploads\/2020\/03\/Press_Release_20March2020.pdf\" target=\"_blank\" rel=\"noopener noreferrer\">Preuzmi ovdje<\/a><\/p>\r\n<h2>\r\n\t\tPOTPISI \u010cLANOVA EUROPSKOG PARLAMENTA\r\n\t<\/h2>\r\n\t<table width=\"620\">\r\n<tbody>\r\n<tr>\r\n<td width=\"236\">Bettina<\/td>\r\n<td width=\"236\">Vollath<\/td>\r\n<td width=\"88\">Austrija<\/td>\r\n<td width=\"60\">S&amp;D<\/td>\r\n<\/tr>\r\n<tr>\r\n<td>Lukas<\/td>\r\n<td>Mandl<\/td>\r\n<td>Austrija<\/td>\r\n<td>EPP<\/td>\r\n<\/tr>\r\n<tr>\r\n<td>Monika<\/td>\r\n<td>Vana<\/td>\r\n<td>Austrija<\/td>\r\n<td>Zelje<\/td>\r\n<\/tr>\r\n<tr>\r\n<td>Cindy<\/td>\r\n<td>Franssen<\/td>\r\n<td>Belgija<\/td>\r\n<td>EPP<\/td>\r\n<\/tr>\r\n<tr>\r\n<td>Olivier<\/td>\r\n<td>Chastel<\/td>\r\n<td>Belgija<\/td>\r\n<td>Obnoviti<\/td>\r\n<\/tr>\r\n<tr>\r\n<td>Hilde<\/td>\r\n<td>Vautmani<\/td>\r\n<td>Belgija<\/td>\r\n<td>Obnoviti<\/td>\r\n<\/tr>\r\n<tr>\r\n<td>Petra<\/td>\r\n<td>De Sutter<\/td>\r\n<td>Belgija<\/td>\r\n<td>Zelje<\/td>\r\n<\/tr>\r\n<tr>\r\n<td>Karlo<\/td>\r\n<td>Ressler<\/td>\r\n<td>Hrvatska<\/td>\r\n<td>EPP<\/td>\r\n<\/tr>\r\n<tr>\r\n<td>Tomislav<\/td>\r\n<td>Sokol<\/td>\r\n<td>Hrvatska<\/td>\r\n<td>EPP<\/td>\r\n<\/tr>\r\n<tr>\r\n<td>Costas<\/td>\r\n<td>Mavride<\/td>\r\n<td>Cipar<\/td>\r\n<td>S&amp;D<\/td>\r\n<\/tr>\r\n<tr>\r\n<td>Lefteris<\/td>\r\n<td>Christoforou<\/td>\r\n<td>Cipar<\/td>\r\n<td>EPP<\/td>\r\n<\/tr>\r\n<tr>\r\n<td>Radka<\/td>\r\n<td>Maxov\u00e1<\/td>\r\n<td>\u010ce\u0161ka<\/td>\r\n<td>Obnoviti<\/td>\r\n<\/tr>\r\n<tr>\r\n<td>Tom\u00e1\u0161<\/td>\r\n<td>Zdechovsk\u00fd<\/td>\r\n<td>\u010ce\u0161ka<\/td>\r\n<td>EPP<\/td>\r\n<\/tr>\r\n<tr>\r\n<td>Michaela<\/td>\r\n<td>\u0160ojdrov\u00e1<\/td>\r\n<td>\u010ce\u0161ka<\/td>\r\n<td>EPP<\/td>\r\n<\/tr>\r\n<tr>\r\n<td>Marianne<\/td>\r\n<td>Vind<\/td>\r\n<td>Danska<\/td>\r\n<td>S&amp;D<\/td>\r\n<\/tr>\r\n<tr>\r\n<td>Riho<\/td>\r\n<td>Terras<\/td>\r\n<td>Estonija<\/td>\r\n<td>EPP<\/td>\r\n<\/tr>\r\n<tr>\r\n<td>Laura<\/td>\r\n<td>Huhtasaari<\/td>\r\n<td>Finska<\/td>\r\n<td>iskaznica<\/td>\r\n<\/tr>\r\n<tr>\r\n<td>Nils<\/td>\r\n<td>Torvalds<\/td>\r\n<td>Finska<\/td>\r\n<td>Obnoviti<\/td>\r\n<\/tr>\r\n<tr>\r\n<td>Sirpa<\/td>\r\n<td>Pietik\u00e4inen<\/td>\r\n<td>Finska<\/td>\r\n<td>EPP<\/td>\r\n<\/tr>\r\n<tr>\r\n<td>Fran\u00e7ois-Xavier<\/td>\r\n<td>Bellamy<\/td>\r\n<td>Francuska<\/td>\r\n<td>EPP<\/td>\r\n<\/tr>\r\n<tr>\r\n<td>Anne-Sophie<\/td>\r\n<td>Pelletier<\/td>\r\n<td>Francuska<\/td>\r\n<td>GUE<\/td>\r\n<\/tr>\r\n<tr>\r\n<td>Pascal<\/td>\r\n<td>Durand<\/td>\r\n<td>Francuska<\/td>\r\n<td>Obnoviti<\/td>\r\n<\/tr>\r\n<tr>\r\n<td>Helmut<\/td>\r\n<td>Scholz<\/td>\r\n<td>Njema\u010dka<\/td>\r\n<td>GUE<\/td>\r\n<\/tr>\r\n<tr>\r\n<td>Marlene<\/td>\r\n<td>Mortler<\/td>\r\n<td>Njema\u010dka<\/td>\r\n<td>EPP<\/td>\r\n<\/tr>\r\n<tr>\r\n<td>Christine<\/td>\r\n<td>Schneider<\/td>\r\n<td>Njema\u010dka<\/td>\r\n<td>EPP<\/td>\r\n<\/tr>\r\n<tr>\r\n<td>Andreas<\/td>\r\n<td>Gl\u00fcck<\/td>\r\n<td>Njema\u010dka<\/td>\r\n<td>Obnoviti<\/td>\r\n<\/tr>\r\n<tr>\r\n<td>Svenja<\/td>\r\n<td>Hahn<\/td>\r\n<td>Njema\u010dka<\/td>\r\n<td>Obnoviti<\/td>\r\n<\/tr>\r\n<tr>\r\n<td>Jan-Christoph<\/td>\r\n<td>Oetjen<\/td>\r\n<td>Njema\u010dka<\/td>\r\n<td>Obnoviti<\/td>\r\n<\/tr>\r\n<tr>\r\n<td>Pierrette<\/td>\r\n<td>Herzberger-Fofana<\/td>\r\n<td>Njema\u010dka<\/td>\r\n<td>Zelje<\/td>\r\n<\/tr>\r\n<tr>\r\n<td>Jutta<\/td>\r\n<td>Paulus<\/td>\r\n<td>Njema\u010dka<\/td>\r\n<td>Zelje<\/td>\r\n<\/tr>\r\n<tr>\r\n<td>Katrin<\/td>\r\n<td>Langensiepen<\/td>\r\n<td>Njema\u010dka<\/td>\r\n<td>Zelje<\/td>\r\n<\/tr>\r\n<tr>\r\n<td>Frotir<\/td>\r\n<td>Reintke<\/td>\r\n<td>Njema\u010dka<\/td>\r\n<td>Zelje<\/td>\r\n<\/tr>\r\n<tr>\r\n<td>Patrick<\/td>\r\n<td>Breyer<\/td>\r\n<td>Njema\u010dka<\/td>\r\n<td>Zelje<\/td>\r\n<\/tr>\r\n<tr>\r\n<td>Eva<\/td>\r\n<td>Kaili<\/td>\r\n<td>Gr\u010dka<\/td>\r\n<td>S&amp;D<\/td>\r\n<\/tr>\r\n<tr>\r\n<td>Klara<\/td>\r\n<td>Dobrev<\/td>\r\n<td>Ma\u0111arska<\/td>\r\n<td>S&amp;D<\/td>\r\n<\/tr>\r\n<tr>\r\n<td>Atila<\/td>\r\n<td>Ara-Kov\u00e1cs<\/td>\r\n<td>Ma\u0111arska<\/td>\r\n<td>S&amp;D<\/td>\r\n<\/tr>\r\n<tr>\r\n<td>Istv\u00e1n<\/td>\r\n<td>Ujhelyi<\/td>\r\n<td>Ma\u0111arska<\/td>\r\n<td>S&amp;D<\/td>\r\n<\/tr>\r\n<tr>\r\n<td>Edina<\/td>\r\n<td>Toth<\/td>\r\n<td>Ma\u0111arska<\/td>\r\n<td>EPP<\/td>\r\n<\/tr>\r\n<tr>\r\n<td>Enik\u0151<\/td>\r\n<td>Gy\u0151ri<\/td>\r\n<td>Ma\u0111arska<\/td>\r\n<td>EPP<\/td>\r\n<\/tr>\r\n<tr>\r\n<td>Anna J\u00falia<\/td>\r\n<td>Don\u00e1th<\/td>\r\n<td>Ma\u0111arska<\/td>\r\n<td>Obnoviti<\/td>\r\n<\/tr>\r\n<tr>\r\n<td>Clare<\/td>\r\n<td>Daly<\/td>\r\n<td>Irska<\/td>\r\n<td>GUE<\/td>\r\n<\/tr>\r\n<tr>\r\n<td>Francuska<\/td>\r\n<td>Fitzgerald<\/td>\r\n<td>Irska<\/td>\r\n<td>EPP<\/td>\r\n<\/tr>\r\n<tr>\r\n<td>Sean<\/td>\r\n<td>Kelly<\/td>\r\n<td>Irska<\/td>\r\n<td>EPP<\/td>\r\n<\/tr>\r\n<tr>\r\n<td>Milost<\/td>\r\n<td>O\u00b4Sullivan<\/td>\r\n<td>Irska<\/td>\r\n<td>Zelje<\/td>\r\n<\/tr>\r\n<tr>\r\n<td>Ciar\u00e1n<\/td>\r\n<td>Cuffe<\/td>\r\n<td>Irska<\/td>\r\n<td>Zelje<\/td>\r\n<\/tr>\r\n<tr>\r\n<td>Elisabetta<\/td>\r\n<td>Gualmini<\/td>\r\n<td>Italija<\/td>\r\n<td>S&amp;D<\/td>\r\n<\/tr>\r\n<tr>\r\n<td>Andrea<\/td>\r\n<td>Cozzolino<\/td>\r\n<td>Italija<\/td>\r\n<td>S&amp;D<\/td>\r\n<\/tr>\r\n<tr>\r\n<td>Brando<\/td>\r\n<td>Benifei<\/td>\r\n<td>Italija<\/td>\r\n<td>S&amp;D<\/td>\r\n<\/tr>\r\n<tr>\r\n<td>Salvatore<\/td>\r\n<td>de Meo<\/td>\r\n<td>Italija<\/td>\r\n<td>EPP<\/td>\r\n<\/tr>\r\n<tr>\r\n<td>Elena<\/td>\r\n<td>Lizzi<\/td>\r\n<td>Italija<\/td>\r\n<td>iskaznica<\/td>\r\n<\/tr>\r\n<tr>\r\n<td>Gianna<\/td>\r\n<td>Gancia<\/td>\r\n<td>Italija<\/td>\r\n<td>iskaznica<\/td>\r\n<\/tr>\r\n<tr>\r\n<td>Simona<\/td>\r\n<td>Baldassarre<\/td>\r\n<td>Italija<\/td>\r\n<td>iskaznica<\/td>\r\n<\/tr>\r\n<tr>\r\n<td>Antonio Maria<\/td>\r\n<td>Rinaldi<\/td>\r\n<td>Italija<\/td>\r\n<td>iskaznica<\/td>\r\n<\/tr>\r\n<tr>\r\n<td>Mara<\/td>\r\n<td>Bizzotto<\/td>\r\n<td>Italija<\/td>\r\n<td>iskaznica<\/td>\r\n<\/tr>\r\n<tr>\r\n<td>Marko<\/td>\r\n<td>Campomenosi<\/td>\r\n<td>Italija<\/td>\r\n<td>iskaznica<\/td>\r\n<\/tr>\r\n<tr>\r\n<td>Matteo<\/td>\r\n<td>Adinolfi<\/td>\r\n<td>Italija<\/td>\r\n<td>iskaznica<\/td>\r\n<\/tr>\r\n<tr>\r\n<td>Massimo<\/td>\r\n<td>Casanova<\/td>\r\n<td>Italija<\/td>\r\n<td>iskaznica<\/td>\r\n<\/tr>\r\n<tr>\r\n<td>Paolo<\/td>\r\n<td>Borchia<\/td>\r\n<td>Italija<\/td>\r\n<td>iskaznica<\/td>\r\n<\/tr>\r\n<tr>\r\n<td>Chiara<\/td>\r\n<td>Gemma<\/td>\r\n<td>Italija<\/td>\r\n<td>NA<\/td>\r\n<\/tr>\r\n<tr>\r\n<td>Marko<\/td>\r\n<td>Zullo<\/td>\r\n<td>Italija<\/td>\r\n<td>NA<\/td>\r\n<\/tr>\r\n<tr>\r\n<td>Tatjana<\/td>\r\n<td>\u017ddanoka<\/td>\r\n<td>Latvija<\/td>\r\n<td>Zelje<\/td>\r\n<\/tr>\r\n<tr>\r\n<td>Juozas<\/td>\r\n<td>Olekas<\/td>\r\n<td>Litva<\/td>\r\n<td>S&amp;D<\/td>\r\n<\/tr>\r\n<tr>\r\n<td>Petras<\/td>\r\n<td>Au\u0161trevi\u010dius<\/td>\r\n<td>Litva<\/td>\r\n<td>Obnoviti<\/td>\r\n<\/tr>\r\n<tr>\r\n<td>Christophe<\/td>\r\n<td>Hansen<\/td>\r\n<td>Luksemburg<\/td>\r\n<td>EPP<\/td>\r\n<\/tr>\r\n<tr>\r\n<td>Isabel<\/td>\r\n<td>Wiseler-Lima<\/td>\r\n<td>Luksemburg<\/td>\r\n<td>EPP<\/td>\r\n<\/tr>\r\n<tr>\r\n<td>Tilly<\/td>\r\n<td>Metz<\/td>\r\n<td>Luksemburg<\/td>\r\n<td>Zelje<\/td>\r\n<\/tr>\r\n<tr>\r\n<td>Miriam<\/td>\r\n<td>Dalli<\/td>\r\n<td>Malta<\/td>\r\n<td>S&amp;D<\/td>\r\n<\/tr>\r\n<tr>\r\n<td>Alex<\/td>\r\n<td>Agius Saliba<\/td>\r\n<td>Malta<\/td>\r\n<td>S&amp;D<\/td>\r\n<\/tr>\r\n<tr>\r\n<td>Roberta<\/td>\r\n<td>Metsola<\/td>\r\n<td>Malta<\/td>\r\n<td>EPP<\/td>\r\n<\/tr>\r\n<tr>\r\n<td>Bert-Jan<\/td>\r\n<td>Ruissen<\/td>\r\n<td>Nizozemska<\/td>\r\n<td>ECR<\/td>\r\n<\/tr>\r\n<tr>\r\n<td>Derk Jan<\/td>\r\n<td>Eppink<\/td>\r\n<td>Nizozemska<\/td>\r\n<td>ECR<\/td>\r\n<\/tr>\r\n<tr>\r\n<td>Kim<\/td>\r\n<td>van Sparrentak<\/td>\r\n<td>Nizozemska<\/td>\r\n<td>Zelje<\/td>\r\n<\/tr>\r\n<tr>\r\n<td>Anna<\/td>\r\n<td>Fotyga<\/td>\r\n<td>Poljska<\/td>\r\n<td>ECR<\/td>\r\n<\/tr>\r\n<tr>\r\n<td>Izabela<\/td>\r\n<td>Klo\u010d<\/td>\r\n<td>Poljska<\/td>\r\n<td>ECR<\/td>\r\n<\/tr>\r\n<tr>\r\n<td>Elzbieta<\/td>\r\n<td>Rafalska<\/td>\r\n<td>Poljska<\/td>\r\n<td>ECR<\/td>\r\n<\/tr>\r\n<tr>\r\n<td>Robert<\/td>\r\n<td>Biedron<\/td>\r\n<td>Poljska<\/td>\r\n<td>S&amp;D<\/td>\r\n<\/tr>\r\n<tr>\r\n<td>\u0141ukasz<\/td>\r\n<td>Kohut<\/td>\r\n<td>Poljska<\/td>\r\n<td>S&amp;D<\/td>\r\n<\/tr>\r\n<tr>\r\n<td>Jerzy<\/td>\r\n<td>Buzek<\/td>\r\n<td>Poljska<\/td>\r\n<td>EPP<\/td>\r\n<\/tr>\r\n<tr>\r\n<td>Magdalena<\/td>\r\n<td>Adamowicz<\/td>\r\n<td>Poljska<\/td>\r\n<td>EPP<\/td>\r\n<\/tr>\r\n<tr>\r\n<td>Jaroslaw<\/td>\r\n<td>Duda<\/td>\r\n<td>Poljska<\/td>\r\n<td>EPP<\/td>\r\n<\/tr>\r\n<tr>\r\n<td>El\u017cbieta<\/td>\r\n<td>\u0141ukacijewska<\/td>\r\n<td>Poljska<\/td>\r\n<td>EPP<\/td>\r\n<\/tr>\r\n<tr>\r\n<td>Maria da Gra\u00e7a<\/td>\r\n<td>Carvalho<\/td>\r\n<td>Portugal<\/td>\r\n<td>EPP<\/td>\r\n<\/tr>\r\n<tr>\r\n<td>Jos\u00e9<\/td>\r\n<td>Gusmao<\/td>\r\n<td>Portugal<\/td>\r\n<td>GUE<\/td>\r\n<\/tr>\r\n<tr>\r\n<td>Marisa<\/td>\r\n<td>Matias<\/td>\r\n<td>Portugal<\/td>\r\n<td>GUE<\/td>\r\n<\/tr>\r\n<tr>\r\n<td>Isabel<\/td>\r\n<td>Carvalhais<\/td>\r\n<td>Portugal<\/td>\r\n<td>S&amp;D<\/td>\r\n<\/tr>\r\n<tr>\r\n<td>Pobjednik<\/td>\r\n<td>Negrescu<\/td>\r\n<td>Rumunjska<\/td>\r\n<td>S&amp;D<\/td>\r\n<\/tr>\r\n<tr>\r\n<td>Klotilda<\/td>\r\n<td>Armand<\/td>\r\n<td>Rumunjska<\/td>\r\n<td>Obnoviti<\/td>\r\n<\/tr>\r\n<tr>\r\n<td>Vlad-Marius<\/td>\r\n<td>Boto\u0161<\/td>\r\n<td>Rumunjska<\/td>\r\n<td>Obnoviti<\/td>\r\n<\/tr>\r\n<tr>\r\n<td>Tudor<\/td>\r\n<td>Ciuhodaru<\/td>\r\n<td>Rumunjska<\/td>\r\n<td>S&amp;D<\/td>\r\n<\/tr>\r\n<tr>\r\n<td>Ivane<\/td>\r\n<td>\u0160tefanec<\/td>\r\n<td>Slova\u010dka<\/td>\r\n<td>EPP<\/td>\r\n<\/tr>\r\n<tr>\r\n<td>Miriam<\/td>\r\n<td>Lexmann<\/td>\r\n<td>Slova\u010dka<\/td>\r\n<td>EPP<\/td>\r\n<\/tr>\r\n<tr>\r\n<td>Peter<\/td>\r\n<td>Poll\u00e1k<\/td>\r\n<td>Slova\u010dka<\/td>\r\n<td>EPP<\/td>\r\n<\/tr>\r\n<tr>\r\n<td>Vladim\u00edr<\/td>\r\n<td>Bil\u010d\u00edk<\/td>\r\n<td>Slova\u010dka<\/td>\r\n<td>EPP<\/td>\r\n<\/tr>\r\n<tr>\r\n<td>Lucija<\/td>\r\n<td>\u010euri\u0161 Nicholsonov\u00e1<\/td>\r\n<td>Slova\u010dka<\/td>\r\n<td>ECR<\/td>\r\n<\/tr>\r\n<tr>\r\n<td>Milano<\/td>\r\n<td>Brglez<\/td>\r\n<td>Slovenija<\/td>\r\n<td>S&amp;D<\/td>\r\n<\/tr>\r\n<tr>\r\n<td>Milano<\/td>\r\n<td>Zver<\/td>\r\n<td>Slovenija<\/td>\r\n<td>EPP<\/td>\r\n<\/tr>\r\n<tr>\r\n<td>Tanja<\/td>\r\n<td>Fajon<\/td>\r\n<td>Slovenija<\/td>\r\n<td>Obnoviti<\/td>\r\n<\/tr>\r\n<tr>\r\n<td>Irena<\/td>\r\n<td>Joveva<\/td>\r\n<td>Slovenija<\/td>\r\n<td>Obnoviti<\/td>\r\n<\/tr>\r\n<tr>\r\n<td>Jorge<\/td>\r\n<td>Buxad\u00e9<\/td>\r\n<td>\u0160panjolska<\/td>\r\n<td>ECR<\/td>\r\n<\/tr>\r\n<tr>\r\n<td>Herman<\/td>\r\n<td>Tertsch<\/td>\r\n<td>\u0160panjolska<\/td>\r\n<td>ECR<\/td>\r\n<\/tr>\r\n<tr>\r\n<td>Mazaly<\/td>\r\n<td>Aguilar<\/td>\r\n<td>\u0160panjolska<\/td>\r\n<td>ECR<\/td>\r\n<\/tr>\r\n<tr>\r\n<td>Antoni<\/td>\r\n<td>Com\u00edn i Oliveres<\/td>\r\n<td>\u0160panjolska<\/td>\r\n<td>NA<\/td>\r\n<\/tr>\r\n<tr>\r\n<td>Lina<\/td>\r\n<td>Galvez<\/td>\r\n<td>\u0160panjolska<\/td>\r\n<td>S&amp;D<\/td>\r\n<\/tr>\r\n<tr>\r\n<td>Estrella<\/td>\r\n<td>Dura Ferrandis<\/td>\r\n<td>\u0160panjolska<\/td>\r\n<td>S&amp;D<\/td>\r\n<\/tr>\r\n<tr>\r\n<td>Al\u00edcia<\/td>\r\n<td>Homs Ginel<\/td>\r\n<td>\u0160panjolska<\/td>\r\n<td>S&amp;D<\/td>\r\n<\/tr>\r\n<tr>\r\n<td>Inmaculada<\/td>\r\n<td>Rodr\u00edguez-Pi\u00f1ero<\/td>\r\n<td>\u0160panjolska<\/td>\r\n<td>S&amp;D<\/td>\r\n<\/tr>\r\n<tr>\r\n<td>Javier<\/td>\r\n<td>Moreno S\u00e1nchez<\/td>\r\n<td>\u0160panjolska<\/td>\r\n<td>S&amp;D<\/td>\r\n<\/tr>\r\n<tr>\r\n<td>M\u00f3nica Silvana<\/td>\r\n<td>Gonz\u00e1lez<\/td>\r\n<td>\u0160panjolska<\/td>\r\n<td>S&amp;D<\/td>\r\n<\/tr>\r\n<tr>\r\n<td>Rosa<\/td>\r\n<td>Estar\u00e0s Ferragut<\/td>\r\n<td>\u0160panjolska<\/td>\r\n<td>EPP<\/td>\r\n<\/tr>\r\n<tr>\r\n<td>Maria Soraya<\/td>\r\n<td>Rodriguez Ramos<\/td>\r\n<td>\u0160panjolska<\/td>\r\n<td>Obnoviti<\/td>\r\n<\/tr>\r\n<tr>\r\n<td>Izaskun<\/td>\r\n<td>Bilbao Barandica<\/td>\r\n<td>\u0160panjolska<\/td>\r\n<td>Obnoviti<\/td>\r\n<\/tr>\r\n<tr>\r\n<td>Jordi<\/td>\r\n<td>Canas<\/td>\r\n<td>\u0160panjolska<\/td>\r\n<td>Obnoviti<\/td>\r\n<\/tr>\r\n<tr>\r\n<td>Adri\u00e1n<\/td>\r\n<td>V\u00e1squez L\u00e1zara<\/td>\r\n<td>\u0160panjolska<\/td>\r\n<td>Obnoviti<\/td>\r\n<\/tr>\r\n<tr>\r\n<td>Frederick<\/td>\r\n<td>Federley<\/td>\r\n<td>\u0160vedska<\/td>\r\n<td>Obnoviti<\/td>\r\n<\/tr>\r\n<tr>\r\n<td>Abir<\/td>\r\n<td>Al-Sahlani<\/td>\r\n<td>\u0160vedska<\/td>\r\n<td>Obnoviti<\/td>\r\n<\/tr>\r\n<tr>\r\n<td>Alice<\/td>\r\n<td>Kuhnke<\/td>\r\n<td>\u0160vedska<\/td>\r\n<td>Zelje<\/td>\r\n<\/tr>\r\n<tr>\r\n<td>Jakop<\/td>\r\n<td>Dalunde<\/td>\r\n<td>\u0160vedska<\/td>\r\n<td>Zelje<\/td>\r\n<\/tr>\r\n<tr>\r\n<td>P\u00e4r<\/td>\r\n<td>Holmgren<\/td>\r\n<td>\u0160vedska<\/td>\r\n<td>Zelje<\/td>\r\n<\/tr>\r\n<tr>\r\n<td>Evin<\/td>\r\n<td>Incir<\/td>\r\n<td>\u0160vedska<\/td>\r\n<td>S&amp;D<\/td>\r\n<\/tr>\r\n<tr>\r\n<td>Hel\u00e9ne<\/td>\r\n<td>Fritzon<\/td>\r\n<td>\u0160vedska<\/td>\r\n<td>S&amp;D<\/td>\r\n<\/tr>\r\n<tr>\r\n<td>Johane<\/td>\r\n<td>Danielsson<\/td>\r\n<td>\u0160vedska<\/td>\r\n<td>S&amp;D<\/td>\r\n<\/tr>\r\n<tr>\r\n<td>Erik<\/td>\r\n<td>Bergkvist<\/td>\r\n<td>\u0160vedska<\/td>\r\n<td>S&amp;D<\/td>\r\n<\/tr>\r\n<tr>\r\n<td>Jytte<\/td>\r\n<td>Guteland<\/td>\r\n<td>\u0160vedska<\/td>\r\n<td>S&amp;D<\/td>\r\n<\/tr>\r\n<\/tbody>\r\n<\/table>","protected":false},"excerpt":{"rendered":"<p>World Down Syndrome Day Declaration in the European Parliament On the occasion of World Down Syndrome Day on the 21st&hellip;<\/p>","protected":false},"author":2,"featured_media":0,"parent":14422,"menu_order":0,"comment_status":"closed","ping_status":"closed","template":"","meta":{"_acf_changed":false,"footnotes":""},"class_list":["post-14524","page","type-page","status-publish","hentry"],"acf":[],"_links":{"self":[{"href":"https:\/\/eufortrisomy21.eu\/hr\/wp-json\/wp\/v2\/pages\/14524"}],"collection":[{"href":"https:\/\/eufortrisomy21.eu\/hr\/wp-json\/wp\/v2\/pages"}],"about":[{"href":"https:\/\/eufortrisomy21.eu\/hr\/wp-json\/wp\/v2\/types\/page"}],"author":[{"embeddable":true,"href":"https:\/\/eufortrisomy21.eu\/hr\/wp-json\/wp\/v2\/users\/2"}],"replies":[{"embeddable":true,"href":"https:\/\/eufortrisomy21.eu\/hr\/wp-json\/wp\/v2\/comments?post=14524"}],"version-history":[{"count":1,"href":"https:\/\/eufortrisomy21.eu\/hr\/wp-json\/wp\/v2\/pages\/14524\/revisions"}],"predecessor-version":[{"id":33889,"href":"https:\/\/eufortrisomy21.eu\/hr\/wp-json\/wp\/v2\/pages\/14524\/revisions\/33889"}],"up":[{"embeddable":true,"href":"https:\/\/eufortrisomy21.eu\/hr\/wp-json\/wp\/v2\/pages\/14422"}],"wp:attachment":[{"href":"https:\/\/eufortrisomy21.eu\/hr\/wp-json\/wp\/v2\/media?parent=14524"}],"curies":[{"name":"wp","href":"https:\/\/api.w.org\/{rel}","templated":true}]}}