{"id":30430,"date":"2021-02-07T17:38:37","date_gmt":"2021-02-07T16:38:37","guid":{"rendered":"https:\/\/eufortrisomy21.eu\/?post_type=citizen&#038;p=30430"},"modified":"2021-03-05T16:50:17","modified_gmt":"2021-03-05T15:50:17","slug":"daniela-quolke","status":"publish","type":"citizen","link":"https:\/\/eufortrisomy21.eu\/hu\/citizen\/daniela-quolke\/","title":{"rendered":"Daniela Quolke"},"content":{"rendered":"<table border=\"0\" width=\"99%\" cellspacing=\"0\" cellpadding=\"1\" bgcolor=\"#EAEAEA\">\n<tbody>\n<tr>\n<td>\n<table border=\"0\" width=\"100%\" cellspacing=\"0\" cellpadding=\"5\" bgcolor=\"#FFFFFF\">\n<tbody>\n<tr>\n<td style=\"font-size: 14px; font-weight: bold; background-color: #eee; border-bottom: 1px solid #DFDFDF; padding: 7px 7px;\" colspan=\"2\">Szem\u00e9lyes inform\u00e1ci\u00f3i<\/td>\n<\/tr>\n<tr bgcolor=\"#EAF2FA\">\n<td colspan=\"2\"><span style=\"font-family: sans-serif; font-size: 12px;\"><strong>Keresztn\u00e9v<\/strong><\/span><\/td>\n<\/tr>\n<tr bgcolor=\"#FFFFFF\">\n<td width=\"20\"><\/td>\n<td><span style=\"font-family: sans-serif; font-size: 12px;\">Daniela<\/span><\/td>\n<\/tr>\n<tr bgcolor=\"#EAF2FA\">\n<td colspan=\"2\"><span style=\"font-family: sans-serif; font-size: 12px;\"><strong>Vezet\u00e9kn\u00e9v<\/strong><\/span><\/td>\n<\/tr>\n<tr bgcolor=\"#FFFFFF\">\n<td width=\"20\"><\/td>\n<td><span style=\"font-family: sans-serif; font-size: 12px;\">Quolke<\/span><\/td>\n<\/tr>\n<tr bgcolor=\"#EAF2FA\">\n<td colspan=\"2\"><span style=\"font-family: sans-serif; font-size: 12px;\"><strong>Sz\u00fclet\u00e9si d\u00e1tum<\/strong><\/span><\/td>\n<\/tr>\n<tr bgcolor=\"#FFFFFF\">\n<td width=\"20\"><\/td>\n<td><span style=\"font-family: sans-serif; font-size: 12px;\">05\/05\/1978<\/span><\/td>\n<\/tr>\n<tr bgcolor=\"#EAF2FA\">\n<td colspan=\"2\"><span style=\"font-family: sans-serif; font-size: 12px;\"><strong>Le\u00edr\u00e1s (mit szeret csin\u00e1lni, hobbi, sport stb.)<\/strong><\/span><\/td>\n<\/tr>\n<tr bgcolor=\"#FFFFFF\">\n<td width=\"20\"><\/td>\n<td><span style=\"font-family: sans-serif; font-size: 12px;\">Ich bin Mama eines 18 j\u00e4hrigen Jungen mit DS &#8230;arbeite in der Pflege &#8230;wenn ich Zeit habe lese ich gerne und ich liebe die Natur &#8230;<\/span><\/td>\n<\/tr>\n<tr bgcolor=\"#EAF2FA\">\n<td colspan=\"2\"><span style=\"font-family: sans-serif; font-size: 12px;\"><strong>Profil k\u00e9p<\/strong><\/span><\/td>\n<\/tr>\n<tr bgcolor=\"#FFFFFF\">\n<td width=\"20\"><\/td>\n<td>\n<ul>\n<li><a href=\"https:\/\/eufortrisomy21.eu\/wp-content\/uploads\/2021\/02\/IMG-20200804-WA0009.jpg\" target=\"_blank\" rel=\"noopener\" aria-label=\"Click to view\">IMG-20200804-WA0009.jpg<\/a><\/li>\n<\/ul>\n<p>&nbsp;<\/td>\n<\/tr>\n<tr>\n<td style=\"font-size: 14px; font-weight: bold; background-color: #eee; border-bottom: 1px solid #DFDFDF; padding: 7px 7px;\" colspan=\"2\">Kapcsolattart\u00e1si adatai<\/td>\n<\/tr>\n<tr bgcolor=\"#EAF2FA\">\n<td colspan=\"2\"><span style=\"font-family: sans-serif; font-size: 12px;\"><strong>Email<\/strong><\/span><\/td>\n<\/tr>\n<tr bgcolor=\"#FFFFFF\">\n<td width=\"20\"><\/td>\n<td><span style=\"font-family: sans-serif; font-size: 12px;\"><a href=\"mailto:daniela-giese@outlook.de\">daniela-giese@outlook.de<\/a><\/span><\/td>\n<\/tr>\n<tr bgcolor=\"#EAF2FA\">\n<td colspan=\"2\"><span style=\"font-family: sans-serif; font-size: 12px;\"><strong>Telefon<\/strong><\/span><\/td>\n<\/tr>\n<tr bgcolor=\"#FFFFFF\">\n<td width=\"20\"><\/td>\n<td><span style=\"font-family: sans-serif; font-size: 12px;\">+4915202047500<\/span><\/td>\n<\/tr>\n<tr bgcolor=\"#EAF2FA\">\n<td colspan=\"2\"><span style=\"font-family: sans-serif; font-size: 12px;\"><strong>Orsz\u00e1g<\/strong><\/span><\/td>\n<\/tr>\n<tr bgcolor=\"#FFFFFF\">\n<td width=\"20\"><\/td>\n<td><span style=\"font-family: sans-serif; font-size: 12px;\">N\u00c9METORSZ\u00c1G<\/span><\/td>\n<\/tr>\n<tr bgcolor=\"#EAF2FA\">\n<td colspan=\"2\"><span style=\"font-family: sans-serif; font-size: 12px;\"><strong>V\u00e1ros<\/strong><\/span><\/td>\n<\/tr>\n<tr bgcolor=\"#FFFFFF\">\n<td width=\"20\"><\/td>\n<td><span style=\"font-family: sans-serif; font-size: 12px;\">Calden<\/span><\/td>\n<\/tr>\n<tr bgcolor=\"#EAF2FA\">\n<td colspan=\"2\"><span style=\"font-family: sans-serif; font-size: 12px;\"><strong>Mi a helyzeted? (DE)<\/strong><\/span><\/td>\n<\/tr>\n<tr bgcolor=\"#FFFFFF\">\n<td width=\"20\"><\/td>\n<td><span style=\"font-family: sans-serif; font-size: 12px;\">Ich bin Vater \/ Mutter einer Person with Down-Syndrom<\/span><\/td>\n<\/tr>\n<tr>\n<td style=\"font-size: 14px; font-weight: bold; background-color: #eee; border-bottom: 1px solid #DFDFDF; padding: 7px 7px;\" colspan=\"2\">\u00cdrjon EP-k\u00e9pvisel\u0151j\u00e9nek<\/td>\n<\/tr>\n<tr bgcolor=\"#EAF2FA\">\n<td colspan=\"2\"><span style=\"font-family: sans-serif; font-size: 12px;\"><strong>Your MEP&#8217;sponsor choice<\/strong><\/span><\/td>\n<\/tr>\n<tr bgcolor=\"#FFFFFF\">\n<td width=\"20\"><\/td>\n<td><span style=\"font-family: sans-serif; font-size: 12px;\">Beer Nicola<\/span><\/td>\n<\/tr>\n<tr bgcolor=\"#EAF2FA\">\n<td colspan=\"2\"><span style=\"font-family: sans-serif; font-size: 12px;\"><strong>Your MEP&#8217;s email address<\/strong><\/span><\/td>\n<\/tr>\n<tr bgcolor=\"#FFFFFF\">\n<td width=\"20\"><\/td>\n<td><span style=\"font-family: sans-serif; font-size: 12px;\">nicola.beer@europarl.europa.eu<\/span><\/td>\n<\/tr>\n<tr bgcolor=\"#EAF2FA\">\n<td colspan=\"2\"><\/td>\n<\/tr>\n<tr bgcolor=\"#FFFFFF\">\n<td width=\"20\"><\/td>\n<td><span style=\"font-family: sans-serif; font-size: 12px;\"><span style=\"font-family: sans-serif; font-size: 12px;\"><img decoding=\"async\" src=\"https:\/\/eufortrisomy21.eu\/wp-content\/plugins\/gravityforms\/images\/tick.png\" \/> Elfogadom az adatv\u00e9delmi ir\u00e1nyelveket.<\/span><\/span><\/p>\n<div class=\"gfield_consent_description\">Ennek az \u0171rlapnak a kit\u00f6lt\u00e9s\u00e9vel elfogadja, hogy el\u00e9rhet\u0151s\u00e9gi adatait az EUfortrisomy21 kapcsolattart\u00f3 f\u00e1jl tartalmazza. Felh\u00edvjuk figyelm\u00e9t, hogy ez a f\u00e1jl az EUfortrisomy21 kiz\u00e1r\u00f3lagos felel\u0151ss\u00e9ge, \u00e9s semmilyen k\u00f6r\u00fclm\u00e9nyek k\u00f6z\u00f6tt nem oszlik meg m\u00e1s szervezetekkel. Ha a j\u00f6v\u0151ben m\u00e1r nem k\u00edv\u00e1nja megkapni a kommunik\u00e1ci\u00f3nkat, egyszer\u0171en iratkozzon le a linkre. \u00d6nnek b\u00e1rmikor joga lesz hozz\u00e1f\u00e9rni, kijav\u00edtani vagy t\u00f6r\u00f6lni az \u00d6nre vonatkoz\u00f3 adatokat, valamint jogot \u00e1ll tiltakozni vagy korl\u00e1tozni azok feldolgoz\u00e1s\u00e1t. Jogainak gyakorl\u00e1s\u00e1hoz l\u00e9pjen vel\u00fcnk kapcsolatba a privacy @ eufortrisomy21 c\u00edmen. Tov\u00e1bbi inform\u00e1ci\u00f3 a szem\u00e9lyes adatok v\u00e9delm\u00e9r\u0151l: privacy @ eufortrisomy21<\/div>\n<p>&nbsp;<\/td>\n<\/tr>\n<\/tbody>\n<\/table>\n<\/td>\n<\/tr>\n<\/tbody>\n<\/table>","protected":false},"featured_media":30431,"template":"","country":[21],"sponsorship_status":[42],"class_list":["post-30430","citizen","type-citizen","status-publish","has-post-thumbnail","hentry","country-germany","sponsorship_status-available"],"acf":[],"_links":{"self":[{"href":"https:\/\/eufortrisomy21.eu\/hu\/wp-json\/wp\/v2\/citizen\/30430"}],"collection":[{"href":"https:\/\/eufortrisomy21.eu\/hu\/wp-json\/wp\/v2\/citizen"}],"about":[{"href":"https:\/\/eufortrisomy21.eu\/hu\/wp-json\/wp\/v2\/types\/citizen"}],"version-history":[{"count":0,"href":"https:\/\/eufortrisomy21.eu\/hu\/wp-json\/wp\/v2\/citizen\/30430\/revisions"}],"wp:featuredmedia":[{"embeddable":true,"href":"https:\/\/eufortrisomy21.eu\/hu\/wp-json\/wp\/v2\/media\/30431"}],"wp:attachment":[{"href":"https:\/\/eufortrisomy21.eu\/hu\/wp-json\/wp\/v2\/media?parent=30430"}],"wp:term":[{"taxonomy":"country","embeddable":true,"href":"https:\/\/eufortrisomy21.eu\/hu\/wp-json\/wp\/v2\/country?post=30430"},{"taxonomy":"sponsorship_status","embeddable":true,"href":"https:\/\/eufortrisomy21.eu\/hu\/wp-json\/wp\/v2\/sponsorship_status?post=30430"}],"curies":[{"name":"wp","href":"https:\/\/api.w.org\/{rel}","templated":true}]}}