{"id":30998,"date":"2021-02-22T21:50:36","date_gmt":"2021-02-22T20:50:36","guid":{"rendered":"https:\/\/eufortrisomy21.eu\/it\/?post_type=citizen&#038;p=30998"},"modified":"2021-03-05T16:50:20","modified_gmt":"2021-03-05T15:50:20","slug":"jenny-gaggi","status":"publish","type":"citizen","link":"https:\/\/eufortrisomy21.eu\/hu\/citizen\/jenny-gaggi\/","title":{"rendered":"Jenny Gaggi"},"content":{"rendered":"<table width=\"99%\" border=\"0\" cellpadding=\"1\" cellspacing=\"0\" bgcolor=\"#EAEAEA\">\n<tr>\n<td>\n<table width=\"100%\" border=\"0\" cellpadding=\"5\" cellspacing=\"0\" bgcolor=\"#FFFFFF\">\n<tr>\n<td colspan=\"2\" style=\"font-size:14px;font-weight:bold;background-color:#EEE;border-bottom:1px solid #DFDFDF;padding:7px 7px\">Szem\u00e9lyes inform\u00e1ci\u00f3i<\/td>\n<\/tr>\n<tr bgcolor=\"#EAF2FA\">\n<td colspan=\"2\">\n\t\t                                        <font style=\"font-family: sans-serif;font-size:12px\"><strong>Keresztn\u00e9v<\/strong><\/font>\n\t\t                                    <\/td>\n<\/tr>\n<tr bgcolor=\"#FFFFFF\">\n<td width=\"20\">&nbsp;<\/td>\n<td>\n\t\t                                        <font style=\"font-family: sans-serif;font-size:12px\">Jenny<\/font>\n\t\t                                    <\/td>\n<\/tr>\n<tr bgcolor=\"#EAF2FA\">\n<td colspan=\"2\">\n\t\t                                        <font style=\"font-family: sans-serif;font-size:12px\"><strong>Vezet\u00e9kn\u00e9v<\/strong><\/font>\n\t\t                                    <\/td>\n<\/tr>\n<tr bgcolor=\"#FFFFFF\">\n<td width=\"20\">&nbsp;<\/td>\n<td>\n\t\t                                        <font style=\"font-family: sans-serif;font-size:12px\">Gaggi<\/font>\n\t\t                                    <\/td>\n<\/tr>\n<tr bgcolor=\"#EAF2FA\">\n<td colspan=\"2\">\n\t\t                                        <font style=\"font-family: sans-serif;font-size:12px\"><strong>Sz\u00fclet\u00e9si d\u00e1tum<\/strong><\/font>\n\t\t                                    <\/td>\n<\/tr>\n<tr bgcolor=\"#FFFFFF\">\n<td width=\"20\">&nbsp;<\/td>\n<td>\n\t\t                                        <font style=\"font-family: sans-serif;font-size:12px\">27\/07\/1978<\/font>\n\t\t                                    <\/td>\n<\/tr>\n<tr bgcolor=\"#EAF2FA\">\n<td colspan=\"2\">\n\t\t                                        <font style=\"font-family: sans-serif;font-size:12px\"><strong>Le\u00edr\u00e1s (mit szeret csin\u00e1lni, hobbi, sport stb.)<\/strong><\/font>\n\t\t                                    <\/td>\n<\/tr>\n<tr bgcolor=\"#FFFFFF\">\n<td width=\"20\">&nbsp;<\/td>\n<td>\n\t\t                                        <font style=\"font-family: sans-serif;font-size:12px\">Sono la mamma di Giada, una ragazza di 14 anni con s.d.<br \/>\nA Giada piace fare sci di fondo e pugilato, \u00e8 fan di Silvester Stallone e vorrebbe diventare una you tuber.<br \/>\n\u00c8 introversa e non ha molti amici.<br \/>\nEd \u00e8 una ladra di giga!<\/font>\n\t\t                                    <\/td>\n<\/tr>\n<tr>\n<td colspan=\"2\" style=\"font-size:14px;font-weight:bold;background-color:#EEE;border-bottom:1px solid #DFDFDF;padding:7px 7px\">Kapcsolattart\u00e1si adatai<\/td>\n<\/tr>\n<tr bgcolor=\"#EAF2FA\">\n<td colspan=\"2\">\n\t\t                                        <font style=\"font-family: sans-serif;font-size:12px\"><strong>Email<\/strong><\/font>\n\t\t                                    <\/td>\n<\/tr>\n<tr bgcolor=\"#FFFFFF\">\n<td width=\"20\">&nbsp;<\/td>\n<td>\n\t\t                                        <font style=\"font-family: sans-serif;font-size:12px\"><a href='mailto:jenny.gaggi@outlook.it'>jenny.gaggi@outlook.it<\/a><\/font>\n\t\t                                    <\/td>\n<\/tr>\n<tr bgcolor=\"#EAF2FA\">\n<td colspan=\"2\">\n\t\t                                        <font style=\"font-family: sans-serif;font-size:12px\"><strong>Telefon<\/strong><\/font>\n\t\t                                    <\/td>\n<\/tr>\n<tr bgcolor=\"#FFFFFF\">\n<td width=\"20\">&nbsp;<\/td>\n<td>\n\t\t                                        <font style=\"font-family: sans-serif;font-size:12px\">3401255894<\/font>\n\t\t                                    <\/td>\n<\/tr>\n<tr bgcolor=\"#EAF2FA\">\n<td colspan=\"2\">\n\t\t                                        <font style=\"font-family: sans-serif;font-size:12px\"><strong>Orsz\u00e1g<\/strong><\/font>\n\t\t                                    <\/td>\n<\/tr>\n<tr bgcolor=\"#FFFFFF\">\n<td width=\"20\">&nbsp;<\/td>\n<td>\n\t\t                                        <font style=\"font-family: sans-serif;font-size:12px\">OLASZORSZ\u00c1G<\/font>\n\t\t                                    <\/td>\n<\/tr>\n<tr bgcolor=\"#EAF2FA\">\n<td colspan=\"2\">\n\t\t                                        <font style=\"font-family: sans-serif;font-size:12px\"><strong>V\u00e1ros<\/strong><\/font>\n\t\t                                    <\/td>\n<\/tr>\n<tr bgcolor=\"#FFFFFF\">\n<td width=\"20\">&nbsp;<\/td>\n<td>\n\t\t                                        <font style=\"font-family: sans-serif;font-size:12px\">Lanzada<\/font>\n\t\t                                    <\/td>\n<\/tr>\n<tr bgcolor=\"#EAF2FA\">\n<td colspan=\"2\">\n\t\t                                        <font style=\"font-family: sans-serif;font-size:12px\"><strong>Mi a helyzeted? (EN)<\/strong><\/font>\n\t\t                                    <\/td>\n<\/tr>\n<tr bgcolor=\"#FFFFFF\">\n<td width=\"20\">&nbsp;<\/td>\n<td>\n\t\t                                        <font style=\"font-family: sans-serif;font-size:12px\">I am the father\/mother of a person with Down&#8217;s syndrome<\/font>\n\t\t                                    <\/td>\n<\/tr>\n<tr>\n<td colspan=\"2\" style=\"font-size:14px;font-weight:bold;background-color:#EEE;border-bottom:1px solid #DFDFDF;padding:7px 7px\">\u00cdrjon EP-k\u00e9pvisel\u0151j\u00e9nek<\/td>\n<\/tr>\n<tr bgcolor=\"#EAF2FA\">\n<td colspan=\"2\">\n\t\t                                        <font style=\"font-family: sans-serif;font-size:12px\"><strong>Az \u00d6n eur\u00f3pai parlamenti k\u00e9pvisel\u0151je \u00e9s a szponzor v\u00e1laszt\u00e1sa<\/strong><\/font>\n\t\t                                    <\/td>\n<\/tr>\n<tr bgcolor=\"#FFFFFF\">\n<td width=\"20\">&nbsp;<\/td>\n<td>\n\t\t                                        <font style=\"font-family: sans-serif;font-size:12px\">Berlusconi Silvio<\/font>\n\t\t                                    <\/td>\n<\/tr>\n<tr bgcolor=\"#EAF2FA\">\n<td colspan=\"2\">\n\t\t                                        <font style=\"font-family: sans-serif;font-size:12px\"><strong>Az \u00d6n k\u00e9pvisel\u0151j\u00e9nek e-mail c\u00edme<\/strong><\/font>\n\t\t                                    <\/td>\n<\/tr>\n<tr bgcolor=\"#FFFFFF\">\n<td width=\"20\">&nbsp;<\/td>\n<td>\n\t\t                                        <font style=\"font-family: sans-serif;font-size:12px\">silvio.berlusconi@europarl.europa.eu<\/font>\n\t\t                                    <\/td>\n<\/tr>\n<tr bgcolor=\"#EAF2FA\">\n<td colspan=\"2\">\n\t\t                                        <font style=\"font-family: sans-serif;font-size:12px\"><strong><\/strong><\/font>\n\t\t                                    <\/td>\n<\/tr>\n<tr bgcolor=\"#FFFFFF\">\n<td width=\"20\">&nbsp;<\/td>\n<td>\n\t\t                                        <font style=\"font-family: sans-serif;font-size:12px\"><img decoding=\"async\" src=\"https:\/\/eufortrisomy21.eu\/wp-content\/plugins\/gravityforms\/images\/tick.png\" \/> Elfogadom az adatv\u00e9delmi ir\u00e1nyelveket.<\/p>\n<div class=\"gfield_consent_description\">Ennek az \u0171rlapnak a kit\u00f6lt\u00e9s\u00e9vel elfogadja, hogy el\u00e9rhet\u0151s\u00e9gi adatait az EUfortrisomy21 kapcsolattart\u00f3 f\u00e1jl tartalmazza. Felh\u00edvjuk figyelm\u00e9t, hogy ez a f\u00e1jl az EUfortrisomy21 kiz\u00e1r\u00f3lagos felel\u0151ss\u00e9ge, \u00e9s semmilyen k\u00f6r\u00fclm\u00e9nyek k\u00f6z\u00f6tt nem oszlik meg m\u00e1s szervezetekkel. Ha a j\u00f6v\u0151ben m\u00e1r nem k\u00edv\u00e1nja megkapni a kommunik\u00e1ci\u00f3nkat, egyszer\u0171en iratkozzon le a linkre. \u00d6nnek b\u00e1rmikor joga lesz hozz\u00e1f\u00e9rni, kijav\u00edtani vagy t\u00f6r\u00f6lni az \u00d6nre vonatkoz\u00f3 adatokat, valamint jogot \u00e1ll tiltakozni vagy korl\u00e1tozni azok feldolgoz\u00e1s\u00e1t. Jogainak gyakorl\u00e1s\u00e1hoz l\u00e9pjen vel\u00fcnk kapcsolatba a privacy @ eufortrisomy21 c\u00edmen. Tov\u00e1bbi inform\u00e1ci\u00f3 a szem\u00e9lyes adatok v\u00e9delm\u00e9r\u0151l: privacy @ eufortrisomy21<\/div>\n<p><\/font>\n\t\t                                    <\/td>\n<\/tr>\n<\/table>\n<\/td>\n<\/tr>\n<\/table>","protected":false},"featured_media":0,"template":"","country":[13],"sponsorship_status":[42],"class_list":["post-30998","citizen","type-citizen","status-publish","hentry","country-italy","sponsorship_status-available"],"acf":[],"_links":{"self":[{"href":"https:\/\/eufortrisomy21.eu\/hu\/wp-json\/wp\/v2\/citizen\/30998"}],"collection":[{"href":"https:\/\/eufortrisomy21.eu\/hu\/wp-json\/wp\/v2\/citizen"}],"about":[{"href":"https:\/\/eufortrisomy21.eu\/hu\/wp-json\/wp\/v2\/types\/citizen"}],"version-history":[{"count":0,"href":"https:\/\/eufortrisomy21.eu\/hu\/wp-json\/wp\/v2\/citizen\/30998\/revisions"}],"wp:attachment":[{"href":"https:\/\/eufortrisomy21.eu\/hu\/wp-json\/wp\/v2\/media?parent=30998"}],"wp:term":[{"taxonomy":"country","embeddable":true,"href":"https:\/\/eufortrisomy21.eu\/hu\/wp-json\/wp\/v2\/country?post=30998"},{"taxonomy":"sponsorship_status","embeddable":true,"href":"https:\/\/eufortrisomy21.eu\/hu\/wp-json\/wp\/v2\/sponsorship_status?post=30998"}],"curies":[{"name":"wp","href":"https:\/\/api.w.org\/{rel}","templated":true}]}}