{"id":30548,"date":"2021-02-08T17:24:35","date_gmt":"2021-02-08T16:24:35","guid":{"rendered":"https:\/\/eufortrisomy21.eu\/pl\/?post_type=ngo&#038;p=30548"},"modified":"2021-02-09T08:51:21","modified_gmt":"2021-02-09T07:51:21","slug":"legnickie-stowarzyszenie-rodzin-i-przyjaciol-dzieci-z-zespolem-downa-otworz-serce","status":"publish","type":"ngo","link":"https:\/\/eufortrisomy21.eu\/hu\/ngo\/legnickie-stowarzyszenie-rodzin-i-przyjaciol-dzieci-z-zespolem-downa-otworz-serce\/","title":{"rendered":"LEGNICKIE STOWARZYSZENIE RODZIN I PRZYJACI\u00d3\u0141 DZIECI Z ZESPO\u0141EM DOWNA \u201eOTW\u00d3RZ SERCE\u201d"},"content":{"rendered":"<table border=\"0\" width=\"99%\" cellspacing=\"0\" cellpadding=\"1\" bgcolor=\"#EAEAEA\">\n<tbody>\n<tr>\n<td>\n<table border=\"0\" width=\"100%\" cellspacing=\"0\" cellpadding=\"5\" bgcolor=\"#FFFFFF\">\n<tbody>\n<tr bgcolor=\"#EAF2FA\">\n<td colspan=\"2\"><span style=\"font-family: sans-serif; font-size: 12px;\"><strong>Name of the NGO<\/strong><\/span><\/td>\n<\/tr>\n<tr bgcolor=\"#FFFFFF\">\n<td width=\"20\"><\/td>\n<td><span style=\"font-family: sans-serif; font-size: 12px;\">LEGNICKIE STOWARZYSZENIE RODZIN I PRZYJACI\u00d3\u0141 DZIECI Z ZESPO\u0141EM DOWNA \u201eOTW\u00d3RZ SERCE\u201d<\/span><\/td>\n<\/tr>\n<tr bgcolor=\"#EAF2FA\">\n<td colspan=\"2\"><span style=\"font-family: sans-serif; font-size: 12px;\"><strong>Logo<\/strong><\/span><\/td>\n<\/tr>\n<tr bgcolor=\"#FFFFFF\">\n<td width=\"20\"><\/td>\n<td>\n<ul>\n<li><a href=\"https:\/\/eufortrisomy21.eu\/wp-content\/uploads\/2021\/02\/logo.png\" target=\"_blank\" rel=\"noopener\" aria-label=\"Click to view\">logo.png<\/a><\/li>\n<\/ul>\n<p>&nbsp;<\/td>\n<\/tr>\n<tr bgcolor=\"#EAF2FA\">\n<td colspan=\"2\"><span style=\"font-family: sans-serif; font-size: 12px;\"><strong>Orsz\u00e1g<\/strong><\/span><\/td>\n<\/tr>\n<tr bgcolor=\"#FFFFFF\">\n<td width=\"20\"><\/td>\n<td><span style=\"font-family: sans-serif; font-size: 12px;\">LENGYELORSZ\u00c1G<\/span><\/td>\n<\/tr>\n<tr bgcolor=\"#EAF2FA\">\n<td colspan=\"2\"><span style=\"font-family: sans-serif; font-size: 12px;\"><strong>Short presentation of the NGO<\/strong><\/span><\/td>\n<\/tr>\n<tr bgcolor=\"#FFFFFF\">\n<td width=\"20\"><\/td>\n<td><span style=\"font-family: sans-serif; font-size: 12px;\">Mamy pod opieka 64 dzieci . Dzia\u0142amy ju\u017c kilkana\u015bcie lat. Udzielamy pomocy i wsparcia niepe\u0142nosprawnym i ich rodzinom na ka\u017cdym etapie \u017cycia. Organizujemy wydarzenia kulturalne (m.in. od lat obchody 21.03).Organizujemy turnusy rehabilitacyjne, p\u00f3\u0142kolonie i inne niezb\u0119dne terapie.<\/span><\/td>\n<\/tr>\n<tr bgcolor=\"#EAF2FA\">\n<td colspan=\"2\"><span style=\"font-family: sans-serif; font-size: 12px;\"><strong>Facebook<\/strong><\/span><\/td>\n<\/tr>\n<tr bgcolor=\"#FFFFFF\">\n<td width=\"20\"><\/td>\n<td><span style=\"font-family: sans-serif; font-size: 12px;\">https:\/\/pl-pl.facebook.com\/otworz.serce<\/span><\/td>\n<\/tr>\n<tr bgcolor=\"#EAF2FA\">\n<td colspan=\"2\"><span style=\"font-family: sans-serif; font-size: 12px;\"><strong>Contact person&#8217;s first name<\/strong><\/span><\/td>\n<\/tr>\n<tr bgcolor=\"#FFFFFF\">\n<td width=\"20\"><\/td>\n<td><span style=\"font-family: sans-serif; font-size: 12px;\">Anna<\/span><\/td>\n<\/tr>\n<tr bgcolor=\"#EAF2FA\">\n<td colspan=\"2\"><span style=\"font-family: sans-serif; font-size: 12px;\"><strong>Contact person&#8217;s last name<\/strong><\/span><\/td>\n<\/tr>\n<tr bgcolor=\"#FFFFFF\">\n<td width=\"20\"><\/td>\n<td><span style=\"font-family: sans-serif; font-size: 12px;\">K\u0105cka<\/span><\/td>\n<\/tr>\n<tr bgcolor=\"#EAF2FA\">\n<td colspan=\"2\"><span style=\"font-family: sans-serif; font-size: 12px;\"><strong>Email<\/strong><\/span><\/td>\n<\/tr>\n<tr bgcolor=\"#FFFFFF\">\n<td width=\"20\"><\/td>\n<td><span style=\"font-family: sans-serif; font-size: 12px;\">stowarzyszenie.otworzserce@wp.pl<\/span><\/td>\n<\/tr>\n<tr bgcolor=\"#EAF2FA\">\n<td colspan=\"2\"><span style=\"font-family: sans-serif; font-size: 12px;\"><strong>Telefon<\/strong><\/span><\/td>\n<\/tr>\n<tr bgcolor=\"#FFFFFF\">\n<td width=\"20\"><\/td>\n<td><span style=\"font-family: sans-serif; font-size: 12px;\">+48 501 594 220<\/span><\/td>\n<\/tr>\n<tr bgcolor=\"#EAF2FA\">\n<td colspan=\"2\"><span style=\"font-family: sans-serif; font-size: 12px;\"><strong>V\u00e1ros<\/strong><\/span><\/td>\n<\/tr>\n<tr bgcolor=\"#FFFFFF\">\n<td width=\"20\"><\/td>\n<td><span style=\"font-family: sans-serif; font-size: 12px;\">Legnica<\/span><\/td>\n<\/tr>\n<tr bgcolor=\"#EAF2FA\">\n<td colspan=\"2\"><span style=\"font-family: sans-serif; font-size: 12px;\"><strong>I want to register one or more people with Down&#8217;s syndrome<\/strong><\/span><\/td>\n<\/tr>\n<tr bgcolor=\"#FFFFFF\">\n<td width=\"20\"><\/td>\n<td><span style=\"font-family: sans-serif; font-size: 12px;\">No<\/span><\/td>\n<\/tr>\n<tr bgcolor=\"#EAF2FA\">\n<td colspan=\"2\"><span style=\"font-family: sans-serif; font-size: 12px;\"><strong>Contact optin<\/strong><\/span><\/td>\n<\/tr>\n<tr bgcolor=\"#FFFFFF\">\n<td width=\"20\"><\/td>\n<td>\n<ul class=\"bulleted\">\n<li>I would like to be contacted to become a partner of EU for Trisomy 21<\/li>\n<\/ul>\n<p>&nbsp;<\/td>\n<\/tr>\n<tr bgcolor=\"#EAF2FA\">\n<td colspan=\"2\"><\/td>\n<\/tr>\n<tr bgcolor=\"#FFFFFF\">\n<td width=\"20\"><\/td>\n<td><span style=\"font-family: sans-serif; font-size: 12px;\"><span style=\"font-family: sans-serif; font-size: 12px;\"><img decoding=\"async\" src=\"https:\/\/eufortrisomy21.eu\/wp-content\/plugins\/gravityforms\/images\/tick.png\" \/> Elfogadom az adatv\u00e9delmi ir\u00e1nyelveket.<\/span><\/span><\/p>\n<div class=\"gfield_consent_description\">Ennek az \u0171rlapnak a kit\u00f6lt\u00e9s\u00e9vel elfogadja, hogy el\u00e9rhet\u0151s\u00e9gi adatait az EUfortrisomy21 kapcsolattart\u00f3 f\u00e1jl tartalmazza. Felh\u00edvjuk figyelm\u00e9t, hogy ez a f\u00e1jl az EUfortrisomy21 kiz\u00e1r\u00f3lagos felel\u0151ss\u00e9ge, \u00e9s semmilyen k\u00f6r\u00fclm\u00e9nyek k\u00f6z\u00f6tt nem oszlik meg m\u00e1s szervezetekkel. Ha a j\u00f6v\u0151ben m\u00e1r nem k\u00edv\u00e1nja megkapni a kommunik\u00e1ci\u00f3nkat, egyszer\u0171en iratkozzon le a linkre. \u00d6nnek b\u00e1rmikor joga lesz hozz\u00e1f\u00e9rni, kijav\u00edtani vagy t\u00f6r\u00f6lni az \u00d6nre vonatkoz\u00f3 adatokat, valamint jogot \u00e1ll tiltakozni vagy korl\u00e1tozni azok feldolgoz\u00e1s\u00e1t. Jogainak gyakorl\u00e1s\u00e1hoz l\u00e9pjen vel\u00fcnk kapcsolatba a privacy @ eufortrisomy21 c\u00edmen. Tov\u00e1bbi inform\u00e1ci\u00f3 a szem\u00e9lyes adatok v\u00e9delm\u00e9r\u0151l: privacy @ eufortrisomy21<\/div>\n<p>&nbsp;<\/td>\n<\/tr>\n<\/tbody>\n<\/table>\n<\/td>\n<\/tr>\n<\/tbody>\n<\/table>","protected":false},"featured_media":0,"template":"","country":[10],"class_list":["post-30548","ngo","type-ngo","status-publish","hentry","country-poland"],"acf":[],"_links":{"self":[{"href":"https:\/\/eufortrisomy21.eu\/hu\/wp-json\/wp\/v2\/ngo\/30548"}],"collection":[{"href":"https:\/\/eufortrisomy21.eu\/hu\/wp-json\/wp\/v2\/ngo"}],"about":[{"href":"https:\/\/eufortrisomy21.eu\/hu\/wp-json\/wp\/v2\/types\/ngo"}],"version-history":[{"count":0,"href":"https:\/\/eufortrisomy21.eu\/hu\/wp-json\/wp\/v2\/ngo\/30548\/revisions"}],"wp:attachment":[{"href":"https:\/\/eufortrisomy21.eu\/hu\/wp-json\/wp\/v2\/media?parent=30548"}],"wp:term":[{"taxonomy":"country","embeddable":true,"href":"https:\/\/eufortrisomy21.eu\/hu\/wp-json\/wp\/v2\/country?post=30548"}],"curies":[{"name":"wp","href":"https:\/\/api.w.org\/{rel}","templated":true}]}}