{"id":31852,"date":"2021-03-15T10:59:09","date_gmt":"2021-03-15T09:59:09","guid":{"rendered":"https:\/\/eufortrisomy21.eu\/de\/?post_type=ngo&#038;p=31852"},"modified":"2021-03-15T13:24:48","modified_gmt":"2021-03-15T12:24:48","slug":"ich-bin-aktiv","status":"publish","type":"ngo","link":"https:\/\/eufortrisomy21.eu\/hu\/ngo\/ich-bin-aktiv\/","title":{"rendered":"ich bin aktiv"},"content":{"rendered":"<table width=\"99%\" border=\"0\" cellpadding=\"1\" cellspacing=\"0\" bgcolor=\"#EAEAEA\">\n<tr>\n<td>\n<table width=\"100%\" border=\"0\" cellpadding=\"5\" cellspacing=\"0\" bgcolor=\"#FFFFFF\">\n<tr bgcolor=\"#EAF2FA\">\n<td colspan=\"2\">\n\t\t                                        <font style=\"font-family: sans-serif;font-size:12px\"><strong>Name of the NGO<\/strong><\/font>\n\t\t                                    <\/td>\n<\/tr>\n<tr bgcolor=\"#FFFFFF\">\n<td width=\"20\">&nbsp;<\/td>\n<td>\n\t\t                                        <font style=\"font-family: sans-serif;font-size:12px\">ich bin aktiv<\/font>\n\t\t                                    <\/td>\n<\/tr>\n<tr bgcolor=\"#EAF2FA\">\n<td colspan=\"2\">\n\t\t                                        <font style=\"font-family: sans-serif;font-size:12px\"><strong>Logo<\/strong><\/font>\n\t\t                                    <\/td>\n<\/tr>\n<tr bgcolor=\"#FFFFFF\">\n<td width=\"20\">&nbsp;<\/td>\n<td>\n\t\t                                        <font style=\"font-family: sans-serif;font-size:12px\"><\/p>\n<ul>\n<li><a href='https:\/\/eufortrisomy21.eu\/wp-content\/uploads\/2021\/03\/ichbinaktiv_LOGO-scaled.jpg' target='_blank' aria-label='Klicken zum Anschauen' rel=\"noopener\">ichbinaktiv_LOGO-scaled.jpg<\/a><\/li>\n<\/ul>\n<p><\/font>\n\t\t                                    <\/td>\n<\/tr>\n<tr bgcolor=\"#EAF2FA\">\n<td colspan=\"2\">\n\t\t                                        <font style=\"font-family: sans-serif;font-size:12px\"><strong>Orsz\u00e1g<\/strong><\/font>\n\t\t                                    <\/td>\n<\/tr>\n<tr bgcolor=\"#FFFFFF\">\n<td width=\"20\">&nbsp;<\/td>\n<td>\n\t\t                                        <font style=\"font-family: sans-serif;font-size:12px\">AUSZTRIA<\/font>\n\t\t                                    <\/td>\n<\/tr>\n<tr bgcolor=\"#EAF2FA\">\n<td colspan=\"2\">\n\t\t                                        <font style=\"font-family: sans-serif;font-size:12px\"><strong>Short presentation of the NGO<\/strong><\/font>\n\t\t                                    <\/td>\n<\/tr>\n<tr bgcolor=\"#FFFFFF\">\n<td width=\"20\">&nbsp;<\/td>\n<td>\n\t\t                                        <font style=\"font-family: sans-serif;font-size:12px\">Wir sind ein Verein f\u00fcr Menschen mit Behinderungen und m\u00f6chten f\u00fcr diese besonderen Menschen, ein selbstbestimmtes Leben in W\u00fcrde und auf ihre Bed\u00fcrfnisse abgestimmte Angebote schaffen. Der Verein ist  daher vor allem in den Bereichen &quot;Freizeit&quot;, &quot;Wohnen&quot;,  &quot;Bildung&quot; und &quot;Arbeit&quot; t\u00e4tig.<\/font>\n\t\t                                    <\/td>\n<\/tr>\n<tr bgcolor=\"#EAF2FA\">\n<td colspan=\"2\">\n\t\t                                        <font style=\"font-family: sans-serif;font-size:12px\"><strong>Website<\/strong><\/font>\n\t\t                                    <\/td>\n<\/tr>\n<tr bgcolor=\"#FFFFFF\">\n<td width=\"20\">&nbsp;<\/td>\n<td>\n\t\t                                        <font style=\"font-family: sans-serif;font-size:12px\">https:\/\/www.ich-bin-aktiv.at<\/font>\n\t\t                                    <\/td>\n<\/tr>\n<tr bgcolor=\"#EAF2FA\">\n<td colspan=\"2\">\n\t\t                                        <font style=\"font-family: sans-serif;font-size:12px\"><strong>Facebook<\/strong><\/font>\n\t\t                                    <\/td>\n<\/tr>\n<tr bgcolor=\"#FFFFFF\">\n<td width=\"20\">&nbsp;<\/td>\n<td>\n\t\t                                        <font style=\"font-family: sans-serif;font-size:12px\">https:\/\/de-de.facebook.com\/ichbinaktiv\/<\/font>\n\t\t                                    <\/td>\n<\/tr>\n<tr bgcolor=\"#EAF2FA\">\n<td colspan=\"2\">\n\t\t                                        <font style=\"font-family: sans-serif;font-size:12px\"><strong>Contact person&#039;s first name<\/strong><\/font>\n\t\t                                    <\/td>\n<\/tr>\n<tr bgcolor=\"#FFFFFF\">\n<td width=\"20\">&nbsp;<\/td>\n<td>\n\t\t                                        <font style=\"font-family: sans-serif;font-size:12px\">Angelika<\/font>\n\t\t                                    <\/td>\n<\/tr>\n<tr bgcolor=\"#EAF2FA\">\n<td colspan=\"2\">\n\t\t                                        <font style=\"font-family: sans-serif;font-size:12px\"><strong>Contact person&#039;s last name<\/strong><\/font>\n\t\t                                    <\/td>\n<\/tr>\n<tr bgcolor=\"#FFFFFF\">\n<td width=\"20\">&nbsp;<\/td>\n<td>\n\t\t                                        <font style=\"font-family: sans-serif;font-size:12px\">Stuchlik<\/font>\n\t\t                                    <\/td>\n<\/tr>\n<tr bgcolor=\"#EAF2FA\">\n<td colspan=\"2\">\n\t\t                                        <font style=\"font-family: sans-serif;font-size:12px\"><strong>Email<\/strong><\/font>\n\t\t                                    <\/td>\n<\/tr>\n<tr bgcolor=\"#FFFFFF\">\n<td width=\"20\">&nbsp;<\/td>\n<td>\n\t\t                                        <font style=\"font-family: sans-serif;font-size:12px\"><a href='mailto:office@ich-bin-aktiv.at'>office@ich-bin-aktiv.at<\/a><\/font>\n\t\t                                    <\/td>\n<\/tr>\n<tr bgcolor=\"#EAF2FA\">\n<td colspan=\"2\">\n\t\t                                        <font style=\"font-family: sans-serif;font-size:12px\"><strong>Telefon<\/strong><\/font>\n\t\t                                    <\/td>\n<\/tr>\n<tr bgcolor=\"#FFFFFF\">\n<td width=\"20\">&nbsp;<\/td>\n<td>\n\t\t                                        <font style=\"font-family: sans-serif;font-size:12px\">00436641273291<\/font>\n\t\t                                    <\/td>\n<\/tr>\n<tr bgcolor=\"#EAF2FA\">\n<td colspan=\"2\">\n\t\t                                        <font style=\"font-family: sans-serif;font-size:12px\"><strong>V\u00e1ros<\/strong><\/font>\n\t\t                                    <\/td>\n<\/tr>\n<tr bgcolor=\"#FFFFFF\">\n<td width=\"20\">&nbsp;<\/td>\n<td>\n\t\t                                        <font style=\"font-family: sans-serif;font-size:12px\">Wien<\/font>\n\t\t                                    <\/td>\n<\/tr>\n<tr bgcolor=\"#EAF2FA\">\n<td colspan=\"2\">\n\t\t                                        <font style=\"font-family: sans-serif;font-size:12px\"><strong>I want to register one or more people with Down&#039;s syndrome<\/strong><\/font>\n\t\t                                    <\/td>\n<\/tr>\n<tr bgcolor=\"#FFFFFF\">\n<td width=\"20\">&nbsp;<\/td>\n<td>\n\t\t                                        <font style=\"font-family: sans-serif;font-size:12px\">No<\/font>\n\t\t                                    <\/td>\n<\/tr>\n<tr bgcolor=\"#EAF2FA\">\n<td colspan=\"2\">\n\t\t                                        <font style=\"font-family: sans-serif;font-size:12px\"><strong><\/strong><\/font>\n\t\t                                    <\/td>\n<\/tr>\n<tr bgcolor=\"#FFFFFF\">\n<td width=\"20\">&nbsp;<\/td>\n<td>\n\t\t                                        <font style=\"font-family: sans-serif;font-size:12px\"><img decoding=\"async\" src=\"https:\/\/eufortrisomy21.eu\/wp-content\/plugins\/gravityforms\/images\/tick.png\" \/> Elfogadom az adatv\u00e9delmi ir\u00e1nyelveket.<\/p>\n<div class=\"gfield_consent_description\">Ennek az \u0171rlapnak a kit\u00f6lt\u00e9s\u00e9vel elfogadja, hogy el\u00e9rhet\u0151s\u00e9gi adatait az EUfortrisomy21 kapcsolattart\u00f3 f\u00e1jl tartalmazza. Felh\u00edvjuk figyelm\u00e9t, hogy ez a f\u00e1jl az EUfortrisomy21 kiz\u00e1r\u00f3lagos felel\u0151ss\u00e9ge, \u00e9s semmilyen k\u00f6r\u00fclm\u00e9nyek k\u00f6z\u00f6tt nem oszlik meg m\u00e1s szervezetekkel. Ha a j\u00f6v\u0151ben m\u00e1r nem k\u00edv\u00e1nja megkapni a kommunik\u00e1ci\u00f3nkat, egyszer\u0171en iratkozzon le a linkre. \u00d6nnek b\u00e1rmikor joga lesz hozz\u00e1f\u00e9rni, kijav\u00edtani vagy t\u00f6r\u00f6lni az \u00d6nre vonatkoz\u00f3 adatokat, valamint jogot \u00e1ll tiltakozni vagy korl\u00e1tozni azok feldolgoz\u00e1s\u00e1t. Jogainak gyakorl\u00e1s\u00e1hoz l\u00e9pjen vel\u00fcnk kapcsolatba a privacy @ eufortrisomy21 c\u00edmen. Tov\u00e1bbi inform\u00e1ci\u00f3 a szem\u00e9lyes adatok v\u00e9delm\u00e9r\u0151l: privacy @ eufortrisomy21<\/div>\n<p><\/font>\n\t\t                                    <\/td>\n<\/tr>\n<\/table>\n<\/td>\n<\/tr>\n<\/table>","protected":false},"featured_media":0,"template":"","country":[16],"class_list":["post-31852","ngo","type-ngo","status-publish","hentry","country-austria"],"acf":[],"_links":{"self":[{"href":"https:\/\/eufortrisomy21.eu\/hu\/wp-json\/wp\/v2\/ngo\/31852"}],"collection":[{"href":"https:\/\/eufortrisomy21.eu\/hu\/wp-json\/wp\/v2\/ngo"}],"about":[{"href":"https:\/\/eufortrisomy21.eu\/hu\/wp-json\/wp\/v2\/types\/ngo"}],"version-history":[{"count":0,"href":"https:\/\/eufortrisomy21.eu\/hu\/wp-json\/wp\/v2\/ngo\/31852\/revisions"}],"wp:attachment":[{"href":"https:\/\/eufortrisomy21.eu\/hu\/wp-json\/wp\/v2\/media?parent=31852"}],"wp:term":[{"taxonomy":"country","embeddable":true,"href":"https:\/\/eufortrisomy21.eu\/hu\/wp-json\/wp\/v2\/country?post=31852"}],"curies":[{"name":"wp","href":"https:\/\/api.w.org\/{rel}","templated":true}]}}