{"id":31228,"date":"2021-03-02T10:51:27","date_gmt":"2021-03-02T09:51:27","guid":{"rendered":"https:\/\/eufortrisomy21.eu\/?post_type=citizen&#038;p=31228"},"modified":"2021-03-05T16:50:35","modified_gmt":"2021-03-05T15:50:35","slug":"amanda-malmberg-2","status":"publish","type":"citizen","link":"https:\/\/eufortrisomy21.eu\/lt\/citizen\/amanda-malmberg-2\/","title":{"rendered":"Amanda Malmberg"},"content":{"rendered":"<table width=\"99%\" border=\"0\" cellpadding=\"1\" cellspacing=\"0\" bgcolor=\"#EAEAEA\">\n<tr>\n<td>\n<table width=\"100%\" border=\"0\" cellpadding=\"5\" cellspacing=\"0\" bgcolor=\"#FFFFFF\">\n<tr>\n<td colspan=\"2\" style=\"font-size:14px;font-weight:bold;background-color:#EEE;border-bottom:1px solid #DFDFDF;padding:7px 7px\">J\u016bs\u0173 asmenin\u0117 informacija<\/td>\n<\/tr>\n<tr bgcolor=\"#EAF2FA\">\n<td colspan=\"2\">\n\t\t                                        <font style=\"font-family: sans-serif;font-size:12px\"><strong>Pirmas vardas<\/strong><\/font>\n\t\t                                    <\/td>\n<\/tr>\n<tr bgcolor=\"#FFFFFF\">\n<td width=\"20\">&nbsp;<\/td>\n<td>\n\t\t                                        <font style=\"font-family: sans-serif;font-size:12px\">Amanda<\/font>\n\t\t                                    <\/td>\n<\/tr>\n<tr bgcolor=\"#EAF2FA\">\n<td colspan=\"2\">\n\t\t                                        <font style=\"font-family: sans-serif;font-size:12px\"><strong>Pavard\u0117<\/strong><\/font>\n\t\t                                    <\/td>\n<\/tr>\n<tr bgcolor=\"#FFFFFF\">\n<td width=\"20\">&nbsp;<\/td>\n<td>\n\t\t                                        <font style=\"font-family: sans-serif;font-size:12px\">Malmberg<\/font>\n\t\t                                    <\/td>\n<\/tr>\n<tr bgcolor=\"#EAF2FA\">\n<td colspan=\"2\">\n\t\t                                        <font style=\"font-family: sans-serif;font-size:12px\"><strong>Gimimo data<\/strong><\/font>\n\t\t                                    <\/td>\n<\/tr>\n<tr bgcolor=\"#FFFFFF\">\n<td width=\"20\">&nbsp;<\/td>\n<td>\n\t\t                                        <font style=\"font-family: sans-serif;font-size:12px\">08\/12\/1994<\/font>\n\t\t                                    <\/td>\n<\/tr>\n<tr bgcolor=\"#EAF2FA\">\n<td colspan=\"2\">\n\t\t                                        <font style=\"font-family: sans-serif;font-size:12px\"><strong>Apra\u0161ymas (k\u0105 m\u0117gsti veikti, pom\u0117giai, sportas ir kt.)<\/strong><\/font>\n\t\t                                    <\/td>\n<\/tr>\n<tr bgcolor=\"#FFFFFF\">\n<td width=\"20\">&nbsp;<\/td>\n<td>\n\t\t                                        <font style=\"font-family: sans-serif;font-size:12px\">Jag \u00e4r f\u00f6rfattare till boken mitt unga fartfyllda liv och f\u00f6r framtida b\u00f6cker, \u00e4r \u00e4ven influenser f\u00f6r kanalerna  youtube och instagram, f\u00f6rel\u00e4sare f\u00f6r hur det \u00e4r att leva med downs syndrom och psykisk h\u00e4lsa och att  jag \u00e4r fotomodell. <br \/>\nJag \u00e4r sj\u00e4lv moderat och involverar mig f\u00f6r LSS-fr\u00e5gorna, klimat\/milj\u00f6\/n\u00e4ringsfr\u00e5gorna, skola\/yrkesfr\u00e5gorna  ! <br \/>\nMina intressen \u00e4r skriva, tr\u00e4na, naturen, matlagning, fotografera, resor, inspirera folk, musik och kompisar.<\/font>\n\t\t                                    <\/td>\n<\/tr>\n<tr bgcolor=\"#EAF2FA\">\n<td colspan=\"2\">\n\t\t                                        <font style=\"font-family: sans-serif;font-size:12px\"><strong>Profilio nuotrauka<\/strong><\/font>\n\t\t                                    <\/td>\n<\/tr>\n<tr bgcolor=\"#FFFFFF\">\n<td width=\"20\">&nbsp;<\/td>\n<td>\n\t\t                                        <font style=\"font-family: sans-serif;font-size:12px\"><\/p>\n<ul>\n<li><a href='https:\/\/eufortrisomy21.eu\/index.php?gf-download=2021%2F03%2FIMG_3056.jpeg&amp;form-id=10&amp;field-id=39&amp;hash=bd06117173d83d5c81cb224804334e0329447223bbd05408e49edb05f76615fa' target='_blank' aria-label='Click to view' rel=\"noopener\">IMG_3056.jpeg<\/a><\/li>\n<\/ul>\n<p><\/font>\n\t\t                                    <\/td>\n<\/tr>\n<tr>\n<td colspan=\"2\" style=\"font-size:14px;font-weight:bold;background-color:#EEE;border-bottom:1px solid #DFDFDF;padding:7px 7px\">J\u016bs\u0173 kontaktin\u0117 informacija<\/td>\n<\/tr>\n<tr bgcolor=\"#EAF2FA\">\n<td colspan=\"2\">\n\t\t                                        <font style=\"font-family: sans-serif;font-size:12px\"><strong>El<\/strong><\/font>\n\t\t                                    <\/td>\n<\/tr>\n<tr bgcolor=\"#FFFFFF\">\n<td width=\"20\">&nbsp;<\/td>\n<td>\n\t\t                                        <font style=\"font-family: sans-serif;font-size:12px\"><a href='mailto:amanda.malmberg@gmail.com'>amanda.malmberg@gmail.com<\/a><\/font>\n\t\t                                    <\/td>\n<\/tr>\n<tr bgcolor=\"#EAF2FA\">\n<td colspan=\"2\">\n\t\t                                        <font style=\"font-family: sans-serif;font-size:12px\"><strong>Telefonas<\/strong><\/font>\n\t\t                                    <\/td>\n<\/tr>\n<tr bgcolor=\"#FFFFFF\">\n<td width=\"20\">&nbsp;<\/td>\n<td>\n\t\t                                        <font style=\"font-family: sans-serif;font-size:12px\">0709236077<\/font>\n\t\t                                    <\/td>\n<\/tr>\n<tr bgcolor=\"#EAF2FA\">\n<td colspan=\"2\">\n\t\t                                        <font style=\"font-family: sans-serif;font-size:12px\"><strong>\u0160alis<\/strong><\/font>\n\t\t                                    <\/td>\n<\/tr>\n<tr bgcolor=\"#FFFFFF\">\n<td width=\"20\">&nbsp;<\/td>\n<td>\n\t\t                                        <font style=\"font-family: sans-serif;font-size:12px\">\u0160VEDIJA<\/font>\n\t\t                                    <\/td>\n<\/tr>\n<tr bgcolor=\"#EAF2FA\">\n<td colspan=\"2\">\n\t\t                                        <font style=\"font-family: sans-serif;font-size:12px\"><strong>Miestas<\/strong><\/font>\n\t\t                                    <\/td>\n<\/tr>\n<tr bgcolor=\"#FFFFFF\">\n<td width=\"20\">&nbsp;<\/td>\n<td>\n\t\t                                        <font style=\"font-family: sans-serif;font-size:12px\">H\u00d6LLVIKEN<\/font>\n\t\t                                    <\/td>\n<\/tr>\n<tr bgcolor=\"#EAF2FA\">\n<td colspan=\"2\">\n\t\t                                        <font style=\"font-family: sans-serif;font-size:12px\"><strong>Kokia tavo situacija? (EN)<\/strong><\/font>\n\t\t                                    <\/td>\n<\/tr>\n<tr bgcolor=\"#FFFFFF\">\n<td width=\"20\">&nbsp;<\/td>\n<td>\n\t\t                                        <font style=\"font-family: sans-serif;font-size:12px\">Esu Dauno sindromas<\/font>\n\t\t                                    <\/td>\n<\/tr>\n<tr>\n<td colspan=\"2\" style=\"font-size:14px;font-weight:bold;background-color:#EEE;border-bottom:1px solid #DFDFDF;padding:7px 7px\">Ra\u0161ykite savo EP nariui<\/td>\n<\/tr>\n<tr bgcolor=\"#EAF2FA\">\n<td colspan=\"2\">\n\t\t                                        <font style=\"font-family: sans-serif;font-size:12px\"><strong>J\u016bs\u0173 europarlamentaras &amp; #039; r\u0117m\u0117jo pasirinkimas<\/strong><\/font>\n\t\t                                    <\/td>\n<\/tr>\n<tr bgcolor=\"#FFFFFF\">\n<td width=\"20\">&nbsp;<\/td>\n<td>\n\t\t                                        <font style=\"font-family: sans-serif;font-size:12px\">Stegrud Jessica<\/font>\n\t\t                                    <\/td>\n<\/tr>\n<tr bgcolor=\"#EAF2FA\">\n<td colspan=\"2\">\n\t\t                                        <font style=\"font-family: sans-serif;font-size:12px\"><strong>J\u016bs\u0173 EP nario el. Pa\u0161to adresas<\/strong><\/font>\n\t\t                                    <\/td>\n<\/tr>\n<tr bgcolor=\"#FFFFFF\">\n<td width=\"20\">&nbsp;<\/td>\n<td>\n\t\t                                        <font style=\"font-family: sans-serif;font-size:12px\">jessica.stegrud@europarl.europa.eu<\/font>\n\t\t                                    <\/td>\n<\/tr>\n<tr bgcolor=\"#EAF2FA\">\n<td colspan=\"2\">\n\t\t                                        <font style=\"font-family: sans-serif;font-size:12px\"><strong><\/strong><\/font>\n\t\t                                    <\/td>\n<\/tr>\n<tr bgcolor=\"#FFFFFF\">\n<td width=\"20\">&nbsp;<\/td>\n<td>\n\t\t                                        <font style=\"font-family: sans-serif;font-size:12px\"><img decoding=\"async\" src=\"https:\/\/eufortrisomy21.eu\/wp-content\/plugins\/gravityforms\/images\/tick.png\" \/> Sutinku su privatumo politika.<\/p>\n<div class=\"gfield_consent_description\">U\u017epildydami \u0161i\u0105 form\u0105 sutinkate, kad j\u016bs\u0173 kontaktin\u0117 informacija bus \u012ftraukta \u012f EUfortrisomy21 kontaktin\u0119 byl\u0105. Atkreipkite d\u0117mes\u012f, kad u\u017e \u0161i\u0105 byl\u0105 lieka i\u0161imtin\u0117 \u201eEUfortrisomy21\u201c atsakomyb\u0117 ir kad ji jokiu b\u016bdu n\u0117ra dalijama su kitais subjektais. Jei ateityje nebenorite gauti m\u016bs\u0173 prane\u0161im\u0173, papras\u010diausiai atsisakykite nuorodos. J\u016bs turite teis\u0119 bet kuriuo metu pasiekti, taisyti ar i\u0161trinti su jumis susijusius duomenis, taip pat teis\u0119 prie\u0161tarauti arba apriboti j\u0173 tvarkym\u0105. Nor\u0117dami pasinaudoti savo teis\u0117mis, galite susisiekti su mumis adresu privacy @ eufortrisomy21. Nor\u0117dami gauti daugiau informacijos apie savo asmens duomen\u0173 apsaug\u0105: privacy @ eufortrisomy21<\/div>\n<p><\/font>\n\t\t                                    <\/td>\n<\/tr>\n<\/table>\n<\/td>\n<\/tr>\n<\/table>","protected":false},"featured_media":31229,"template":"","country":[8],"sponsorship_status":[42],"class_list":["post-31228","citizen","type-citizen","status-publish","has-post-thumbnail","hentry","country-sweden","sponsorship_status-available"],"acf":[],"_links":{"self":[{"href":"https:\/\/eufortrisomy21.eu\/lt\/wp-json\/wp\/v2\/citizen\/31228"}],"collection":[{"href":"https:\/\/eufortrisomy21.eu\/lt\/wp-json\/wp\/v2\/citizen"}],"about":[{"href":"https:\/\/eufortrisomy21.eu\/lt\/wp-json\/wp\/v2\/types\/citizen"}],"version-history":[{"count":0,"href":"https:\/\/eufortrisomy21.eu\/lt\/wp-json\/wp\/v2\/citizen\/31228\/revisions"}],"wp:featuredmedia":[{"embeddable":true,"href":"https:\/\/eufortrisomy21.eu\/lt\/wp-json\/wp\/v2\/media\/31229"}],"wp:attachment":[{"href":"https:\/\/eufortrisomy21.eu\/lt\/wp-json\/wp\/v2\/media?parent=31228"}],"wp:term":[{"taxonomy":"country","embeddable":true,"href":"https:\/\/eufortrisomy21.eu\/lt\/wp-json\/wp\/v2\/country?post=31228"},{"taxonomy":"sponsorship_status","embeddable":true,"href":"https:\/\/eufortrisomy21.eu\/lt\/wp-json\/wp\/v2\/sponsorship_status?post=31228"}],"curies":[{"name":"wp","href":"https:\/\/api.w.org\/{rel}","templated":true}]}}