{"id":31248,"date":"2021-03-02T15:12:59","date_gmt":"2021-03-02T14:12:59","guid":{"rendered":"https:\/\/eufortrisomy21.eu\/?post_type=citizen&#038;p=31248"},"modified":"2021-03-05T16:50:17","modified_gmt":"2021-03-05T15:50:17","slug":"patrizia-kurdziel","status":"publish","type":"citizen","link":"https:\/\/eufortrisomy21.eu\/lt\/citizen\/patrizia-kurdziel\/","title":{"rendered":"Patrizia Kurdziel"},"content":{"rendered":"<table width=\"99%\" border=\"0\" cellpadding=\"1\" cellspacing=\"0\" bgcolor=\"#EAEAEA\">\n<tr>\n<td>\n<table width=\"100%\" border=\"0\" cellpadding=\"5\" cellspacing=\"0\" bgcolor=\"#FFFFFF\">\n<tr>\n<td colspan=\"2\" style=\"font-size:14px;font-weight:bold;background-color:#EEE;border-bottom:1px solid #DFDFDF;padding:7px 7px\">J\u016bs\u0173 asmenin\u0117 informacija<\/td>\n<\/tr>\n<tr bgcolor=\"#EAF2FA\">\n<td colspan=\"2\">\n\t\t                                        <font style=\"font-family: sans-serif;font-size:12px\"><strong>Pirmas vardas<\/strong><\/font>\n\t\t                                    <\/td>\n<\/tr>\n<tr bgcolor=\"#FFFFFF\">\n<td width=\"20\">&nbsp;<\/td>\n<td>\n\t\t                                        <font style=\"font-family: sans-serif;font-size:12px\">Patrizia<\/font>\n\t\t                                    <\/td>\n<\/tr>\n<tr bgcolor=\"#EAF2FA\">\n<td colspan=\"2\">\n\t\t                                        <font style=\"font-family: sans-serif;font-size:12px\"><strong>Pavard\u0117<\/strong><\/font>\n\t\t                                    <\/td>\n<\/tr>\n<tr bgcolor=\"#FFFFFF\">\n<td width=\"20\">&nbsp;<\/td>\n<td>\n\t\t                                        <font style=\"font-family: sans-serif;font-size:12px\">Kurdziel<\/font>\n\t\t                                    <\/td>\n<\/tr>\n<tr bgcolor=\"#EAF2FA\">\n<td colspan=\"2\">\n\t\t                                        <font style=\"font-family: sans-serif;font-size:12px\"><strong>Gimimo data<\/strong><\/font>\n\t\t                                    <\/td>\n<\/tr>\n<tr bgcolor=\"#FFFFFF\">\n<td width=\"20\">&nbsp;<\/td>\n<td>\n\t\t                                        <font style=\"font-family: sans-serif;font-size:12px\">04\/04\/1989<\/font>\n\t\t                                    <\/td>\n<\/tr>\n<tr bgcolor=\"#EAF2FA\">\n<td colspan=\"2\">\n\t\t                                        <font style=\"font-family: sans-serif;font-size:12px\"><strong>Apra\u0161ymas (k\u0105 m\u0117gsti veikti, pom\u0117giai, sportas ir kt.)<\/strong><\/font>\n\t\t                                    <\/td>\n<\/tr>\n<tr bgcolor=\"#FFFFFF\">\n<td width=\"20\">&nbsp;<\/td>\n<td>\n\t\t                                        <font style=\"font-family: sans-serif;font-size:12px\">Hallo Svenja,<br \/>\nich bin Inkluencerin und setze mich auf Instagram f\u00fcr Inklusion ein. Ich freue mich, wenn wir gemeinsam einen positiven Beitrag zum Welt Down Syndrom Tag setzen k\u00f6nnen. Liebe Gr\u00fc\u00dfe,<br \/>\nPatrizia &amp; Elijah<\/font>\n\t\t                                    <\/td>\n<\/tr>\n<tr>\n<td colspan=\"2\" style=\"font-size:14px;font-weight:bold;background-color:#EEE;border-bottom:1px solid #DFDFDF;padding:7px 7px\">J\u016bs\u0173 kontaktin\u0117 informacija<\/td>\n<\/tr>\n<tr bgcolor=\"#EAF2FA\">\n<td colspan=\"2\">\n\t\t                                        <font style=\"font-family: sans-serif;font-size:12px\"><strong>El<\/strong><\/font>\n\t\t                                    <\/td>\n<\/tr>\n<tr bgcolor=\"#FFFFFF\">\n<td width=\"20\">&nbsp;<\/td>\n<td>\n\t\t                                        <font style=\"font-family: sans-serif;font-size:12px\"><a href='mailto:patrizia@tree21.de'>patrizia@tree21.de<\/a><\/font>\n\t\t                                    <\/td>\n<\/tr>\n<tr bgcolor=\"#EAF2FA\">\n<td colspan=\"2\">\n\t\t                                        <font style=\"font-family: sans-serif;font-size:12px\"><strong>Telefonas<\/strong><\/font>\n\t\t                                    <\/td>\n<\/tr>\n<tr bgcolor=\"#FFFFFF\">\n<td width=\"20\">&nbsp;<\/td>\n<td>\n\t\t                                        <font style=\"font-family: sans-serif;font-size:12px\">015901013783<\/font>\n\t\t                                    <\/td>\n<\/tr>\n<tr bgcolor=\"#EAF2FA\">\n<td colspan=\"2\">\n\t\t                                        <font style=\"font-family: sans-serif;font-size:12px\"><strong>\u0160alis<\/strong><\/font>\n\t\t                                    <\/td>\n<\/tr>\n<tr bgcolor=\"#FFFFFF\">\n<td width=\"20\">&nbsp;<\/td>\n<td>\n\t\t                                        <font style=\"font-family: sans-serif;font-size:12px\">VOKIETIJA<\/font>\n\t\t                                    <\/td>\n<\/tr>\n<tr bgcolor=\"#EAF2FA\">\n<td colspan=\"2\">\n\t\t                                        <font style=\"font-family: sans-serif;font-size:12px\"><strong>Miestas<\/strong><\/font>\n\t\t                                    <\/td>\n<\/tr>\n<tr bgcolor=\"#FFFFFF\">\n<td width=\"20\">&nbsp;<\/td>\n<td>\n\t\t                                        <font style=\"font-family: sans-serif;font-size:12px\">Hamburg<\/font>\n\t\t                                    <\/td>\n<\/tr>\n<tr bgcolor=\"#EAF2FA\">\n<td colspan=\"2\">\n\t\t                                        <font style=\"font-family: sans-serif;font-size:12px\"><strong>Kokia tavo situacija? (DE)<\/strong><\/font>\n\t\t                                    <\/td>\n<\/tr>\n<tr bgcolor=\"#FFFFFF\">\n<td width=\"20\">&nbsp;<\/td>\n<td>\n\t\t                                        <font style=\"font-family: sans-serif;font-size:12px\">Ich bin Vater \/ Mutter einer Asmuo su Downo sindromu<\/font>\n\t\t                                    <\/td>\n<\/tr>\n<tr>\n<td colspan=\"2\" style=\"font-size:14px;font-weight:bold;background-color:#EEE;border-bottom:1px solid #DFDFDF;padding:7px 7px\">Ra\u0161ykite savo EP nariui<\/td>\n<\/tr>\n<tr bgcolor=\"#EAF2FA\">\n<td colspan=\"2\">\n\t\t                                        <font style=\"font-family: sans-serif;font-size:12px\"><strong>J\u016bs\u0173 europarlamentaras &amp; #039; r\u0117m\u0117jo pasirinkimas<\/strong><\/font>\n\t\t                                    <\/td>\n<\/tr>\n<tr bgcolor=\"#FFFFFF\">\n<td width=\"20\">&nbsp;<\/td>\n<td>\n\t\t                                        <font style=\"font-family: sans-serif;font-size:12px\">Hahn Svenja<\/font>\n\t\t                                    <\/td>\n<\/tr>\n<tr bgcolor=\"#EAF2FA\">\n<td colspan=\"2\">\n\t\t                                        <font style=\"font-family: sans-serif;font-size:12px\"><strong>J\u016bs\u0173 EP nario el. Pa\u0161to adresas<\/strong><\/font>\n\t\t                                    <\/td>\n<\/tr>\n<tr bgcolor=\"#FFFFFF\">\n<td width=\"20\">&nbsp;<\/td>\n<td>\n\t\t                                        <font style=\"font-family: sans-serif;font-size:12px\">svenja.hahn@europarl.europa.eu<\/font>\n\t\t                                    <\/td>\n<\/tr>\n<tr bgcolor=\"#EAF2FA\">\n<td colspan=\"2\">\n\t\t                                        <font style=\"font-family: sans-serif;font-size:12px\"><strong><\/strong><\/font>\n\t\t                                    <\/td>\n<\/tr>\n<tr bgcolor=\"#FFFFFF\">\n<td width=\"20\">&nbsp;<\/td>\n<td>\n\t\t                                        <font style=\"font-family: sans-serif;font-size:12px\"><img decoding=\"async\" src=\"https:\/\/eufortrisomy21.eu\/wp-content\/plugins\/gravityforms\/images\/tick.png\" \/> Sutinku su privatumo politika.<\/p>\n<div class=\"gfield_consent_description\">U\u017epildydami \u0161i\u0105 form\u0105 sutinkate, kad j\u016bs\u0173 kontaktin\u0117 informacija bus \u012ftraukta \u012f EUfortrisomy21 kontaktin\u0119 byl\u0105. Atkreipkite d\u0117mes\u012f, kad u\u017e \u0161i\u0105 byl\u0105 lieka i\u0161imtin\u0117 \u201eEUfortrisomy21\u201c atsakomyb\u0117 ir kad ji jokiu b\u016bdu n\u0117ra dalijama su kitais subjektais. Jei ateityje nebenorite gauti m\u016bs\u0173 prane\u0161im\u0173, papras\u010diausiai atsisakykite nuorodos. J\u016bs turite teis\u0119 bet kuriuo metu pasiekti, taisyti ar i\u0161trinti su jumis susijusius duomenis, taip pat teis\u0119 prie\u0161tarauti arba apriboti j\u0173 tvarkym\u0105. Nor\u0117dami pasinaudoti savo teis\u0117mis, galite susisiekti su mumis adresu privacy @ eufortrisomy21. Nor\u0117dami gauti daugiau informacijos apie savo asmens duomen\u0173 apsaug\u0105: privacy @ eufortrisomy21<\/div>\n<p><\/font>\n\t\t                                    <\/td>\n<\/tr>\n<\/table>\n<\/td>\n<\/tr>\n<\/table>","protected":false},"featured_media":0,"template":"","country":[21],"sponsorship_status":[42],"class_list":["post-31248","citizen","type-citizen","status-publish","hentry","country-germany","sponsorship_status-available"],"acf":[],"_links":{"self":[{"href":"https:\/\/eufortrisomy21.eu\/lt\/wp-json\/wp\/v2\/citizen\/31248"}],"collection":[{"href":"https:\/\/eufortrisomy21.eu\/lt\/wp-json\/wp\/v2\/citizen"}],"about":[{"href":"https:\/\/eufortrisomy21.eu\/lt\/wp-json\/wp\/v2\/types\/citizen"}],"version-history":[{"count":0,"href":"https:\/\/eufortrisomy21.eu\/lt\/wp-json\/wp\/v2\/citizen\/31248\/revisions"}],"wp:attachment":[{"href":"https:\/\/eufortrisomy21.eu\/lt\/wp-json\/wp\/v2\/media?parent=31248"}],"wp:term":[{"taxonomy":"country","embeddable":true,"href":"https:\/\/eufortrisomy21.eu\/lt\/wp-json\/wp\/v2\/country?post=31248"},{"taxonomy":"sponsorship_status","embeddable":true,"href":"https:\/\/eufortrisomy21.eu\/lt\/wp-json\/wp\/v2\/sponsorship_status?post=31248"}],"curies":[{"name":"wp","href":"https:\/\/api.w.org\/{rel}","templated":true}]}}