{"id":14524,"date":"2020-03-19T15:28:45","date_gmt":"2020-03-19T14:28:45","guid":{"rendered":"https:\/\/eufortrisomy21.eu\/?page_id=14524"},"modified":"2025-01-27T15:46:22","modified_gmt":"2025-01-27T14:46:22","slug":"declaration","status":"publish","type":"page","link":"https:\/\/eufortrisomy21.eu\/lt\/21march20\/declaration\/","title":{"rendered":"Deklaracija"},"content":{"rendered":"<h1>\r\n\t\t\r\n\t<\/h1>\r\n<h2>\r\n\t\tPasaulin\u0117s Dauno sindromo dienos deklaracija Europos Parlamente\r\n\t<\/h2>\r\n\t<p>On the occasion of World Down Syndrome Day on the 21st March, we &#8211; members of the European Parliament and civil society &#8211; believe that the \u201crecognition of the inherent dignity and of the equal and inalienable rights of all members of the human family is the foundation of freedom, justice and peace\u201d, founding principles of the European Union. We want to create an inclusive society where the Dignity and human rights of people with disabilities are cherished by all, protected by law and put into practice in concrete actions all over Europe.<\/p>\r\n<p>ES ir valstyb\u0117s nar\u0117s, b\u016bdamos JT ne\u012fgali\u0173j\u0173 teisi\u0173 konvencijos (toliau - Konvencija) nar\u0117s, turi ai\u0161ki\u0105 pareig\u0105 visoje S\u0105jungoje ginti vis\u0173 ne\u012fgali\u0173j\u0173 teises, \u012ftvirtintas Konvencijoje.<\/p>\r\n<p>Ne\u012fgalieji, \u012fskaitant intelekto negali\u0105 turintys asmenys, turi teis\u0119 b\u016bti visapusi\u0161kai \u012ftraukti ir dalyvauti lygiai su kitais visuomen\u0117s dalyviais. Su ne\u012fgaliaisiais ir juos atstovaujan\u010diomis organizacijomis reikia konsultuotis ir dalyvauti priimant sprendimus ES.<\/p>\r\n<p>Ne\u012fgaliesiems Europos S\u0105jungoje gresia didel\u0117 socialin\u0117s atskirties rizika, nes j\u0173 nedarbo lygis yra dvigubai didesnis nei ne\u012fgali\u0173 pilie\u010di\u0173, o intelekto negali\u0105 turintiems \u017emon\u0117ms - net keturis kartus didesnis.<\/p>\r\n<p>Mes reikalaujame, kad ne\u012fgali\u0173j\u0173 teis\u0117s ir Konvencija b\u016bt\u0173 \u012ftvirtintos visose Europos S\u0105jungos politikose ir programose, \u012fskaitant sveikatos, u\u017eimtumo ir inkliuzinio \u0161vietimo srityse.<\/p>\r\n<p>We call on the European Institutions and the Member States to respect, protect and promote the individual autonomy of people with disabilities and intellectual disabilities, including the freedom to make one&#8217;s own choices. We recall the importance of supporting autonomy rising projects like inclusive educational\u00a0 programs,\u00a0 independent\u00a0 living\u00a0 projects\u00a0 as\u00a0 well\u00a0 as\u00a0 health research programs with therapeutic goals.<\/p>\r\n<p>Suprasdami nepakankam\u0105 ne\u012fgali\u0173 \u017emoni\u0173 atstovavim\u0105 politin\u0117se institucijose, taip pat \u017einiasklaidoje ir bendr\u0105 intelekto negali\u0105 turin\u010di\u0173 \u017emoni\u0173 nematomum\u0105, mes stengsim\u0117s jiems atstovauti, kad j\u0173 poreikiai ir pretenzijos b\u016bt\u0173 politin\u0117s darbotvark\u0117s centre.<\/p>\r\n<h2>\r\n\t\tPrane\u0161imas spaudai\r\n\t<\/h2>\r\n\t<p><a href=\"https:\/\/eufortrisomy21.eu\/wp-content\/uploads\/2020\/03\/Press_Release_20March2020.pdf\" target=\"_blank\" rel=\"noopener noreferrer\">Atsisi\u0173skite \u010dia<\/a><\/p>\r\n<h2>\r\n\t\tEUROPOS PARLAMENTO NARI\u0172 PARA\u0160AI\r\n\t<\/h2>\r\n\t<table width=\"620\">\r\n<tbody>\r\n<tr>\r\n<td width=\"236\">Betina<\/td>\r\n<td width=\"236\">Vollatas<\/td>\r\n<td width=\"88\">Austrija<\/td>\r\n<td width=\"60\">S&amp;D<\/td>\r\n<\/tr>\r\n<tr>\r\n<td>Lukas<\/td>\r\n<td>Mandl<\/td>\r\n<td>Austrija<\/td>\r\n<td>ELP<\/td>\r\n<\/tr>\r\n<tr>\r\n<td>Monika<\/td>\r\n<td>Vana<\/td>\r\n<td>Austrija<\/td>\r\n<td>\u017dalieji<\/td>\r\n<\/tr>\r\n<tr>\r\n<td>Sindy<\/td>\r\n<td>Franssenas<\/td>\r\n<td>Belgija<\/td>\r\n<td>ELP<\/td>\r\n<\/tr>\r\n<tr>\r\n<td>Olivier<\/td>\r\n<td>Chastelis<\/td>\r\n<td>Belgija<\/td>\r\n<td>Atnaujinti<\/td>\r\n<\/tr>\r\n<tr>\r\n<td>Hilde<\/td>\r\n<td>Vautmansas<\/td>\r\n<td>Belgija<\/td>\r\n<td>Atnaujinti<\/td>\r\n<\/tr>\r\n<tr>\r\n<td>Petra<\/td>\r\n<td>De Sutter<\/td>\r\n<td>Belgija<\/td>\r\n<td>\u017dalieji<\/td>\r\n<\/tr>\r\n<tr>\r\n<td>Karlo<\/td>\r\n<td>Ressler<\/td>\r\n<td>Kroatija<\/td>\r\n<td>ELP<\/td>\r\n<\/tr>\r\n<tr>\r\n<td>Tomislavas<\/td>\r\n<td>Sokol<\/td>\r\n<td>Kroatija<\/td>\r\n<td>ELP<\/td>\r\n<\/tr>\r\n<tr>\r\n<td>Kostas<\/td>\r\n<td>\u201eMavrides\u201c<\/td>\r\n<td>Kipras<\/td>\r\n<td>S&amp;D<\/td>\r\n<\/tr>\r\n<tr>\r\n<td>Lefteris<\/td>\r\n<td>Christoforou<\/td>\r\n<td>Kipras<\/td>\r\n<td>ELP<\/td>\r\n<\/tr>\r\n<tr>\r\n<td>Radka<\/td>\r\n<td>Maxov\u00e1<\/td>\r\n<td>\u010cekija<\/td>\r\n<td>Atnaujinti<\/td>\r\n<\/tr>\r\n<tr>\r\n<td>Tom\u00e1\u0161<\/td>\r\n<td>Zdechovsk\u00fd<\/td>\r\n<td>\u010cekija<\/td>\r\n<td>ELP<\/td>\r\n<\/tr>\r\n<tr>\r\n<td>Michaela<\/td>\r\n<td>\u0160ojdrova<\/td>\r\n<td>\u010cekija<\/td>\r\n<td>ELP<\/td>\r\n<\/tr>\r\n<tr>\r\n<td>Marianne<\/td>\r\n<td>Vind<\/td>\r\n<td>Danija<\/td>\r\n<td>S&amp;D<\/td>\r\n<\/tr>\r\n<tr>\r\n<td>Riho<\/td>\r\n<td>Terras<\/td>\r\n<td>Estija<\/td>\r\n<td>ELP<\/td>\r\n<\/tr>\r\n<tr>\r\n<td>Laura<\/td>\r\n<td>Huhtasaari<\/td>\r\n<td>Suomija<\/td>\r\n<td>ID<\/td>\r\n<\/tr>\r\n<tr>\r\n<td>Nilsas<\/td>\r\n<td>Torvalds<\/td>\r\n<td>Suomija<\/td>\r\n<td>Atnaujinti<\/td>\r\n<\/tr>\r\n<tr>\r\n<td>Sirpa<\/td>\r\n<td>Pietik\u00e4inen<\/td>\r\n<td>Suomija<\/td>\r\n<td>ELP<\/td>\r\n<\/tr>\r\n<tr>\r\n<td>Fran\u00e7ois-Xavier<\/td>\r\n<td>Bellamy<\/td>\r\n<td>Pranc\u016bzija<\/td>\r\n<td>ELP<\/td>\r\n<\/tr>\r\n<tr>\r\n<td>Anne-Sophie<\/td>\r\n<td>Pelletier<\/td>\r\n<td>Pranc\u016bzija<\/td>\r\n<td>GUE<\/td>\r\n<\/tr>\r\n<tr>\r\n<td>Paskalis<\/td>\r\n<td>Durandas<\/td>\r\n<td>Pranc\u016bzija<\/td>\r\n<td>Atnaujinti<\/td>\r\n<\/tr>\r\n<tr>\r\n<td>Helmutas<\/td>\r\n<td>Scholz<\/td>\r\n<td>Vokietija<\/td>\r\n<td>GUE<\/td>\r\n<\/tr>\r\n<tr>\r\n<td>Marlene<\/td>\r\n<td>Skerdikas<\/td>\r\n<td>Vokietija<\/td>\r\n<td>ELP<\/td>\r\n<\/tr>\r\n<tr>\r\n<td>Kristina<\/td>\r\n<td>\u0160neideris<\/td>\r\n<td>Vokietija<\/td>\r\n<td>ELP<\/td>\r\n<\/tr>\r\n<tr>\r\n<td>Andreas<\/td>\r\n<td>Gl\u00fcck<\/td>\r\n<td>Vokietija<\/td>\r\n<td>Atnaujinti<\/td>\r\n<\/tr>\r\n<tr>\r\n<td>Svenja<\/td>\r\n<td>Hahnas<\/td>\r\n<td>Vokietija<\/td>\r\n<td>Atnaujinti<\/td>\r\n<\/tr>\r\n<tr>\r\n<td>Jan-Christoph<\/td>\r\n<td>Oetjenas<\/td>\r\n<td>Vokietija<\/td>\r\n<td>Atnaujinti<\/td>\r\n<\/tr>\r\n<tr>\r\n<td>Pierrette<\/td>\r\n<td>Herzbergeris-Fofana<\/td>\r\n<td>Vokietija<\/td>\r\n<td>\u017dalieji<\/td>\r\n<\/tr>\r\n<tr>\r\n<td>Jutta<\/td>\r\n<td>Paulus<\/td>\r\n<td>Vokietija<\/td>\r\n<td>\u017dalieji<\/td>\r\n<\/tr>\r\n<tr>\r\n<td>Katrin<\/td>\r\n<td>Langensiepenas<\/td>\r\n<td>Vokietija<\/td>\r\n<td>\u017dalieji<\/td>\r\n<\/tr>\r\n<tr>\r\n<td>Terry<\/td>\r\n<td>Reintke<\/td>\r\n<td>Vokietija<\/td>\r\n<td>\u017dalieji<\/td>\r\n<\/tr>\r\n<tr>\r\n<td>Patrikas<\/td>\r\n<td>Breyer<\/td>\r\n<td>Vokietija<\/td>\r\n<td>\u017dalieji<\/td>\r\n<\/tr>\r\n<tr>\r\n<td>Eva<\/td>\r\n<td>Kaili<\/td>\r\n<td>Graikija<\/td>\r\n<td>S&amp;D<\/td>\r\n<\/tr>\r\n<tr>\r\n<td>Klara<\/td>\r\n<td>Dobrevas<\/td>\r\n<td>Vengrija<\/td>\r\n<td>S&amp;D<\/td>\r\n<\/tr>\r\n<tr>\r\n<td>Attila<\/td>\r\n<td>Ara-Kov\u00e1cs<\/td>\r\n<td>Vengrija<\/td>\r\n<td>S&amp;D<\/td>\r\n<\/tr>\r\n<tr>\r\n<td>Istv\u00e1n<\/td>\r\n<td>Ujhelyi<\/td>\r\n<td>Vengrija<\/td>\r\n<td>S&amp;D<\/td>\r\n<\/tr>\r\n<tr>\r\n<td>Edina<\/td>\r\n<td>Toth<\/td>\r\n<td>Vengrija<\/td>\r\n<td>ELP<\/td>\r\n<\/tr>\r\n<tr>\r\n<td>Enik\u0117<\/td>\r\n<td>Gy\u0151ri<\/td>\r\n<td>Vengrija<\/td>\r\n<td>ELP<\/td>\r\n<\/tr>\r\n<tr>\r\n<td>Anna J\u00falia<\/td>\r\n<td>Don\u00e1thas<\/td>\r\n<td>Vengrija<\/td>\r\n<td>Atnaujinti<\/td>\r\n<\/tr>\r\n<tr>\r\n<td>Klar\u0117<\/td>\r\n<td>Daly<\/td>\r\n<td>Airija<\/td>\r\n<td>GUE<\/td>\r\n<\/tr>\r\n<tr>\r\n<td>Pranc\u016bzija<\/td>\r\n<td>Fitzgeraldas<\/td>\r\n<td>Airija<\/td>\r\n<td>ELP<\/td>\r\n<\/tr>\r\n<tr>\r\n<td>\u0160onas<\/td>\r\n<td>Kelly<\/td>\r\n<td>Airija<\/td>\r\n<td>ELP<\/td>\r\n<\/tr>\r\n<tr>\r\n<td>Malon\u0117<\/td>\r\n<td>O\u00b4Sullivan<\/td>\r\n<td>Airija<\/td>\r\n<td>\u017dalieji<\/td>\r\n<\/tr>\r\n<tr>\r\n<td>Ciar\u00e1n<\/td>\r\n<td>Man\u017eet\u0117<\/td>\r\n<td>Airija<\/td>\r\n<td>\u017dalieji<\/td>\r\n<\/tr>\r\n<tr>\r\n<td>Elisabetta<\/td>\r\n<td>Gualmini<\/td>\r\n<td>Italija<\/td>\r\n<td>S&amp;D<\/td>\r\n<\/tr>\r\n<tr>\r\n<td>Andrea<\/td>\r\n<td>Cozzolino<\/td>\r\n<td>Italija<\/td>\r\n<td>S&amp;D<\/td>\r\n<\/tr>\r\n<tr>\r\n<td>Brando<\/td>\r\n<td>Benifei<\/td>\r\n<td>Italija<\/td>\r\n<td>S&amp;D<\/td>\r\n<\/tr>\r\n<tr>\r\n<td>Salvator\u0117<\/td>\r\n<td>de Meo<\/td>\r\n<td>Italija<\/td>\r\n<td>ELP<\/td>\r\n<\/tr>\r\n<tr>\r\n<td>Elena<\/td>\r\n<td>Lizzi<\/td>\r\n<td>Italija<\/td>\r\n<td>ID<\/td>\r\n<\/tr>\r\n<tr>\r\n<td>Gianna<\/td>\r\n<td>Gancia<\/td>\r\n<td>Italija<\/td>\r\n<td>ID<\/td>\r\n<\/tr>\r\n<tr>\r\n<td>Simona<\/td>\r\n<td>Baldassarre<\/td>\r\n<td>Italija<\/td>\r\n<td>ID<\/td>\r\n<\/tr>\r\n<tr>\r\n<td>Antonio Marija<\/td>\r\n<td>Rinaldi<\/td>\r\n<td>Italija<\/td>\r\n<td>ID<\/td>\r\n<\/tr>\r\n<tr>\r\n<td>Mara<\/td>\r\n<td>Bizzotto<\/td>\r\n<td>Italija<\/td>\r\n<td>ID<\/td>\r\n<\/tr>\r\n<tr>\r\n<td>Marco<\/td>\r\n<td>Campomenosis<\/td>\r\n<td>Italija<\/td>\r\n<td>ID<\/td>\r\n<\/tr>\r\n<tr>\r\n<td>Matteo<\/td>\r\n<td>Adinolfi<\/td>\r\n<td>Italija<\/td>\r\n<td>ID<\/td>\r\n<\/tr>\r\n<tr>\r\n<td>Massimo<\/td>\r\n<td>Kazanova<\/td>\r\n<td>Italija<\/td>\r\n<td>ID<\/td>\r\n<\/tr>\r\n<tr>\r\n<td>Paolo<\/td>\r\n<td>Borchia<\/td>\r\n<td>Italija<\/td>\r\n<td>ID<\/td>\r\n<\/tr>\r\n<tr>\r\n<td>Chiara<\/td>\r\n<td>Gemma<\/td>\r\n<td>Italija<\/td>\r\n<td>NA<\/td>\r\n<\/tr>\r\n<tr>\r\n<td>Marco<\/td>\r\n<td>Zullo<\/td>\r\n<td>Italija<\/td>\r\n<td>NA<\/td>\r\n<\/tr>\r\n<tr>\r\n<td>Tatjana<\/td>\r\n<td>\u017ddanoka<\/td>\r\n<td>Latvija<\/td>\r\n<td>\u017dalieji<\/td>\r\n<\/tr>\r\n<tr>\r\n<td>Juozas<\/td>\r\n<td>Olekas<\/td>\r\n<td>Lietuva<\/td>\r\n<td>S&amp;D<\/td>\r\n<\/tr>\r\n<tr>\r\n<td>Petras<\/td>\r\n<td>Au\u0161trevi\u010dius<\/td>\r\n<td>Lietuva<\/td>\r\n<td>Atnaujinti<\/td>\r\n<\/tr>\r\n<tr>\r\n<td>Kristofas<\/td>\r\n<td>Hansenas<\/td>\r\n<td>Liuksemburgas<\/td>\r\n<td>ELP<\/td>\r\n<\/tr>\r\n<tr>\r\n<td>Izabel\u0117<\/td>\r\n<td>Wiseler-Lima<\/td>\r\n<td>Liuksemburgas<\/td>\r\n<td>ELP<\/td>\r\n<\/tr>\r\n<tr>\r\n<td>Tilly<\/td>\r\n<td>Metz<\/td>\r\n<td>Liuksemburgas<\/td>\r\n<td>\u017dalieji<\/td>\r\n<\/tr>\r\n<tr>\r\n<td>Miriam<\/td>\r\n<td>Dalli<\/td>\r\n<td>Malta<\/td>\r\n<td>S&amp;D<\/td>\r\n<\/tr>\r\n<tr>\r\n<td>Aleksas<\/td>\r\n<td>Agius Saliba<\/td>\r\n<td>Malta<\/td>\r\n<td>S&amp;D<\/td>\r\n<\/tr>\r\n<tr>\r\n<td>Roberta<\/td>\r\n<td>Metsola<\/td>\r\n<td>Malta<\/td>\r\n<td>ELP<\/td>\r\n<\/tr>\r\n<tr>\r\n<td>Bertas-Janas<\/td>\r\n<td>Ruissenas<\/td>\r\n<td>Nyderlandai<\/td>\r\n<td>ECR<\/td>\r\n<\/tr>\r\n<tr>\r\n<td>Derkas Janas<\/td>\r\n<td>Eppink<\/td>\r\n<td>Nyderlandai<\/td>\r\n<td>ECR<\/td>\r\n<\/tr>\r\n<tr>\r\n<td>Kim<\/td>\r\n<td>van Sparrentakas<\/td>\r\n<td>Nyderlandai<\/td>\r\n<td>\u017dalieji<\/td>\r\n<\/tr>\r\n<tr>\r\n<td>Ana<\/td>\r\n<td>Fotyga<\/td>\r\n<td>Lenkija<\/td>\r\n<td>ECR<\/td>\r\n<\/tr>\r\n<tr>\r\n<td>Izabel\u0117<\/td>\r\n<td>Kloc<\/td>\r\n<td>Lenkija<\/td>\r\n<td>ECR<\/td>\r\n<\/tr>\r\n<tr>\r\n<td>Elzbieta<\/td>\r\n<td>Rafalska<\/td>\r\n<td>Lenkija<\/td>\r\n<td>ECR<\/td>\r\n<\/tr>\r\n<tr>\r\n<td>Robertas<\/td>\r\n<td>Biedronas<\/td>\r\n<td>Lenkija<\/td>\r\n<td>S&amp;D<\/td>\r\n<\/tr>\r\n<tr>\r\n<td>\u0141ukasz<\/td>\r\n<td>Kohutas<\/td>\r\n<td>Lenkija<\/td>\r\n<td>S&amp;D<\/td>\r\n<\/tr>\r\n<tr>\r\n<td>Jerzy<\/td>\r\n<td>Buzek<\/td>\r\n<td>Lenkija<\/td>\r\n<td>ELP<\/td>\r\n<\/tr>\r\n<tr>\r\n<td>Magdalena<\/td>\r\n<td>Adamovi\u010dius<\/td>\r\n<td>Lenkija<\/td>\r\n<td>ELP<\/td>\r\n<\/tr>\r\n<tr>\r\n<td>Jaroslovas<\/td>\r\n<td>Duda<\/td>\r\n<td>Lenkija<\/td>\r\n<td>ELP<\/td>\r\n<\/tr>\r\n<tr>\r\n<td>El\u017ebieta<\/td>\r\n<td>\u0141ukacijevska<\/td>\r\n<td>Lenkija<\/td>\r\n<td>ELP<\/td>\r\n<\/tr>\r\n<tr>\r\n<td>Maria da Gra\u00e7a<\/td>\r\n<td>Carvalho<\/td>\r\n<td>Portugalija<\/td>\r\n<td>ELP<\/td>\r\n<\/tr>\r\n<tr>\r\n<td>Jos\u00e9<\/td>\r\n<td>Gusmao<\/td>\r\n<td>Portugalija<\/td>\r\n<td>GUE<\/td>\r\n<\/tr>\r\n<tr>\r\n<td>Marisa<\/td>\r\n<td>Matias<\/td>\r\n<td>Portugalija<\/td>\r\n<td>GUE<\/td>\r\n<\/tr>\r\n<tr>\r\n<td>Izabel\u0117<\/td>\r\n<td>Carvalhais<\/td>\r\n<td>Portugalija<\/td>\r\n<td>S&amp;D<\/td>\r\n<\/tr>\r\n<tr>\r\n<td>Viktoras<\/td>\r\n<td>Negrescu<\/td>\r\n<td>Rumunija<\/td>\r\n<td>S&amp;D<\/td>\r\n<\/tr>\r\n<tr>\r\n<td>Klotild\u0117<\/td>\r\n<td>Armandas<\/td>\r\n<td>Rumunija<\/td>\r\n<td>Atnaujinti<\/td>\r\n<\/tr>\r\n<tr>\r\n<td>Vladas-Marius<\/td>\r\n<td>Botos<\/td>\r\n<td>Rumunija<\/td>\r\n<td>Atnaujinti<\/td>\r\n<\/tr>\r\n<tr>\r\n<td>Tiudoras<\/td>\r\n<td>Ciuhodaru<\/td>\r\n<td>Rumunija<\/td>\r\n<td>S&amp;D<\/td>\r\n<\/tr>\r\n<tr>\r\n<td>Ivanas<\/td>\r\n<td>\u0160tefanecas<\/td>\r\n<td>Slovakija<\/td>\r\n<td>ELP<\/td>\r\n<\/tr>\r\n<tr>\r\n<td>Miriam<\/td>\r\n<td>Lexmannas<\/td>\r\n<td>Slovakija<\/td>\r\n<td>ELP<\/td>\r\n<\/tr>\r\n<tr>\r\n<td>Petras<\/td>\r\n<td>Poll\u00e1k<\/td>\r\n<td>Slovakija<\/td>\r\n<td>ELP<\/td>\r\n<\/tr>\r\n<tr>\r\n<td>Vladimiras<\/td>\r\n<td>Bil\u010d\u00edk<\/td>\r\n<td>Slovakija<\/td>\r\n<td>ELP<\/td>\r\n<\/tr>\r\n<tr>\r\n<td>Liucija<\/td>\r\n<td>\u010euri\u0161 Nicholsonov\u00e1<\/td>\r\n<td>Slovakija<\/td>\r\n<td>ECR<\/td>\r\n<\/tr>\r\n<tr>\r\n<td>Milanas<\/td>\r\n<td>Brglez<\/td>\r\n<td>Slov\u0117nija<\/td>\r\n<td>S&amp;D<\/td>\r\n<\/tr>\r\n<tr>\r\n<td>Milanas<\/td>\r\n<td>Zver<\/td>\r\n<td>Slov\u0117nija<\/td>\r\n<td>ELP<\/td>\r\n<\/tr>\r\n<tr>\r\n<td>Tanja<\/td>\r\n<td>Fajon<\/td>\r\n<td>Slov\u0117nija<\/td>\r\n<td>Atnaujinti<\/td>\r\n<\/tr>\r\n<tr>\r\n<td>Irena<\/td>\r\n<td>Joveva<\/td>\r\n<td>Slov\u0117nija<\/td>\r\n<td>Atnaujinti<\/td>\r\n<\/tr>\r\n<tr>\r\n<td>Jorge<\/td>\r\n<td>Buxad\u00e9<\/td>\r\n<td>Ispanija<\/td>\r\n<td>ECR<\/td>\r\n<\/tr>\r\n<tr>\r\n<td>Hermanas<\/td>\r\n<td>Tertsch<\/td>\r\n<td>Ispanija<\/td>\r\n<td>ECR<\/td>\r\n<\/tr>\r\n<tr>\r\n<td>Mazaly<\/td>\r\n<td>Aguilar<\/td>\r\n<td>Ispanija<\/td>\r\n<td>ECR<\/td>\r\n<\/tr>\r\n<tr>\r\n<td>Antonijus<\/td>\r\n<td>Com\u00edn i Oliveres<\/td>\r\n<td>Ispanija<\/td>\r\n<td>NA<\/td>\r\n<\/tr>\r\n<tr>\r\n<td>Lina<\/td>\r\n<td>Galvez<\/td>\r\n<td>Ispanija<\/td>\r\n<td>S&amp;D<\/td>\r\n<\/tr>\r\n<tr>\r\n<td>Estrella<\/td>\r\n<td>Dura Ferrandis<\/td>\r\n<td>Ispanija<\/td>\r\n<td>S&amp;D<\/td>\r\n<\/tr>\r\n<tr>\r\n<td>Al\u00edcia<\/td>\r\n<td>Homsas D\u017einelis<\/td>\r\n<td>Ispanija<\/td>\r\n<td>S&amp;D<\/td>\r\n<\/tr>\r\n<tr>\r\n<td>Inmaculada<\/td>\r\n<td>Rodr\u00edguezas-Pi\u00f1ero<\/td>\r\n<td>Ispanija<\/td>\r\n<td>S&amp;D<\/td>\r\n<\/tr>\r\n<tr>\r\n<td>Javieras<\/td>\r\n<td>Moreno San\u010dezas<\/td>\r\n<td>Ispanija<\/td>\r\n<td>S&amp;D<\/td>\r\n<\/tr>\r\n<tr>\r\n<td>Monika Silvana<\/td>\r\n<td>Gonz\u00e1lezas<\/td>\r\n<td>Ispanija<\/td>\r\n<td>S&amp;D<\/td>\r\n<\/tr>\r\n<tr>\r\n<td>Rosa<\/td>\r\n<td>Estaras Ferragutas<\/td>\r\n<td>Ispanija<\/td>\r\n<td>ELP<\/td>\r\n<\/tr>\r\n<tr>\r\n<td>Marija Soraya<\/td>\r\n<td>Rodrigesas Ramosas<\/td>\r\n<td>Ispanija<\/td>\r\n<td>Atnaujinti<\/td>\r\n<\/tr>\r\n<tr>\r\n<td>Izaskun<\/td>\r\n<td>Bilbao Barandica<\/td>\r\n<td>Ispanija<\/td>\r\n<td>Atnaujinti<\/td>\r\n<\/tr>\r\n<tr>\r\n<td>Jordi<\/td>\r\n<td>Kanas<\/td>\r\n<td>Ispanija<\/td>\r\n<td>Atnaujinti<\/td>\r\n<\/tr>\r\n<tr>\r\n<td>Adrianas<\/td>\r\n<td>V\u00e1squezas L\u00e1zara<\/td>\r\n<td>Ispanija<\/td>\r\n<td>Atnaujinti<\/td>\r\n<\/tr>\r\n<tr>\r\n<td>Frederikas<\/td>\r\n<td>Federlis<\/td>\r\n<td>\u0160vedija<\/td>\r\n<td>Atnaujinti<\/td>\r\n<\/tr>\r\n<tr>\r\n<td>Abir<\/td>\r\n<td>Al-Sahlani<\/td>\r\n<td>\u0160vedija<\/td>\r\n<td>Atnaujinti<\/td>\r\n<\/tr>\r\n<tr>\r\n<td>Alisa<\/td>\r\n<td>Kuhnke<\/td>\r\n<td>\u0160vedija<\/td>\r\n<td>\u017dalieji<\/td>\r\n<\/tr>\r\n<tr>\r\n<td>Jakopas<\/td>\r\n<td>Dalunde<\/td>\r\n<td>\u0160vedija<\/td>\r\n<td>\u017dalieji<\/td>\r\n<\/tr>\r\n<tr>\r\n<td>P\u00e4r<\/td>\r\n<td>Holmgrenas<\/td>\r\n<td>\u0160vedija<\/td>\r\n<td>\u017dalieji<\/td>\r\n<\/tr>\r\n<tr>\r\n<td>Evin<\/td>\r\n<td>Incir<\/td>\r\n<td>\u0160vedija<\/td>\r\n<td>S&amp;D<\/td>\r\n<\/tr>\r\n<tr>\r\n<td>Helena<\/td>\r\n<td>Fritzonas<\/td>\r\n<td>\u0160vedija<\/td>\r\n<td>S&amp;D<\/td>\r\n<\/tr>\r\n<tr>\r\n<td>Johanas<\/td>\r\n<td>Danielssonas<\/td>\r\n<td>\u0160vedija<\/td>\r\n<td>S&amp;D<\/td>\r\n<\/tr>\r\n<tr>\r\n<td>Erikas<\/td>\r\n<td>Bergkvistas<\/td>\r\n<td>\u0160vedija<\/td>\r\n<td>S&amp;D<\/td>\r\n<\/tr>\r\n<tr>\r\n<td>Jytte<\/td>\r\n<td>Gutelandas<\/td>\r\n<td>\u0160vedija<\/td>\r\n<td>S&amp;D<\/td>\r\n<\/tr>\r\n<\/tbody>\r\n<\/table>","protected":false},"excerpt":{"rendered":"<p>World Down Syndrome Day Declaration in the European Parliament On the occasion of World Down Syndrome Day on the 21st&hellip;<\/p>","protected":false},"author":2,"featured_media":0,"parent":14422,"menu_order":0,"comment_status":"closed","ping_status":"closed","template":"","meta":{"_acf_changed":false,"footnotes":""},"class_list":["post-14524","page","type-page","status-publish","hentry"],"acf":[],"_links":{"self":[{"href":"https:\/\/eufortrisomy21.eu\/lt\/wp-json\/wp\/v2\/pages\/14524"}],"collection":[{"href":"https:\/\/eufortrisomy21.eu\/lt\/wp-json\/wp\/v2\/pages"}],"about":[{"href":"https:\/\/eufortrisomy21.eu\/lt\/wp-json\/wp\/v2\/types\/page"}],"author":[{"embeddable":true,"href":"https:\/\/eufortrisomy21.eu\/lt\/wp-json\/wp\/v2\/users\/2"}],"replies":[{"embeddable":true,"href":"https:\/\/eufortrisomy21.eu\/lt\/wp-json\/wp\/v2\/comments?post=14524"}],"version-history":[{"count":1,"href":"https:\/\/eufortrisomy21.eu\/lt\/wp-json\/wp\/v2\/pages\/14524\/revisions"}],"predecessor-version":[{"id":33889,"href":"https:\/\/eufortrisomy21.eu\/lt\/wp-json\/wp\/v2\/pages\/14524\/revisions\/33889"}],"up":[{"embeddable":true,"href":"https:\/\/eufortrisomy21.eu\/lt\/wp-json\/wp\/v2\/pages\/14422"}],"wp:attachment":[{"href":"https:\/\/eufortrisomy21.eu\/lt\/wp-json\/wp\/v2\/media?parent=14524"}],"curies":[{"name":"wp","href":"https:\/\/api.w.org\/{rel}","templated":true}]}}