{"id":31651,"date":"2021-03-11T19:10:28","date_gmt":"2021-03-11T18:10:28","guid":{"rendered":"https:\/\/eufortrisomy21.eu\/?post_type=ngo&#038;p=31651"},"modified":"2021-03-12T09:20:17","modified_gmt":"2021-03-12T08:20:17","slug":"downi-sundroomi-uhing-down-syndrome-association-estonia","status":"publish","type":"ngo","link":"https:\/\/eufortrisomy21.eu\/lv\/ngo\/downi-sundroomi-uhing-down-syndrome-association-estonia\/","title":{"rendered":"Downi S\u00fcndroomi \u00dching \/ Down sindroma asoci\u0101cija Igaunij\u0101"},"content":{"rendered":"<table width=\"99%\" border=\"0\" cellpadding=\"1\" cellspacing=\"0\" bgcolor=\"#EAEAEA\">\n<tr>\n<td>\n<table width=\"100%\" border=\"0\" cellpadding=\"5\" cellspacing=\"0\" bgcolor=\"#FFFFFF\">\n<tr bgcolor=\"#EAF2FA\">\n<td colspan=\"2\">\n\t\t                                        <font style=\"font-family: sans-serif;font-size:12px\"><strong>NVO nosaukums<\/strong><\/font>\n\t\t                                    <\/td>\n<\/tr>\n<tr bgcolor=\"#FFFFFF\">\n<td width=\"20\">&nbsp;<\/td>\n<td>\n\t\t                                        <font style=\"font-family: sans-serif;font-size:12px\">Downi S\u00fcndroomi \u00dching \/ Down sindroma asoci\u0101cija Igaunij\u0101<\/font>\n\t\t                                    <\/td>\n<\/tr>\n<tr bgcolor=\"#EAF2FA\">\n<td colspan=\"2\">\n\t\t                                        <font style=\"font-family: sans-serif;font-size:12px\"><strong>Valsts<\/strong><\/font>\n\t\t                                    <\/td>\n<\/tr>\n<tr bgcolor=\"#FFFFFF\">\n<td width=\"20\">&nbsp;<\/td>\n<td>\n\t\t                                        <font style=\"font-family: sans-serif;font-size:12px\">IGAUNIJA<\/font>\n\t\t                                    <\/td>\n<\/tr>\n<tr bgcolor=\"#EAF2FA\">\n<td colspan=\"2\">\n\t\t                                        <font style=\"font-family: sans-serif;font-size:12px\"><strong>\u012asa NVO prezent\u0101cija<\/strong><\/font>\n\t\t                                    <\/td>\n<\/tr>\n<tr bgcolor=\"#FFFFFF\">\n<td width=\"20\">&nbsp;<\/td>\n<td>\n\t\t                                        <font style=\"font-family: sans-serif;font-size:12px\">Dauna sindroma biedr\u012bbas m\u0113r\u0137is ir saist\u012bt b\u0113rnu ar Dauna sindromu vec\u0101kus, rad\u012bt b\u0113rniem lab\u0101kas att\u012bst\u012bbas un m\u0101c\u012b\u0161an\u0101s iesp\u0113jas, iedro\u0161in\u0101t un atbalst\u012bt vienam otru, kas dod iesp\u0113ju b\u0113rniem viegl\u0101k un agr\u012bn\u0101k integr\u0113ties sabiedr\u012bb\u0101.<\/font>\n\t\t                                    <\/td>\n<\/tr>\n<tr bgcolor=\"#EAF2FA\">\n<td colspan=\"2\">\n\t\t                                        <font style=\"font-family: sans-serif;font-size:12px\"><strong>Vietne<\/strong><\/font>\n\t\t                                    <\/td>\n<\/tr>\n<tr bgcolor=\"#FFFFFF\">\n<td width=\"20\">&nbsp;<\/td>\n<td>\n\t\t                                        <font style=\"font-family: sans-serif;font-size:12px\">https:\/\/www.facebook.com\/groups\/156170344462872<\/font>\n\t\t                                    <\/td>\n<\/tr>\n<tr bgcolor=\"#EAF2FA\">\n<td colspan=\"2\">\n\t\t                                        <font style=\"font-family: sans-serif;font-size:12px\"><strong>Facebook<\/strong><\/font>\n\t\t                                    <\/td>\n<\/tr>\n<tr bgcolor=\"#FFFFFF\">\n<td width=\"20\">&nbsp;<\/td>\n<td>\n\t\t                                        <font style=\"font-family: sans-serif;font-size:12px\">https:\/\/www.facebook.com\/groups\/156170344462872<\/font>\n\t\t                                    <\/td>\n<\/tr>\n<tr bgcolor=\"#EAF2FA\">\n<td colspan=\"2\">\n\t\t                                        <font style=\"font-family: sans-serif;font-size:12px\"><strong>Kontaktpersonas v\u0101rds un uzv\u0101rds<\/strong><\/font>\n\t\t                                    <\/td>\n<\/tr>\n<tr bgcolor=\"#FFFFFF\">\n<td width=\"20\">&nbsp;<\/td>\n<td>\n\t\t                                        <font style=\"font-family: sans-serif;font-size:12px\">Marge<\/font>\n\t\t                                    <\/td>\n<\/tr>\n<tr bgcolor=\"#EAF2FA\">\n<td colspan=\"2\">\n\t\t                                        <font style=\"font-family: sans-serif;font-size:12px\"><strong>Kontaktpersonas uzv\u0101rds<\/strong><\/font>\n\t\t                                    <\/td>\n<\/tr>\n<tr bgcolor=\"#FFFFFF\">\n<td width=\"20\">&nbsp;<\/td>\n<td>\n\t\t                                        <font style=\"font-family: sans-serif;font-size:12px\">Kato<\/font>\n\t\t                                    <\/td>\n<\/tr>\n<tr bgcolor=\"#EAF2FA\">\n<td colspan=\"2\">\n\t\t                                        <font style=\"font-family: sans-serif;font-size:12px\"><strong>E-pasts<\/strong><\/font>\n\t\t                                    <\/td>\n<\/tr>\n<tr bgcolor=\"#FFFFFF\">\n<td width=\"20\">&nbsp;<\/td>\n<td>\n\t\t                                        <font style=\"font-family: sans-serif;font-size:12px\"><a href='mailto:margekato@gmail.com'>margekato@gmail.com<\/a><\/font>\n\t\t                                    <\/td>\n<\/tr>\n<tr bgcolor=\"#EAF2FA\">\n<td colspan=\"2\">\n\t\t                                        <font style=\"font-family: sans-serif;font-size:12px\"><strong>T\u0101lrunis<\/strong><\/font>\n\t\t                                    <\/td>\n<\/tr>\n<tr bgcolor=\"#FFFFFF\">\n<td width=\"20\">&nbsp;<\/td>\n<td>\n\t\t                                        <font style=\"font-family: sans-serif;font-size:12px\">+3725640060<\/font>\n\t\t                                    <\/td>\n<\/tr>\n<tr bgcolor=\"#EAF2FA\">\n<td colspan=\"2\">\n\t\t                                        <font style=\"font-family: sans-serif;font-size:12px\"><strong>Pils\u0113ta<\/strong><\/font>\n\t\t                                    <\/td>\n<\/tr>\n<tr bgcolor=\"#FFFFFF\">\n<td width=\"20\">&nbsp;<\/td>\n<td>\n\t\t                                        <font style=\"font-family: sans-serif;font-size:12px\">Tallinn<\/font>\n\t\t                                    <\/td>\n<\/tr>\n<tr bgcolor=\"#EAF2FA\">\n<td colspan=\"2\">\n\t\t                                        <font style=\"font-family: sans-serif;font-size:12px\"><strong>Es v\u0113los re\u0123istr\u0113t vienu vai vair\u0101kus cilv\u0113kus ar Down &amp; #039; sindromu<\/strong><\/font>\n\t\t                                    <\/td>\n<\/tr>\n<tr bgcolor=\"#FFFFFF\">\n<td width=\"20\">&nbsp;<\/td>\n<td>\n\t\t                                        <font style=\"font-family: sans-serif;font-size:12px\">N\u0113<\/font>\n\t\t                                    <\/td>\n<\/tr>\n<tr bgcolor=\"#EAF2FA\">\n<td colspan=\"2\">\n\t\t                                        <font style=\"font-family: sans-serif;font-size:12px\"><strong>Sazinieties ar optin<\/strong><\/font>\n\t\t                                    <\/td>\n<\/tr>\n<tr bgcolor=\"#FFFFFF\">\n<td width=\"20\">&nbsp;<\/td>\n<td>\n\t\t                                        <font style=\"font-family: sans-serif;font-size:12px\"><\/p>\n<ul class='bulleted'>\n<li>Es v\u0113l\u0113tos, lai ar mani sazin\u0101tos, lai k\u013c\u016btu par Trisomy 21 ES partneri<\/li>\n<\/ul>\n<p><\/font>\n\t\t                                    <\/td>\n<\/tr>\n<tr bgcolor=\"#EAF2FA\">\n<td colspan=\"2\">\n\t\t                                        <font style=\"font-family: sans-serif;font-size:12px\"><strong><\/strong><\/font>\n\t\t                                    <\/td>\n<\/tr>\n<tr bgcolor=\"#FFFFFF\">\n<td width=\"20\">&nbsp;<\/td>\n<td>\n\t\t                                        <font style=\"font-family: sans-serif;font-size:12px\"><img decoding=\"async\" src=\"https:\/\/eufortrisomy21.eu\/wp-content\/plugins\/gravityforms\/images\/tick.png\" \/> Es piekr\u012btu priv\u0101tuma politikai.<\/p>\n<div class=\"gfield_consent_description\">Aizpildot \u0161o veidlapu, j\u016bs piekr\u012btat, ka j\u016bsu kontaktinform\u0101cija tiks iek\u013cauta EUfortrisomy21 kontaktu fail\u0101. L\u016bdzu, \u0146emiet v\u0113r\u0101, ka par \u0161o failu paliek tikai EUfortrisomy21 atbild\u012bba un ka tas nek\u0101d\u0101 gad\u012bjum\u0101 netiek koplietots ar cit\u0101m vien\u012bb\u0101m. Ja turpm\u0101k vairs nev\u0113laties sa\u0146emt m\u016bsu sazi\u0146u, vienk\u0101r\u0161i anul\u0113jiet saiti. Jums b\u016bs ties\u012bbas jebkur\u0101 laik\u0101 piek\u013c\u016bt datiem, labot tos vai izdz\u0113st tos, k\u0101 ar\u012b ties\u012bbas iebilst vai ierobe\u017eot to apstr\u0101di. Lai izmantotu savas ties\u012bbas, varat sazin\u0101ties ar mums pa e-pastu: privacy @ eufortrisomy21. Pla\u0161\u0101ka inform\u0101cija par j\u016bsu personas datu aizsardz\u012bbu: privacy @ eufortrisomy21<\/div>\n<p><\/font>\n\t\t                                    <\/td>\n<\/tr>\n<\/table>\n<\/td>\n<\/tr>\n<\/table>","protected":false},"featured_media":0,"template":"","country":[32],"class_list":["post-31651","ngo","type-ngo","status-publish","hentry","country-estonia"],"acf":[],"_links":{"self":[{"href":"https:\/\/eufortrisomy21.eu\/lv\/wp-json\/wp\/v2\/ngo\/31651"}],"collection":[{"href":"https:\/\/eufortrisomy21.eu\/lv\/wp-json\/wp\/v2\/ngo"}],"about":[{"href":"https:\/\/eufortrisomy21.eu\/lv\/wp-json\/wp\/v2\/types\/ngo"}],"version-history":[{"count":0,"href":"https:\/\/eufortrisomy21.eu\/lv\/wp-json\/wp\/v2\/ngo\/31651\/revisions"}],"wp:attachment":[{"href":"https:\/\/eufortrisomy21.eu\/lv\/wp-json\/wp\/v2\/media?parent=31651"}],"wp:term":[{"taxonomy":"country","embeddable":true,"href":"https:\/\/eufortrisomy21.eu\/lv\/wp-json\/wp\/v2\/country?post=31651"}],"curies":[{"name":"wp","href":"https:\/\/api.w.org\/{rel}","templated":true}]}}