{"id":14524,"date":"2020-03-19T15:28:45","date_gmt":"2020-03-19T14:28:45","guid":{"rendered":"https:\/\/eufortrisomy21.eu\/?page_id=14524"},"modified":"2025-01-27T15:46:22","modified_gmt":"2025-01-27T14:46:22","slug":"declaration","status":"publish","type":"page","link":"https:\/\/eufortrisomy21.eu\/lv\/21march20\/declaration\/","title":{"rendered":"Deklar\u0101cija"},"content":{"rendered":"<h1>\r\n\t\t\r\n\t<\/h1>\r\n<h2>\r\n\t\tPasaules Downa sindroma dienas deklar\u0101cija Eiropas Parlament\u0101\r\n\t<\/h2>\r\n\t<p>On the occasion of World Down Syndrome Day on the 21st March, we &#8211; members of the European Parliament and civil society &#8211; believe that the \u201crecognition of the inherent dignity and of the equal and inalienable rights of all members of the human family is the foundation of freedom, justice and peace\u201d, founding principles of the European Union. We want to create an inclusive society where the Dignity and human rights of people with disabilities are cherished by all, protected by law and put into practice in concrete actions all over Europe.<\/p>\r\n<p>ES un dal\u012bbvalst\u012bm k\u0101 ANO Konvencijas par personu ar invalidit\u0101ti ties\u012bb\u0101m (Konvencija) dal\u012bbniec\u0113m ir skaidrs pien\u0101kums vis\u0101 Savien\u012bb\u0101 iev\u0113rot Konvencij\u0101 nostiprin\u0101t\u0101s visu personu ar invalidit\u0101ti ties\u012bbas.<\/p>\r\n<p>Person\u0101m ar invalidit\u0101ti, tostarp person\u0101m ar intelektu\u0101l\u0101s att\u012bst\u012bbas trauc\u0113jumiem, ir ties\u012bbas b\u016bt piln\u012bb\u0101 iek\u013caut\u0101m sabiedr\u012bb\u0101 un piedal\u012bties vienl\u012bdz\u012bgi ar citiem sabiedr\u012bb\u0101. Ir j\u0101konsult\u0113jas un j\u0101iesaista personas ar invalidit\u0101ti un vi\u0146u p\u0101rst\u0101vo\u0161\u0101s organiz\u0101cijas visos l\u0113mumu pie\u0146em\u0161anas procesos ES.<\/p>\r\n<p>Person\u0101m ar invalidit\u0101ti Eiropas Savien\u012bb\u0101 ir augsts soci\u0101l\u0101s atstumt\u012bbas risks, jo vi\u0146u bezdarba l\u012bmenis ir divreiz liel\u0101ks nek\u0101 pilso\u0146iem bez invalidit\u0101tes un pat \u010detras reizes augst\u0101ks cilv\u0113kiem ar intelektu\u0101l\u0101s att\u012bst\u012bbas trauc\u0113jumiem.<\/p>\r\n<p>M\u0113s piepras\u0101m, lai cilv\u0113ku ar invalidit\u0101ti ties\u012bbas un Konvencija tiktu integr\u0113tas vis\u0101s Eiropas Savien\u012bbas politikas jom\u0101s un programm\u0101s, tostarp vesel\u012bbas, nodarbin\u0101t\u012bbas un iek\u013caujo\u0161\u0101s izgl\u012bt\u012bbas jom\u0101.<\/p>\r\n<p>We call on the European Institutions and the Member States to respect, protect and promote the individual autonomy of people with disabilities and intellectual disabilities, including the freedom to make one&#8217;s own choices. We recall the importance of supporting autonomy rising projects like inclusive educational\u00a0 programs,\u00a0 independent\u00a0 living\u00a0 projects\u00a0 as\u00a0 well\u00a0 as\u00a0 health research programs with therapeutic goals.<\/p>\r\n<p>Izprotot cilv\u0113ku ar invalidit\u0101ti nepietiekamo p\u0101rst\u0101v\u012bbu politiskaj\u0101s instit\u016bcij\u0101s, k\u0101 ar\u012b pla\u0161sazi\u0146as l\u012bdzek\u013cos un cilv\u0113ku ar gar\u012bg\u0101s att\u012bst\u012bbas trauc\u0113jumiem piln\u012bgu politisko neredzam\u012bbu, m\u0113s str\u0101d\u0101sim, lai p\u0101rst\u0101v\u0113tu vi\u0146us, lai vi\u0146u vajadz\u012bbas un vi\u0146u pras\u012bbas izvirz\u012btu politisk\u0101s dienas k\u0101rt\u012bbas centr\u0101.<\/p>\r\n<h2>\r\n\t\tpreses rel\u012bze\r\n\t<\/h2>\r\n\t<p><a href=\"https:\/\/eufortrisomy21.eu\/wp-content\/uploads\/2020\/03\/Press_Release_20March2020.pdf\" target=\"_blank\" rel=\"noopener noreferrer\">Lejupiel\u0101d\u0113jiet \u0161eit<\/a><\/p>\r\n<h2>\r\n\t\tEIROPAS PARLAMENTA DAL\u012aBNIEKU PARAKSTI\r\n\t<\/h2>\r\n\t<table width=\"620\">\r\n<tbody>\r\n<tr>\r\n<td width=\"236\">Betina<\/td>\r\n<td width=\"236\">Vollath<\/td>\r\n<td width=\"88\">Austrija<\/td>\r\n<td width=\"60\">S&amp;D<\/td>\r\n<\/tr>\r\n<tr>\r\n<td>Lukas<\/td>\r\n<td>Mandl<\/td>\r\n<td>Austrija<\/td>\r\n<td>EPP<\/td>\r\n<\/tr>\r\n<tr>\r\n<td>Monika<\/td>\r\n<td>Vana<\/td>\r\n<td>Austrija<\/td>\r\n<td>Za\u013cie<\/td>\r\n<\/tr>\r\n<tr>\r\n<td>Sindija<\/td>\r\n<td>Franssens<\/td>\r\n<td>Be\u013c\u0123ija<\/td>\r\n<td>EPP<\/td>\r\n<\/tr>\r\n<tr>\r\n<td>Olivj\u0113<\/td>\r\n<td>Chastel<\/td>\r\n<td>Be\u013c\u0123ija<\/td>\r\n<td>Atjaunot<\/td>\r\n<\/tr>\r\n<tr>\r\n<td>Hilde<\/td>\r\n<td>Vautmans<\/td>\r\n<td>Be\u013c\u0123ija<\/td>\r\n<td>Atjaunot<\/td>\r\n<\/tr>\r\n<tr>\r\n<td>Petra<\/td>\r\n<td>De Sutter<\/td>\r\n<td>Be\u013c\u0123ija<\/td>\r\n<td>Za\u013cie<\/td>\r\n<\/tr>\r\n<tr>\r\n<td>Karlo<\/td>\r\n<td>Reslers<\/td>\r\n<td>Horv\u0101tija<\/td>\r\n<td>EPP<\/td>\r\n<\/tr>\r\n<tr>\r\n<td>Tomislavs<\/td>\r\n<td>Sokol<\/td>\r\n<td>Horv\u0101tija<\/td>\r\n<td>EPP<\/td>\r\n<\/tr>\r\n<tr>\r\n<td>Kostas<\/td>\r\n<td>Mavrides<\/td>\r\n<td>Kipra<\/td>\r\n<td>S&amp;D<\/td>\r\n<\/tr>\r\n<tr>\r\n<td>Lefteris<\/td>\r\n<td>Kristofor\u016b<\/td>\r\n<td>Kipra<\/td>\r\n<td>EPP<\/td>\r\n<\/tr>\r\n<tr>\r\n<td>Radka<\/td>\r\n<td>Maksova<\/td>\r\n<td>\u010cehija<\/td>\r\n<td>Atjaunot<\/td>\r\n<\/tr>\r\n<tr>\r\n<td>Toma\u0161s<\/td>\r\n<td>Zdechovsk\u00fd<\/td>\r\n<td>\u010cehija<\/td>\r\n<td>EPP<\/td>\r\n<\/tr>\r\n<tr>\r\n<td>Mi\u0137ela<\/td>\r\n<td>\u0160ojdrova<\/td>\r\n<td>\u010cehija<\/td>\r\n<td>EPP<\/td>\r\n<\/tr>\r\n<tr>\r\n<td>Marianne<\/td>\r\n<td>Vind<\/td>\r\n<td>D\u0101nija<\/td>\r\n<td>S&amp;D<\/td>\r\n<\/tr>\r\n<tr>\r\n<td>Riho<\/td>\r\n<td>Terras<\/td>\r\n<td>Igaunija<\/td>\r\n<td>EPP<\/td>\r\n<\/tr>\r\n<tr>\r\n<td>Laura<\/td>\r\n<td>Huhtasaari<\/td>\r\n<td>Somija<\/td>\r\n<td>ID<\/td>\r\n<\/tr>\r\n<tr>\r\n<td>Nils<\/td>\r\n<td>Torvalds<\/td>\r\n<td>Somija<\/td>\r\n<td>Atjaunot<\/td>\r\n<\/tr>\r\n<tr>\r\n<td>Sirpa<\/td>\r\n<td>Pietik\u00e4inen<\/td>\r\n<td>Somija<\/td>\r\n<td>EPP<\/td>\r\n<\/tr>\r\n<tr>\r\n<td>Fransu\u0101-Ksavj\u0113<\/td>\r\n<td>Bellamy<\/td>\r\n<td>Francija<\/td>\r\n<td>EPP<\/td>\r\n<\/tr>\r\n<tr>\r\n<td>Anne-Sophie<\/td>\r\n<td>Pelletier<\/td>\r\n<td>Francija<\/td>\r\n<td>GUE<\/td>\r\n<\/tr>\r\n<tr>\r\n<td>Pask\u0101ls<\/td>\r\n<td>Durands<\/td>\r\n<td>Francija<\/td>\r\n<td>Atjaunot<\/td>\r\n<\/tr>\r\n<tr>\r\n<td>Helmuts<\/td>\r\n<td>\u0160olcs<\/td>\r\n<td>V\u0101cija<\/td>\r\n<td>GUE<\/td>\r\n<\/tr>\r\n<tr>\r\n<td>Marl\u0113na<\/td>\r\n<td>Mortlers<\/td>\r\n<td>V\u0101cija<\/td>\r\n<td>EPP<\/td>\r\n<\/tr>\r\n<tr>\r\n<td>Krist\u012bne<\/td>\r\n<td>\u0160neiders<\/td>\r\n<td>V\u0101cija<\/td>\r\n<td>EPP<\/td>\r\n<\/tr>\r\n<tr>\r\n<td>Andreas<\/td>\r\n<td>Gluks<\/td>\r\n<td>V\u0101cija<\/td>\r\n<td>Atjaunot<\/td>\r\n<\/tr>\r\n<tr>\r\n<td>Svenja<\/td>\r\n<td>H\u0101ns<\/td>\r\n<td>V\u0101cija<\/td>\r\n<td>Atjaunot<\/td>\r\n<\/tr>\r\n<tr>\r\n<td>Jan-Christoph<\/td>\r\n<td>Oetjen<\/td>\r\n<td>V\u0101cija<\/td>\r\n<td>Atjaunot<\/td>\r\n<\/tr>\r\n<tr>\r\n<td>Pjerete<\/td>\r\n<td>Hercbergers-Fofana<\/td>\r\n<td>V\u0101cija<\/td>\r\n<td>Za\u013cie<\/td>\r\n<\/tr>\r\n<tr>\r\n<td>Jutta<\/td>\r\n<td>Paulus<\/td>\r\n<td>V\u0101cija<\/td>\r\n<td>Za\u013cie<\/td>\r\n<\/tr>\r\n<tr>\r\n<td>Katr\u012bna<\/td>\r\n<td>Langensiepen<\/td>\r\n<td>V\u0101cija<\/td>\r\n<td>Za\u013cie<\/td>\r\n<\/tr>\r\n<tr>\r\n<td>Terijs<\/td>\r\n<td>Reintke<\/td>\r\n<td>V\u0101cija<\/td>\r\n<td>Za\u013cie<\/td>\r\n<\/tr>\r\n<tr>\r\n<td>Patriks<\/td>\r\n<td>Breyer<\/td>\r\n<td>V\u0101cija<\/td>\r\n<td>Za\u013cie<\/td>\r\n<\/tr>\r\n<tr>\r\n<td>Eva<\/td>\r\n<td>Kaili<\/td>\r\n<td>Grie\u0137ija<\/td>\r\n<td>S&amp;D<\/td>\r\n<\/tr>\r\n<tr>\r\n<td>Kl\u0101ra<\/td>\r\n<td>Dobrev<\/td>\r\n<td>Ung\u0101rija<\/td>\r\n<td>S&amp;D<\/td>\r\n<\/tr>\r\n<tr>\r\n<td>Atila<\/td>\r\n<td>Ara-Kov\u0101\u010ds<\/td>\r\n<td>Ung\u0101rija<\/td>\r\n<td>S&amp;D<\/td>\r\n<\/tr>\r\n<tr>\r\n<td>Istv\u00e1n<\/td>\r\n<td>Ujhelyi<\/td>\r\n<td>Ung\u0101rija<\/td>\r\n<td>S&amp;D<\/td>\r\n<\/tr>\r\n<tr>\r\n<td>Ed\u012bna<\/td>\r\n<td>Toth<\/td>\r\n<td>Ung\u0101rija<\/td>\r\n<td>EPP<\/td>\r\n<\/tr>\r\n<tr>\r\n<td>Enik\u0151<\/td>\r\n<td>Gy\u0151ri<\/td>\r\n<td>Ung\u0101rija<\/td>\r\n<td>EPP<\/td>\r\n<\/tr>\r\n<tr>\r\n<td>Anna J\u00falia<\/td>\r\n<td>Don\u0101ts<\/td>\r\n<td>Ung\u0101rija<\/td>\r\n<td>Atjaunot<\/td>\r\n<\/tr>\r\n<tr>\r\n<td>Kl\u0101ra<\/td>\r\n<td>Deilijs<\/td>\r\n<td>\u012arija<\/td>\r\n<td>GUE<\/td>\r\n<\/tr>\r\n<tr>\r\n<td>Francija<\/td>\r\n<td>Ficd\u017eeralds<\/td>\r\n<td>\u012arija<\/td>\r\n<td>EPP<\/td>\r\n<\/tr>\r\n<tr>\r\n<td>\u0160ons<\/td>\r\n<td>Kellija<\/td>\r\n<td>\u012arija<\/td>\r\n<td>EPP<\/td>\r\n<\/tr>\r\n<tr>\r\n<td>Greisa<\/td>\r\n<td>O&#039;Salivans<\/td>\r\n<td>\u012arija<\/td>\r\n<td>Za\u013cie<\/td>\r\n<\/tr>\r\n<tr>\r\n<td>Ciar\u00e1n<\/td>\r\n<td>Man\u0161ete<\/td>\r\n<td>\u012arija<\/td>\r\n<td>Za\u013cie<\/td>\r\n<\/tr>\r\n<tr>\r\n<td>Elisabetta<\/td>\r\n<td>Gualmini<\/td>\r\n<td>It\u0101lija<\/td>\r\n<td>S&amp;D<\/td>\r\n<\/tr>\r\n<tr>\r\n<td>Andrea<\/td>\r\n<td>Kozol\u012bno<\/td>\r\n<td>It\u0101lija<\/td>\r\n<td>S&amp;D<\/td>\r\n<\/tr>\r\n<tr>\r\n<td>Brando<\/td>\r\n<td>Benifei<\/td>\r\n<td>It\u0101lija<\/td>\r\n<td>S&amp;D<\/td>\r\n<\/tr>\r\n<tr>\r\n<td>Salvatore<\/td>\r\n<td>de Meo<\/td>\r\n<td>It\u0101lija<\/td>\r\n<td>EPP<\/td>\r\n<\/tr>\r\n<tr>\r\n<td>Elena<\/td>\r\n<td>Lizzi<\/td>\r\n<td>It\u0101lija<\/td>\r\n<td>ID<\/td>\r\n<\/tr>\r\n<tr>\r\n<td>D\u017eianna<\/td>\r\n<td>Gancia<\/td>\r\n<td>It\u0101lija<\/td>\r\n<td>ID<\/td>\r\n<\/tr>\r\n<tr>\r\n<td>Simona<\/td>\r\n<td>Baldassarre<\/td>\r\n<td>It\u0101lija<\/td>\r\n<td>ID<\/td>\r\n<\/tr>\r\n<tr>\r\n<td>Antonio Marija<\/td>\r\n<td>Rinaldi<\/td>\r\n<td>It\u0101lija<\/td>\r\n<td>ID<\/td>\r\n<\/tr>\r\n<tr>\r\n<td>M\u0101ra<\/td>\r\n<td>Bizzotto<\/td>\r\n<td>It\u0101lija<\/td>\r\n<td>ID<\/td>\r\n<\/tr>\r\n<tr>\r\n<td>Marko<\/td>\r\n<td>Kampomenosi<\/td>\r\n<td>It\u0101lija<\/td>\r\n<td>ID<\/td>\r\n<\/tr>\r\n<tr>\r\n<td>Matteo<\/td>\r\n<td>Adinolfi<\/td>\r\n<td>It\u0101lija<\/td>\r\n<td>ID<\/td>\r\n<\/tr>\r\n<tr>\r\n<td>Massimo<\/td>\r\n<td>Kazanova<\/td>\r\n<td>It\u0101lija<\/td>\r\n<td>ID<\/td>\r\n<\/tr>\r\n<tr>\r\n<td>Paolo<\/td>\r\n<td>Borchia<\/td>\r\n<td>It\u0101lija<\/td>\r\n<td>ID<\/td>\r\n<\/tr>\r\n<tr>\r\n<td>\u0160i\u0101ra<\/td>\r\n<td>D\u017eemma<\/td>\r\n<td>It\u0101lija<\/td>\r\n<td>NA<\/td>\r\n<\/tr>\r\n<tr>\r\n<td>Marko<\/td>\r\n<td>Zullo<\/td>\r\n<td>It\u0101lija<\/td>\r\n<td>NA<\/td>\r\n<\/tr>\r\n<tr>\r\n<td>Tatjana<\/td>\r\n<td>\u017ddanoka<\/td>\r\n<td>Latvija<\/td>\r\n<td>Za\u013cie<\/td>\r\n<\/tr>\r\n<tr>\r\n<td>Juozas<\/td>\r\n<td>Olekas<\/td>\r\n<td>Lietuva<\/td>\r\n<td>S&amp;D<\/td>\r\n<\/tr>\r\n<tr>\r\n<td>Petras<\/td>\r\n<td>Au\u0161trevi\u010dius<\/td>\r\n<td>Lietuva<\/td>\r\n<td>Atjaunot<\/td>\r\n<\/tr>\r\n<tr>\r\n<td>Kristofs<\/td>\r\n<td>Hansens<\/td>\r\n<td>Luksemburga<\/td>\r\n<td>EPP<\/td>\r\n<\/tr>\r\n<tr>\r\n<td>Izabela<\/td>\r\n<td>Wiseler-Lima<\/td>\r\n<td>Luksemburga<\/td>\r\n<td>EPP<\/td>\r\n<\/tr>\r\n<tr>\r\n<td>Tilly<\/td>\r\n<td>Metz<\/td>\r\n<td>Luksemburga<\/td>\r\n<td>Za\u013cie<\/td>\r\n<\/tr>\r\n<tr>\r\n<td>Mirjama<\/td>\r\n<td>Dalli<\/td>\r\n<td>Malta<\/td>\r\n<td>S&amp;D<\/td>\r\n<\/tr>\r\n<tr>\r\n<td>Alekss<\/td>\r\n<td>Agius Saliba<\/td>\r\n<td>Malta<\/td>\r\n<td>S&amp;D<\/td>\r\n<\/tr>\r\n<tr>\r\n<td>Roberta<\/td>\r\n<td>Metsola<\/td>\r\n<td>Malta<\/td>\r\n<td>EPP<\/td>\r\n<\/tr>\r\n<tr>\r\n<td>B\u0113rts-Jans<\/td>\r\n<td>Ruissen<\/td>\r\n<td>N\u012bderlande<\/td>\r\n<td>ECR<\/td>\r\n<\/tr>\r\n<tr>\r\n<td>Derk Jan<\/td>\r\n<td>Eppink<\/td>\r\n<td>N\u012bderlande<\/td>\r\n<td>ECR<\/td>\r\n<\/tr>\r\n<tr>\r\n<td>Kima<\/td>\r\n<td>van Sparrentaks<\/td>\r\n<td>N\u012bderlande<\/td>\r\n<td>Za\u013cie<\/td>\r\n<\/tr>\r\n<tr>\r\n<td>Anna<\/td>\r\n<td>Fotyga<\/td>\r\n<td>Polija<\/td>\r\n<td>ECR<\/td>\r\n<\/tr>\r\n<tr>\r\n<td>Izabela<\/td>\r\n<td>Kloc<\/td>\r\n<td>Polija<\/td>\r\n<td>ECR<\/td>\r\n<\/tr>\r\n<tr>\r\n<td>Elzbieta<\/td>\r\n<td>Rafalska<\/td>\r\n<td>Polija<\/td>\r\n<td>ECR<\/td>\r\n<\/tr>\r\n<tr>\r\n<td>Roberts<\/td>\r\n<td>Biedrons<\/td>\r\n<td>Polija<\/td>\r\n<td>S&amp;D<\/td>\r\n<\/tr>\r\n<tr>\r\n<td>Luka\u0161s<\/td>\r\n<td>Kohuts<\/td>\r\n<td>Polija<\/td>\r\n<td>S&amp;D<\/td>\r\n<\/tr>\r\n<tr>\r\n<td>Jerzy<\/td>\r\n<td>Buzeks<\/td>\r\n<td>Polija<\/td>\r\n<td>EPP<\/td>\r\n<\/tr>\r\n<tr>\r\n<td>Magdal\u0113na<\/td>\r\n<td>Adamovi\u010ds<\/td>\r\n<td>Polija<\/td>\r\n<td>EPP<\/td>\r\n<\/tr>\r\n<tr>\r\n<td>Jaroslavs<\/td>\r\n<td>Duda<\/td>\r\n<td>Polija<\/td>\r\n<td>EPP<\/td>\r\n<\/tr>\r\n<tr>\r\n<td>El\u017ebieta<\/td>\r\n<td>Luka\u010dijevska<\/td>\r\n<td>Polija<\/td>\r\n<td>EPP<\/td>\r\n<\/tr>\r\n<tr>\r\n<td>Marija da Gra\u010da<\/td>\r\n<td>Karvalju<\/td>\r\n<td>Portug\u0101le<\/td>\r\n<td>EPP<\/td>\r\n<\/tr>\r\n<tr>\r\n<td>Hos\u0113<\/td>\r\n<td>Gusmao<\/td>\r\n<td>Portug\u0101le<\/td>\r\n<td>GUE<\/td>\r\n<\/tr>\r\n<tr>\r\n<td>Marisa<\/td>\r\n<td>Matiass<\/td>\r\n<td>Portug\u0101le<\/td>\r\n<td>GUE<\/td>\r\n<\/tr>\r\n<tr>\r\n<td>Izabela<\/td>\r\n<td>Carvalhais<\/td>\r\n<td>Portug\u0101le<\/td>\r\n<td>S&amp;D<\/td>\r\n<\/tr>\r\n<tr>\r\n<td>Viktors<\/td>\r\n<td>Negrescu<\/td>\r\n<td>Rum\u0101nija<\/td>\r\n<td>S&amp;D<\/td>\r\n<\/tr>\r\n<tr>\r\n<td>Klotilde<\/td>\r\n<td>Armands<\/td>\r\n<td>Rum\u0101nija<\/td>\r\n<td>Atjaunot<\/td>\r\n<\/tr>\r\n<tr>\r\n<td>Vlad-Marius<\/td>\r\n<td>Botos<\/td>\r\n<td>Rum\u0101nija<\/td>\r\n<td>Atjaunot<\/td>\r\n<\/tr>\r\n<tr>\r\n<td>Tj\u016bdors<\/td>\r\n<td>Ciuhodaru<\/td>\r\n<td>Rum\u0101nija<\/td>\r\n<td>S&amp;D<\/td>\r\n<\/tr>\r\n<tr>\r\n<td>Ivans<\/td>\r\n<td>\u0160tefanec<\/td>\r\n<td>Slov\u0101kija<\/td>\r\n<td>EPP<\/td>\r\n<\/tr>\r\n<tr>\r\n<td>Mirjama<\/td>\r\n<td>Leksmans<\/td>\r\n<td>Slov\u0101kija<\/td>\r\n<td>EPP<\/td>\r\n<\/tr>\r\n<tr>\r\n<td>P\u0113teris<\/td>\r\n<td>Poll\u00e1k<\/td>\r\n<td>Slov\u0101kija<\/td>\r\n<td>EPP<\/td>\r\n<\/tr>\r\n<tr>\r\n<td>Vladim\u00edr<\/td>\r\n<td>Bil\u010d\u00edk<\/td>\r\n<td>Slov\u0101kija<\/td>\r\n<td>EPP<\/td>\r\n<\/tr>\r\n<tr>\r\n<td>L\u016bcija<\/td>\r\n<td>\u010euri\u0161 Nicholsonov\u00e1<\/td>\r\n<td>Slov\u0101kija<\/td>\r\n<td>ECR<\/td>\r\n<\/tr>\r\n<tr>\r\n<td>Mil\u0101na<\/td>\r\n<td>Brglez<\/td>\r\n<td>Slov\u0113nija<\/td>\r\n<td>S&amp;D<\/td>\r\n<\/tr>\r\n<tr>\r\n<td>Mil\u0101na<\/td>\r\n<td>Zver<\/td>\r\n<td>Slov\u0113nija<\/td>\r\n<td>EPP<\/td>\r\n<\/tr>\r\n<tr>\r\n<td>Tanja<\/td>\r\n<td>Fajons<\/td>\r\n<td>Slov\u0113nija<\/td>\r\n<td>Atjaunot<\/td>\r\n<\/tr>\r\n<tr>\r\n<td>Ir\u0113na<\/td>\r\n<td>Joveva<\/td>\r\n<td>Slov\u0113nija<\/td>\r\n<td>Atjaunot<\/td>\r\n<\/tr>\r\n<tr>\r\n<td>Horhe<\/td>\r\n<td>Buxad\u00e9<\/td>\r\n<td>Sp\u0101nija<\/td>\r\n<td>ECR<\/td>\r\n<\/tr>\r\n<tr>\r\n<td>Hermans<\/td>\r\n<td>Tertsch<\/td>\r\n<td>Sp\u0101nija<\/td>\r\n<td>ECR<\/td>\r\n<\/tr>\r\n<tr>\r\n<td>Maz\u0101lija<\/td>\r\n<td>Aguilar<\/td>\r\n<td>Sp\u0101nija<\/td>\r\n<td>ECR<\/td>\r\n<\/tr>\r\n<tr>\r\n<td>Antoni<\/td>\r\n<td>Com\u00edn i Oliveres<\/td>\r\n<td>Sp\u0101nija<\/td>\r\n<td>NA<\/td>\r\n<\/tr>\r\n<tr>\r\n<td>L\u012bna<\/td>\r\n<td>Galvezs<\/td>\r\n<td>Sp\u0101nija<\/td>\r\n<td>S&amp;D<\/td>\r\n<\/tr>\r\n<tr>\r\n<td>Estrella<\/td>\r\n<td>Dura Ferrandis<\/td>\r\n<td>Sp\u0101nija<\/td>\r\n<td>S&amp;D<\/td>\r\n<\/tr>\r\n<tr>\r\n<td>Al\u00edcia<\/td>\r\n<td>Homs Ginel<\/td>\r\n<td>Sp\u0101nija<\/td>\r\n<td>S&amp;D<\/td>\r\n<\/tr>\r\n<tr>\r\n<td>Inmaculada<\/td>\r\n<td>Rodrigess-Pi\u00f1ero<\/td>\r\n<td>Sp\u0101nija<\/td>\r\n<td>S&amp;D<\/td>\r\n<\/tr>\r\n<tr>\r\n<td>Havjers<\/td>\r\n<td>Moreno San\u010dess<\/td>\r\n<td>Sp\u0101nija<\/td>\r\n<td>S&amp;D<\/td>\r\n<\/tr>\r\n<tr>\r\n<td>Monika Silvana<\/td>\r\n<td>Gonz\u00e1lez<\/td>\r\n<td>Sp\u0101nija<\/td>\r\n<td>S&amp;D<\/td>\r\n<\/tr>\r\n<tr>\r\n<td>Rosa<\/td>\r\n<td>Estar\u00e0s Ferragut<\/td>\r\n<td>Sp\u0101nija<\/td>\r\n<td>EPP<\/td>\r\n<\/tr>\r\n<tr>\r\n<td>Marija Soraja<\/td>\r\n<td>Rodrigess Ramoss<\/td>\r\n<td>Sp\u0101nija<\/td>\r\n<td>Atjaunot<\/td>\r\n<\/tr>\r\n<tr>\r\n<td>Izaskun<\/td>\r\n<td>Bilbao Barandica<\/td>\r\n<td>Sp\u0101nija<\/td>\r\n<td>Atjaunot<\/td>\r\n<\/tr>\r\n<tr>\r\n<td>D\u017eordi<\/td>\r\n<td>Kanasa<\/td>\r\n<td>Sp\u0101nija<\/td>\r\n<td>Atjaunot<\/td>\r\n<\/tr>\r\n<tr>\r\n<td>Adri\u0101ns<\/td>\r\n<td>Vaskess L\u00e1zara<\/td>\r\n<td>Sp\u0101nija<\/td>\r\n<td>Atjaunot<\/td>\r\n<\/tr>\r\n<tr>\r\n<td>Frederiks<\/td>\r\n<td>Federlijs<\/td>\r\n<td>Zviedrija<\/td>\r\n<td>Atjaunot<\/td>\r\n<\/tr>\r\n<tr>\r\n<td>Abir<\/td>\r\n<td>Al-Sahlani<\/td>\r\n<td>Zviedrija<\/td>\r\n<td>Atjaunot<\/td>\r\n<\/tr>\r\n<tr>\r\n<td>Alise<\/td>\r\n<td>Kuhnke<\/td>\r\n<td>Zviedrija<\/td>\r\n<td>Za\u013cie<\/td>\r\n<\/tr>\r\n<tr>\r\n<td>Jakops<\/td>\r\n<td>Dalunde<\/td>\r\n<td>Zviedrija<\/td>\r\n<td>Za\u013cie<\/td>\r\n<\/tr>\r\n<tr>\r\n<td>P\u0113r<\/td>\r\n<td>Holmgr\u0113ns<\/td>\r\n<td>Zviedrija<\/td>\r\n<td>Za\u013cie<\/td>\r\n<\/tr>\r\n<tr>\r\n<td>Evins<\/td>\r\n<td>Iek\u013caut<\/td>\r\n<td>Zviedrija<\/td>\r\n<td>S&amp;D<\/td>\r\n<\/tr>\r\n<tr>\r\n<td>Hel\u0113na<\/td>\r\n<td>Fricons<\/td>\r\n<td>Zviedrija<\/td>\r\n<td>S&amp;D<\/td>\r\n<\/tr>\r\n<tr>\r\n<td>Johans<\/td>\r\n<td>Danielsson<\/td>\r\n<td>Zviedrija<\/td>\r\n<td>S&amp;D<\/td>\r\n<\/tr>\r\n<tr>\r\n<td>\u0112riks<\/td>\r\n<td>Bergkvists<\/td>\r\n<td>Zviedrija<\/td>\r\n<td>S&amp;D<\/td>\r\n<\/tr>\r\n<tr>\r\n<td>Jytte<\/td>\r\n<td>Guteland<\/td>\r\n<td>Zviedrija<\/td>\r\n<td>S&amp;D<\/td>\r\n<\/tr>\r\n<\/tbody>\r\n<\/table>","protected":false},"excerpt":{"rendered":"<p>World Down Syndrome Day Declaration in the European Parliament On the occasion of World Down Syndrome Day on the 21st&hellip;<\/p>","protected":false},"author":2,"featured_media":0,"parent":14422,"menu_order":0,"comment_status":"closed","ping_status":"closed","template":"","meta":{"_acf_changed":false,"footnotes":""},"class_list":["post-14524","page","type-page","status-publish","hentry"],"acf":[],"_links":{"self":[{"href":"https:\/\/eufortrisomy21.eu\/lv\/wp-json\/wp\/v2\/pages\/14524"}],"collection":[{"href":"https:\/\/eufortrisomy21.eu\/lv\/wp-json\/wp\/v2\/pages"}],"about":[{"href":"https:\/\/eufortrisomy21.eu\/lv\/wp-json\/wp\/v2\/types\/page"}],"author":[{"embeddable":true,"href":"https:\/\/eufortrisomy21.eu\/lv\/wp-json\/wp\/v2\/users\/2"}],"replies":[{"embeddable":true,"href":"https:\/\/eufortrisomy21.eu\/lv\/wp-json\/wp\/v2\/comments?post=14524"}],"version-history":[{"count":1,"href":"https:\/\/eufortrisomy21.eu\/lv\/wp-json\/wp\/v2\/pages\/14524\/revisions"}],"predecessor-version":[{"id":33889,"href":"https:\/\/eufortrisomy21.eu\/lv\/wp-json\/wp\/v2\/pages\/14524\/revisions\/33889"}],"up":[{"embeddable":true,"href":"https:\/\/eufortrisomy21.eu\/lv\/wp-json\/wp\/v2\/pages\/14422"}],"wp:attachment":[{"href":"https:\/\/eufortrisomy21.eu\/lv\/wp-json\/wp\/v2\/media?parent=14524"}],"curies":[{"name":"wp","href":"https:\/\/api.w.org\/{rel}","templated":true}]}}