{"id":14534,"date":"2020-03-19T20:48:33","date_gmt":"2020-03-19T19:48:33","guid":{"rendered":"https:\/\/eufortrisomy21.eu\/?page_id=14534"},"modified":"2022-02-01T23:47:47","modified_gmt":"2022-02-01T22:47:47","slug":"challenge","status":"publish","type":"page","link":"https:\/\/eufortrisomy21.eu\/lv\/21march20\/challenge\/","title":{"rendered":"Izaicin\u0101jums"},"content":{"rendered":"<h1>\n\t\t\n\t<\/h1>\n<h2>\n\t\tNeatbilsto\u0161s ze\u0137u izaicin\u0101jums\n\t<\/h2>\n\t\t\t\t\t\t<img decoding=\"async\" src=\"https:\/\/i.ytimg.com\/vi\/QZ3elhGVp_Q\/maxresdefault.jpg\"  \/>\n\t<p>Piecas \u0123imenes no Be\u013c\u0123ijas, Francijas, It\u0101lijas, Sp\u0101nijas un Polijas ir aicin\u0101ju\u0161as Eiropas Parlamenta (EP) deput\u0101tus neatbilst vi\u0146u ze\u0137\u0113m, atbalstot Pasaules Down Down sindroma dienas svin\u012bbas, kas noz\u012bm\u0113, ka cilv\u0113ki ar Down Down sindromu var b\u016bt da\u017e\u0101di (k\u0101 m\u016bsu ze\u0137es), bet t\u0101s bag\u0101tina m\u016bsu sabiedr\u012bbu visskaist\u0101kaj\u0101 veid\u0101.<\/p>\n<p>\u0160\u012b tie\u0161saistes kampa\u0146a sagatavo Pasaules Down Down sindroma dienu, kas tiks atz\u012bm\u0113ta k\u0101 katru gadu 21. mart\u0101.<\/p>\n<p>EU for Trisomy 21 sadarb\u012bb\u0101 ar daudz\u0101m cit\u0101m NVO un EP deput\u0101tiem \u0161im \u012bpa\u0161ajam gad\u012bjumam Eiropas Parlament\u0101 ir organiz\u0113jusi virkni pas\u0101kumu. Diem\u017e\u0113l Covid-19 sniegto nor\u0101d\u012bjumu d\u0113\u013c aktivit\u0101tes, kas tika pl\u0101notas Parlament\u0101 \u0161\u012bm svin\u012bb\u0101m, ir p\u0101rtrauktas.<\/p>\n\t<p>Neskatoties uz to, neatbilsto\u0161o ze\u0137u soci\u0101lo mediju kampa\u0146a turpin\u0101sies, s\u0101kot ar \u0161odien video, kur\u0101 redzamas piecas personas ar Dauna sindromu un vi\u0146u \u0123imenes, aicinot EP deput\u0101tus neatbilst vi\u0146u ze\u0137\u0113m.<\/p>\n<p>\u0160\u012bs kampa\u0146as laik\u0101 deput\u0101ti sa\u0146ems \u012bsu piez\u012bmi par Eiropas Savien\u012bbas r\u012bc\u012bbas vajadz\u012bb\u0101m vesel\u012bbas, izgl\u012bt\u012bbas, l\u012bdzties\u012bbas un p\u0113t\u012bjumu jom\u0101, lai risin\u0101tu probl\u0113mas, ar kur\u0101m saskaras cilv\u0113ki ar Dauna sindromu un vi\u0146u \u0123imenes.<\/p>\n<p>EU for Trisomy 21 laipni aicina j\u016bs pievienoties neatbilsto\u0161u ze\u0137u kampa\u0146ai, ievietojot savu fotoatt\u0113lu vai videoklipu Twitter, Facebook vai Instagram ar mirk\u013cbirk\u0101m #EUforTrisomy21 #WDSD20 un #WorldDownSyndromeDay.<\/p>\n<p>Lai ieg\u016btu vair\u0101k inform\u0101cijas: <a href=\"mailto:antonio@eufortrisomy21.eu\">antonio@eufortrisomy21.eu<\/a><\/p>","protected":false},"excerpt":{"rendered":"<p>Mismatched socks challenge Five families from Belgium, France, Italy, Spain and Poland has challenged the Members of the European Parliament&hellip;<\/p>","protected":false},"author":2,"featured_media":0,"parent":14422,"menu_order":0,"comment_status":"closed","ping_status":"closed","template":"","meta":{"_acf_changed":false,"footnotes":""},"class_list":["post-14534","page","type-page","status-publish","hentry"],"acf":[],"_links":{"self":[{"href":"https:\/\/eufortrisomy21.eu\/lv\/wp-json\/wp\/v2\/pages\/14534"}],"collection":[{"href":"https:\/\/eufortrisomy21.eu\/lv\/wp-json\/wp\/v2\/pages"}],"about":[{"href":"https:\/\/eufortrisomy21.eu\/lv\/wp-json\/wp\/v2\/types\/page"}],"author":[{"embeddable":true,"href":"https:\/\/eufortrisomy21.eu\/lv\/wp-json\/wp\/v2\/users\/2"}],"replies":[{"embeddable":true,"href":"https:\/\/eufortrisomy21.eu\/lv\/wp-json\/wp\/v2\/comments?post=14534"}],"version-history":[{"count":0,"href":"https:\/\/eufortrisomy21.eu\/lv\/wp-json\/wp\/v2\/pages\/14534\/revisions"}],"up":[{"embeddable":true,"href":"https:\/\/eufortrisomy21.eu\/lv\/wp-json\/wp\/v2\/pages\/14422"}],"wp:attachment":[{"href":"https:\/\/eufortrisomy21.eu\/lv\/wp-json\/wp\/v2\/media?parent=14534"}],"curies":[{"name":"wp","href":"https:\/\/api.w.org\/{rel}","templated":true}]}}