{"id":32400,"date":"2021-10-25T10:39:59","date_gmt":"2021-10-25T08:39:59","guid":{"rendered":"https:\/\/eufortrisomy21.eu\/?page_id=32400"},"modified":"2022-06-20T15:54:02","modified_gmt":"2022-06-20T13:54:02","slug":"wewantmore","status":"publish","type":"page","link":"https:\/\/eufortrisomy21.eu\/lv\/wewantmore\/","title":{"rendered":"M\u0113s v\u0113lamies vair\u0101k"},"content":{"rendered":"\n\n\t\t\t\t<img loading=\"lazy\" decoding=\"async\" src=\"https:\/\/eufortrisomy21.eu\/wp-content\/uploads\/2022\/06\/We-Want-More-Banner-scaled.jpg\" alt=\"We Want More - Banner\" itemprop=\"image\" height=\"716\" width=\"2560\" title=\"We Want More - Banner\" onerror=\"this.style.display='none'\"  \/>\n<h2>\n\t\tRepresentation for People with Down Syndrome in the European Union.\n\t<\/h2>\n\t<p>Raise up your voice in favor of Trisomy 21 in the European Union. Join our campaign to make Europe a great place for people with intellectual disabilities.<\/p>\n<p>We believe the EU is failing people with Trisomy 21 by not taking their special needs into account when it comes to\u00a0Visibility, Health, Autonomy, and Non-Discrimination. We need more people who have first hand experience with the concerns and needs of people with Down Syndrome to be personally involved in creating these policies. We want more representation! <strong>#WeWantMore<\/strong><\/p>\n<p><b>Do you agree?\u00a0<\/b>Show your support by joining our debate on the Conference for the Future of Europe Platform here:\u00a0<a href=\"http:\/\/tiny.cc\/WeWantMoreCOFEU\">http:\/\/tiny.cc\/WeWantMoreCOFEU<\/a><\/p>\n<p><b>Sign up now<\/b>\u00a0to receive the latest Campaign materials, tipps for how to write a comment and how to join our campaign!<\/p>\n\t[instagram-feed]\n\t<iframe loading=\"lazy\" src=\"https:\/\/docs.google.com\/forms\/d\/e\/1FAIpQLScwKIHJi9RXRYa2g34CUe4h42j0M07WwzyhIsC4GX_urC9S4A\/viewform?embedded=true\" width=\"100%\" height=\"1040\" frameborder=\"0\" marginheight=\"0\" marginwidth=\"0\">Loading&#8230;<\/iframe>\n<h3>\n\t\tWhat is the Conference for the Future of Europe?\n\t<\/h3>\n\t\t\t\t\t\t\t<img decoding=\"async\" src=\"https:\/\/eufortrisomy21.eu\/wp-content\/uploads\/2021\/10\/01.png\" alt=\"__01\" \/>\n\t\t\t\n\t\t\t<p>The EU has asked its citizens to help them by telling them what they would wish to be future policies for the European Union.\u00a0<\/p>\t\t\n\t\t\t\t\t\t\t<img decoding=\"async\" src=\"https:\/\/eufortrisomy21.eu\/wp-content\/uploads\/2021\/10\/02.png\" alt=\"__02\" \/>\n\t\t\t\n\t\t\t<p>Until March 2022 all EU citizens can propose new issues and interact with each other on the platform &#8220;Conference for the Future of Europe&#8221;.<\/p>\t\t\n\t\t\t\t\t\t\t<img decoding=\"async\" src=\"https:\/\/eufortrisomy21.eu\/wp-content\/uploads\/2021\/10\/03.png\" alt=\"__03\" \/>\n\t\t\t\n\t\t\t<p>You can join them too, by signing up on the website. It&#8217;s simple, you can even use your google account.<\/p>\t\t\n<h3>\n\t\tWhy should we get involved in the COFEU?\n\t<\/h3>\n\t\t\t\t\t\t\t<img decoding=\"async\" src=\"https:\/\/eufortrisomy21.eu\/wp-content\/uploads\/2021\/10\/04.png\" alt=\"__04\" \/>\n\t\t\t\n\t\t\t\t\t<p>In the EU there is not enough representation for people with intellectual disabilities.<\/p>\t\t\t\t\n\t\t\t\t\t\t\t<img decoding=\"async\" src=\"https:\/\/eufortrisomy21.eu\/wp-content\/uploads\/2021\/10\/05.png\" alt=\"__05\" \/>\n\t\t\t\n\t\t\t\t\t<p>For example there were no people with intellectual disabilities involved in writing the EU&#8217;s new &#8220;Strategy for the Rights of Persons with Disabilities 2021-2030&#8221;. They are hardly mentioned in the strategy at all.<\/p>\t\t\t\t\n\t\t\t\t\t\t\t<img decoding=\"async\" src=\"https:\/\/eufortrisomy21.eu\/wp-content\/uploads\/2021\/10\/06.png\" alt=\"__06\" \/>\n\t\t\t\n\t\t\t\t\t<p>Having no representation has had a terrible effect on people with intellectual and neurological disabilities, especially for the Down Syndrome community.<\/p>\t\t\t\t\n\t\t\t\t\t\t\t<img decoding=\"async\" src=\"https:\/\/eufortrisomy21.eu\/wp-content\/uploads\/2021\/10\/07.png\" alt=\"__07\" \/>\n\t\t\t\n\t\t\t\t\t<p>We need more people who know about the concerns and needs of these communities through personal experience to help the EU write these policies. We want more representation!\u00a0<\/p>\t\t\t\t\n\t\t\t\t\t\t\t<img decoding=\"async\" src=\"https:\/\/eufortrisomy21.eu\/wp-content\/uploads\/2021\/10\/08.png\" alt=\"__08\" \/>\n\t\t\t\n\t\t\t\t\t<p>\u00a0That is why we created the campaign #WeWantMore.<\/p>\t\t\t\t\n\t\t\t\t\t\t\t<img decoding=\"async\" src=\"https:\/\/eufortrisomy21.eu\/wp-content\/uploads\/2021\/10\/09.png\" alt=\"__09\" \/>\n\t\t\t\n\t\t\t\t\t<p>We, EU for Trisomy 21, have started a debate about the issue of representation.\u00a0Join the debate here and let the EU Decision Makers know why it is so important to have true representation.\u00a0 <\/p>\t\t\t\t\n\t\t\t\t\t\t\t<img decoding=\"async\" src=\"https:\/\/eufortrisomy21.eu\/wp-content\/uploads\/2021\/10\/10.png\" alt=\"__10\" \/>\n\t\t\t\n\t\t\t\t\t<p>True European democracy only works if it really represents all of its citizens.\u00a0\u00a0<\/p>\t\t\t\t\n<h2>\n\t\tDo you need help with your arguments?\n\t<\/h2>\n\t<p>We have summarized some of the most important arguments with facts &amp; figures for you. This can inspire you in writing your own comment under our topic. Take a look at them <a href=\"https:\/\/drive.google.com\/file\/d\/1uYFb0vT5TeAxkYAJWaPvz49nZc-5oHTW\/view?usp=sharing\">here<\/a>.<\/p>\n<p>At our last conference our speakers discussed the effects a lack of proper representation in policy making can have on society. Maybe their speeches can help you with your comment as well:<\/p>\n\t<iframe allowfullscreen allow=\"autoplay\" data-src=\"https:\/\/www.youtube-nocookie.com\/embed\/w9jsbjadbrY?feature=oembed&amp;start=25.00&amp;end=762.00&amp;wmode=opaque&amp;loop=0&amp;controls=1&amp;mute=0&amp;rel=0&amp;modestbranding=1\"><\/iframe>\t\t\n\t\t\t\t\tPlay Video\n\t<iframe allowfullscreen allow=\"autoplay\" data-src=\"https:\/\/www.youtube-nocookie.com\/embed\/w9jsbjadbrY?feature=oembed&amp;start=762.00&amp;end=1272.00&amp;wmode=opaque&amp;loop=0&amp;controls=1&amp;mute=0&amp;rel=0&amp;modestbranding=1\"><\/iframe>\t\t\n\t\t\t\t\tPlay Video\n\t<iframe allowfullscreen allow=\"autoplay\" data-src=\"https:\/\/www.youtube-nocookie.com\/embed\/w9jsbjadbrY?feature=oembed&amp;start=1260&amp;end=1740&amp;wmode=opaque&amp;loop=0&amp;controls=1&amp;mute=0&amp;rel=0&amp;modestbranding=1\"><\/iframe>\t\t\n\t\t\t\t\tPlay Video\n\t<iframe allowfullscreen allow=\"autoplay\" data-src=\"https:\/\/www.youtube-nocookie.com\/embed\/w9jsbjadbrY?feature=oembed&amp;start=1740&amp;end=2280&amp;wmode=opaque&amp;loop=0&amp;controls=1&amp;mute=0&amp;rel=0&amp;modestbranding=1\"><\/iframe>\t\t\n\t\t\t\t\tPlay Video\n\t<iframe allowfullscreen allow=\"autoplay\" data-src=\"https:\/\/www.youtube-nocookie.com\/embed\/w9jsbjadbrY?feature=oembed&amp;start=2280&amp;end=2880&amp;wmode=opaque&amp;loop=0&amp;controls=1&amp;mute=0&amp;rel=0&amp;modestbranding=1\"><\/iframe>\t\t\n\t\t\t\t\tPlay Video\n\t<iframe allowfullscreen allow=\"autoplay\" data-src=\"https:\/\/www.youtube-nocookie.com\/embed\/w9jsbjadbrY?feature=oembed&amp;start=2880&amp;end=3240&amp;wmode=opaque&amp;loop=0&amp;controls=1&amp;mute=0&amp;rel=0&amp;modestbranding=1\"><\/iframe>\t\t\n\t\t\t\t\tPlay Video\n\t<iframe allowfullscreen allow=\"autoplay\" data-src=\"https:\/\/www.youtube-nocookie.com\/embed\/w9jsbjadbrY?feature=oembed&amp;start=1740&amp;end=2280&amp;wmode=opaque&amp;loop=0&amp;controls=1&amp;mute=0&amp;rel=0&amp;modestbranding=1\"><\/iframe>\t\t\n\t\t\t\t\tPlay Video\n\t<iframe allowfullscreen allow=\"autoplay\" data-src=\"https:\/\/www.youtube-nocookie.com\/embed\/w9jsbjadbrY?feature=oembed&amp;start=1740&amp;end=2280&amp;wmode=opaque&amp;loop=0&amp;controls=1&amp;mute=0&amp;rel=0&amp;modestbranding=1\"><\/iframe>\t\t\n\t\t\t\t\tPlay Video\n\t<iframe allowfullscreen allow=\"autoplay\" data-src=\"https:\/\/www.youtube-nocookie.com\/embed\/w9jsbjadbrY?feature=oembed&amp;start=1740&amp;end=2280&amp;wmode=opaque&amp;loop=0&amp;controls=1&amp;mute=0&amp;rel=0&amp;modestbranding=1\"><\/iframe>\t\t\n\t\t\t\t\tPlay Video\n<h2>\n\t\tNEWS\n\t<\/h2>\n\t<meta itemscope itemprop=\"mainEntityOfPage\" itemtype=\"https:\/\/schema.org\/WebPage\" itemid=\"https:\/\/eufortrisomy21.eu\/eu-for-trisomy-21-takes-part-in-the-citizen-consultation-for-the-future-of-europe\/\" content=\"EU for Trisomy 21 takes part in the citizen consultation for the Future of Europe\" \/><meta itemprop=\"datePublished\" content=\"2021-07-12\" \/><meta itemprop=\"dateModified\" content=\"2021-07-13\" \/><meta itemprop=\"name\" content=\"EU for Trisomy 21\"\/><meta itemprop=\"url\" content=\"https:\/\/eufortrisomy21.eu\/author\/contacteufortrisomy21-eu\/\" \/><meta itemprop=\"name\" content=\"contact@eufortrisomy21.eu\" \/><meta itemprop=\"interactionType\" content=\"https:\/\/schema.org\/CommentAction\" \/><meta itemprop=\"userInteractionCount\" content=\"0\" \/>\n\t\t\t\t\t<a href=\"https:\/\/eufortrisomy21.eu\/eu-for-trisomy-21-takes-part-in-the-citizen-consultation-for-the-future-of-europe\/\" title=\"EU for Trisomy 21 takes part in the citizen consultation for the Future of Europe\"><\/a>\n\t\t\t\t\t\t\t\t\t<h3 itemprop=\"headline\">\n\t\t\t\t\t\t\t\t\t\t\t\t\t\tEU for Trisomy 21 takes part in the citizen consultation for the Future of Europe\t\t\t\t\t\t\t\t\t\t\t<\/h3>\n\t\t\t12 July 2021\t\t\t\t\t\t\n    &nbsp; Improving the visibility of people with Down syndrome in Europe Following our online conference on the 8th of July 2021 on improving the visibility of people with Down syndrome,&#8230;\n\t<meta itemscope itemprop=\"mainEntityOfPage\" itemtype=\"https:\/\/schema.org\/WebPage\" itemid=\"https:\/\/eufortrisomy21.eu\/online-conference-improving-the-visibility-of-people-with-down-syndrome-an-emergency-for-europe\/\" content=\"Online conference &#8211; 8th of July 2021 &#8211; Improving the visibility of people with Down syndrome\" \/><meta itemprop=\"datePublished\" content=\"2021-06-24\" \/><meta itemprop=\"dateModified\" content=\"2021-07-13\" \/><meta itemprop=\"name\" content=\"EU for Trisomy 21\"\/><meta itemprop=\"url\" content=\"https:\/\/eufortrisomy21.eu\/author\/contacteufortrisomy21-eu\/\" \/><meta itemprop=\"name\" content=\"contact@eufortrisomy21.eu\" \/><meta itemprop=\"interactionType\" content=\"https:\/\/schema.org\/CommentAction\" \/><meta itemprop=\"userInteractionCount\" content=\"0\" \/>\n\t\t\t\t\t<a href=\"https:\/\/eufortrisomy21.eu\/online-conference-improving-the-visibility-of-people-with-down-syndrome-an-emergency-for-europe\/\" title=\"Online conference &#8211; 8th of July 2021 &#8211; Improving the visibility of people with Down syndrome\"><\/a>\n\t\t\t\t\t\t\t\t\t<h3 itemprop=\"headline\">\n\t\t\t\t\t\t\t\t\t\t\t\t\t\tOnline conference &#8211; 8th of July 2021 &#8211; Improving the visibility of people with Down syndrome\t\t\t\t\t\t\t\t\t\t\t<\/h3>\n\t\t\t24 June 2021\t\t\t\t\t\t\n    &nbsp; &nbsp; &nbsp; &nbsp; Improving the visibility of people with Down syndrome: an emergency for Europe. Why? How? Improving the visibility of people with Down syndrome in Europe should be&#8230;\n\t<meta itemscope itemprop=\"mainEntityOfPage\" itemtype=\"https:\/\/schema.org\/WebPage\" itemid=\"https:\/\/eufortrisomy21.eu\/press-release-on-march-21st-europe-is-honouring-persons-with-downs-syndrome\/\" content=\"Press release : On March 21st, Europe is honouring persons with Down's syndrome\" \/><meta itemprop=\"datePublished\" content=\"2021-03-19\" \/><meta itemprop=\"dateModified\" content=\"2021-03-19\" \/><meta itemprop=\"name\" content=\"EU for Trisomy 21\"\/><meta itemprop=\"url\" content=\"https:\/\/eufortrisomy21.eu\/author\/contacteufortrisomy21-eu\/\" \/><meta itemprop=\"name\" content=\"contact@eufortrisomy21.eu\" \/><meta itemprop=\"interactionType\" content=\"https:\/\/schema.org\/CommentAction\" \/><meta itemprop=\"userInteractionCount\" content=\"0\" \/>\n\t\t\t\t\t<a href=\"https:\/\/eufortrisomy21.eu\/press-release-on-march-21st-europe-is-honouring-persons-with-downs-syndrome\/\" title=\"Press release : On March 21st, Europe is honouring persons with Down's syndrome\"><\/a>\n\t\t\t\t\t\t\t\t\t<h3 itemprop=\"headline\">\n\t\t\t\t\t\t\t\t\t\t\t\t\t\tPress release : On March 21st, Europe is honouring persons with Down&#8217;s syndrome\t\t\t\t\t\t\t\t\t\t\t<\/h3>\n\t\t\t19 March 2021\t\t\t\t\t\t\n    Press release Brussels March 19th 2021 &nbsp; On March 21st, Europe is honouring persons with Down&#8217;s syndrome :\u00a0\u00a0citizens and political leaders are invited to celebrate the International Day of Trisomy&#8230;\n\t\t\t\t<ul class='page-numbers'>\n\t<li>1<\/li>\n\t<li><a href=\"https:\/\/eufortrisomy21.eu\/page\/2\/?page_id=32400&#038;fl_builder\">2<\/a><\/li>\n\t<li><a href=\"https:\/\/eufortrisomy21.eu\/page\/3\/?page_id=32400&#038;fl_builder\">3<\/a><\/li>\n\t<li><a href=\"https:\/\/eufortrisomy21.eu\/page\/2\/?page_id=32400&#038;fl_builder\">Next &raquo;<\/a><\/li>\n<\/ul>\n\t\t<!-- .pp-content-posts -->\n\t\t\t\t<img decoding=\"async\" src=\"https:\/\/eufortrisomy21.eu\/wp-content\/uploads\/2021\/03\/Logo_EUforTrisomy21.svg\" alt=\"Logo_EUforTrisomy21\" itemprop=\"image\" title=\"Logo_EUforTrisomy21\" onerror=\"this.style.display='none'\"  \/>\n<h2>\n\t\tAbout Eufortrisomy21.eu\n\t<\/h2>\n\t<p>A platform for the collaboration of associations, citizens and politicians working together for the celebration of World Down syndrome Day, to make visible the intellectual disability in general and persons with trisomy 21 in particular (most common intellectual disability of genetic origin, also called Down syndrome).<\/p>\n\t\t\t<a href=\"https:\/\/eufortrisomy21.eu\/about\/\" target=\"_self\" role=\"button\" rel=\"noopener\">\n\t\t\t\t\t\t\tMore information\n\t\t\t\t\t<\/a>\n<h2>\n\t\tNeed help? doubts? more information?\n\t<\/h2>\n\t\t\t<a href=\"https:\/\/eufortrisomy21.eu\/contact\/\" target=\"_self\" role=\"button\" rel=\"noopener\">\n\t\t\t\t\t\t\tContact us\n\t\t\t<\/a>\n\t  &nbsp;&nbsp;Translate this page [gtranslate]\n\n","protected":false},"excerpt":{"rendered":"<p>Representation for People with Down Syndrome in the European Union. Raise up your voice in favor of Trisomy 21 in&hellip;<\/p>","protected":false},"author":2,"featured_media":0,"parent":0,"menu_order":0,"comment_status":"closed","ping_status":"closed","template":"","meta":{"_acf_changed":false,"footnotes":""},"class_list":["post-32400","page","type-page","status-publish","hentry"],"acf":[],"_links":{"self":[{"href":"https:\/\/eufortrisomy21.eu\/lv\/wp-json\/wp\/v2\/pages\/32400"}],"collection":[{"href":"https:\/\/eufortrisomy21.eu\/lv\/wp-json\/wp\/v2\/pages"}],"about":[{"href":"https:\/\/eufortrisomy21.eu\/lv\/wp-json\/wp\/v2\/types\/page"}],"author":[{"embeddable":true,"href":"https:\/\/eufortrisomy21.eu\/lv\/wp-json\/wp\/v2\/users\/2"}],"replies":[{"embeddable":true,"href":"https:\/\/eufortrisomy21.eu\/lv\/wp-json\/wp\/v2\/comments?post=32400"}],"version-history":[{"count":0,"href":"https:\/\/eufortrisomy21.eu\/lv\/wp-json\/wp\/v2\/pages\/32400\/revisions"}],"wp:attachment":[{"href":"https:\/\/eufortrisomy21.eu\/lv\/wp-json\/wp\/v2\/media?parent=32400"}],"curies":[{"name":"wp","href":"https:\/\/api.w.org\/{rel}","templated":true}]}}