{"id":31125,"date":"2021-02-26T09:33:07","date_gmt":"2021-02-26T08:33:07","guid":{"rendered":"https:\/\/eufortrisomy21.eu\/?post_type=ngo&#038;p=31125"},"modified":"2021-02-26T09:36:50","modified_gmt":"2021-02-26T08:36:50","slug":"vaimupuudega-inimeste-tugiliit-vaimukad","status":"publish","type":"ngo","link":"https:\/\/eufortrisomy21.eu\/pl\/ngo\/vaimupuudega-inimeste-tugiliit-vaimukad\/","title":{"rendered":"Vaimupuudega Inimeste Tugiliit Vaimukad"},"content":{"rendered":"<table width=\"99%\" border=\"0\" cellpadding=\"1\" cellspacing=\"0\" bgcolor=\"#EAEAEA\">\n<tr>\n<td>\n<table width=\"100%\" border=\"0\" cellpadding=\"5\" cellspacing=\"0\" bgcolor=\"#FFFFFF\">\n<tr bgcolor=\"#EAF2FA\">\n<td colspan=\"2\">\n\t\t                                        <font style=\"font-family: sans-serif;font-size:12px\"><strong>Nazwa organizacji pozarz\u0105dowej<\/strong><\/font>\n\t\t                                    <\/td>\n<\/tr>\n<tr bgcolor=\"#FFFFFF\">\n<td width=\"20\">&nbsp;<\/td>\n<td>\n\t\t                                        <font style=\"font-family: sans-serif;font-size:12px\">Vaimupuudega Inimeste Tugiliit Vaimukad<\/font>\n\t\t                                    <\/td>\n<\/tr>\n<tr bgcolor=\"#EAF2FA\">\n<td colspan=\"2\">\n\t\t                                        <font style=\"font-family: sans-serif;font-size:12px\"><strong>Logo<\/strong><\/font>\n\t\t                                    <\/td>\n<\/tr>\n<tr bgcolor=\"#FFFFFF\">\n<td width=\"20\">&nbsp;<\/td>\n<td>\n\t\t                                        <font style=\"font-family: sans-serif;font-size:12px\"><\/p>\n<ul>\n<li><a href='https:\/\/eufortrisomy21.eu\/wp-content\/uploads\/2021\/02\/vaimukad.jpg' target='_blank' aria-label='Click to view' rel=\"noopener\">vaimukad.jpg<\/a><\/li>\n<\/ul>\n<p><\/font>\n\t\t                                    <\/td>\n<\/tr>\n<tr bgcolor=\"#EAF2FA\">\n<td colspan=\"2\">\n\t\t                                        <font style=\"font-family: sans-serif;font-size:12px\"><strong>Kraj<\/strong><\/font>\n\t\t                                    <\/td>\n<\/tr>\n<tr bgcolor=\"#FFFFFF\">\n<td width=\"20\">&nbsp;<\/td>\n<td>\n\t\t                                        <font style=\"font-family: sans-serif;font-size:12px\">ESTONIA<\/font>\n\t\t                                    <\/td>\n<\/tr>\n<tr bgcolor=\"#EAF2FA\">\n<td colspan=\"2\">\n\t\t                                        <font style=\"font-family: sans-serif;font-size:12px\"><strong>Kr\u00f3tka prezentacja organizacji pozarz\u0105dowej<\/strong><\/font>\n\t\t                                    <\/td>\n<\/tr>\n<tr bgcolor=\"#FFFFFF\">\n<td width=\"20\">&nbsp;<\/td>\n<td>\n\t\t                                        <font style=\"font-family: sans-serif;font-size:12px\">The Support Association to stowarzyszenie organizacji wspieraj\u0105cych osoby z niepe\u0142nosprawno\u015bci\u0105 intelektualn\u0105, za\u0142o\u017cone w 1990 roku. Stowarzyszenie wspieraj\u0105ce reprezentuje esto\u0144skie organizacje zajmuj\u0105ce si\u0119 osobami z niepe\u0142nosprawno\u015bci\u0105 intelektualn\u0105 w organizacjach \u015bwiatowych i europejskich.<\/font>\n\t\t                                    <\/td>\n<\/tr>\n<tr bgcolor=\"#EAF2FA\">\n<td colspan=\"2\">\n\t\t                                        <font style=\"font-family: sans-serif;font-size:12px\"><strong>Stronie internetowej<\/strong><\/font>\n\t\t                                    <\/td>\n<\/tr>\n<tr bgcolor=\"#FFFFFF\">\n<td width=\"20\">&nbsp;<\/td>\n<td>\n\t\t                                        <font style=\"font-family: sans-serif;font-size:12px\">http:\/\/www.vaimukad.ee\/<\/font>\n\t\t                                    <\/td>\n<\/tr>\n<tr bgcolor=\"#EAF2FA\">\n<td colspan=\"2\">\n\t\t                                        <font style=\"font-family: sans-serif;font-size:12px\"><strong>Facebook<\/strong><\/font>\n\t\t                                    <\/td>\n<\/tr>\n<tr bgcolor=\"#FFFFFF\">\n<td width=\"20\">&nbsp;<\/td>\n<td>\n\t\t                                        <font style=\"font-family: sans-serif;font-size:12px\">https:\/\/www.facebook.com\/EVPIT-111446317229655<\/font>\n\t\t                                    <\/td>\n<\/tr>\n<tr bgcolor=\"#EAF2FA\">\n<td colspan=\"2\">\n\t\t                                        <font style=\"font-family: sans-serif;font-size:12px\"><strong>Imi\u0119 osoby kontaktowej &amp; #039;<\/strong><\/font>\n\t\t                                    <\/td>\n<\/tr>\n<tr bgcolor=\"#FFFFFF\">\n<td width=\"20\">&nbsp;<\/td>\n<td>\n\t\t                                        <font style=\"font-family: sans-serif;font-size:12px\">Silvi<\/font>\n\t\t                                    <\/td>\n<\/tr>\n<tr bgcolor=\"#EAF2FA\">\n<td colspan=\"2\">\n\t\t                                        <font style=\"font-family: sans-serif;font-size:12px\"><strong>Nazwisko osoby kontaktowej &amp; #039; s<\/strong><\/font>\n\t\t                                    <\/td>\n<\/tr>\n<tr bgcolor=\"#FFFFFF\">\n<td width=\"20\">&nbsp;<\/td>\n<td>\n\t\t                                        <font style=\"font-family: sans-serif;font-size:12px\">Laidro<\/font>\n\t\t                                    <\/td>\n<\/tr>\n<tr bgcolor=\"#EAF2FA\">\n<td colspan=\"2\">\n\t\t                                        <font style=\"font-family: sans-serif;font-size:12px\"><strong>E-mail<\/strong><\/font>\n\t\t                                    <\/td>\n<\/tr>\n<tr bgcolor=\"#FFFFFF\">\n<td width=\"20\">&nbsp;<\/td>\n<td>\n\t\t                                        <font style=\"font-family: sans-serif;font-size:12px\">silvi@vaimukad.ee<\/font>\n\t\t                                    <\/td>\n<\/tr>\n<tr bgcolor=\"#EAF2FA\">\n<td colspan=\"2\">\n\t\t                                        <font style=\"font-family: sans-serif;font-size:12px\"><strong>Telefon<\/strong><\/font>\n\t\t                                    <\/td>\n<\/tr>\n<tr bgcolor=\"#FFFFFF\">\n<td width=\"20\">&nbsp;<\/td>\n<td>\n\t\t                                        <font style=\"font-family: sans-serif;font-size:12px\">+37253442351<\/font>\n\t\t                                    <\/td>\n<\/tr>\n<tr bgcolor=\"#EAF2FA\">\n<td colspan=\"2\">\n\t\t                                        <font style=\"font-family: sans-serif;font-size:12px\"><strong>Miasto<\/strong><\/font>\n\t\t                                    <\/td>\n<\/tr>\n<tr bgcolor=\"#FFFFFF\">\n<td width=\"20\">&nbsp;<\/td>\n<td>\n\t\t                                        <font style=\"font-family: sans-serif;font-size:12px\">Tallinn<\/font>\n\t\t                                    <\/td>\n<\/tr>\n<tr bgcolor=\"#EAF2FA\">\n<td colspan=\"2\">\n\t\t                                        <font style=\"font-family: sans-serif;font-size:12px\"><strong>Chc\u0119 zarejestrowa\u0107 jedn\u0105 lub wi\u0119cej os\u00f3b z zespo\u0142em Downa &amp; #039;<\/strong><\/font>\n\t\t                                    <\/td>\n<\/tr>\n<tr bgcolor=\"#FFFFFF\">\n<td width=\"20\">&nbsp;<\/td>\n<td>\n\t\t                                        <font style=\"font-family: sans-serif;font-size:12px\">Tak, zaprowad\u017a mnie do formularza rejestracji obywatela<\/font>\n\t\t                                    <\/td>\n<\/tr>\n<tr bgcolor=\"#EAF2FA\">\n<td colspan=\"2\">\n\t\t                                        <font style=\"font-family: sans-serif;font-size:12px\"><strong>Skontaktuj si\u0119 z optin<\/strong><\/font>\n\t\t                                    <\/td>\n<\/tr>\n<tr bgcolor=\"#FFFFFF\">\n<td width=\"20\">&nbsp;<\/td>\n<td>\n\t\t                                        <font style=\"font-family: sans-serif;font-size:12px\"><\/p>\n<ul class='bulleted'>\n<li>Chcia\u0142bym si\u0119 skontaktowa\u0107, aby zosta\u0107 partnerem UE na rzecz Trisomii 21<\/li>\n<\/ul>\n<p><\/font>\n\t\t                                    <\/td>\n<\/tr>\n<tr bgcolor=\"#EAF2FA\">\n<td colspan=\"2\">\n\t\t                                        <font style=\"font-family: sans-serif;font-size:12px\"><strong><\/strong><\/font>\n\t\t                                    <\/td>\n<\/tr>\n<tr bgcolor=\"#FFFFFF\">\n<td width=\"20\">&nbsp;<\/td>\n<td>\n\t\t                                        <font style=\"font-family: sans-serif;font-size:12px\"><img decoding=\"async\" src=\"https:\/\/eufortrisomy21.eu\/wp-content\/plugins\/gravityforms\/images\/tick.png\" \/> Zgadzam si\u0119 z Polityk\u0105 Prywatno\u015bci.<\/p>\n<div class=\"gfield_consent_description\">Wype\u0142niaj\u0105c ten formularz wyra\u017casz zgod\u0119 na umieszczenie Twoich danych kontaktowych w pliku kontaktowym EUfortrisomy21. Nale\u017cy pami\u0119ta\u0107, \u017ce niniejsza dokumentacja pozostaje wy\u0142\u0105czn\u0105 odpowiedzialno\u015bci\u0105 EUfortrisomy21 i w \u017cadnym wypadku nie jest udost\u0119pniana innym podmiotom. Je\u015bli nie chcesz ju\u017c otrzymywa\u0107 naszych wiadomo\u015bci w przysz\u0142o\u015bci, po prostu zrezygnuj z subskrypcji, korzystaj\u0105c z poni\u017cszego linku. W ka\u017cdej chwili b\u0119dziesz mie\u0107 prawo dost\u0119pu do tre\u015bci, sprostowania lub usuni\u0119cia dotycz\u0105cych Ciebie danych oraz prawo wniesienia sprzeciwu lub ograniczenia ich przetwarzania. Aby skorzysta\u0107 ze swoich praw, mo\u017cesz skontaktowa\u0107 si\u0119 z nami pod adresem privacy @ eufortrisomy21. Wi\u0119cej informacji na temat ochrony danych osobowych: privacy @ eufortrisomy21<\/div>\n<p><\/font>\n\t\t                                    <\/td>\n<\/tr>\n<\/table>\n<\/td>\n<\/tr>\n<\/table>","protected":false},"featured_media":0,"template":"","country":[32],"class_list":["post-31125","ngo","type-ngo","status-publish","hentry","country-estonia"],"acf":[],"_links":{"self":[{"href":"https:\/\/eufortrisomy21.eu\/pl\/wp-json\/wp\/v2\/ngo\/31125"}],"collection":[{"href":"https:\/\/eufortrisomy21.eu\/pl\/wp-json\/wp\/v2\/ngo"}],"about":[{"href":"https:\/\/eufortrisomy21.eu\/pl\/wp-json\/wp\/v2\/types\/ngo"}],"version-history":[{"count":0,"href":"https:\/\/eufortrisomy21.eu\/pl\/wp-json\/wp\/v2\/ngo\/31125\/revisions"}],"wp:attachment":[{"href":"https:\/\/eufortrisomy21.eu\/pl\/wp-json\/wp\/v2\/media?parent=31125"}],"wp:term":[{"taxonomy":"country","embeddable":true,"href":"https:\/\/eufortrisomy21.eu\/pl\/wp-json\/wp\/v2\/country?post=31125"}],"curies":[{"name":"wp","href":"https:\/\/api.w.org\/{rel}","templated":true}]}}