{"id":31084,"date":"2021-02-24T11:22:15","date_gmt":"2021-02-24T10:22:15","guid":{"rendered":"https:\/\/eufortrisomy21.eu\/fr\/?post_type=ngo&#038;p=31084"},"modified":"2021-02-24T11:27:57","modified_gmt":"2021-02-24T10:27:57","slug":"65-degres","status":"publish","type":"ngo","link":"https:\/\/eufortrisomy21.eu\/pt\/ngo\/65-degres\/","title":{"rendered":"65 graus"},"content":{"rendered":"<table width=\"99%\" border=\"0\" cellpadding=\"1\" cellspacing=\"0\" bgcolor=\"#EAEAEA\">\n<tr>\n<td>\n<table width=\"100%\" border=\"0\" cellpadding=\"5\" cellspacing=\"0\" bgcolor=\"#FFFFFF\">\n<tr bgcolor=\"#EAF2FA\">\n<td colspan=\"2\">\n\t\t                                        <font style=\"font-family: sans-serif;font-size:12px\"><strong>Nome da ONG<\/strong><\/font>\n\t\t                                    <\/td>\n<\/tr>\n<tr bgcolor=\"#FFFFFF\">\n<td width=\"20\">&nbsp;<\/td>\n<td>\n\t\t                                        <font style=\"font-family: sans-serif;font-size:12px\">65 graus<\/font>\n\t\t                                    <\/td>\n<\/tr>\n<tr bgcolor=\"#EAF2FA\">\n<td colspan=\"2\">\n\t\t                                        <font style=\"font-family: sans-serif;font-size:12px\"><strong>Logotipo<\/strong><\/font>\n\t\t                                    <\/td>\n<\/tr>\n<tr bgcolor=\"#FFFFFF\">\n<td width=\"20\">&nbsp;<\/td>\n<td>\n\t\t                                        <font style=\"font-family: sans-serif;font-size:12px\"><\/p>\n<ul>\n<li><a href='https:\/\/eufortrisomy21.eu\/wp-content\/uploads\/2021\/02\/Logo1-3-scaled.jpg' target='_blank' aria-label='Cliquez pour voir' rel=\"noopener\">Logo1-3-scaled.jpg<\/a><\/li>\n<\/ul>\n<p><\/font>\n\t\t                                    <\/td>\n<\/tr>\n<tr bgcolor=\"#EAF2FA\">\n<td colspan=\"2\">\n\t\t                                        <font style=\"font-family: sans-serif;font-size:12px\"><strong>Pa\u00eds<\/strong><\/font>\n\t\t                                    <\/td>\n<\/tr>\n<tr bgcolor=\"#FFFFFF\">\n<td width=\"20\">&nbsp;<\/td>\n<td>\n\t\t                                        <font style=\"font-family: sans-serif;font-size:12px\">B\u00c9LGICA<\/font>\n\t\t                                    <\/td>\n<\/tr>\n<tr bgcolor=\"#EAF2FA\">\n<td colspan=\"2\">\n\t\t                                        <font style=\"font-family: sans-serif;font-size:12px\"><strong>Breve apresenta\u00e7\u00e3o da ONG<\/strong><\/font>\n\t\t                                    <\/td>\n<\/tr>\n<tr bgcolor=\"#FFFFFF\">\n<td width=\"20\">&nbsp;<\/td>\n<td>\n\t\t                                        <font style=\"font-family: sans-serif;font-size:12px\">Le restaurant 65 degr\u00e9s emploie 14 jeunes porteurs d&#039;un handicap (dont trisomie 21). Sa mission: offrir un emploi \u00e0 des personnes qui n\u2019ont pas d\u2019opportunit\u00e9 dans le monde du travail, et convaincre que l\u2019inclusion est une valeur ajout\u00e9e en entreprise et dans la soci\u00e9t\u00e9.<\/font>\n\t\t                                    <\/td>\n<\/tr>\n<tr bgcolor=\"#EAF2FA\">\n<td colspan=\"2\">\n\t\t                                        <font style=\"font-family: sans-serif;font-size:12px\"><strong>Local na rede Internet<\/strong><\/font>\n\t\t                                    <\/td>\n<\/tr>\n<tr bgcolor=\"#FFFFFF\">\n<td width=\"20\">&nbsp;<\/td>\n<td>\n\t\t                                        <font style=\"font-family: sans-serif;font-size:12px\">https:\/\/www.65degres.be\/<\/font>\n\t\t                                    <\/td>\n<\/tr>\n<tr bgcolor=\"#EAF2FA\">\n<td colspan=\"2\">\n\t\t                                        <font style=\"font-family: sans-serif;font-size:12px\"><strong>o Facebook<\/strong><\/font>\n\t\t                                    <\/td>\n<\/tr>\n<tr bgcolor=\"#FFFFFF\">\n<td width=\"20\">&nbsp;<\/td>\n<td>\n\t\t                                        <font style=\"font-family: sans-serif;font-size:12px\">https:\/\/www.facebook.com\/65degres<\/font>\n\t\t                                    <\/td>\n<\/tr>\n<tr bgcolor=\"#EAF2FA\">\n<td colspan=\"2\">\n\t\t                                        <font style=\"font-family: sans-serif;font-size:12px\"><strong>Instagram<\/strong><\/font>\n\t\t                                    <\/td>\n<\/tr>\n<tr bgcolor=\"#FFFFFF\">\n<td width=\"20\">&nbsp;<\/td>\n<td>\n\t\t                                        <font style=\"font-family: sans-serif;font-size:12px\">https:\/\/instagram.com\/le65degres?igshid=1lcjqupj8b2vr<\/font>\n\t\t                                    <\/td>\n<\/tr>\n<tr bgcolor=\"#EAF2FA\">\n<td colspan=\"2\">\n\t\t                                        <font style=\"font-family: sans-serif;font-size:12px\"><strong>Nome da pessoa de contato &amp; #039;<\/strong><\/font>\n\t\t                                    <\/td>\n<\/tr>\n<tr bgcolor=\"#FFFFFF\">\n<td width=\"20\">&nbsp;<\/td>\n<td>\n\t\t                                        <font style=\"font-family: sans-serif;font-size:12px\">Laure<\/font>\n\t\t                                    <\/td>\n<\/tr>\n<tr bgcolor=\"#EAF2FA\">\n<td colspan=\"2\">\n\t\t                                        <font style=\"font-family: sans-serif;font-size:12px\"><strong>Sobrenome da pessoa de contato &amp; #039;<\/strong><\/font>\n\t\t                                    <\/td>\n<\/tr>\n<tr bgcolor=\"#FFFFFF\">\n<td width=\"20\">&nbsp;<\/td>\n<td>\n\t\t                                        <font style=\"font-family: sans-serif;font-size:12px\">Cogels<\/font>\n\t\t                                    <\/td>\n<\/tr>\n<tr bgcolor=\"#EAF2FA\">\n<td colspan=\"2\">\n\t\t                                        <font style=\"font-family: sans-serif;font-size:12px\"><strong>O email<\/strong><\/font>\n\t\t                                    <\/td>\n<\/tr>\n<tr bgcolor=\"#FFFFFF\">\n<td width=\"20\">&nbsp;<\/td>\n<td>\n\t\t                                        <font style=\"font-family: sans-serif;font-size:12px\">laure@65degres.be<\/font>\n\t\t                                    <\/td>\n<\/tr>\n<tr bgcolor=\"#EAF2FA\">\n<td colspan=\"2\">\n\t\t                                        <font style=\"font-family: sans-serif;font-size:12px\"><strong>Telefone<\/strong><\/font>\n\t\t                                    <\/td>\n<\/tr>\n<tr bgcolor=\"#FFFFFF\">\n<td width=\"20\">&nbsp;<\/td>\n<td>\n\t\t                                        <font style=\"font-family: sans-serif;font-size:12px\">+32477534480<\/font>\n\t\t                                    <\/td>\n<\/tr>\n<tr bgcolor=\"#EAF2FA\">\n<td colspan=\"2\">\n\t\t                                        <font style=\"font-family: sans-serif;font-size:12px\"><strong>Cidade<\/strong><\/font>\n\t\t                                    <\/td>\n<\/tr>\n<tr bgcolor=\"#FFFFFF\">\n<td width=\"20\">&nbsp;<\/td>\n<td>\n\t\t                                        <font style=\"font-family: sans-serif;font-size:12px\">Bruxelles<\/font>\n\t\t                                    <\/td>\n<\/tr>\n<tr bgcolor=\"#EAF2FA\">\n<td colspan=\"2\">\n\t\t                                        <font style=\"font-family: sans-serif;font-size:12px\"><strong>Quero registrar uma ou mais pessoas com s\u00edndrome de Down &amp; #039; s<\/strong><\/font>\n\t\t                                    <\/td>\n<\/tr>\n<tr bgcolor=\"#FFFFFF\">\n<td width=\"20\">&nbsp;<\/td>\n<td>\n\t\t                                        <font style=\"font-family: sans-serif;font-size:12px\">N\u00e3o<\/font>\n\t\t                                    <\/td>\n<\/tr>\n<tr bgcolor=\"#EAF2FA\">\n<td colspan=\"2\">\n\t\t                                        <font style=\"font-family: sans-serif;font-size:12px\"><strong><\/strong><\/font>\n\t\t                                    <\/td>\n<\/tr>\n<tr bgcolor=\"#FFFFFF\">\n<td width=\"20\">&nbsp;<\/td>\n<td>\n\t\t                                        <font style=\"font-family: sans-serif;font-size:12px\"><img decoding=\"async\" src=\"https:\/\/eufortrisomy21.eu\/wp-content\/plugins\/gravityforms\/images\/tick.png\" \/> Eu concordo com a Pol\u00edtica de Privacidade.<\/p>\n<div class=\"gfield_consent_description\">Ao preencher este formul\u00e1rio, voc\u00ea concorda que seus dados de contato ser\u00e3o inclu\u00eddos no arquivo de contato EUfortrisomy21. Tenha em aten\u00e7\u00e3o que este ficheiro continua a ser da responsabilidade exclusiva da EUfortrisomy21 e que nunca \u00e9 partilhado com outras entidades. Se voc\u00ea n\u00e3o deseja mais receber nossas comunica\u00e7\u00f5es no futuro, basta cancelar a assinatura com o link abaixo. Voc\u00ea ter\u00e1 o direito de acessar, retificar ou excluir dados a seu respeito a qualquer momento, e o direito de se opor ou limitar seu processamento. Para exercer os seus direitos, pode contactar-nos em privacy @ eufortrisomy21. Para mais informa\u00e7\u00f5es sobre a prote\u00e7\u00e3o dos seus dados pessoais: privacy @ eufortrisomy21<\/div>\n<p><\/font>\n\t\t                                    <\/td>\n<\/tr>\n<\/table>\n<\/td>\n<\/tr>\n<\/table>","protected":false},"featured_media":0,"template":"","country":[19],"class_list":["post-31084","ngo","type-ngo","status-publish","hentry","country-belgium"],"acf":[],"_links":{"self":[{"href":"https:\/\/eufortrisomy21.eu\/pt\/wp-json\/wp\/v2\/ngo\/31084"}],"collection":[{"href":"https:\/\/eufortrisomy21.eu\/pt\/wp-json\/wp\/v2\/ngo"}],"about":[{"href":"https:\/\/eufortrisomy21.eu\/pt\/wp-json\/wp\/v2\/types\/ngo"}],"version-history":[{"count":0,"href":"https:\/\/eufortrisomy21.eu\/pt\/wp-json\/wp\/v2\/ngo\/31084\/revisions"}],"wp:attachment":[{"href":"https:\/\/eufortrisomy21.eu\/pt\/wp-json\/wp\/v2\/media?parent=31084"}],"wp:term":[{"taxonomy":"country","embeddable":true,"href":"https:\/\/eufortrisomy21.eu\/pt\/wp-json\/wp\/v2\/country?post=31084"}],"curies":[{"name":"wp","href":"https:\/\/api.w.org\/{rel}","templated":true}]}}