{"id":31495,"date":"2021-03-09T17:05:35","date_gmt":"2021-03-09T16:05:35","guid":{"rendered":"https:\/\/eufortrisomy21.eu\/?post_type=ngo&#038;p=31495"},"modified":"2021-03-10T09:38:33","modified_gmt":"2021-03-10T08:38:33","slug":"ja-wybieram-stowarzyszenie-na-rzecz-osob-wyjatkowych","status":"publish","type":"ngo","link":"https:\/\/eufortrisomy21.eu\/pt\/ngo\/ja-wybieram-stowarzyszenie-na-rzecz-osob-wyjatkowych\/","title":{"rendered":"JA-WYBIERAM. Stowarzyszenie na rzecz os\u00f3b wyj\u0105tkowych"},"content":{"rendered":"<table width=\"99%\" border=\"0\" cellpadding=\"1\" cellspacing=\"0\" bgcolor=\"#EAEAEA\">\n<tr>\n<td>\n<table width=\"100%\" border=\"0\" cellpadding=\"5\" cellspacing=\"0\" bgcolor=\"#FFFFFF\">\n<tr bgcolor=\"#EAF2FA\">\n<td colspan=\"2\">\n\t\t                                        <font style=\"font-family: sans-serif;font-size:12px\"><strong>Nome da ONG<\/strong><\/font>\n\t\t                                    <\/td>\n<\/tr>\n<tr bgcolor=\"#FFFFFF\">\n<td width=\"20\">&nbsp;<\/td>\n<td>\n\t\t                                        <font style=\"font-family: sans-serif;font-size:12px\">JA-WYBIERAM. Stowarzyszenie na rzecz os\u00f3b wyj\u0105tkowych<\/font>\n\t\t                                    <\/td>\n<\/tr>\n<tr bgcolor=\"#EAF2FA\">\n<td colspan=\"2\">\n\t\t                                        <font style=\"font-family: sans-serif;font-size:12px\"><strong>Logotipo<\/strong><\/font>\n\t\t                                    <\/td>\n<\/tr>\n<tr bgcolor=\"#FFFFFF\">\n<td width=\"20\">&nbsp;<\/td>\n<td>\n\t\t                                        <font style=\"font-family: sans-serif;font-size:12px\"><\/p>\n<ul>\n<li><a href='https:\/\/eufortrisomy21.eu\/wp-content\/uploads\/2021\/03\/ja-wybieram.logo_-scaled.jpg' target='_blank' aria-label='Click to view' rel=\"noopener\">ja-wybieram.logo_-scaled.jpg<\/a><\/li>\n<\/ul>\n<p><\/font>\n\t\t                                    <\/td>\n<\/tr>\n<tr bgcolor=\"#EAF2FA\">\n<td colspan=\"2\">\n\t\t                                        <font style=\"font-family: sans-serif;font-size:12px\"><strong>Pa\u00eds<\/strong><\/font>\n\t\t                                    <\/td>\n<\/tr>\n<tr bgcolor=\"#FFFFFF\">\n<td width=\"20\">&nbsp;<\/td>\n<td>\n\t\t                                        <font style=\"font-family: sans-serif;font-size:12px\">POL\u00d4NIA<\/font>\n\t\t                                    <\/td>\n<\/tr>\n<tr bgcolor=\"#EAF2FA\">\n<td colspan=\"2\">\n\t\t                                        <font style=\"font-family: sans-serif;font-size:12px\"><strong>Breve apresenta\u00e7\u00e3o da ONG<\/strong><\/font>\n\t\t                                    <\/td>\n<\/tr>\n<tr bgcolor=\"#FFFFFF\">\n<td width=\"20\">&nbsp;<\/td>\n<td>\n\t\t                                        <font style=\"font-family: sans-serif;font-size:12px\">Celem Stowarzyszenia jest tworzenie warunk\u00f3w stymuluj\u0105cych proces rozwoju samodzielno\u015bci i niezale\u017cno\u015bci \u017cyciowej osobom zagro\u017conym negatywnymi zjawiskami spo\u0142ecznymi, w tym tak\u017ce bezrobociem, bezdomno\u015bci\u0105 i ub\u00f3stwem, w szczeg\u00f3lno\u015bci osobom z niepe\u0142nosprawno\u015bciami.<\/font>\n\t\t                                    <\/td>\n<\/tr>\n<tr bgcolor=\"#EAF2FA\">\n<td colspan=\"2\">\n\t\t                                        <font style=\"font-family: sans-serif;font-size:12px\"><strong>Local na rede Internet<\/strong><\/font>\n\t\t                                    <\/td>\n<\/tr>\n<tr bgcolor=\"#FFFFFF\">\n<td width=\"20\">&nbsp;<\/td>\n<td>\n\t\t                                        <font style=\"font-family: sans-serif;font-size:12px\">https:\/\/www.facebook.com\/stowarzyszenie.jawybieram\/<\/font>\n\t\t                                    <\/td>\n<\/tr>\n<tr bgcolor=\"#EAF2FA\">\n<td colspan=\"2\">\n\t\t                                        <font style=\"font-family: sans-serif;font-size:12px\"><strong>Nome da pessoa de contato &amp; #039;<\/strong><\/font>\n\t\t                                    <\/td>\n<\/tr>\n<tr bgcolor=\"#FFFFFF\">\n<td width=\"20\">&nbsp;<\/td>\n<td>\n\t\t                                        <font style=\"font-family: sans-serif;font-size:12px\">Aneta<\/font>\n\t\t                                    <\/td>\n<\/tr>\n<tr bgcolor=\"#EAF2FA\">\n<td colspan=\"2\">\n\t\t                                        <font style=\"font-family: sans-serif;font-size:12px\"><strong>Sobrenome da pessoa de contato &amp; #039;<\/strong><\/font>\n\t\t                                    <\/td>\n<\/tr>\n<tr bgcolor=\"#FFFFFF\">\n<td width=\"20\">&nbsp;<\/td>\n<td>\n\t\t                                        <font style=\"font-family: sans-serif;font-size:12px\">Barszczewska<\/font>\n\t\t                                    <\/td>\n<\/tr>\n<tr bgcolor=\"#EAF2FA\">\n<td colspan=\"2\">\n\t\t                                        <font style=\"font-family: sans-serif;font-size:12px\"><strong>O email<\/strong><\/font>\n\t\t                                    <\/td>\n<\/tr>\n<tr bgcolor=\"#FFFFFF\">\n<td width=\"20\">&nbsp;<\/td>\n<td>\n\t\t                                        <font style=\"font-family: sans-serif;font-size:12px\"><a href='mailto:stowarzyszenie@ja-wybieram.pl'>stowarzyszenie@ja-wybieram.pl<\/a><\/font>\n\t\t                                    <\/td>\n<\/tr>\n<tr bgcolor=\"#EAF2FA\">\n<td colspan=\"2\">\n\t\t                                        <font style=\"font-family: sans-serif;font-size:12px\"><strong>Telefone<\/strong><\/font>\n\t\t                                    <\/td>\n<\/tr>\n<tr bgcolor=\"#FFFFFF\">\n<td width=\"20\">&nbsp;<\/td>\n<td>\n\t\t                                        <font style=\"font-family: sans-serif;font-size:12px\">606393206<\/font>\n\t\t                                    <\/td>\n<\/tr>\n<tr bgcolor=\"#EAF2FA\">\n<td colspan=\"2\">\n\t\t                                        <font style=\"font-family: sans-serif;font-size:12px\"><strong>Cidade<\/strong><\/font>\n\t\t                                    <\/td>\n<\/tr>\n<tr bgcolor=\"#FFFFFF\">\n<td width=\"20\">&nbsp;<\/td>\n<td>\n\t\t                                        <font style=\"font-family: sans-serif;font-size:12px\">Warszawa<\/font>\n\t\t                                    <\/td>\n<\/tr>\n<tr bgcolor=\"#EAF2FA\">\n<td colspan=\"2\">\n\t\t                                        <font style=\"font-family: sans-serif;font-size:12px\"><strong>Quero registrar uma ou mais pessoas com s\u00edndrome de Down &amp; #039; s<\/strong><\/font>\n\t\t                                    <\/td>\n<\/tr>\n<tr bgcolor=\"#FFFFFF\">\n<td width=\"20\">&nbsp;<\/td>\n<td>\n\t\t                                        <font style=\"font-family: sans-serif;font-size:12px\">N\u00e3o<\/font>\n\t\t                                    <\/td>\n<\/tr>\n<tr bgcolor=\"#EAF2FA\">\n<td colspan=\"2\">\n\t\t                                        <font style=\"font-family: sans-serif;font-size:12px\"><strong><\/strong><\/font>\n\t\t                                    <\/td>\n<\/tr>\n<tr bgcolor=\"#FFFFFF\">\n<td width=\"20\">&nbsp;<\/td>\n<td>\n\t\t                                        <font style=\"font-family: sans-serif;font-size:12px\"><img decoding=\"async\" src=\"https:\/\/eufortrisomy21.eu\/wp-content\/plugins\/gravityforms\/images\/tick.png\" \/> Eu concordo com a Pol\u00edtica de Privacidade.<\/p>\n<div class=\"gfield_consent_description\">Ao preencher este formul\u00e1rio, voc\u00ea concorda que seus dados de contato ser\u00e3o inclu\u00eddos no arquivo de contato EUfortrisomy21. Tenha em aten\u00e7\u00e3o que este ficheiro continua a ser da responsabilidade exclusiva da EUfortrisomy21 e que nunca \u00e9 partilhado com outras entidades. Se voc\u00ea n\u00e3o deseja mais receber nossas comunica\u00e7\u00f5es no futuro, basta cancelar a assinatura com o link abaixo. Voc\u00ea ter\u00e1 o direito de acessar, retificar ou excluir dados a seu respeito a qualquer momento, e o direito de se opor ou limitar seu processamento. Para exercer os seus direitos, pode contactar-nos em privacy @ eufortrisomy21. Para mais informa\u00e7\u00f5es sobre a prote\u00e7\u00e3o dos seus dados pessoais: privacy @ eufortrisomy21<\/div>\n<p><\/font>\n\t\t                                    <\/td>\n<\/tr>\n<\/table>\n<\/td>\n<\/tr>\n<\/table>","protected":false},"featured_media":0,"template":"","country":[10],"class_list":["post-31495","ngo","type-ngo","status-publish","hentry","country-poland"],"acf":[],"_links":{"self":[{"href":"https:\/\/eufortrisomy21.eu\/pt\/wp-json\/wp\/v2\/ngo\/31495"}],"collection":[{"href":"https:\/\/eufortrisomy21.eu\/pt\/wp-json\/wp\/v2\/ngo"}],"about":[{"href":"https:\/\/eufortrisomy21.eu\/pt\/wp-json\/wp\/v2\/types\/ngo"}],"version-history":[{"count":0,"href":"https:\/\/eufortrisomy21.eu\/pt\/wp-json\/wp\/v2\/ngo\/31495\/revisions"}],"wp:attachment":[{"href":"https:\/\/eufortrisomy21.eu\/pt\/wp-json\/wp\/v2\/media?parent=31495"}],"wp:term":[{"taxonomy":"country","embeddable":true,"href":"https:\/\/eufortrisomy21.eu\/pt\/wp-json\/wp\/v2\/country?post=31495"}],"curies":[{"name":"wp","href":"https:\/\/api.w.org\/{rel}","templated":true}]}}