{"id":32029,"date":"2021-03-16T20:25:31","date_gmt":"2021-03-16T19:25:31","guid":{"rendered":"https:\/\/eufortrisomy21.eu\/?post_type=ngo&#038;p=32029"},"modified":"2021-03-18T11:23:12","modified_gmt":"2021-03-18T10:23:12","slug":"the-christian-organization-of-good-samaritan","status":"publish","type":"ngo","link":"https:\/\/eufortrisomy21.eu\/pt\/ngo\/the-christian-organization-of-good-samaritan\/","title":{"rendered":"A Organiza\u00e7\u00e3o Crist\u00e3 do Bom Samaritano"},"content":{"rendered":"<table width=\"99%\" border=\"0\" cellpadding=\"1\" cellspacing=\"0\" bgcolor=\"#EAEAEA\">\n<tr>\n<td>\n<table width=\"100%\" border=\"0\" cellpadding=\"5\" cellspacing=\"0\" bgcolor=\"#FFFFFF\">\n<tr bgcolor=\"#EAF2FA\">\n<td colspan=\"2\">\n\t\t                                        <font style=\"font-family: sans-serif;font-size:12px\"><strong>Nome da ONG<\/strong><\/font>\n\t\t                                    <\/td>\n<\/tr>\n<tr bgcolor=\"#FFFFFF\">\n<td width=\"20\">&nbsp;<\/td>\n<td>\n\t\t                                        <font style=\"font-family: sans-serif;font-size:12px\">A Organiza\u00e7\u00e3o Crist\u00e3 do Bom Samaritano<\/font>\n\t\t                                    <\/td>\n<\/tr>\n<tr bgcolor=\"#EAF2FA\">\n<td colspan=\"2\">\n\t\t                                        <font style=\"font-family: sans-serif;font-size:12px\"><strong>Pa\u00eds<\/strong><\/font>\n\t\t                                    <\/td>\n<\/tr>\n<tr bgcolor=\"#FFFFFF\">\n<td width=\"20\">&nbsp;<\/td>\n<td>\n\t\t                                        <font style=\"font-family: sans-serif;font-size:12px\">ROMANIA<\/font>\n\t\t                                    <\/td>\n<\/tr>\n<tr bgcolor=\"#EAF2FA\">\n<td colspan=\"2\">\n\t\t                                        <font style=\"font-family: sans-serif;font-size:12px\"><strong>Breve apresenta\u00e7\u00e3o da ONG<\/strong><\/font>\n\t\t                                    <\/td>\n<\/tr>\n<tr bgcolor=\"#FFFFFF\">\n<td width=\"20\">&nbsp;<\/td>\n<td>\n\t\t                                        <font style=\"font-family: sans-serif;font-size:12px\">We have started to work on the development of children and youngsters with down syndrome since 2007, offering them dance &amp; swimming &amp; art craft &amp; outdoor activity &amp; horse riding classes.<\/font>\n\t\t                                    <\/td>\n<\/tr>\n<tr bgcolor=\"#EAF2FA\">\n<td colspan=\"2\">\n\t\t                                        <font style=\"font-family: sans-serif;font-size:12px\"><strong>Local na rede Internet<\/strong><\/font>\n\t\t                                    <\/td>\n<\/tr>\n<tr bgcolor=\"#FFFFFF\">\n<td width=\"20\">&nbsp;<\/td>\n<td>\n\t\t                                        <font style=\"font-family: sans-serif;font-size:12px\">bartimeus<\/font>\n\t\t                                    <\/td>\n<\/tr>\n<tr bgcolor=\"#EAF2FA\">\n<td colspan=\"2\">\n\t\t                                        <font style=\"font-family: sans-serif;font-size:12px\"><strong>o Facebook<\/strong><\/font>\n\t\t                                    <\/td>\n<\/tr>\n<tr bgcolor=\"#FFFFFF\">\n<td width=\"20\">&nbsp;<\/td>\n<td>\n\t\t                                        <font style=\"font-family: sans-serif;font-size:12px\">bartimeus<\/font>\n\t\t                                    <\/td>\n<\/tr>\n<tr bgcolor=\"#EAF2FA\">\n<td colspan=\"2\">\n\t\t                                        <font style=\"font-family: sans-serif;font-size:12px\"><strong>Nome da pessoa de contato &amp; #039;<\/strong><\/font>\n\t\t                                    <\/td>\n<\/tr>\n<tr bgcolor=\"#FFFFFF\">\n<td width=\"20\">&nbsp;<\/td>\n<td>\n\t\t                                        <font style=\"font-family: sans-serif;font-size:12px\">Rozsnyai<\/font>\n\t\t                                    <\/td>\n<\/tr>\n<tr bgcolor=\"#EAF2FA\">\n<td colspan=\"2\">\n\t\t                                        <font style=\"font-family: sans-serif;font-size:12px\"><strong>Sobrenome da pessoa de contato &amp; #039;<\/strong><\/font>\n\t\t                                    <\/td>\n<\/tr>\n<tr bgcolor=\"#FFFFFF\">\n<td width=\"20\">&nbsp;<\/td>\n<td>\n\t\t                                        <font style=\"font-family: sans-serif;font-size:12px\">Eva<\/font>\n\t\t                                    <\/td>\n<\/tr>\n<tr bgcolor=\"#EAF2FA\">\n<td colspan=\"2\">\n\t\t                                        <font style=\"font-family: sans-serif;font-size:12px\"><strong>O email<\/strong><\/font>\n\t\t                                    <\/td>\n<\/tr>\n<tr bgcolor=\"#FFFFFF\">\n<td width=\"20\">&nbsp;<\/td>\n<td>\n\t\t                                        <font style=\"font-family: sans-serif;font-size:12px\"><a href='mailto:roeva@gmail.hu'>roeva@gmail.hu<\/a><\/font>\n\t\t                                    <\/td>\n<\/tr>\n<tr bgcolor=\"#EAF2FA\">\n<td colspan=\"2\">\n\t\t                                        <font style=\"font-family: sans-serif;font-size:12px\"><strong>Telefone<\/strong><\/font>\n\t\t                                    <\/td>\n<\/tr>\n<tr bgcolor=\"#FFFFFF\">\n<td width=\"20\">&nbsp;<\/td>\n<td>\n\t\t                                        <font style=\"font-family: sans-serif;font-size:12px\">0040744499572<\/font>\n\t\t                                    <\/td>\n<\/tr>\n<tr bgcolor=\"#EAF2FA\">\n<td colspan=\"2\">\n\t\t                                        <font style=\"font-family: sans-serif;font-size:12px\"><strong>Cidade<\/strong><\/font>\n\t\t                                    <\/td>\n<\/tr>\n<tr bgcolor=\"#FFFFFF\">\n<td width=\"20\">&nbsp;<\/td>\n<td>\n\t\t                                        <font style=\"font-family: sans-serif;font-size:12px\">Sfantul Gheorghe<\/font>\n\t\t                                    <\/td>\n<\/tr>\n<tr bgcolor=\"#EAF2FA\">\n<td colspan=\"2\">\n\t\t                                        <font style=\"font-family: sans-serif;font-size:12px\"><strong>Quero registrar uma ou mais pessoas com s\u00edndrome de Down &amp; #039; s<\/strong><\/font>\n\t\t                                    <\/td>\n<\/tr>\n<tr bgcolor=\"#FFFFFF\">\n<td width=\"20\">&nbsp;<\/td>\n<td>\n\t\t                                        <font style=\"font-family: sans-serif;font-size:12px\">Sim, leve-me ao formul\u00e1rio de registro de cidad\u00e3o enviando<\/font>\n\t\t                                    <\/td>\n<\/tr>\n<tr bgcolor=\"#EAF2FA\">\n<td colspan=\"2\">\n\t\t                                        <font style=\"font-family: sans-serif;font-size:12px\"><strong>Contact optin<\/strong><\/font>\n\t\t                                    <\/td>\n<\/tr>\n<tr bgcolor=\"#FFFFFF\">\n<td width=\"20\">&nbsp;<\/td>\n<td>\n\t\t                                        <font style=\"font-family: sans-serif;font-size:12px\"><\/p>\n<ul class='bulleted'>\n<li>Gostaria de ser contactado para me tornar um parceiro da UE para Trissomia 21<\/li>\n<\/ul>\n<p><\/font>\n\t\t                                    <\/td>\n<\/tr>\n<tr bgcolor=\"#EAF2FA\">\n<td colspan=\"2\">\n\t\t                                        <font style=\"font-family: sans-serif;font-size:12px\"><strong><\/strong><\/font>\n\t\t                                    <\/td>\n<\/tr>\n<tr bgcolor=\"#FFFFFF\">\n<td width=\"20\">&nbsp;<\/td>\n<td>\n\t\t                                        <font style=\"font-family: sans-serif;font-size:12px\"><img decoding=\"async\" src=\"https:\/\/eufortrisomy21.eu\/wp-content\/plugins\/gravityforms\/images\/tick.png\" \/> Eu concordo com a Pol\u00edtica de Privacidade.<\/p>\n<div class=\"gfield_consent_description\">Ao preencher este formul\u00e1rio, voc\u00ea concorda que seus dados de contato ser\u00e3o inclu\u00eddos no arquivo de contato EUfortrisomy21. Tenha em aten\u00e7\u00e3o que este ficheiro continua a ser da responsabilidade exclusiva da EUfortrisomy21 e que nunca \u00e9 partilhado com outras entidades. Se voc\u00ea n\u00e3o deseja mais receber nossas comunica\u00e7\u00f5es no futuro, basta cancelar a assinatura com o link abaixo. Voc\u00ea ter\u00e1 o direito de acessar, retificar ou excluir dados a seu respeito a qualquer momento, e o direito de se opor ou limitar seu processamento. Para exercer os seus direitos, pode contactar-nos em privacy @ eufortrisomy21. Para mais informa\u00e7\u00f5es sobre a prote\u00e7\u00e3o dos seus dados pessoais: privacy @ eufortrisomy21<\/div>\n<p><\/font>\n\t\t                                    <\/td>\n<\/tr>\n<\/table>\n<\/td>\n<\/tr>\n<\/table>","protected":false},"featured_media":0,"template":"","country":[27],"class_list":["post-32029","ngo","type-ngo","status-publish","hentry","country-romania"],"acf":[],"_links":{"self":[{"href":"https:\/\/eufortrisomy21.eu\/pt\/wp-json\/wp\/v2\/ngo\/32029"}],"collection":[{"href":"https:\/\/eufortrisomy21.eu\/pt\/wp-json\/wp\/v2\/ngo"}],"about":[{"href":"https:\/\/eufortrisomy21.eu\/pt\/wp-json\/wp\/v2\/types\/ngo"}],"version-history":[{"count":0,"href":"https:\/\/eufortrisomy21.eu\/pt\/wp-json\/wp\/v2\/ngo\/32029\/revisions"}],"wp:attachment":[{"href":"https:\/\/eufortrisomy21.eu\/pt\/wp-json\/wp\/v2\/media?parent=32029"}],"wp:term":[{"taxonomy":"country","embeddable":true,"href":"https:\/\/eufortrisomy21.eu\/pt\/wp-json\/wp\/v2\/country?post=32029"}],"curies":[{"name":"wp","href":"https:\/\/api.w.org\/{rel}","templated":true}]}}