{"id":14524,"date":"2020-03-19T15:28:45","date_gmt":"2020-03-19T14:28:45","guid":{"rendered":"https:\/\/eufortrisomy21.eu\/?page_id=14524"},"modified":"2025-01-27T15:46:22","modified_gmt":"2025-01-27T14:46:22","slug":"declaration","status":"publish","type":"page","link":"https:\/\/eufortrisomy21.eu\/pt\/21march20\/declaration\/","title":{"rendered":"Declara\u00e7\u00e3o"},"content":{"rendered":"<h1>\r\n\t\t\r\n\t<\/h1>\r\n<h2>\r\n\t\tDeclara\u00e7\u00e3o do Dia Mundial da S\u00edndrome de Down no Parlamento Europeu\r\n\t<\/h2>\r\n\t<p>On the occasion of World Down Syndrome Day on the 21st March, we &#8211; members of the European Parliament and civil society &#8211; believe that the \u201crecognition of the inherent dignity and of the equal and inalienable rights of all members of the human family is the foundation of freedom, justice and peace\u201d, founding principles of the European Union. We want to create an inclusive society where the Dignity and human rights of people with disabilities are cherished by all, protected by law and put into practice in concrete actions all over Europe.<\/p>\r\n<p>Enquanto membro da Conven\u00e7\u00e3o das Na\u00e7\u00f5es Unidas sobre os Direitos das Pessoas com Defici\u00eancia (a Conven\u00e7\u00e3o), a UE e os Estados-Membros t\u00eam a obriga\u00e7\u00e3o clara de defender em toda a Uni\u00e3o os direitos de todas as pessoas com defici\u00eancia consagrados na Conven\u00e7\u00e3o.<\/p>\r\n<p>Pessoas com defici\u00eancia, incluindo pessoas com defici\u00eancia intelectual, t\u00eam o direito de ser totalmente inclu\u00eddas e de participar em igualdade de condi\u00e7\u00f5es com as outras pessoas na sociedade. As pessoas com defici\u00eancia e as suas organiza\u00e7\u00f5es representativas devem ser consultadas e envolvidas em todas as tomadas de decis\u00e3o na UE.<\/p>\r\n<p>As pessoas com defici\u00eancia na Uni\u00e3o Europeia correm um risco elevado de exclus\u00e3o social, uma vez que as suas taxas de desemprego s\u00e3o o dobro dos cidad\u00e3os sem defici\u00eancia e at\u00e9 quatro vezes mais elevadas para as pessoas com defici\u00eancia intelectual.<\/p>\r\n<p>Exigimos que os direitos das pessoas com defici\u00eancia e a Conven\u00e7\u00e3o sejam integrados em todas as pol\u00edticas e programas da Uni\u00e3o Europeia, incluindo a sa\u00fade, o emprego e a educa\u00e7\u00e3o inclusiva.<\/p>\r\n<p>We call on the European Institutions and the Member States to respect, protect and promote the individual autonomy of people with disabilities and intellectual disabilities, including the freedom to make one&#8217;s own choices. We recall the importance of supporting autonomy rising projects like inclusive educational\u00a0 programs,\u00a0 independent\u00a0 living\u00a0 projects\u00a0 as\u00a0 well\u00a0 as\u00a0 health research programs with therapeutic goals.<\/p>\r\n<p>Compreendendo a sub-representa\u00e7\u00e3o das pessoas com defici\u00eancia nas institui\u00e7\u00f5es pol\u00edticas, bem como na m\u00eddia, e a total invisibilidade pol\u00edtica das pessoas com defici\u00eancia intelectual, trabalharemos para represent\u00e1-las e colocar suas necessidades e reivindica\u00e7\u00f5es no centro da agenda pol\u00edtica.<\/p>\r\n<h2>\r\n\t\tComunicado de imprensa\r\n\t<\/h2>\r\n\t<p><a href=\"https:\/\/eufortrisomy21.eu\/wp-content\/uploads\/2020\/03\/Press_Release_20March2020.pdf\" target=\"_blank\" rel=\"noopener noreferrer\">Baixe aqui<\/a><\/p>\r\n<h2>\r\n\t\tASSINATURAS DE MEMBROS DO PARLAMENTO EUROPEU\r\n\t<\/h2>\r\n\t<table width=\"620\">\r\n<tbody>\r\n<tr>\r\n<td width=\"236\">Bettina<\/td>\r\n<td width=\"236\">Vollath<\/td>\r\n<td width=\"88\">\u00c1ustria<\/td>\r\n<td width=\"60\">SD<\/td>\r\n<\/tr>\r\n<tr>\r\n<td>Lukas<\/td>\r\n<td>Mandl<\/td>\r\n<td>\u00c1ustria<\/td>\r\n<td>EPP<\/td>\r\n<\/tr>\r\n<tr>\r\n<td>Monika<\/td>\r\n<td>Vana<\/td>\r\n<td>\u00c1ustria<\/td>\r\n<td>Verdes<\/td>\r\n<\/tr>\r\n<tr>\r\n<td>Cindy<\/td>\r\n<td>Franssen<\/td>\r\n<td>B\u00e9lgica<\/td>\r\n<td>EPP<\/td>\r\n<\/tr>\r\n<tr>\r\n<td>Olivier<\/td>\r\n<td>Chastel<\/td>\r\n<td>B\u00e9lgica<\/td>\r\n<td>Renovar<\/td>\r\n<\/tr>\r\n<tr>\r\n<td>Hilde<\/td>\r\n<td>Vautmans<\/td>\r\n<td>B\u00e9lgica<\/td>\r\n<td>Renovar<\/td>\r\n<\/tr>\r\n<tr>\r\n<td>Petra<\/td>\r\n<td>De Sutter<\/td>\r\n<td>B\u00e9lgica<\/td>\r\n<td>Verdes<\/td>\r\n<\/tr>\r\n<tr>\r\n<td>Karlo<\/td>\r\n<td>Ressler<\/td>\r\n<td>Cro\u00e1cia<\/td>\r\n<td>EPP<\/td>\r\n<\/tr>\r\n<tr>\r\n<td>Tomislav<\/td>\r\n<td>Sokol<\/td>\r\n<td>Cro\u00e1cia<\/td>\r\n<td>EPP<\/td>\r\n<\/tr>\r\n<tr>\r\n<td>Costas<\/td>\r\n<td>Mavrides<\/td>\r\n<td>Chipre<\/td>\r\n<td>SD<\/td>\r\n<\/tr>\r\n<tr>\r\n<td>Lefteris<\/td>\r\n<td>Christoforou<\/td>\r\n<td>Chipre<\/td>\r\n<td>EPP<\/td>\r\n<\/tr>\r\n<tr>\r\n<td>Radka<\/td>\r\n<td>Maxov\u00e1<\/td>\r\n<td>Czechia<\/td>\r\n<td>Renovar<\/td>\r\n<\/tr>\r\n<tr>\r\n<td>Tom\u00e1\u0161<\/td>\r\n<td>Zdechovsk\u00fd<\/td>\r\n<td>Czechia<\/td>\r\n<td>EPP<\/td>\r\n<\/tr>\r\n<tr>\r\n<td>Michaela<\/td>\r\n<td>\u0160ojdrov\u00e1<\/td>\r\n<td>Czechia<\/td>\r\n<td>EPP<\/td>\r\n<\/tr>\r\n<tr>\r\n<td>Marianne<\/td>\r\n<td>Vind<\/td>\r\n<td>Dinamarca<\/td>\r\n<td>SD<\/td>\r\n<\/tr>\r\n<tr>\r\n<td>Riho<\/td>\r\n<td>Terras<\/td>\r\n<td>Est\u00f4nia<\/td>\r\n<td>EPP<\/td>\r\n<\/tr>\r\n<tr>\r\n<td>Laura<\/td>\r\n<td>Huhtasaari<\/td>\r\n<td>Finl\u00e2ndia<\/td>\r\n<td>EU IA<\/td>\r\n<\/tr>\r\n<tr>\r\n<td>Nils<\/td>\r\n<td>Torvalds<\/td>\r\n<td>Finl\u00e2ndia<\/td>\r\n<td>Renovar<\/td>\r\n<\/tr>\r\n<tr>\r\n<td>Sirpa<\/td>\r\n<td>Pietik\u00e4inen<\/td>\r\n<td>Finl\u00e2ndia<\/td>\r\n<td>EPP<\/td>\r\n<\/tr>\r\n<tr>\r\n<td>Fran\u00e7ois-Xavier<\/td>\r\n<td>Bellamy<\/td>\r\n<td>Fran\u00e7a<\/td>\r\n<td>EPP<\/td>\r\n<\/tr>\r\n<tr>\r\n<td>Anne-Sophie<\/td>\r\n<td>Pelletier<\/td>\r\n<td>Fran\u00e7a<\/td>\r\n<td>GUE<\/td>\r\n<\/tr>\r\n<tr>\r\n<td>Pascal<\/td>\r\n<td>Durand<\/td>\r\n<td>Fran\u00e7a<\/td>\r\n<td>Renovar<\/td>\r\n<\/tr>\r\n<tr>\r\n<td>Helmut<\/td>\r\n<td>Scholz<\/td>\r\n<td>Alemanha<\/td>\r\n<td>GUE<\/td>\r\n<\/tr>\r\n<tr>\r\n<td>Marlene<\/td>\r\n<td>Mortler<\/td>\r\n<td>Alemanha<\/td>\r\n<td>EPP<\/td>\r\n<\/tr>\r\n<tr>\r\n<td>Christine<\/td>\r\n<td>Schneider<\/td>\r\n<td>Alemanha<\/td>\r\n<td>EPP<\/td>\r\n<\/tr>\r\n<tr>\r\n<td>Andreas<\/td>\r\n<td>Gl\u00fcck<\/td>\r\n<td>Alemanha<\/td>\r\n<td>Renovar<\/td>\r\n<\/tr>\r\n<tr>\r\n<td>Svenja<\/td>\r\n<td>Hahn<\/td>\r\n<td>Alemanha<\/td>\r\n<td>Renovar<\/td>\r\n<\/tr>\r\n<tr>\r\n<td>Jan-Christoph<\/td>\r\n<td>Oetjen<\/td>\r\n<td>Alemanha<\/td>\r\n<td>Renovar<\/td>\r\n<\/tr>\r\n<tr>\r\n<td>Pierrette<\/td>\r\n<td>Herzberger-Fofana<\/td>\r\n<td>Alemanha<\/td>\r\n<td>Verdes<\/td>\r\n<\/tr>\r\n<tr>\r\n<td>Jutta<\/td>\r\n<td>Paulus<\/td>\r\n<td>Alemanha<\/td>\r\n<td>Verdes<\/td>\r\n<\/tr>\r\n<tr>\r\n<td>Katrin<\/td>\r\n<td>Langensiepen<\/td>\r\n<td>Alemanha<\/td>\r\n<td>Verdes<\/td>\r\n<\/tr>\r\n<tr>\r\n<td>Terry<\/td>\r\n<td>Reintke<\/td>\r\n<td>Alemanha<\/td>\r\n<td>Verdes<\/td>\r\n<\/tr>\r\n<tr>\r\n<td>Patrick<\/td>\r\n<td>Breyer<\/td>\r\n<td>Alemanha<\/td>\r\n<td>Verdes<\/td>\r\n<\/tr>\r\n<tr>\r\n<td>Eva<\/td>\r\n<td>Kaili<\/td>\r\n<td>Gr\u00e9cia<\/td>\r\n<td>SD<\/td>\r\n<\/tr>\r\n<tr>\r\n<td>Klara<\/td>\r\n<td>Dobrev<\/td>\r\n<td>Hungria<\/td>\r\n<td>SD<\/td>\r\n<\/tr>\r\n<tr>\r\n<td>Attila<\/td>\r\n<td>Ara-Kov\u00e1cs<\/td>\r\n<td>Hungria<\/td>\r\n<td>SD<\/td>\r\n<\/tr>\r\n<tr>\r\n<td>Istv\u00e1n<\/td>\r\n<td>Ujhelyi<\/td>\r\n<td>Hungria<\/td>\r\n<td>SD<\/td>\r\n<\/tr>\r\n<tr>\r\n<td>Edina<\/td>\r\n<td>Toth<\/td>\r\n<td>Hungria<\/td>\r\n<td>EPP<\/td>\r\n<\/tr>\r\n<tr>\r\n<td>Enik\u0151<\/td>\r\n<td>Gy\u0151ri<\/td>\r\n<td>Hungria<\/td>\r\n<td>EPP<\/td>\r\n<\/tr>\r\n<tr>\r\n<td>Anna j\u00falia<\/td>\r\n<td>Don\u00e1th<\/td>\r\n<td>Hungria<\/td>\r\n<td>Renovar<\/td>\r\n<\/tr>\r\n<tr>\r\n<td>Clare<\/td>\r\n<td>Daly<\/td>\r\n<td>Irlanda<\/td>\r\n<td>GUE<\/td>\r\n<\/tr>\r\n<tr>\r\n<td>Fran\u00e7a<\/td>\r\n<td>Fitzgerald<\/td>\r\n<td>Irlanda<\/td>\r\n<td>EPP<\/td>\r\n<\/tr>\r\n<tr>\r\n<td>Sean<\/td>\r\n<td>Kelly<\/td>\r\n<td>Irlanda<\/td>\r\n<td>EPP<\/td>\r\n<\/tr>\r\n<tr>\r\n<td>Gra\u00e7a<\/td>\r\n<td>O&#039;Sullivan<\/td>\r\n<td>Irlanda<\/td>\r\n<td>Verdes<\/td>\r\n<\/tr>\r\n<tr>\r\n<td>Ciar\u00e1n<\/td>\r\n<td>Cuffe<\/td>\r\n<td>Irlanda<\/td>\r\n<td>Verdes<\/td>\r\n<\/tr>\r\n<tr>\r\n<td>Elisabetta<\/td>\r\n<td>Gualmini<\/td>\r\n<td>It\u00e1lia<\/td>\r\n<td>SD<\/td>\r\n<\/tr>\r\n<tr>\r\n<td>Andrea<\/td>\r\n<td>Cozzolino<\/td>\r\n<td>It\u00e1lia<\/td>\r\n<td>SD<\/td>\r\n<\/tr>\r\n<tr>\r\n<td>Brando<\/td>\r\n<td>Benifei<\/td>\r\n<td>It\u00e1lia<\/td>\r\n<td>SD<\/td>\r\n<\/tr>\r\n<tr>\r\n<td>Salvatore<\/td>\r\n<td>de meo<\/td>\r\n<td>It\u00e1lia<\/td>\r\n<td>EPP<\/td>\r\n<\/tr>\r\n<tr>\r\n<td>Elena<\/td>\r\n<td>Lizzi<\/td>\r\n<td>It\u00e1lia<\/td>\r\n<td>EU IA<\/td>\r\n<\/tr>\r\n<tr>\r\n<td>Gianna<\/td>\r\n<td>Gancia<\/td>\r\n<td>It\u00e1lia<\/td>\r\n<td>EU IA<\/td>\r\n<\/tr>\r\n<tr>\r\n<td>Simona<\/td>\r\n<td>Baldassarre<\/td>\r\n<td>It\u00e1lia<\/td>\r\n<td>EU IA<\/td>\r\n<\/tr>\r\n<tr>\r\n<td>Antonio maria<\/td>\r\n<td>Rinaldi<\/td>\r\n<td>It\u00e1lia<\/td>\r\n<td>EU IA<\/td>\r\n<\/tr>\r\n<tr>\r\n<td>Mara<\/td>\r\n<td>Bizzotto<\/td>\r\n<td>It\u00e1lia<\/td>\r\n<td>EU IA<\/td>\r\n<\/tr>\r\n<tr>\r\n<td>Marco<\/td>\r\n<td>Campomenosi<\/td>\r\n<td>It\u00e1lia<\/td>\r\n<td>EU IA<\/td>\r\n<\/tr>\r\n<tr>\r\n<td>Matteo<\/td>\r\n<td>Adinolfi<\/td>\r\n<td>It\u00e1lia<\/td>\r\n<td>EU IA<\/td>\r\n<\/tr>\r\n<tr>\r\n<td>Massimo<\/td>\r\n<td>Casanova<\/td>\r\n<td>It\u00e1lia<\/td>\r\n<td>EU IA<\/td>\r\n<\/tr>\r\n<tr>\r\n<td>Paolo<\/td>\r\n<td>Borchia<\/td>\r\n<td>It\u00e1lia<\/td>\r\n<td>EU IA<\/td>\r\n<\/tr>\r\n<tr>\r\n<td>Chiara<\/td>\r\n<td>Gemma<\/td>\r\n<td>It\u00e1lia<\/td>\r\n<td>N \/ D<\/td>\r\n<\/tr>\r\n<tr>\r\n<td>Marco<\/td>\r\n<td>Zullo<\/td>\r\n<td>It\u00e1lia<\/td>\r\n<td>N \/ D<\/td>\r\n<\/tr>\r\n<tr>\r\n<td>Tatjana<\/td>\r\n<td>\u017ddanoka<\/td>\r\n<td>Let\u00f4nia<\/td>\r\n<td>Verdes<\/td>\r\n<\/tr>\r\n<tr>\r\n<td>Juozas<\/td>\r\n<td>Olekas<\/td>\r\n<td>Litu\u00e2nia<\/td>\r\n<td>SD<\/td>\r\n<\/tr>\r\n<tr>\r\n<td>Petras<\/td>\r\n<td>Au\u0161trevi\u010dius<\/td>\r\n<td>Litu\u00e2nia<\/td>\r\n<td>Renovar<\/td>\r\n<\/tr>\r\n<tr>\r\n<td>Christophe<\/td>\r\n<td>Hansen<\/td>\r\n<td>Luxemburgo<\/td>\r\n<td>EPP<\/td>\r\n<\/tr>\r\n<tr>\r\n<td>Isabel<\/td>\r\n<td>Wiseler-Lima<\/td>\r\n<td>Luxemburgo<\/td>\r\n<td>EPP<\/td>\r\n<\/tr>\r\n<tr>\r\n<td>Tilly<\/td>\r\n<td>Metz<\/td>\r\n<td>Luxemburgo<\/td>\r\n<td>Verdes<\/td>\r\n<\/tr>\r\n<tr>\r\n<td>Miriam<\/td>\r\n<td>Dalli<\/td>\r\n<td>Malta<\/td>\r\n<td>SD<\/td>\r\n<\/tr>\r\n<tr>\r\n<td>Alex<\/td>\r\n<td>Agius Saliba<\/td>\r\n<td>Malta<\/td>\r\n<td>SD<\/td>\r\n<\/tr>\r\n<tr>\r\n<td>Roberta<\/td>\r\n<td>Metsola<\/td>\r\n<td>Malta<\/td>\r\n<td>EPP<\/td>\r\n<\/tr>\r\n<tr>\r\n<td>Bert-Jan<\/td>\r\n<td>Ruissen<\/td>\r\n<td>Pa\u00edses Baixos<\/td>\r\n<td>ECR<\/td>\r\n<\/tr>\r\n<tr>\r\n<td>Derk Jan<\/td>\r\n<td>Eppink<\/td>\r\n<td>Pa\u00edses Baixos<\/td>\r\n<td>ECR<\/td>\r\n<\/tr>\r\n<tr>\r\n<td>Kim<\/td>\r\n<td>van Sparrentak<\/td>\r\n<td>Pa\u00edses Baixos<\/td>\r\n<td>Verdes<\/td>\r\n<\/tr>\r\n<tr>\r\n<td>Anna<\/td>\r\n<td>Fotyga<\/td>\r\n<td>Pol\u00f4nia<\/td>\r\n<td>ECR<\/td>\r\n<\/tr>\r\n<tr>\r\n<td>Izabela<\/td>\r\n<td>Kloc<\/td>\r\n<td>Pol\u00f4nia<\/td>\r\n<td>ECR<\/td>\r\n<\/tr>\r\n<tr>\r\n<td>Elzbieta<\/td>\r\n<td>Rafalska<\/td>\r\n<td>Pol\u00f4nia<\/td>\r\n<td>ECR<\/td>\r\n<\/tr>\r\n<tr>\r\n<td>Robert<\/td>\r\n<td>Biedron<\/td>\r\n<td>Pol\u00f4nia<\/td>\r\n<td>SD<\/td>\r\n<\/tr>\r\n<tr>\r\n<td>\u0141ukasz<\/td>\r\n<td>Kohut<\/td>\r\n<td>Pol\u00f4nia<\/td>\r\n<td>SD<\/td>\r\n<\/tr>\r\n<tr>\r\n<td>Jerzy<\/td>\r\n<td>Buzek<\/td>\r\n<td>Pol\u00f4nia<\/td>\r\n<td>EPP<\/td>\r\n<\/tr>\r\n<tr>\r\n<td>Magdalena<\/td>\r\n<td>Adamowicz<\/td>\r\n<td>Pol\u00f4nia<\/td>\r\n<td>EPP<\/td>\r\n<\/tr>\r\n<tr>\r\n<td>Jaroslaw<\/td>\r\n<td>Duda<\/td>\r\n<td>Pol\u00f4nia<\/td>\r\n<td>EPP<\/td>\r\n<\/tr>\r\n<tr>\r\n<td>El\u017cbieta<\/td>\r\n<td>\u0141ukacijewska<\/td>\r\n<td>Pol\u00f4nia<\/td>\r\n<td>EPP<\/td>\r\n<\/tr>\r\n<tr>\r\n<td>Maria da gra\u00e7a<\/td>\r\n<td>Carvalho<\/td>\r\n<td>Portugal<\/td>\r\n<td>EPP<\/td>\r\n<\/tr>\r\n<tr>\r\n<td>Jose<\/td>\r\n<td>Gusm\u00e3o<\/td>\r\n<td>Portugal<\/td>\r\n<td>GUE<\/td>\r\n<\/tr>\r\n<tr>\r\n<td>Marisa<\/td>\r\n<td>Matias<\/td>\r\n<td>Portugal<\/td>\r\n<td>GUE<\/td>\r\n<\/tr>\r\n<tr>\r\n<td>Isabel<\/td>\r\n<td>Carvalhais<\/td>\r\n<td>Portugal<\/td>\r\n<td>SD<\/td>\r\n<\/tr>\r\n<tr>\r\n<td>Vencedor<\/td>\r\n<td>Negrescu<\/td>\r\n<td>Rom\u00eania<\/td>\r\n<td>SD<\/td>\r\n<\/tr>\r\n<tr>\r\n<td>Clotilde<\/td>\r\n<td>Armand<\/td>\r\n<td>Rom\u00eania<\/td>\r\n<td>Renovar<\/td>\r\n<\/tr>\r\n<tr>\r\n<td>Vlad-marius<\/td>\r\n<td>Botos<\/td>\r\n<td>Rom\u00eania<\/td>\r\n<td>Renovar<\/td>\r\n<\/tr>\r\n<tr>\r\n<td>tudor<\/td>\r\n<td>Ciuhodaru<\/td>\r\n<td>Rom\u00eania<\/td>\r\n<td>SD<\/td>\r\n<\/tr>\r\n<tr>\r\n<td>Ivan<\/td>\r\n<td>\u0160tefanec<\/td>\r\n<td>Eslov\u00e1quia<\/td>\r\n<td>EPP<\/td>\r\n<\/tr>\r\n<tr>\r\n<td>Miriam<\/td>\r\n<td>Lexmann<\/td>\r\n<td>Eslov\u00e1quia<\/td>\r\n<td>EPP<\/td>\r\n<\/tr>\r\n<tr>\r\n<td>Pedro<\/td>\r\n<td>Poll\u00e1k<\/td>\r\n<td>Eslov\u00e1quia<\/td>\r\n<td>EPP<\/td>\r\n<\/tr>\r\n<tr>\r\n<td>Vladim\u00edr<\/td>\r\n<td>Bil\u010d\u00edk<\/td>\r\n<td>Eslov\u00e1quia<\/td>\r\n<td>EPP<\/td>\r\n<\/tr>\r\n<tr>\r\n<td>Lucia<\/td>\r\n<td>\u010euri\u0161 Nicholsonov\u00e1<\/td>\r\n<td>Eslov\u00e1quia<\/td>\r\n<td>ECR<\/td>\r\n<\/tr>\r\n<tr>\r\n<td>Mil\u00e3o<\/td>\r\n<td>Brglez<\/td>\r\n<td>Eslov\u00eania<\/td>\r\n<td>SD<\/td>\r\n<\/tr>\r\n<tr>\r\n<td>Mil\u00e3o<\/td>\r\n<td>Zver<\/td>\r\n<td>Eslov\u00eania<\/td>\r\n<td>EPP<\/td>\r\n<\/tr>\r\n<tr>\r\n<td>Tanja<\/td>\r\n<td>Fajon<\/td>\r\n<td>Eslov\u00eania<\/td>\r\n<td>Renovar<\/td>\r\n<\/tr>\r\n<tr>\r\n<td>Irena<\/td>\r\n<td>Joveva<\/td>\r\n<td>Eslov\u00eania<\/td>\r\n<td>Renovar<\/td>\r\n<\/tr>\r\n<tr>\r\n<td>Jorge<\/td>\r\n<td>Buxad\u00e9<\/td>\r\n<td>Espanha<\/td>\r\n<td>ECR<\/td>\r\n<\/tr>\r\n<tr>\r\n<td>Herman<\/td>\r\n<td>Tertsch<\/td>\r\n<td>Espanha<\/td>\r\n<td>ECR<\/td>\r\n<\/tr>\r\n<tr>\r\n<td>Mazaly<\/td>\r\n<td>Aguilar<\/td>\r\n<td>Espanha<\/td>\r\n<td>ECR<\/td>\r\n<\/tr>\r\n<tr>\r\n<td>Antoni<\/td>\r\n<td>Com\u00edn i Oliveres<\/td>\r\n<td>Espanha<\/td>\r\n<td>N \/ D<\/td>\r\n<\/tr>\r\n<tr>\r\n<td>Lina<\/td>\r\n<td>Galvez<\/td>\r\n<td>Espanha<\/td>\r\n<td>SD<\/td>\r\n<\/tr>\r\n<tr>\r\n<td>Estrella<\/td>\r\n<td>Dura Ferrandis<\/td>\r\n<td>Espanha<\/td>\r\n<td>SD<\/td>\r\n<\/tr>\r\n<tr>\r\n<td>Al\u00edcia<\/td>\r\n<td>Homs Ginel<\/td>\r\n<td>Espanha<\/td>\r\n<td>SD<\/td>\r\n<\/tr>\r\n<tr>\r\n<td>Imaculada<\/td>\r\n<td>Rodr\u00edguez-Pi\u00f1ero<\/td>\r\n<td>Espanha<\/td>\r\n<td>SD<\/td>\r\n<\/tr>\r\n<tr>\r\n<td>Javier<\/td>\r\n<td>Moreno S\u00e1nchez<\/td>\r\n<td>Espanha<\/td>\r\n<td>SD<\/td>\r\n<\/tr>\r\n<tr>\r\n<td>M\u00f3nica Silvana<\/td>\r\n<td>Gonz\u00e1lez<\/td>\r\n<td>Espanha<\/td>\r\n<td>SD<\/td>\r\n<\/tr>\r\n<tr>\r\n<td>Rosa<\/td>\r\n<td>Estar\u00e0s Ferragut<\/td>\r\n<td>Espanha<\/td>\r\n<td>EPP<\/td>\r\n<\/tr>\r\n<tr>\r\n<td>Maria soraya<\/td>\r\n<td>Rodriguez Ramos<\/td>\r\n<td>Espanha<\/td>\r\n<td>Renovar<\/td>\r\n<\/tr>\r\n<tr>\r\n<td>Izaskun<\/td>\r\n<td>Bilbao Barandica<\/td>\r\n<td>Espanha<\/td>\r\n<td>Renovar<\/td>\r\n<\/tr>\r\n<tr>\r\n<td>Jordi<\/td>\r\n<td>Canas<\/td>\r\n<td>Espanha<\/td>\r\n<td>Renovar<\/td>\r\n<\/tr>\r\n<tr>\r\n<td>Adri\u00e1n<\/td>\r\n<td>V\u00e1squez L\u00e1zara<\/td>\r\n<td>Espanha<\/td>\r\n<td>Renovar<\/td>\r\n<\/tr>\r\n<tr>\r\n<td>Frederick<\/td>\r\n<td>Federley<\/td>\r\n<td>Su\u00e9cia<\/td>\r\n<td>Renovar<\/td>\r\n<\/tr>\r\n<tr>\r\n<td>Abir<\/td>\r\n<td>Al-Sahlani<\/td>\r\n<td>Su\u00e9cia<\/td>\r\n<td>Renovar<\/td>\r\n<\/tr>\r\n<tr>\r\n<td>Alice<\/td>\r\n<td>Kuhnke<\/td>\r\n<td>Su\u00e9cia<\/td>\r\n<td>Verdes<\/td>\r\n<\/tr>\r\n<tr>\r\n<td>Jakop<\/td>\r\n<td>Dalunde<\/td>\r\n<td>Su\u00e9cia<\/td>\r\n<td>Verdes<\/td>\r\n<\/tr>\r\n<tr>\r\n<td>Par<\/td>\r\n<td>Holmgren<\/td>\r\n<td>Su\u00e9cia<\/td>\r\n<td>Verdes<\/td>\r\n<\/tr>\r\n<tr>\r\n<td>Evin<\/td>\r\n<td>Incir<\/td>\r\n<td>Su\u00e9cia<\/td>\r\n<td>SD<\/td>\r\n<\/tr>\r\n<tr>\r\n<td>Hel\u00e9ne<\/td>\r\n<td>Fritzon<\/td>\r\n<td>Su\u00e9cia<\/td>\r\n<td>SD<\/td>\r\n<\/tr>\r\n<tr>\r\n<td>Jo\u00e3o<\/td>\r\n<td>Danielsson<\/td>\r\n<td>Su\u00e9cia<\/td>\r\n<td>SD<\/td>\r\n<\/tr>\r\n<tr>\r\n<td>Erik<\/td>\r\n<td>Bergkvist<\/td>\r\n<td>Su\u00e9cia<\/td>\r\n<td>SD<\/td>\r\n<\/tr>\r\n<tr>\r\n<td>Jytte<\/td>\r\n<td>Guteland<\/td>\r\n<td>Su\u00e9cia<\/td>\r\n<td>SD<\/td>\r\n<\/tr>\r\n<\/tbody>\r\n<\/table>","protected":false},"excerpt":{"rendered":"<p>World Down Syndrome Day Declaration in the European Parliament On the occasion of World Down Syndrome Day on the 21st&hellip;<\/p>","protected":false},"author":2,"featured_media":0,"parent":14422,"menu_order":0,"comment_status":"closed","ping_status":"closed","template":"","meta":{"_acf_changed":false,"footnotes":""},"class_list":["post-14524","page","type-page","status-publish","hentry"],"acf":[],"_links":{"self":[{"href":"https:\/\/eufortrisomy21.eu\/pt\/wp-json\/wp\/v2\/pages\/14524"}],"collection":[{"href":"https:\/\/eufortrisomy21.eu\/pt\/wp-json\/wp\/v2\/pages"}],"about":[{"href":"https:\/\/eufortrisomy21.eu\/pt\/wp-json\/wp\/v2\/types\/page"}],"author":[{"embeddable":true,"href":"https:\/\/eufortrisomy21.eu\/pt\/wp-json\/wp\/v2\/users\/2"}],"replies":[{"embeddable":true,"href":"https:\/\/eufortrisomy21.eu\/pt\/wp-json\/wp\/v2\/comments?post=14524"}],"version-history":[{"count":1,"href":"https:\/\/eufortrisomy21.eu\/pt\/wp-json\/wp\/v2\/pages\/14524\/revisions"}],"predecessor-version":[{"id":33889,"href":"https:\/\/eufortrisomy21.eu\/pt\/wp-json\/wp\/v2\/pages\/14524\/revisions\/33889"}],"up":[{"embeddable":true,"href":"https:\/\/eufortrisomy21.eu\/pt\/wp-json\/wp\/v2\/pages\/14422"}],"wp:attachment":[{"href":"https:\/\/eufortrisomy21.eu\/pt\/wp-json\/wp\/v2\/media?parent=14524"}],"curies":[{"name":"wp","href":"https:\/\/api.w.org\/{rel}","templated":true}]}}