{"id":29815,"date":"2021-01-20T10:52:47","date_gmt":"2021-01-20T09:52:47","guid":{"rendered":"https:\/\/eufortrisomy21.eu\/?post_type=ngo&#038;p=29815"},"modified":"2021-02-05T23:48:17","modified_gmt":"2021-02-05T22:48:17","slug":"asociatia-langdon-down-2000","status":"publish","type":"ngo","link":"https:\/\/eufortrisomy21.eu\/ro\/ngo\/asociatia-langdon-down-2000\/","title":{"rendered":"Asociatia Langdon Down 2000"},"content":{"rendered":"<table border=\"0\" width=\"99%\" cellspacing=\"0\" cellpadding=\"1\" bgcolor=\"#EAEAEA\">\n<tbody>\n<tr>\n<td>\n<table border=\"0\" width=\"100%\" cellspacing=\"0\" cellpadding=\"5\" bgcolor=\"#FFFFFF\">\n<tbody>\n<tr bgcolor=\"#EAF2FA\">\n<td colspan=\"2\"><span style=\"font-family: sans-serif; font-size: 12px;\"><strong>Numele ONG-ului<\/strong><\/span><\/td>\n<\/tr>\n<tr bgcolor=\"#FFFFFF\">\n<td width=\"20\"><\/td>\n<td><span style=\"font-family: sans-serif; font-size: 12px;\">Asociatia Langdon Down 2000<\/span><\/td>\n<\/tr>\n<tr bgcolor=\"#EAF2FA\">\n<td colspan=\"2\"><span style=\"font-family: sans-serif; font-size: 12px;\"><strong>\u021aar\u0103<\/strong><\/span><\/td>\n<\/tr>\n<tr bgcolor=\"#FFFFFF\">\n<td width=\"20\"><\/td>\n<td><span style=\"font-family: sans-serif; font-size: 12px;\">ROM\u00c2NIA<\/span><\/td>\n<\/tr>\n<tr bgcolor=\"#EAF2FA\">\n<td colspan=\"2\"><span style=\"font-family: sans-serif; font-size: 12px;\"><strong>Scurt\u0103 prezentare a ONG-ului<\/strong><\/span><\/td>\n<\/tr>\n<tr bgcolor=\"#FFFFFF\">\n<td width=\"20\"><\/td>\n<td><span style=\"font-family: sans-serif; font-size: 12px;\">Langdon Down 2000, \u00een peste 20 de ani de activitate, continu\u0103 s\u0103 ofere sprijin, \u00eengrijire \u0219i supraveghere \u0219i s\u0103 contribuie la dezvoltarea mental\u0103 \u0219i a personalit\u0103\u021bii copiilor \u0219i tinerilor n\u0103scu\u021bi cu sindrom Langdon Down.<\/span><\/td>\n<\/tr>\n<tr bgcolor=\"#EAF2FA\">\n<td colspan=\"2\"><span style=\"font-family: sans-serif; font-size: 12px;\"><strong>Contact person&#8217;s first name<\/strong><\/span><\/td>\n<\/tr>\n<tr bgcolor=\"#FFFFFF\">\n<td width=\"20\"><\/td>\n<td><span style=\"font-family: sans-serif; font-size: 12px;\">Daniel<\/span><\/td>\n<\/tr>\n<tr bgcolor=\"#EAF2FA\">\n<td colspan=\"2\"><span style=\"font-family: sans-serif; font-size: 12px;\"><strong>Contact person&#8217;s last name<\/strong><\/span><\/td>\n<\/tr>\n<tr bgcolor=\"#FFFFFF\">\n<td width=\"20\"><\/td>\n<td><span style=\"font-family: sans-serif; font-size: 12px;\">Macovei<\/span><\/td>\n<\/tr>\n<tr bgcolor=\"#EAF2FA\">\n<td colspan=\"2\"><span style=\"font-family: sans-serif; font-size: 12px;\"><strong>E-mail<\/strong><\/span><\/td>\n<\/tr>\n<tr bgcolor=\"#FFFFFF\">\n<td width=\"20\"><\/td>\n<td><span style=\"font-family: sans-serif; font-size: 12px;\">daniel.macovei@skyrconsulting.com<\/span><\/td>\n<\/tr>\n<tr bgcolor=\"#EAF2FA\">\n<td colspan=\"2\"><span style=\"font-family: sans-serif; font-size: 12px;\"><strong>Telefon<\/strong><\/span><\/td>\n<\/tr>\n<tr bgcolor=\"#FFFFFF\">\n<td width=\"20\"><\/td>\n<td><span style=\"font-family: sans-serif; font-size: 12px;\">0732470495<\/span><\/td>\n<\/tr>\n<tr bgcolor=\"#EAF2FA\">\n<td colspan=\"2\"><span style=\"font-family: sans-serif; font-size: 12px;\"><strong>Ora\u0219<\/strong><\/span><\/td>\n<\/tr>\n<tr bgcolor=\"#FFFFFF\">\n<td width=\"20\"><\/td>\n<td><span style=\"font-family: sans-serif; font-size: 12px;\">Deva<\/span><\/td>\n<\/tr>\n<tr bgcolor=\"#EAF2FA\">\n<td colspan=\"2\"><span style=\"font-family: sans-serif; font-size: 12px;\"><strong>I want to register one or more people with Down&#8217;s syndrome<\/strong><\/span><\/td>\n<\/tr>\n<tr bgcolor=\"#FFFFFF\">\n<td width=\"20\"><\/td>\n<td><span style=\"font-family: sans-serif; font-size: 12px;\">Nu<\/span><\/td>\n<\/tr>\n<tr bgcolor=\"#EAF2FA\">\n<td colspan=\"2\"><span style=\"font-family: sans-serif; font-size: 12px;\"><strong>Contacta\u021bi optin<\/strong><\/span><\/td>\n<\/tr>\n<tr bgcolor=\"#FFFFFF\">\n<td width=\"20\"><\/td>\n<td>\n<ul class=\"bulleted\">\n<li>A\u0219 dori s\u0103 fiu contactat pentru a deveni partener al UE pentru Trisomia 21<\/li>\n<\/ul>\n<p>&nbsp;<\/td>\n<\/tr>\n<tr bgcolor=\"#EAF2FA\">\n<td colspan=\"2\"><\/td>\n<\/tr>\n<tr bgcolor=\"#FFFFFF\">\n<td width=\"20\"><\/td>\n<td><span style=\"font-family: sans-serif; font-size: 12px;\"><span style=\"font-family: sans-serif; font-size: 12px;\"><img decoding=\"async\" src=\"https:\/\/eufortrisomy21.eu\/wp-content\/plugins\/gravityforms\/images\/tick.png\" \/> Sunt de acord cu politica de confiden\u021bialitate.<\/span><\/span><\/p>\n<div class=\"gfield_consent_description\">Complet\u00e2nd acest formular sunte\u021bi de acord ca datele dvs. de contact s\u0103 fie incluse \u00een fi\u0219ierul de contact EUfortrisomy21. V\u0103 rug\u0103m s\u0103 re\u021bine\u021bi c\u0103 acest fi\u0219ier r\u0103m\u00e2ne responsabilitatea exclusiv\u0103 a EUfortrisomy21 \u0219i c\u0103 nu este \u00eemp\u0103rt\u0103\u0219it \u00een niciun caz cu alte entit\u0103\u021bi. Dac\u0103 nu mai dori\u021bi s\u0103 primi\u021bi comunic\u0103rile noastre \u00een viitor, pur \u0219i simplu dezabona\u021bi-v\u0103 cu linkul de mai jos. Ve\u021bi avea dreptul de a accesa, rectifica sau \u0219terge datele care v\u0103 privesc \u00een orice moment \u0219i dreptul de a v\u0103 opune sau de a limita prelucrarea acestora. Pentru a v\u0103 exercita drepturile, ne pute\u021bi contacta la privacy @ eufortrisomy21. Pentru mai multe informa\u021bii despre protec\u021bia datelor dvs. personale: confiden\u021bialitate @ eufortrisomy21<\/div>\n<p>&nbsp;<\/td>\n<\/tr>\n<\/tbody>\n<\/table>\n<\/td>\n<\/tr>\n<\/tbody>\n<\/table>","protected":false},"featured_media":0,"template":"","country":[27],"class_list":["post-29815","ngo","type-ngo","status-publish","hentry","country-romania"],"acf":[],"_links":{"self":[{"href":"https:\/\/eufortrisomy21.eu\/ro\/wp-json\/wp\/v2\/ngo\/29815"}],"collection":[{"href":"https:\/\/eufortrisomy21.eu\/ro\/wp-json\/wp\/v2\/ngo"}],"about":[{"href":"https:\/\/eufortrisomy21.eu\/ro\/wp-json\/wp\/v2\/types\/ngo"}],"version-history":[{"count":0,"href":"https:\/\/eufortrisomy21.eu\/ro\/wp-json\/wp\/v2\/ngo\/29815\/revisions"}],"wp:attachment":[{"href":"https:\/\/eufortrisomy21.eu\/ro\/wp-json\/wp\/v2\/media?parent=29815"}],"wp:term":[{"taxonomy":"country","embeddable":true,"href":"https:\/\/eufortrisomy21.eu\/ro\/wp-json\/wp\/v2\/country?post=29815"}],"curies":[{"name":"wp","href":"https:\/\/api.w.org\/{rel}","templated":true}]}}