{"id":30548,"date":"2021-02-08T17:24:35","date_gmt":"2021-02-08T16:24:35","guid":{"rendered":"https:\/\/eufortrisomy21.eu\/pl\/?post_type=ngo&#038;p=30548"},"modified":"2021-02-09T08:51:21","modified_gmt":"2021-02-09T07:51:21","slug":"legnickie-stowarzyszenie-rodzin-i-przyjaciol-dzieci-z-zespolem-downa-otworz-serce","status":"publish","type":"ngo","link":"https:\/\/eufortrisomy21.eu\/ro\/ngo\/legnickie-stowarzyszenie-rodzin-i-przyjaciol-dzieci-z-zespolem-downa-otworz-serce\/","title":{"rendered":"LEGNICKIE STOWARZYSZENIE RODZIN I PRZYJACI\u00d3\u0141 DZIECI Z ZESPO\u0141EM DOWNA \u201eOTW\u00d3RZ SERCE\u201d"},"content":{"rendered":"<table border=\"0\" width=\"99%\" cellspacing=\"0\" cellpadding=\"1\" bgcolor=\"#EAEAEA\">\n<tbody>\n<tr>\n<td>\n<table border=\"0\" width=\"100%\" cellspacing=\"0\" cellpadding=\"5\" bgcolor=\"#FFFFFF\">\n<tbody>\n<tr bgcolor=\"#EAF2FA\">\n<td colspan=\"2\"><span style=\"font-family: sans-serif; font-size: 12px;\"><strong>Numele ONG-ului<\/strong><\/span><\/td>\n<\/tr>\n<tr bgcolor=\"#FFFFFF\">\n<td width=\"20\"><\/td>\n<td><span style=\"font-family: sans-serif; font-size: 12px;\">LEGNICKIE STOWARZYSZENIE RODZIN I PRZYJACI\u00d3\u0141 DZIECI Z ZESPO\u0141EM DOWNA \u201eOTW\u00d3RZ SERCE\u201d<\/span><\/td>\n<\/tr>\n<tr bgcolor=\"#EAF2FA\">\n<td colspan=\"2\"><span style=\"font-family: sans-serif; font-size: 12px;\"><strong>Sigl\u0103<\/strong><\/span><\/td>\n<\/tr>\n<tr bgcolor=\"#FFFFFF\">\n<td width=\"20\"><\/td>\n<td>\n<ul>\n<li><a href=\"https:\/\/eufortrisomy21.eu\/wp-content\/uploads\/2021\/02\/logo.png\" target=\"_blank\" rel=\"noopener\" aria-label=\"Click to view\">logo.png<\/a><\/li>\n<\/ul>\n<p>&nbsp;<\/td>\n<\/tr>\n<tr bgcolor=\"#EAF2FA\">\n<td colspan=\"2\"><span style=\"font-family: sans-serif; font-size: 12px;\"><strong>\u021aar\u0103<\/strong><\/span><\/td>\n<\/tr>\n<tr bgcolor=\"#FFFFFF\">\n<td width=\"20\"><\/td>\n<td><span style=\"font-family: sans-serif; font-size: 12px;\">POLONIA<\/span><\/td>\n<\/tr>\n<tr bgcolor=\"#EAF2FA\">\n<td colspan=\"2\"><span style=\"font-family: sans-serif; font-size: 12px;\"><strong>Scurt\u0103 prezentare a ONG-ului<\/strong><\/span><\/td>\n<\/tr>\n<tr bgcolor=\"#FFFFFF\">\n<td width=\"20\"><\/td>\n<td><span style=\"font-family: sans-serif; font-size: 12px;\">Mamy pod opieka 64 dzieci . Dzia\u0142amy ju\u017c kilkana\u015bcie lat. Udzielamy pomocy i wsparcia niepe\u0142nosprawnym i ich rodzinom na ka\u017cdym etapie \u017cycia. Organizujemy wydarzenia kulturalne (m.in. od lat obchody 21.03).Organizujemy turnusy rehabilitacyjne, p\u00f3\u0142kolonie i inne niezb\u0119dne terapie.<\/span><\/td>\n<\/tr>\n<tr bgcolor=\"#EAF2FA\">\n<td colspan=\"2\"><span style=\"font-family: sans-serif; font-size: 12px;\"><strong>Facebook<\/strong><\/span><\/td>\n<\/tr>\n<tr bgcolor=\"#FFFFFF\">\n<td width=\"20\"><\/td>\n<td><span style=\"font-family: sans-serif; font-size: 12px;\">https:\/\/pl-pl.facebook.com\/otworz.serce<\/span><\/td>\n<\/tr>\n<tr bgcolor=\"#EAF2FA\">\n<td colspan=\"2\"><span style=\"font-family: sans-serif; font-size: 12px;\"><strong>Contact person&#8217;s first name<\/strong><\/span><\/td>\n<\/tr>\n<tr bgcolor=\"#FFFFFF\">\n<td width=\"20\"><\/td>\n<td><span style=\"font-family: sans-serif; font-size: 12px;\">Anna<\/span><\/td>\n<\/tr>\n<tr bgcolor=\"#EAF2FA\">\n<td colspan=\"2\"><span style=\"font-family: sans-serif; font-size: 12px;\"><strong>Contact person&#8217;s last name<\/strong><\/span><\/td>\n<\/tr>\n<tr bgcolor=\"#FFFFFF\">\n<td width=\"20\"><\/td>\n<td><span style=\"font-family: sans-serif; font-size: 12px;\">K\u0105cka<\/span><\/td>\n<\/tr>\n<tr bgcolor=\"#EAF2FA\">\n<td colspan=\"2\"><span style=\"font-family: sans-serif; font-size: 12px;\"><strong>E-mail<\/strong><\/span><\/td>\n<\/tr>\n<tr bgcolor=\"#FFFFFF\">\n<td width=\"20\"><\/td>\n<td><span style=\"font-family: sans-serif; font-size: 12px;\">stowarzyszenie.otworzserce@wp.pl<\/span><\/td>\n<\/tr>\n<tr bgcolor=\"#EAF2FA\">\n<td colspan=\"2\"><span style=\"font-family: sans-serif; font-size: 12px;\"><strong>Telefon<\/strong><\/span><\/td>\n<\/tr>\n<tr bgcolor=\"#FFFFFF\">\n<td width=\"20\"><\/td>\n<td><span style=\"font-family: sans-serif; font-size: 12px;\">+48 501 594 220<\/span><\/td>\n<\/tr>\n<tr bgcolor=\"#EAF2FA\">\n<td colspan=\"2\"><span style=\"font-family: sans-serif; font-size: 12px;\"><strong>Ora\u0219<\/strong><\/span><\/td>\n<\/tr>\n<tr bgcolor=\"#FFFFFF\">\n<td width=\"20\"><\/td>\n<td><span style=\"font-family: sans-serif; font-size: 12px;\">Legnica<\/span><\/td>\n<\/tr>\n<tr bgcolor=\"#EAF2FA\">\n<td colspan=\"2\"><span style=\"font-family: sans-serif; font-size: 12px;\"><strong>I want to register one or more people with Down&#8217;s syndrome<\/strong><\/span><\/td>\n<\/tr>\n<tr bgcolor=\"#FFFFFF\">\n<td width=\"20\"><\/td>\n<td><span style=\"font-family: sans-serif; font-size: 12px;\">Nu<\/span><\/td>\n<\/tr>\n<tr bgcolor=\"#EAF2FA\">\n<td colspan=\"2\"><span style=\"font-family: sans-serif; font-size: 12px;\"><strong>Contacta\u021bi optin<\/strong><\/span><\/td>\n<\/tr>\n<tr bgcolor=\"#FFFFFF\">\n<td width=\"20\"><\/td>\n<td>\n<ul class=\"bulleted\">\n<li>A\u0219 dori s\u0103 fiu contactat pentru a deveni partener al UE pentru Trisomia 21<\/li>\n<\/ul>\n<p>&nbsp;<\/td>\n<\/tr>\n<tr bgcolor=\"#EAF2FA\">\n<td colspan=\"2\"><\/td>\n<\/tr>\n<tr bgcolor=\"#FFFFFF\">\n<td width=\"20\"><\/td>\n<td><span style=\"font-family: sans-serif; font-size: 12px;\"><span style=\"font-family: sans-serif; font-size: 12px;\"><img decoding=\"async\" src=\"https:\/\/eufortrisomy21.eu\/wp-content\/plugins\/gravityforms\/images\/tick.png\" \/> Sunt de acord cu politica de confiden\u021bialitate.<\/span><\/span><\/p>\n<div class=\"gfield_consent_description\">Complet\u00e2nd acest formular sunte\u021bi de acord ca datele dvs. de contact s\u0103 fie incluse \u00een fi\u0219ierul de contact EUfortrisomy21. V\u0103 rug\u0103m s\u0103 re\u021bine\u021bi c\u0103 acest fi\u0219ier r\u0103m\u00e2ne responsabilitatea exclusiv\u0103 a EUfortrisomy21 \u0219i c\u0103 nu este \u00eemp\u0103rt\u0103\u0219it \u00een niciun caz cu alte entit\u0103\u021bi. Dac\u0103 nu mai dori\u021bi s\u0103 primi\u021bi comunic\u0103rile noastre \u00een viitor, pur \u0219i simplu dezabona\u021bi-v\u0103 cu linkul de mai jos. Ve\u021bi avea dreptul de a accesa, rectifica sau \u0219terge datele care v\u0103 privesc \u00een orice moment \u0219i dreptul de a v\u0103 opune sau de a limita prelucrarea acestora. Pentru a v\u0103 exercita drepturile, ne pute\u021bi contacta la privacy @ eufortrisomy21. Pentru mai multe informa\u021bii despre protec\u021bia datelor dvs. personale: confiden\u021bialitate @ eufortrisomy21<\/div>\n<p>&nbsp;<\/td>\n<\/tr>\n<\/tbody>\n<\/table>\n<\/td>\n<\/tr>\n<\/tbody>\n<\/table>","protected":false},"featured_media":0,"template":"","country":[10],"class_list":["post-30548","ngo","type-ngo","status-publish","hentry","country-poland"],"acf":[],"_links":{"self":[{"href":"https:\/\/eufortrisomy21.eu\/ro\/wp-json\/wp\/v2\/ngo\/30548"}],"collection":[{"href":"https:\/\/eufortrisomy21.eu\/ro\/wp-json\/wp\/v2\/ngo"}],"about":[{"href":"https:\/\/eufortrisomy21.eu\/ro\/wp-json\/wp\/v2\/types\/ngo"}],"version-history":[{"count":0,"href":"https:\/\/eufortrisomy21.eu\/ro\/wp-json\/wp\/v2\/ngo\/30548\/revisions"}],"wp:attachment":[{"href":"https:\/\/eufortrisomy21.eu\/ro\/wp-json\/wp\/v2\/media?parent=30548"}],"wp:term":[{"taxonomy":"country","embeddable":true,"href":"https:\/\/eufortrisomy21.eu\/ro\/wp-json\/wp\/v2\/country?post=30548"}],"curies":[{"name":"wp","href":"https:\/\/api.w.org\/{rel}","templated":true}]}}