{"id":30672,"date":"2021-02-11T13:02:27","date_gmt":"2021-02-11T12:02:27","guid":{"rendered":"https:\/\/eufortrisomy21.eu\/pl\/?post_type=ngo&#038;p=30672"},"modified":"2021-02-11T13:34:26","modified_gmt":"2021-02-11T12:34:26","slug":"stowarzyszenie-rodzin-i-opiekunow-osob-z-zespolem-downa-bardziej-kochani","status":"publish","type":"ngo","link":"https:\/\/eufortrisomy21.eu\/ro\/ngo\/stowarzyszenie-rodzin-i-opiekunow-osob-z-zespolem-downa-bardziej-kochani\/","title":{"rendered":"Stowarzyszenie Rodzin i Opiekun\u00f3w Os\u00f3b z Zespo\u0142em Downa bardziej Kochani"},"content":{"rendered":"<table border=\"0\" width=\"99%\" cellspacing=\"0\" cellpadding=\"1\" bgcolor=\"#EAEAEA\">\n<tbody>\n<tr>\n<td>\n<table border=\"0\" width=\"100%\" cellspacing=\"0\" cellpadding=\"5\" bgcolor=\"#FFFFFF\">\n<tbody>\n<tr bgcolor=\"#EAF2FA\">\n<td colspan=\"2\"><span style=\"font-family: sans-serif; font-size: 12px;\"><strong>Numele ONG-ului<\/strong><\/span><\/td>\n<\/tr>\n<tr bgcolor=\"#FFFFFF\">\n<td width=\"20\"><\/td>\n<td><span style=\"font-family: sans-serif; font-size: 12px;\">Stowarzyszenie Rodzin i Opiekun\u00f3w Os\u00f3b z Zespo\u0142em Downa bardziej Kochani<\/span><\/td>\n<\/tr>\n<tr bgcolor=\"#EAF2FA\">\n<td colspan=\"2\"><span style=\"font-family: sans-serif; font-size: 12px;\"><strong>Sigl\u0103<\/strong><\/span><\/td>\n<\/tr>\n<tr bgcolor=\"#FFFFFF\">\n<td width=\"20\"><\/td>\n<td>\n<ul>\n<li><a href=\"https:\/\/eufortrisomy21.eu\/wp-content\/uploads\/2021\/02\/logo-bk-scaled.jpg\" target=\"_blank\" rel=\"noopener\" aria-label=\"Click to view\">logo-bk-scaled.jpg<\/a><\/li>\n<\/ul>\n<p>&nbsp;<\/td>\n<\/tr>\n<tr bgcolor=\"#EAF2FA\">\n<td colspan=\"2\"><span style=\"font-family: sans-serif; font-size: 12px;\"><strong>\u021aar\u0103<\/strong><\/span><\/td>\n<\/tr>\n<tr bgcolor=\"#FFFFFF\">\n<td width=\"20\"><\/td>\n<td><span style=\"font-family: sans-serif; font-size: 12px;\">POLONIA<\/span><\/td>\n<\/tr>\n<tr bgcolor=\"#EAF2FA\">\n<td colspan=\"2\"><span style=\"font-family: sans-serif; font-size: 12px;\"><strong>Scurt\u0103 prezentare a ONG-ului<\/strong><\/span><\/td>\n<\/tr>\n<tr bgcolor=\"#FFFFFF\">\n<td width=\"20\"><\/td>\n<td><span style=\"font-family: sans-serif; font-size: 12px;\">Oferta dla rodzic\u00f3w &#8211; og\u00f3lnopolski informator, telefon zaufania, konferencje, turnusy, specjalistyczny kwartalnik i wydawnictwa. Dla os\u00f3b z zespo\u0142em Downa &#8211; kolonie rehabilitacyjne, rehabilitacyjne zaj\u0119cia pozalekcyjne, wycieczki po Warszawie i Europie, imprezy okoliczno\u015bciowe.<\/span><\/td>\n<\/tr>\n<tr bgcolor=\"#EAF2FA\">\n<td colspan=\"2\"><span style=\"font-family: sans-serif; font-size: 12px;\"><strong>Site-ul web<\/strong><\/span><\/td>\n<\/tr>\n<tr bgcolor=\"#FFFFFF\">\n<td width=\"20\"><\/td>\n<td><span style=\"font-family: sans-serif; font-size: 12px;\">www.bardziejkochani.pl<\/span><\/td>\n<\/tr>\n<tr bgcolor=\"#EAF2FA\">\n<td colspan=\"2\"><span style=\"font-family: sans-serif; font-size: 12px;\"><strong>Facebook<\/strong><\/span><\/td>\n<\/tr>\n<tr bgcolor=\"#FFFFFF\">\n<td width=\"20\"><\/td>\n<td><span style=\"font-family: sans-serif; font-size: 12px;\">https:\/\/pl-pl.facebook.com\/bkochani<\/span><\/td>\n<\/tr>\n<tr bgcolor=\"#EAF2FA\">\n<td colspan=\"2\"><span style=\"font-family: sans-serif; font-size: 12px;\"><strong>Contact person&#8217;s first name<\/strong><\/span><\/td>\n<\/tr>\n<tr bgcolor=\"#FFFFFF\">\n<td width=\"20\"><\/td>\n<td><span style=\"font-family: sans-serif; font-size: 12px;\">Ewa<\/span><\/td>\n<\/tr>\n<tr bgcolor=\"#EAF2FA\">\n<td colspan=\"2\"><span style=\"font-family: sans-serif; font-size: 12px;\"><strong>Contact person&#8217;s last name<\/strong><\/span><\/td>\n<\/tr>\n<tr bgcolor=\"#FFFFFF\">\n<td width=\"20\"><\/td>\n<td><span style=\"font-family: sans-serif; font-size: 12px;\">Suchcicka<\/span><\/td>\n<\/tr>\n<tr bgcolor=\"#EAF2FA\">\n<td colspan=\"2\"><span style=\"font-family: sans-serif; font-size: 12px;\"><strong>E-mail<\/strong><\/span><\/td>\n<\/tr>\n<tr bgcolor=\"#FFFFFF\">\n<td width=\"20\"><\/td>\n<td><span style=\"font-family: sans-serif; font-size: 12px;\">esuchcicka@bardziejkochani.pl<\/span><\/td>\n<\/tr>\n<tr bgcolor=\"#EAF2FA\">\n<td colspan=\"2\"><span style=\"font-family: sans-serif; font-size: 12px;\"><strong>Telefon<\/strong><\/span><\/td>\n<\/tr>\n<tr bgcolor=\"#FFFFFF\">\n<td width=\"20\"><\/td>\n<td><span style=\"font-family: sans-serif; font-size: 12px;\">48 502147487<\/span><\/td>\n<\/tr>\n<tr bgcolor=\"#EAF2FA\">\n<td colspan=\"2\"><span style=\"font-family: sans-serif; font-size: 12px;\"><strong>Ora\u0219<\/strong><\/span><\/td>\n<\/tr>\n<tr bgcolor=\"#FFFFFF\">\n<td width=\"20\"><\/td>\n<td><span style=\"font-family: sans-serif; font-size: 12px;\">Warszawa<\/span><\/td>\n<\/tr>\n<tr bgcolor=\"#EAF2FA\">\n<td colspan=\"2\"><span style=\"font-family: sans-serif; font-size: 12px;\"><strong>I want to register one or more people with Down&#8217;s syndrome<\/strong><\/span><\/td>\n<\/tr>\n<tr bgcolor=\"#FFFFFF\">\n<td width=\"20\"><\/td>\n<td><span style=\"font-family: sans-serif; font-size: 12px;\">Nu<\/span><\/td>\n<\/tr>\n<tr bgcolor=\"#EAF2FA\">\n<td colspan=\"2\"><span style=\"font-family: sans-serif; font-size: 12px;\"><strong>Contacta\u021bi optin<\/strong><\/span><\/td>\n<\/tr>\n<tr bgcolor=\"#FFFFFF\">\n<td width=\"20\"><\/td>\n<td>\n<ul class=\"bulleted\">\n<li>A\u0219 dori s\u0103 fiu contactat pentru a deveni partener al UE pentru Trisomia 21<\/li>\n<\/ul>\n<p>&nbsp;<\/td>\n<\/tr>\n<tr bgcolor=\"#EAF2FA\">\n<td colspan=\"2\"><\/td>\n<\/tr>\n<tr bgcolor=\"#FFFFFF\">\n<td width=\"20\"><\/td>\n<td><span style=\"font-family: sans-serif; font-size: 12px;\"><span style=\"font-family: sans-serif; font-size: 12px;\"><img decoding=\"async\" src=\"https:\/\/eufortrisomy21.eu\/wp-content\/plugins\/gravityforms\/images\/tick.png\" \/> Sunt de acord cu politica de confiden\u021bialitate.<\/span><\/span><\/p>\n<div class=\"gfield_consent_description\">Complet\u00e2nd acest formular sunte\u021bi de acord ca datele dvs. de contact s\u0103 fie incluse \u00een fi\u0219ierul de contact EUfortrisomy21. V\u0103 rug\u0103m s\u0103 re\u021bine\u021bi c\u0103 acest fi\u0219ier r\u0103m\u00e2ne responsabilitatea exclusiv\u0103 a EUfortrisomy21 \u0219i c\u0103 nu este \u00eemp\u0103rt\u0103\u0219it \u00een niciun caz cu alte entit\u0103\u021bi. Dac\u0103 nu mai dori\u021bi s\u0103 primi\u021bi comunic\u0103rile noastre \u00een viitor, pur \u0219i simplu dezabona\u021bi-v\u0103 cu linkul de mai jos. Ve\u021bi avea dreptul de a accesa, rectifica sau \u0219terge datele care v\u0103 privesc \u00een orice moment \u0219i dreptul de a v\u0103 opune sau de a limita prelucrarea acestora. Pentru a v\u0103 exercita drepturile, ne pute\u021bi contacta la privacy @ eufortrisomy21. Pentru mai multe informa\u021bii despre protec\u021bia datelor dvs. personale: confiden\u021bialitate @ eufortrisomy21<\/div>\n<p>&nbsp;<\/td>\n<\/tr>\n<\/tbody>\n<\/table>\n<\/td>\n<\/tr>\n<\/tbody>\n<\/table>","protected":false},"featured_media":0,"template":"","country":[10],"class_list":["post-30672","ngo","type-ngo","status-publish","hentry","country-poland"],"acf":[],"_links":{"self":[{"href":"https:\/\/eufortrisomy21.eu\/ro\/wp-json\/wp\/v2\/ngo\/30672"}],"collection":[{"href":"https:\/\/eufortrisomy21.eu\/ro\/wp-json\/wp\/v2\/ngo"}],"about":[{"href":"https:\/\/eufortrisomy21.eu\/ro\/wp-json\/wp\/v2\/types\/ngo"}],"version-history":[{"count":0,"href":"https:\/\/eufortrisomy21.eu\/ro\/wp-json\/wp\/v2\/ngo\/30672\/revisions"}],"wp:attachment":[{"href":"https:\/\/eufortrisomy21.eu\/ro\/wp-json\/wp\/v2\/media?parent=30672"}],"wp:term":[{"taxonomy":"country","embeddable":true,"href":"https:\/\/eufortrisomy21.eu\/ro\/wp-json\/wp\/v2\/country?post=30672"}],"curies":[{"name":"wp","href":"https:\/\/api.w.org\/{rel}","templated":true}]}}