{"id":32524,"date":"2022-02-02T00:03:05","date_gmt":"2022-02-01T23:03:05","guid":{"rendered":"https:\/\/eufortrisomy21.eu\/?page_id=32524"},"modified":"2025-01-27T16:19:49","modified_gmt":"2025-01-27T15:19:49","slug":"wdsd22","status":"publish","type":"page","link":"https:\/\/eufortrisomy21.eu\/ro\/wdsd22\/","title":{"rendered":"WDSD22 &#8211; 21 March 2022"},"content":{"rendered":"\r\n\r\n\t\t\t\t<img loading=\"lazy\" decoding=\"async\" src=\"https:\/\/eufortrisomy21.eu\/wp-content\/uploads\/2022\/06\/World-Down-Syndrome-Day-Banner.jpg\" alt=\"World Down Syndrome Day - Banner\" itemprop=\"image\" height=\"800\" width=\"2000\" title=\"World Down Syndrome Day - Banner\" onerror=\"this.style.display='none'\"  \/>\r\n<h2>\r\n\t\tWhat is it about ?\r\n\t<\/h2>\r\n\t<p>This year on World Down Syndrome Day, the international theme is &#8220;What does Inclusion mean?&#8221;. (#inclusionmeans) In the light of that EU for Trisomy 21 has decided to focus our celebration around that theme through multiple ways.\u00a0<\/p>\r\n<p>First, on WDSD March 21st cities all over our network will join our flashmob, dancing to the tune of &#8220;Back on my Feet&#8221; by Kimberose.\u00a0<\/p>\r\n<p>Second, with our Great Initiative campaign we called upon you to help highlight great practices from all over Europe that over the past year have helped better the lives of people with Trisomy 21. This culminated in an online party on March 21nd at 6pm CET, where we announced the winner of our #GreatInitiatives Contest! Check out more details below!<\/p>\r\n\t\t\t<a href=\"https:\/\/fb.me\/e\/2hCNNnjsN\" target=\"_blank\" role=\"button\" rel=\"noopener\">\r\n\t\t\t\t\t\tFind out who the winning initiative is in our annoucnement video here!\r\n\t\t\t\t\t<\/a>\r\n<h3>\r\n\t\tShare this page with your contacts on :\r\n\t<\/h3>\r\n\t\t\t\t<a href=\"https:\/\/www.facebook.com\/sharer.php?u=https:\/\/eufortrisomy21.eu\/?page_id=32524&#038;fl_builder&#038;title=WDSD22+%26%238211%3B+21+March+2022\">\r\n\t\t\t\t\t\t\t\t\t\t\t\tShare on Facebook\r\n\t\t\t\t\t\t\t\t\t\t\t\t\t\t\tFacebook\r\n\t\t\t\t\t\t\t\t\t<\/a>\r\n\t\t\t\t<a href=\"https:\/\/twitter.com\/intent\/tweet?url=https:\/\/eufortrisomy21.eu\/?page_id=32524&#038;fl_builder&#038;text=WDSD22+%26%238211%3B+21+March+2022\">\r\n\t\t\t\t\t\t\t\t\t\t\t\tShare on Twitter\r\n\t\t\t\t\t\t\t\t\t\t\t\t\t\t\tTwitter\r\n\t\t\t\t\t\t\t\t\t<\/a>\r\n\t\t\t\t<a href=\"https:\/\/www.linkedin.com\/shareArticle?mini=true&#038;url=https:\/\/eufortrisomy21.eu\/?page_id=32524&#038;fl_builder&#038;title=WDSD22+%26%238211%3B+21+March+2022\">\r\n\t\t\t\t\t\t\t\t\t\t\t\tShare on Linkedin\r\n\t\t\t\t\t\t\t\t\t\t\t\t\t\t\tLinkedin\r\n\t\t\t\t\t\t\t\t\t<\/a>\r\n\t\t\t\t<a href=\"https:\/\/api.whatsapp.com\/send?text=https:\/\/eufortrisomy21.eu\/?page_id=32524&#038;fl_builder\">\r\n\t\t\t\t\t\t\t\t\t\t\t\tShare on WhatsApp\r\n\t\t\t\t\t\t\t\t\t\t\t\t\t\t\tWhatsApp\r\n\t\t\t\t\t\t\t\t\t<\/a>\r\n\t\t\t\t<a href=\"https:\/\/telegram.me\/share\/url?url=https:\/\/eufortrisomy21.eu\/?page_id=32524&#038;fl_builder&#038;text=WDSD22+%26%238211%3B+21+March+2022\">\r\n\t\t\t\t\t\t\t\t\t\t\t\tShare on Telegram\r\n\t\t\t\t\t\t\t\t\t\t\t\t\t\t\tTelegram\r\n\t\t\t\t\t\t\t\t\t<\/a>\r\n<h2>\r\n\t\t#GreatInitiatives Campaign\r\n\t<\/h2>\r\n\t<p>For World Down Syndrome Day 2022, EU for Trisomy 21 wants to shine a light on initiatives from all over Europe that have shown great success in including people with Trisomy 21 in general society. <\/p>\r\n<p>The initiatives we chose promote one of the priorities for EU for Trisomy 21: visibility, autonomy, health, non-discrimination of people with Trisomy 21. They all have a collective dimension and are ready to inspire other organisations all over Europe. Some of them are small businesses that place an emphasis on diversity employment, others are volunteer groups that support families, NGOs that have worked with decision makers on a local level to better the lives of people with Trisomy 21.\u00a0<\/p>\r\n\t<p>We received over 60 submissions from countries all over Europe and chose 29 of them, giving them a chance to share their experience and successes with our network.\u00a0 On March 21 2022 during our online celebration of the World Down Syndrome day, we will have a live-stream on Facebook where the top 3 voted for Initiatives will get the chance to answer questions from you and to again present themselves on our livestream &#8211; and we will announce the winner of our contest!<\/p>\r\n<p>First Price: An all expenses paid trip to Brussels to join our in-Person workshop on May 9th at the European Parliament and present their initiative to the European Parliament.<\/p>\r\n\t\t\t<a href=\"https:\/\/fb.me\/e\/2hCNNnjsN\" target=\"_blank\" role=\"button\" rel=\"noopener\">\r\n\t\t\t\t\t\tFind out who the winning initiative is in our announcement video here!\r\n\t\t\t\t\t<\/a>\r\n<h2>\r\n\t\tJoin the Flashmob\r\n\t<\/h2>\r\n\t<p>Last year EU for Trisomy 21 launched a challenge: a dance to unite people from all over Europe to celebrate World Down Syndrome Day. <\/p>\r\n<h3>\r\n\t\tDo you and your organisation want to join our flashmob?\r\n\t<\/h3>\r\n\t<p>For now we have confirmed Flashmobs in the following places &#8211; all the times displayed are<strong> local times<\/strong> to avoid any confusion.<\/p>\r\n\t\t\t\tParis, France, 20.3.2022, 2:30PM\r\n\t\t\t\t<p>Informations :\u00a0<\/p>\r\n<p>Where? <a href=\"https:\/\/goo.gl\/maps\/8Wdui3upmWPXiCZL7\">Place Saint Sulpice<\/a><\/p>\r\n\t\t\t\tVannes, France, 20.3.2022, 4PM\r\n\t\t\t\t<p>Information:<\/p>\r\n<p>Where? <a href=\"https:\/\/goo.gl\/maps\/BEoZHfwChXnbtVqy9\">Esplanade du Port<\/a><\/p>\r\n\t\t\t\tSantes (close to Lille), France, 20.3.2022, 1PM\r\n\t\t\t\t<p>Information:<\/p>\r\n<p>Where? <a href=\"https:\/\/goo.gl\/maps\/HrhgsrU6EHECWzUq8\">STADE &#8211; avenue Niedernberg<\/a><\/p>\r\n\t\t\t\tNiolon (close to Marseille), France, 21.3.2022, 2PM\r\n\t\t\t\t<p>Information:<\/p>\r\n<p>Where? <a href=\"https:\/\/goo.gl\/maps\/rg7VGEDxunxfd4mP8\">La Gare<\/a><\/p>\r\n\t\t\t\tMadrid, Spain, 20.3.2022, 5PM\r\n\t\t\t\t<p>Informations :\u00a0<\/p>\r\n<p>Where? <a href=\"https:\/\/goo.gl\/maps\/usrZQ2aZQ3BwTpTXA\">Avenida Monforte de Lemos 1 (Google Maps Link)<\/a><\/p>\r\n<p>Contact: <a href=\"montesrodri@yahoo.es\">Email<\/a><\/p>\r\n\t\t\t\tBudapest, Hungary, 21.3.2022, 5:30PM\r\n\t\t\t\t<p>Informations :\u00a0<\/p>\r\n<p>Where? Baross u.1. Premier Kultcaf\u00e9 el\u0151tti t\u00e9r<a href=\"https:\/\/goo.gl\/maps\/zBBNWX4V46v81niw8\">(Google Maps Link)<\/a><\/p>\r\n<p>Contact: <a href=\"katalin.nyitrai@csodavarak.hu\">Email<\/a>\u00a0<a href=\"http:\/\/www.facebook.com\/csodavarak.hu\">Facebook<\/a><\/p>\r\n\t\t\t\tNy\u00edregyh\u00e1za, Hungary, 21.3.2022, 2PM\r\n\t\t\t\t<p>Informations :\u00a0<\/p>\r\n<p>Where? <a href=\"https:\/\/goo.gl\/maps\/vso8bt2bcZcMqGxz9\">Kossuth t\u00e9r<\/a> (Google Maps Link)<\/p>\r\n<p>Contact: <a href=\"kata.vekony@rejtettkincsek.hu\">Email<\/a> <a href=\"https:\/\/www.facebook.com\/events\/3136401106573917\">Facebook<\/a><\/p>\r\n\t\t\t\tWroc\u0142aw, Poland, 20.3.2022, 5PM\r\n\t\t\t\t<p>Informations :\u00a0<\/p>\r\n<p>Where? <a href=\"https:\/\/goo.gl\/maps\/19fdx2AsUjjRdiys7\">Centrum Kultury Agora, ul. Serbska 5a, 51-111 Wroc\u0142aw <\/a><\/p>\r\n\t\t\t\tWarsaw, Poland, TBA\r\n\t\t\t\t<p>Informations :\u00a0<\/p>\r\n\t\t\t\tThessaloniki, Greece, 21.3.2022, 11am\r\n\t\t\t\tTrim, Co. Meath, Ireland, 21.3.2022, 1pm\r\n\t\t\t\t<p>Informations :\u00a0<\/p>\r\n<p>Where? <a href=\"https:\/\/www.google.ie\/maps\/place\/Trim+Castle\/@53.5544387,-6.7896963,19.34z\/data=!4m5!3m4!1s0x48675e1a63b4e9d5:0x67316970ece20964!8m2!3d53.5544205!4d-6.7893993\">Trim Castle (Google Maps Link)<\/a><\/p>\r\n<p>Contact: <a href=\"https:\/\/www.instagram.com\/downsyndromeireland\/\">Instagram<\/a> <a href=\"https:\/\/www.facebook.com\/downsyndromeireland\">Facebook<\/a> <a href=\"nessa@barndoorcreativestudios.ie\">Email<\/a><\/p>\r\n\t\t\t\tCluj-Napoca, Romania, 21.3.2022, 4PM\r\n\t\t\t\t<p>Informations :\u00a0<\/p>\r\n<p>Where? <a href=\"https:\/\/goo.gl\/maps\/zd9T67DsRNPsNKea9\">Piata Unirii<\/a> (Google Maps Links)<\/p>\r\n<p>Contact: <a href=\"https:\/\/www.instagram.com\/apcsdc\/\">Instagram<\/a> <a href=\"https:\/\/www.facebook.com\/EUforTrisomy21Romania\">Facebook<\/a> <a href=\"iulia.popa.rus@gmail.com\">Email<\/a><\/p>\r\n\t\t\t\tCraiova (Bailesti), Romania, 21.3.2022, 5PM\r\n\t\t\t\t<p>Informations :\u00a0<\/p>\r\n<p>Where? <a href=\"https:\/\/goo.gl\/maps\/j5eJjkvXf1wHHLJn7\">Craiova (Google Maps Link)<\/a><\/p>\r\n<p>Contact:<a href=\"aldo_ro2000@yahoo.com\">Email<\/a><\/p>\r\n\t\t\t\tBoldur, Romania, 21.3.2022\r\n\t\t\t\t<p>Informations :\u00a0<\/p>\r\n\t\t\t\tIasi, Romania, 20.3.2022, 12PM\r\n\t\t\t\t<p>Informations :\u00a0<\/p>\r\n<p>Where? <a href=\"https:\/\/goo.gl\/maps\/gdWPHCdVmWcq73Kw6\">Palas Mall Atrium Zone (Google Maps Link)<\/a><\/p>\r\n<p>Contact: <a href=\"iasi.acic@gmail.com\">Email<\/a>\u00a0<a href=\"https:\/\/m.facebook.com\/Asocia%C8%9Bia-Cet%C4%83%C8%9Benilor-Implica%C8%9Bi-%C3%AEn-Comunitate-Ia%C8%99i-126151675851214\/\">Facebook<\/a><\/p>\r\n\t\t\t\tOradea, Romania, 21.3.2022\r\n\t\t\t\t<p>Informations :\u00a0<\/p>\r\n\t\t\t\tBucuresti, Romania, 21.3.2022, 4PM\r\n\t\t\t\t<p>Informations :\u00a0<\/p>\r\n<p>Where? <a href=\"https:\/\/goo.gl\/maps\/WMzRSYEPXJTQHsNk7\">Calea 13 Septembrie 168-184<\/a><\/p>\r\n<p>Contact: <a href=\"georgetabucur1969@gmail.com\">Email<\/a>\u00a0<\/p>\r\n\t\t\t\tConstanta, Romania, 21.3.2022, 1PM\r\n\t\t\t\t<p>Informations :\u00a0<\/p>\r\n<p>Where? <a href=\"https:\/\/goo.gl\/maps\/T58TTeqynbKhyy6WA\">Facultatea de educa\u021bie fizica \u0219i sport<\/a><\/p>\r\n\t\t\t\tGozo, Maltese Islands, 19.3.2022, 3PM\r\n\t\t\t\t<p>Permitting Weather Conditions!<\/p>\r\n\t\t\t\tRabat, Malta, 20.3.2022, 11AM\r\n\t\t\t\t<p>Informations :\u00a0<\/p>\r\n\t\t\t\tSofia Center, Bulgaria, 20.3.2022, 2PM\r\n\t\t\t\t<p>Informations :\u00a0<\/p>\r\n<p><a href=\"https:\/\/goo.gl\/maps\/S93EQ5t8BUcmSZ7J9\">Google Maps Location link<\/a><\/p>\r\n\t\t\t\tVienna, Austria, 21.03.2022, 4:30PM\r\n\t\t\t\t<p>Informations :\u00a0<\/p>\r\n<p>Where? In front of <a href=\"https:\/\/goo.gl\/maps\/at3A5RNa13BLuc3G9\">St Stephens Cathedral (Google Maps Link)<\/a><\/p>\r\n\t\t\t\tG\u00f6tzis, Austria, 21.03.2022, 3:21PM\r\n\t\t\t\t<p>Informations :\u00a0<\/p>\r\n<p>Where? <a href=\"https:\/\/goo.gl\/maps\/4vA3LjoBgczVroum7\">Garnmarkt<\/a><\/p>\r\n\t\t\t\tBerlin, Germany, 21.03.2022, TBA\r\n\t\t\t\t<p>Informations :\u00a0<\/p>\r\n<p>Where? Tempelhofer Feld<\/p>\r\n\t\t\t\tRendsburg, Germany, 21.03.2022, 4PM\r\n\t\t\t\t<p>Informations :\u00a0<\/p>\r\n<p>Where? Innenstadt<\/p>\r\n<p>Contact: Nilo_nuh_x21<\/p>\r\n\t\t\t\tChi\u0219in\u0103u, Moldova, 21.03.2022, 12PM\r\n\t\t\t\t<p>Informations :\u00a0<\/p>\r\n<p>Where? <a href=\"https:\/\/goo.gl\/maps\/s8eQJJVx5CL4k4cS9\">Str.G.Muzicescu 12<\/a><\/p>\r\n\t\t\t\tVilnius, Lithuania, 21.03.2022, 11AM\r\n\t<p>Send us an email [encode]contact@eufortrisomy21.eu[\/encode] to find out more &#8211; If you want to organise your own, follow these simple instructions to organise your own :<\/p>\r\n\t\t<ul>\r\n\t\t\t\t\t<li>\r\n\t\t\t\tLearn the dance through our simple Step-By-Step Instructions\r\n\t\t\t<\/li>\r\n\t\t\t\t\t<li>\r\n\t\t\t\tReach out to your friends and fellow World Down Syndrome Day celebrators and arrange to meet on the 21st of March at around 4pm! Pick a place to meet like a park or square in front of a landmark in your city\r\n\t\t\t<\/li>\r\n\t\t\t\t\t<li>\r\n\t\t\t\tBring your phone &#038; loudspeakers for the music &#8220;Back on my feet&#8221; by Kimberose\r\n\t\t\t<\/li>\r\n\t\t\t\t\t<li>\r\n\t\t\t\tAsk someone to film the spectacle &#038; post it on WDSD 2022 tagging @eufortrisomy21\r\n\t\t\t<\/li>\r\n\t\t\t\t<\/ul>\r\n\t\t\t<a href=\"\" target=\"_self\" role=\"button\" rel=\"noopener\">\r\n\t\t\t\t\t\tLearn the steps\r\n\t\t\t\t\t<\/a>\r\n\t\t<h4>\r\n\t\t\tModal Box\r\n\t\t\t\t\t<\/h4>\r\n\t\t<h5>modal-<\/h5>\r\n\t\tClick here to edit the &#8220;modal-box&#8221; settings. This text is only for editing and will not appear after you publish the changes.\t\r\n\t\t\t\t\t\tPreview\r\n\t\t\tmodal-\r\n\t\t<h2>\r\n\t\tStep-By-Step Instructions\r\n\t<\/h2>\r\n\t<iframe allowfullscreen allow=\"autoplay\" data-src=\"https:\/\/www.youtube-nocookie.com\/embed\/0bZZ9kNZpr4?feature=oembed&amp;start&amp;end&amp;wmode=opaque&amp;loop=0&amp;controls=1&amp;mute=0&amp;rel=0&amp;modestbranding=1\"><\/iframe>\t\t\r\n\t\t\t\t\tPlay Video\r\n\t<iframe allowfullscreen allow=\"autoplay\" data-src=\"https:\/\/www.youtube-nocookie.com\/embed\/sh-KU86dQIc?feature=oembed&amp;start&amp;end&amp;wmode=opaque&amp;loop=0&amp;controls=1&amp;mute=0&amp;rel=0&amp;modestbranding=1\"><\/iframe>\t\t\r\n\t\t\t\t\tPlay Video\r\n\t<iframe allowfullscreen allow=\"autoplay\" data-src=\"https:\/\/www.youtube-nocookie.com\/embed\/HSH6YQN2pco?feature=oembed&amp;start&amp;end&amp;wmode=opaque&amp;loop=0&amp;controls=1&amp;mute=0&amp;rel=0&amp;modestbranding=1\"><\/iframe>\t\t\r\n\t\t\t\t\tPlay Video\r\n\t<iframe allowfullscreen allow=\"autoplay\" data-src=\"https:\/\/www.youtube-nocookie.com\/embed\/tpraLUNFq4U?feature=oembed&amp;start&amp;end&amp;wmode=opaque&amp;loop=0&amp;controls=1&amp;mute=0&amp;rel=0&amp;modestbranding=1\"><\/iframe>\t\t\r\n\t\t\t\t\tPlay Video\r\n\t<iframe allowfullscreen allow=\"autoplay\" data-src=\"https:\/\/www.youtube-nocookie.com\/embed\/uvrUuYzlIC4?feature=oembed&amp;start&amp;end&amp;wmode=opaque&amp;loop=0&amp;controls=1&amp;mute=0&amp;rel=0&amp;modestbranding=1\"><\/iframe>\t\t\r\n\t\t\t\t\tPlay Video\r\n\t<iframe allowfullscreen allow=\"autoplay\" data-src=\"https:\/\/www.youtube-nocookie.com\/embed\/vxy5TzR8K2A?feature=oembed&amp;start&amp;end&amp;wmode=opaque&amp;loop=0&amp;controls=1&amp;mute=0&amp;rel=0&amp;modestbranding=1\"><\/iframe>\t\t\r\n\t\t\t\t\tPlay Video\r\n<h2>\r\n\t\tPartners\r\n\t<\/h2>\r\n\t<meta itemscope itemprop=\"mainEntityOfPage\" itemtype=\"https:\/\/schema.org\/WebPage\" itemid=\"https:\/\/eufortrisomy21.eu\/ngo\/inclusion-finland-fduv\/\" content=\"Inclusion Finland FDUV\" \/><meta itemprop=\"datePublished\" content=\"2021-05-10\" \/><meta itemprop=\"dateModified\" content=\"2021-05-10\" \/><meta itemprop=\"name\" content=\"EU for Trisomy 21\"\/><meta itemprop=\"url\" content=\"https:\/\/eufortrisomy21.eu\/author\/contacteufortrisomy21-eu\/\" \/><meta itemprop=\"name\" content=\"contact@eufortrisomy21.eu\" \/><meta itemprop=\"interactionType\" content=\"https:\/\/schema.org\/CommentAction\" \/><meta itemprop=\"userInteractionCount\" content=\"0\" \/>\r\n<a href=\"https:\/\/eufortrisomy21.eu\/ngo\/inclusion-finland-fduv\/\">\r\n\t<img decoding=\"async\" src=\"https:\/\/eufortrisomy21.eu\/wp-content\/uploads\/2021\/05\/FDUV_logo.jpg\"\/>\r\n\t<\/a>\r\n\t<meta itemscope itemprop=\"mainEntityOfPage\" itemtype=\"https:\/\/schema.org\/WebPage\" itemid=\"https:\/\/eufortrisomy21.eu\/ngo\/kreissportjugend-im-kreissportbund-sonneberg-e-v\/\" content=\"Kreissportjugend im Kreissportbund Sonneberg e.V.\" \/><meta itemprop=\"datePublished\" content=\"2021-03-18\" \/><meta itemprop=\"dateModified\" content=\"2021-03-18\" \/><meta itemprop=\"name\" content=\"EU for Trisomy 21\"\/><meta itemprop=\"url\" content=\"https:\/\/eufortrisomy21.eu\/author\/contacteufortrisomy21-eu\/\" \/><meta itemprop=\"name\" content=\"contact@eufortrisomy21.eu\" \/><meta itemprop=\"interactionType\" content=\"https:\/\/schema.org\/CommentAction\" \/><meta itemprop=\"userInteractionCount\" content=\"0\" \/>\r\n<a href=\"https:\/\/eufortrisomy21.eu\/ngo\/kreissportjugend-im-kreissportbund-sonneberg-e-v\/\">\r\n\t<img decoding=\"async\" src=\"https:\/\/eufortrisomy21.eu\/wp-content\/uploads\/2021\/03\/Logo-KSJ.doc\"\/>\r\n\t<\/a>\r\n\t<meta itemscope itemprop=\"mainEntityOfPage\" itemtype=\"https:\/\/schema.org\/WebPage\" itemid=\"https:\/\/eufortrisomy21.eu\/ngo\/%cf%83%cf%85%ce%bb%ce%bb%ce%bf%ce%b3%ce%bf%cf%83-%cf%86%ce%b9%ce%bb%cf%89%ce%bd-%cf%84%cf%89%ce%bd-%ce%ba%ce%b1%cf%81%ce%ba%ce%b9%ce%bd%ce%bf%cf%80%ce%b1%ce%b8%cf%89%ce%bd-%cf%80%ce%b1%ce%b9%ce%b4\/\" content=\"\u03a3\u03a5\u039b\u039b\u039f\u0393\u039f\u03a3 \u03a6\u0399\u039b\u03a9\u039d \u03a4\u03a9\u039d \u039a\u0391\u03a1\u039a\u0399\u039d\u039f\u03a0\u0391\u0398\u03a9\u039d \u03a0\u0391\u0399\u0394\u0399\u03a9\u039d &#8220;\u03a3\u03a4\u039f\u03a1\u0393\u0397&#8221;\" \/><meta itemprop=\"datePublished\" content=\"2021-03-18\" \/><meta itemprop=\"dateModified\" content=\"2021-03-18\" \/><meta itemprop=\"name\" content=\"EU for Trisomy 21\"\/><meta itemprop=\"url\" content=\"https:\/\/eufortrisomy21.eu\/author\/contacteufortrisomy21-eu\/\" \/><meta itemprop=\"name\" content=\"contact@eufortrisomy21.eu\" \/><meta itemprop=\"interactionType\" content=\"https:\/\/schema.org\/CommentAction\" \/><meta itemprop=\"userInteractionCount\" content=\"0\" \/>\r\n<a href=\"https:\/\/eufortrisomy21.eu\/ngo\/%cf%83%cf%85%ce%bb%ce%bb%ce%bf%ce%b3%ce%bf%cf%83-%cf%86%ce%b9%ce%bb%cf%89%ce%bd-%cf%84%cf%89%ce%bd-%ce%ba%ce%b1%cf%81%ce%ba%ce%b9%ce%bd%ce%bf%cf%80%ce%b1%ce%b8%cf%89%ce%bd-%cf%80%ce%b1%ce%b9%ce%b4\/\">\r\n\t<img decoding=\"async\" src=\"https:\/\/eufortrisomy21.eu\/wp-content\/uploads\/2021\/03\/\u03bd\u03b5\u03bf.docx\"\/>\r\n\t<\/a>\r\n\t<meta itemscope itemprop=\"mainEntityOfPage\" itemtype=\"https:\/\/schema.org\/WebPage\" itemid=\"https:\/\/eufortrisomy21.eu\/ngo\/the-christian-organization-of-good-samaritan\/\" content=\"The Christian Organization of Good Samaritan\" \/><meta itemprop=\"datePublished\" content=\"2021-03-16\" \/><meta itemprop=\"dateModified\" content=\"2021-03-18\" \/><meta itemprop=\"name\" content=\"EU for Trisomy 21\"\/><meta itemprop=\"url\" content=\"https:\/\/eufortrisomy21.eu\/author\/contacteufortrisomy21-eu\/\" \/><meta itemprop=\"name\" content=\"contact@eufortrisomy21.eu\" \/><meta itemprop=\"interactionType\" content=\"https:\/\/schema.org\/CommentAction\" \/><meta itemprop=\"userInteractionCount\" content=\"0\" \/>\r\n<a href=\"https:\/\/eufortrisomy21.eu\/ngo\/the-christian-organization-of-good-samaritan\/\">\r\n\tThe Christian Organization of Good Samaritan\r\n\t<\/a>\r\n\t<meta itemscope itemprop=\"mainEntityOfPage\" itemtype=\"https:\/\/schema.org\/WebPage\" itemid=\"https:\/\/eufortrisomy21.eu\/ngo\/slovak-down-syndrome-association\/\" content=\"Slovak Down Syndrome association\" \/><meta itemprop=\"datePublished\" content=\"2021-03-15\" \/><meta itemprop=\"dateModified\" content=\"2021-07-18\" \/><meta itemprop=\"name\" content=\"EU for Trisomy 21\"\/><meta itemprop=\"url\" content=\"https:\/\/eufortrisomy21.eu\/author\/contacteufortrisomy21-eu\/\" \/><meta itemprop=\"name\" content=\"contact@eufortrisomy21.eu\" \/><meta itemprop=\"interactionType\" content=\"https:\/\/schema.org\/CommentAction\" \/><meta itemprop=\"userInteractionCount\" content=\"0\" \/>\r\n<a href=\"https:\/\/eufortrisomy21.eu\/ngo\/slovak-down-syndrome-association\/\">\r\n\t<img decoding=\"async\" src=\"https:\/\/eufortrisomy21.eu\/wp-content\/uploads\/2021\/03\/SDS_logo_full.png\"\/>\r\n\t<\/a>\r\n\t<meta itemscope itemprop=\"mainEntityOfPage\" itemtype=\"https:\/\/schema.org\/WebPage\" itemid=\"https:\/\/eufortrisomy21.eu\/ngo\/fundacja-supersprawni\/\" content=\"Fundacja SUPERSPRAWNI\" \/><meta itemprop=\"datePublished\" content=\"2021-03-15\" \/><meta itemprop=\"dateModified\" content=\"2021-03-15\" \/><meta itemprop=\"name\" content=\"EU for Trisomy 21\"\/><meta itemprop=\"url\" content=\"https:\/\/eufortrisomy21.eu\/author\/contacteufortrisomy21-eu\/\" \/><meta itemprop=\"name\" content=\"contact@eufortrisomy21.eu\" \/><meta itemprop=\"interactionType\" content=\"https:\/\/schema.org\/CommentAction\" \/><meta itemprop=\"userInteractionCount\" content=\"0\" \/>\r\n<a href=\"https:\/\/eufortrisomy21.eu\/ngo\/fundacja-supersprawni\/\">\r\n\t<img decoding=\"async\" src=\"https:\/\/eufortrisomy21.eu\/wp-content\/uploads\/2021\/03\/SUPERSPRAWNI_KOLOR.png\"\/>\r\n\t<\/a>\r\n\t<meta itemscope itemprop=\"mainEntityOfPage\" itemtype=\"https:\/\/schema.org\/WebPage\" itemid=\"https:\/\/eufortrisomy21.eu\/ngo\/ich-bin-aktiv\/\" content=\"ich bin aktiv\" \/><meta itemprop=\"datePublished\" content=\"2021-03-15\" \/><meta itemprop=\"dateModified\" content=\"2021-03-15\" \/><meta itemprop=\"name\" content=\"EU for Trisomy 21\"\/><meta itemprop=\"url\" content=\"https:\/\/eufortrisomy21.eu\/author\/contacteufortrisomy21-eu\/\" \/><meta itemprop=\"name\" content=\"contact@eufortrisomy21.eu\" \/><meta itemprop=\"interactionType\" content=\"https:\/\/schema.org\/CommentAction\" \/><meta itemprop=\"userInteractionCount\" content=\"0\" \/>\r\n<a href=\"https:\/\/eufortrisomy21.eu\/ngo\/ich-bin-aktiv\/\">\r\n\t<img decoding=\"async\" src=\"https:\/\/eufortrisomy21.eu\/wp-content\/uploads\/2021\/03\/ichbinaktiv_LOGO-scaled.jpg\"\/>\r\n\t<\/a>\r\n\t<meta itemscope itemprop=\"mainEntityOfPage\" itemtype=\"https:\/\/schema.org\/WebPage\" itemid=\"https:\/\/eufortrisomy21.eu\/ngo\/down-syndrome-ireland-mayo-branch\/\" content=\"Down Syndrome Ireland Mayo Branch\" \/><meta itemprop=\"datePublished\" content=\"2021-03-12\" \/><meta itemprop=\"dateModified\" content=\"2021-03-12\" \/><meta itemprop=\"name\" content=\"EU for Trisomy 21\"\/><meta itemprop=\"url\" content=\"https:\/\/eufortrisomy21.eu\/author\/contacteufortrisomy21-eu\/\" \/><meta itemprop=\"name\" content=\"contact@eufortrisomy21.eu\" \/><meta itemprop=\"interactionType\" content=\"https:\/\/schema.org\/CommentAction\" \/><meta itemprop=\"userInteractionCount\" content=\"0\" \/>\r\n<a href=\"https:\/\/eufortrisomy21.eu\/ngo\/down-syndrome-ireland-mayo-branch\/\">\r\n\tDown Syndrome Ireland Mayo Branch\r\n\t<\/a>\r\n\t<meta itemscope itemprop=\"mainEntityOfPage\" itemtype=\"https:\/\/schema.org\/WebPage\" itemid=\"https:\/\/eufortrisomy21.eu\/ngo\/downi-sundroomi-uhing-down-syndrome-association-estonia\/\" content=\"Downi S\u00fcndroomi \u00dching \/ Down Syndrome Association Estonia\" \/><meta itemprop=\"datePublished\" content=\"2021-03-11\" \/><meta itemprop=\"dateModified\" content=\"2021-03-12\" \/><meta itemprop=\"name\" content=\"EU for Trisomy 21\"\/><meta itemprop=\"url\" content=\"https:\/\/eufortrisomy21.eu\/author\/contacteufortrisomy21-eu\/\" \/><meta itemprop=\"name\" content=\"contact@eufortrisomy21.eu\" \/><meta itemprop=\"interactionType\" content=\"https:\/\/schema.org\/CommentAction\" \/><meta itemprop=\"userInteractionCount\" content=\"0\" \/>\r\n<a href=\"https:\/\/eufortrisomy21.eu\/ngo\/downi-sundroomi-uhing-down-syndrome-association-estonia\/\">\r\n\tDowni S\u00fcndroomi \u00dching \/ Down Syndrome Association Estonia\r\n\t<\/a>\r\n\t<meta itemscope itemprop=\"mainEntityOfPage\" itemtype=\"https:\/\/schema.org\/WebPage\" itemid=\"https:\/\/eufortrisomy21.eu\/ngo\/inclution-org\/\" content=\"inclution.org\" \/><meta itemprop=\"datePublished\" content=\"2021-03-11\" \/><meta itemprop=\"dateModified\" content=\"2021-03-11\" \/><meta itemprop=\"name\" content=\"EU for Trisomy 21\"\/><meta itemprop=\"url\" content=\"https:\/\/eufortrisomy21.eu\/author\/contacteufortrisomy21-eu\/\" \/><meta itemprop=\"name\" content=\"contact@eufortrisomy21.eu\" \/><meta itemprop=\"interactionType\" content=\"https:\/\/schema.org\/CommentAction\" \/><meta itemprop=\"userInteractionCount\" content=\"0\" \/>\r\n<a href=\"https:\/\/eufortrisomy21.eu\/ngo\/inclution-org\/\">\r\n\t<img decoding=\"async\" src=\"https:\/\/eufortrisomy21.eu\/wp-content\/uploads\/2021\/03\/inclution_450x450_blau.jpg\"\/>\r\n\t<\/a>\r\n\t<meta itemscope itemprop=\"mainEntityOfPage\" itemtype=\"https:\/\/schema.org\/WebPage\" itemid=\"https:\/\/eufortrisomy21.eu\/ngo\/triso-opolskie-stowarzyszenie-na-rzecz-rozwoju-dzueci-z-trisomia-21\/\" content=\"TRISO OPOLSKIE STOWARZYSZENIE NA RZECZ ROZWOJU DZUECI Z TRISOMI\u0104 21\" \/><meta itemprop=\"datePublished\" content=\"2021-03-11\" \/><meta itemprop=\"dateModified\" content=\"2021-03-11\" \/><meta itemprop=\"name\" content=\"EU for Trisomy 21\"\/><meta itemprop=\"url\" content=\"https:\/\/eufortrisomy21.eu\/author\/contacteufortrisomy21-eu\/\" \/><meta itemprop=\"name\" content=\"contact@eufortrisomy21.eu\" \/><meta itemprop=\"interactionType\" content=\"https:\/\/schema.org\/CommentAction\" \/><meta itemprop=\"userInteractionCount\" content=\"0\" \/>\r\n<a href=\"https:\/\/eufortrisomy21.eu\/ngo\/triso-opolskie-stowarzyszenie-na-rzecz-rozwoju-dzueci-z-trisomia-21\/\">\r\n\t<img decoding=\"async\" src=\"https:\/\/eufortrisomy21.eu\/wp-content\/uploads\/2021\/03\/logo-A.jpg\"\/>\r\n\t<\/a>\r\n\t<meta itemscope itemprop=\"mainEntityOfPage\" itemtype=\"https:\/\/schema.org\/WebPage\" itemid=\"https:\/\/eufortrisomy21.eu\/ngo\/ja-wybieram-stowarzyszenie-na-rzecz-osob-wyjatkowych\/\" content=\"JA-WYBIERAM. Stowarzyszenie na rzecz os\u00f3b wyj\u0105tkowych\" \/><meta itemprop=\"datePublished\" content=\"2021-03-09\" \/><meta itemprop=\"dateModified\" content=\"2021-03-10\" \/><meta itemprop=\"name\" content=\"EU for Trisomy 21\"\/><meta itemprop=\"url\" content=\"https:\/\/eufortrisomy21.eu\/author\/contacteufortrisomy21-eu\/\" \/><meta itemprop=\"name\" content=\"contact@eufortrisomy21.eu\" \/><meta itemprop=\"interactionType\" content=\"https:\/\/schema.org\/CommentAction\" \/><meta itemprop=\"userInteractionCount\" content=\"0\" \/>\r\n<a href=\"https:\/\/eufortrisomy21.eu\/ngo\/ja-wybieram-stowarzyszenie-na-rzecz-osob-wyjatkowych\/\">\r\n\t<img decoding=\"async\" src=\"https:\/\/eufortrisomy21.eu\/wp-content\/uploads\/2021\/03\/ja-wybieram.logo_-scaled.jpg\"\/>\r\n\t<\/a>\r\n\t<meta itemscope itemprop=\"mainEntityOfPage\" itemtype=\"https:\/\/schema.org\/WebPage\" itemid=\"https:\/\/eufortrisomy21.eu\/ngo\/larche-le-caillou-blanc\/\" content=\"L&#8217;Arche le Caillou Blanc\" \/><meta itemprop=\"datePublished\" content=\"2021-03-08\" \/><meta itemprop=\"dateModified\" content=\"2021-03-09\" \/><meta itemprop=\"name\" content=\"EU for Trisomy 21\"\/><meta itemprop=\"url\" content=\"https:\/\/eufortrisomy21.eu\/author\/contacteufortrisomy21-eu\/\" \/><meta itemprop=\"name\" content=\"contact@eufortrisomy21.eu\" \/><meta itemprop=\"interactionType\" content=\"https:\/\/schema.org\/CommentAction\" \/><meta itemprop=\"userInteractionCount\" content=\"0\" \/>\r\n<a href=\"https:\/\/eufortrisomy21.eu\/ngo\/larche-le-caillou-blanc\/\">\r\n\t<img decoding=\"async\" src=\"https:\/\/eufortrisomy21.eu\/wp-content\/uploads\/2021\/03\/LARCGE-CAILLOU-BLANC.jpg\"\/>\r\n\t<\/a>\r\n\t<meta itemscope itemprop=\"mainEntityOfPage\" itemtype=\"https:\/\/schema.org\/WebPage\" itemid=\"https:\/\/eufortrisomy21.eu\/ngo\/association-chromosome-surprise\/\" content=\"ASSOCIATION CHROMOSOME SURPRISE\" \/><meta itemprop=\"datePublished\" content=\"2021-03-06\" \/><meta itemprop=\"dateModified\" content=\"2021-03-09\" \/><meta itemprop=\"name\" content=\"EU for Trisomy 21\"\/><meta itemprop=\"url\" content=\"https:\/\/eufortrisomy21.eu\/author\/contacteufortrisomy21-eu\/\" \/><meta itemprop=\"name\" content=\"contact@eufortrisomy21.eu\" \/><meta itemprop=\"interactionType\" content=\"https:\/\/schema.org\/CommentAction\" \/><meta itemprop=\"userInteractionCount\" content=\"0\" \/>\r\n<a href=\"https:\/\/eufortrisomy21.eu\/ngo\/association-chromosome-surprise\/\">\r\n\t<img decoding=\"async\" src=\"https:\/\/eufortrisomy21.eu\/wp-content\/uploads\/2021\/03\/LOGO-1.png\"\/>\r\n\t<\/a>\r\n\t<meta itemscope itemprop=\"mainEntityOfPage\" itemtype=\"https:\/\/schema.org\/WebPage\" itemid=\"https:\/\/eufortrisomy21.eu\/ngo\/stowarzyszenie-chata-z-pomyslami-the-hut-with-ideas-association\/\" content=\"Stowarzyszenie \u201eChata z pomys\u0142ami\" (\u201eThe Hut with Ideas\" Association)\" \/><meta itemprop=\"datePublished\" content=\"2021-03-03\" \/><meta itemprop=\"dateModified\" content=\"2021-03-04\" \/><meta itemprop=\"name\" content=\"EU for Trisomy 21\"\/><meta itemprop=\"url\" content=\"https:\/\/eufortrisomy21.eu\/author\/contacteufortrisomy21-eu\/\" \/><meta itemprop=\"name\" content=\"contact@eufortrisomy21.eu\" \/><meta itemprop=\"interactionType\" content=\"https:\/\/schema.org\/CommentAction\" \/><meta itemprop=\"userInteractionCount\" content=\"0\" \/>\r\n<a href=\"https:\/\/eufortrisomy21.eu\/ngo\/stowarzyszenie-chata-z-pomyslami-the-hut-with-ideas-association\/\">\r\n\t<img decoding=\"async\" src=\"https:\/\/eufortrisomy21.eu\/wp-content\/uploads\/2021\/03\/logo-Chata-FB.png\"\/>\r\n\t<\/a>\r\n\t<meta itemscope itemprop=\"mainEntityOfPage\" itemtype=\"https:\/\/schema.org\/WebPage\" itemid=\"https:\/\/eufortrisomy21.eu\/ngo\/happycurien-asbl\/\" content=\"HAPPYCURIEN ASBL\" \/><meta itemprop=\"datePublished\" content=\"2021-03-03\" \/><meta itemprop=\"dateModified\" content=\"2021-03-08\" \/><meta itemprop=\"name\" content=\"EU for Trisomy 21\"\/><meta itemprop=\"url\" content=\"https:\/\/eufortrisomy21.eu\/author\/contacteufortrisomy21-eu\/\" \/><meta itemprop=\"name\" content=\"contact@eufortrisomy21.eu\" \/><meta itemprop=\"interactionType\" content=\"https:\/\/schema.org\/CommentAction\" \/><meta itemprop=\"userInteractionCount\" content=\"0\" \/>\r\n<a href=\"https:\/\/eufortrisomy21.eu\/ngo\/happycurien-asbl\/\">\r\n\t<img decoding=\"async\" src=\"https:\/\/eufortrisomy21.eu\/wp-content\/uploads\/2021\/03\/Logo_RGB.png\"\/>\r\n\t<\/a>\r\n\t<meta itemscope itemprop=\"mainEntityOfPage\" itemtype=\"https:\/\/schema.org\/WebPage\" itemid=\"https:\/\/eufortrisomy21.eu\/ngo\/%ce%ba%ce%b4%ce%b1%cf%80-%ce%bc%ce%b5%ce%b1-%cf%83%cf%85%ce%ba%ce%b5%cf%89%ce%bd\/\" content=\"\u039a\u0394\u0391\u03a0 \u039c\u0395\u0391 \u03a3\u03a5\u039a\u0395\u03a9\u039d\" \/><meta itemprop=\"datePublished\" content=\"2021-03-02\" \/><meta itemprop=\"dateModified\" content=\"2021-03-03\" \/><meta itemprop=\"name\" content=\"EU for Trisomy 21\"\/><meta itemprop=\"url\" content=\"https:\/\/eufortrisomy21.eu\/author\/contacteufortrisomy21-eu\/\" \/><meta itemprop=\"name\" content=\"contact@eufortrisomy21.eu\" \/><meta itemprop=\"interactionType\" content=\"https:\/\/schema.org\/CommentAction\" \/><meta itemprop=\"userInteractionCount\" content=\"0\" \/>\r\n<a href=\"https:\/\/eufortrisomy21.eu\/ngo\/%ce%ba%ce%b4%ce%b1%cf%80-%ce%bc%ce%b5%ce%b1-%cf%83%cf%85%ce%ba%ce%b5%cf%89%ce%bd\/\">\r\n\t<img decoding=\"async\" src=\"https:\/\/eufortrisomy21.eu\/wp-content\/uploads\/2021\/03\/\u039a\u0394\u0391\u03a0-\u039c\u0395\u0391-\u03a3\u03a5\u039a\u0395\u03a9\u039d.doc\"\/>\r\n\t<\/a>\r\n\t<meta itemscope itemprop=\"mainEntityOfPage\" itemtype=\"https:\/\/schema.org\/WebPage\" itemid=\"https:\/\/eufortrisomy21.eu\/ngo\/association-la-ferme-de-tobie\/\" content=\"Association La ferme de Tobie\" \/><meta itemprop=\"datePublished\" content=\"2021-03-01\" \/><meta itemprop=\"dateModified\" content=\"2021-03-03\" \/><meta itemprop=\"name\" content=\"EU for Trisomy 21\"\/><meta itemprop=\"url\" content=\"https:\/\/eufortrisomy21.eu\/author\/contacteufortrisomy21-eu\/\" \/><meta itemprop=\"name\" content=\"contact@eufortrisomy21.eu\" \/><meta itemprop=\"interactionType\" content=\"https:\/\/schema.org\/CommentAction\" \/><meta itemprop=\"userInteractionCount\" content=\"0\" \/>\r\n<a href=\"https:\/\/eufortrisomy21.eu\/ngo\/association-la-ferme-de-tobie\/\">\r\n\t<img decoding=\"async\" src=\"https:\/\/eufortrisomy21.eu\/wp-content\/uploads\/2021\/03\/logofermetobie-2-scaled.jpg\"\/>\r\n\t<\/a>\r\n\t<meta itemscope itemprop=\"mainEntityOfPage\" itemtype=\"https:\/\/schema.org\/WebPage\" itemid=\"https:\/\/eufortrisomy21.eu\/ngo\/xavier-lapem-t21-rainotte\/\" content=\"APEM-T21\" \/><meta itemprop=\"datePublished\" content=\"2021-03-01\" \/><meta itemprop=\"dateModified\" content=\"2021-03-12\" \/><meta itemprop=\"name\" content=\"EU for Trisomy 21\"\/><meta itemprop=\"url\" content=\"https:\/\/eufortrisomy21.eu\/author\/contacteufortrisomy21-eu\/\" \/><meta itemprop=\"name\" content=\"contact@eufortrisomy21.eu\" \/><meta itemprop=\"interactionType\" content=\"https:\/\/schema.org\/CommentAction\" \/><meta itemprop=\"userInteractionCount\" content=\"0\" \/>\r\n<a href=\"https:\/\/eufortrisomy21.eu\/ngo\/xavier-lapem-t21-rainotte\/\">\r\n\t<img decoding=\"async\" src=\"https:\/\/eufortrisomy21.eu\/wp-content\/uploads\/2021\/03\/SERVICESAPEM-T21_logo.jpg\"\/>\r\n\t<\/a>\r\n\t<meta itemscope itemprop=\"mainEntityOfPage\" itemtype=\"https:\/\/schema.org\/WebPage\" itemid=\"https:\/\/eufortrisomy21.eu\/ngo\/base-21\/\" content=\"Base 21\" \/><meta itemprop=\"datePublished\" content=\"2021-03-01\" \/><meta itemprop=\"dateModified\" content=\"2021-03-01\" \/><meta itemprop=\"name\" content=\"EU for Trisomy 21\"\/><meta itemprop=\"url\" content=\"https:\/\/eufortrisomy21.eu\/author\/contacteufortrisomy21-eu\/\" \/><meta itemprop=\"name\" content=\"contact@eufortrisomy21.eu\" \/><meta itemprop=\"interactionType\" content=\"https:\/\/schema.org\/CommentAction\" \/><meta itemprop=\"userInteractionCount\" content=\"0\" \/>\r\n<a href=\"https:\/\/eufortrisomy21.eu\/ngo\/base-21\/\">\r\n\t<img decoding=\"async\" src=\"https:\/\/eufortrisomy21.eu\/wp-content\/uploads\/2021\/03\/Base-21-DEF.png\"\/>\r\n\t<\/a>\r\n\t<meta itemscope itemprop=\"mainEntityOfPage\" itemtype=\"https:\/\/schema.org\/WebPage\" itemid=\"https:\/\/eufortrisomy21.eu\/ngo\/down-syndrom-wien\/\" content=\"Down-Syndrom Wien\" \/><meta itemprop=\"datePublished\" content=\"2021-02-28\" \/><meta itemprop=\"dateModified\" content=\"2021-03-01\" \/><meta itemprop=\"name\" content=\"EU for Trisomy 21\"\/><meta itemprop=\"url\" content=\"https:\/\/eufortrisomy21.eu\/author\/contacteufortrisomy21-eu\/\" \/><meta itemprop=\"name\" content=\"contact@eufortrisomy21.eu\" \/><meta itemprop=\"interactionType\" content=\"https:\/\/schema.org\/CommentAction\" \/><meta itemprop=\"userInteractionCount\" content=\"0\" \/>\r\n<a href=\"https:\/\/eufortrisomy21.eu\/ngo\/down-syndrom-wien\/\">\r\n\t<img decoding=\"async\" src=\"https:\/\/eufortrisomy21.eu\/wp-content\/uploads\/2021\/02\/DSWIEN_weiss_ohne.png\"\/>\r\n\t<\/a>\r\n\t<meta itemscope itemprop=\"mainEntityOfPage\" itemtype=\"https:\/\/schema.org\/WebPage\" itemid=\"https:\/\/eufortrisomy21.eu\/ngo\/heartbeatmovingchildren\/\" content=\"Heartbeatmovingchildren\" \/><meta itemprop=\"datePublished\" content=\"2021-02-27\" \/><meta itemprop=\"dateModified\" content=\"2021-03-01\" \/><meta itemprop=\"name\" content=\"EU for Trisomy 21\"\/><meta itemprop=\"url\" content=\"https:\/\/eufortrisomy21.eu\/author\/contacteufortrisomy21-eu\/\" \/><meta itemprop=\"name\" content=\"contact@eufortrisomy21.eu\" \/><meta itemprop=\"interactionType\" content=\"https:\/\/schema.org\/CommentAction\" \/><meta itemprop=\"userInteractionCount\" content=\"0\" \/>\r\n<a href=\"https:\/\/eufortrisomy21.eu\/ngo\/heartbeatmovingchildren\/\">\r\n\t<img decoding=\"async\" src=\"https:\/\/eufortrisomy21.eu\/wp-content\/uploads\/2021\/02\/AD91F259-771F-4603-BC81-9342E19BF3AA.jpeg\"\/>\r\n\t<\/a>\r\n\t<meta itemscope itemprop=\"mainEntityOfPage\" itemtype=\"https:\/\/schema.org\/WebPage\" itemid=\"https:\/\/eufortrisomy21.eu\/ngo\/alternative-21\/\" content=\"Alternative 21\" \/><meta itemprop=\"datePublished\" content=\"2021-02-26\" \/><meta itemprop=\"dateModified\" content=\"2021-02-26\" \/><meta itemprop=\"name\" content=\"EU for Trisomy 21\"\/><meta itemprop=\"url\" content=\"https:\/\/eufortrisomy21.eu\/author\/contacteufortrisomy21-eu\/\" \/><meta itemprop=\"name\" content=\"contact@eufortrisomy21.eu\" \/><meta itemprop=\"interactionType\" content=\"https:\/\/schema.org\/CommentAction\" \/><meta itemprop=\"userInteractionCount\" content=\"0\" \/>\r\n<a href=\"https:\/\/eufortrisomy21.eu\/ngo\/alternative-21\/\">\r\n\t<img decoding=\"async\" src=\"https:\/\/eufortrisomy21.eu\/wp-content\/uploads\/2021\/02\/alTernative21_horizontal_Q.jpg\"\/>\r\n\t<\/a>\r\n\t<meta itemscope itemprop=\"mainEntityOfPage\" itemtype=\"https:\/\/schema.org\/WebPage\" itemid=\"https:\/\/eufortrisomy21.eu\/ngo\/vaimupuudega-inimeste-tugiliit-vaimukad\/\" content=\"Vaimupuudega Inimeste Tugiliit Vaimukad\" \/><meta itemprop=\"datePublished\" content=\"2021-02-26\" \/><meta itemprop=\"dateModified\" content=\"2021-02-26\" \/><meta itemprop=\"name\" content=\"EU for Trisomy 21\"\/><meta itemprop=\"url\" content=\"https:\/\/eufortrisomy21.eu\/author\/contacteufortrisomy21-eu\/\" \/><meta itemprop=\"name\" content=\"contact@eufortrisomy21.eu\" \/><meta itemprop=\"interactionType\" content=\"https:\/\/schema.org\/CommentAction\" \/><meta itemprop=\"userInteractionCount\" content=\"0\" \/>\r\n<a href=\"https:\/\/eufortrisomy21.eu\/ngo\/vaimupuudega-inimeste-tugiliit-vaimukad\/\">\r\n\t<img decoding=\"async\" src=\"https:\/\/eufortrisomy21.eu\/wp-content\/uploads\/2021\/02\/vaimukad.jpg\"\/>\r\n\t<\/a>\r\n\t<meta itemscope itemprop=\"mainEntityOfPage\" itemtype=\"https:\/\/schema.org\/WebPage\" itemid=\"https:\/\/eufortrisomy21.eu\/ngo\/ngo-erivajadustega-inimeste-toetusuhing-tugiliisu\/\" content=\"NGO ERIVAJADUSTEGA INIMESTE TOETUS\u00dcHING TUGILIISU\" \/><meta itemprop=\"datePublished\" content=\"2021-02-26\" \/><meta itemprop=\"dateModified\" content=\"2021-02-26\" \/><meta itemprop=\"name\" content=\"EU for Trisomy 21\"\/><meta itemprop=\"url\" content=\"https:\/\/eufortrisomy21.eu\/author\/contacteufortrisomy21-eu\/\" \/><meta itemprop=\"name\" content=\"contact@eufortrisomy21.eu\" \/><meta itemprop=\"interactionType\" content=\"https:\/\/schema.org\/CommentAction\" \/><meta itemprop=\"userInteractionCount\" content=\"0\" \/>\r\n<a href=\"https:\/\/eufortrisomy21.eu\/ngo\/ngo-erivajadustega-inimeste-toetusuhing-tugiliisu\/\">\r\n\t<img decoding=\"async\" src=\"https:\/\/eufortrisomy21.eu\/wp-content\/uploads\/2021\/02\/eit-logo.jpg\"\/>\r\n\t<\/a>\r\n\t<meta itemscope itemprop=\"mainEntityOfPage\" itemtype=\"https:\/\/schema.org\/WebPage\" itemid=\"https:\/\/eufortrisomy21.eu\/ngo\/diversicom\/\" content=\"DiversiCom\" \/><meta itemprop=\"datePublished\" content=\"2021-02-25\" \/><meta itemprop=\"dateModified\" content=\"2021-02-26\" \/><meta itemprop=\"name\" content=\"EU for Trisomy 21\"\/><meta itemprop=\"url\" content=\"https:\/\/eufortrisomy21.eu\/author\/contacteufortrisomy21-eu\/\" \/><meta itemprop=\"name\" content=\"contact@eufortrisomy21.eu\" \/><meta itemprop=\"interactionType\" content=\"https:\/\/schema.org\/CommentAction\" \/><meta itemprop=\"userInteractionCount\" content=\"0\" \/>\r\n<a href=\"https:\/\/eufortrisomy21.eu\/ngo\/diversicom\/\">\r\n\t<img decoding=\"async\" src=\"https:\/\/eufortrisomy21.eu\/wp-content\/uploads\/2021\/02\/logo-DC-haute-def_ED.jpg\"\/>\r\n\t<\/a>\r\n\t<meta itemscope itemprop=\"mainEntityOfPage\" itemtype=\"https:\/\/schema.org\/WebPage\" itemid=\"https:\/\/eufortrisomy21.eu\/ngo\/65-degres\/\" content=\"65 degr\u00e9s\" \/><meta itemprop=\"datePublished\" content=\"2021-02-24\" \/><meta itemprop=\"dateModified\" content=\"2021-02-24\" \/><meta itemprop=\"name\" content=\"EU for Trisomy 21\"\/><meta itemprop=\"url\" content=\"https:\/\/eufortrisomy21.eu\/author\/contacteufortrisomy21-eu\/\" \/><meta itemprop=\"name\" content=\"contact@eufortrisomy21.eu\" \/><meta itemprop=\"interactionType\" content=\"https:\/\/schema.org\/CommentAction\" \/><meta itemprop=\"userInteractionCount\" content=\"0\" \/>\r\n<a href=\"https:\/\/eufortrisomy21.eu\/ngo\/65-degres\/\">\r\n\t<img decoding=\"async\" src=\"https:\/\/eufortrisomy21.eu\/wp-content\/uploads\/2021\/02\/Logo1-3-scaled.jpg\"\/>\r\n\t<\/a>\r\n\t<meta itemscope itemprop=\"mainEntityOfPage\" itemtype=\"https:\/\/schema.org\/WebPage\" itemid=\"https:\/\/eufortrisomy21.eu\/ngo\/verein-hand-in-hand-europaisches-kompetenzzentrum-fur-menschen-mit-trisomie-21\/\" content=\"Verein Hand in Hand &#8211; Europ\u00e4isches Kompetenzzentrum f\u00fcr Menschen mit Trisomie 21\" \/><meta itemprop=\"datePublished\" content=\"2021-02-23\" \/><meta itemprop=\"dateModified\" content=\"2021-02-23\" \/><meta itemprop=\"name\" content=\"EU for Trisomy 21\"\/><meta itemprop=\"url\" content=\"https:\/\/eufortrisomy21.eu\/author\/contacteufortrisomy21-eu\/\" \/><meta itemprop=\"name\" content=\"contact@eufortrisomy21.eu\" \/><meta itemprop=\"interactionType\" content=\"https:\/\/schema.org\/CommentAction\" \/><meta itemprop=\"userInteractionCount\" content=\"0\" \/>\r\n<a href=\"https:\/\/eufortrisomy21.eu\/ngo\/verein-hand-in-hand-europaisches-kompetenzzentrum-fur-menschen-mit-trisomie-21\/\">\r\n\t<img decoding=\"async\" src=\"https:\/\/eufortrisomy21.eu\/wp-content\/uploads\/2021\/02\/logo-leben-lachen-lernen_rgb.jpg\"\/>\r\n\t<\/a>\r\n\t<meta itemscope itemprop=\"mainEntityOfPage\" itemtype=\"https:\/\/schema.org\/WebPage\" itemid=\"https:\/\/eufortrisomy21.eu\/ngo\/hope-ndown\/\" content=\"Hope n&#8217;Down\" \/><meta itemprop=\"datePublished\" content=\"2021-02-20\" \/><meta itemprop=\"dateModified\" content=\"2021-02-22\" \/><meta itemprop=\"name\" content=\"EU for Trisomy 21\"\/><meta itemprop=\"url\" content=\"https:\/\/eufortrisomy21.eu\/author\/contacteufortrisomy21-eu\/\" \/><meta itemprop=\"name\" content=\"contact@eufortrisomy21.eu\" \/><meta itemprop=\"interactionType\" content=\"https:\/\/schema.org\/CommentAction\" \/><meta itemprop=\"userInteractionCount\" content=\"0\" \/>\r\n<a href=\"https:\/\/eufortrisomy21.eu\/ngo\/hope-ndown\/\">\r\n\t<img decoding=\"async\" src=\"https:\/\/eufortrisomy21.eu\/wp-content\/uploads\/2021\/02\/logo-HopeNdown-couleurs.jpg\"\/>\r\n\t<\/a>\r\n\t<meta itemscope itemprop=\"mainEntityOfPage\" itemtype=\"https:\/\/schema.org\/WebPage\" itemid=\"https:\/\/eufortrisomy21.eu\/ngo\/trisomie21-letzebuerg\/\" content=\"Trisomie21 L\u00ebtzebuerg\" \/><meta itemprop=\"datePublished\" content=\"2021-02-19\" \/><meta itemprop=\"dateModified\" content=\"2021-02-22\" \/><meta itemprop=\"name\" content=\"EU for Trisomy 21\"\/><meta itemprop=\"url\" content=\"https:\/\/eufortrisomy21.eu\/author\/contacteufortrisomy21-eu\/\" \/><meta itemprop=\"name\" content=\"contact@eufortrisomy21.eu\" \/><meta itemprop=\"interactionType\" content=\"https:\/\/schema.org\/CommentAction\" \/><meta itemprop=\"userInteractionCount\" content=\"0\" \/>\r\n<a href=\"https:\/\/eufortrisomy21.eu\/ngo\/trisomie21-letzebuerg\/\">\r\n\t<img decoding=\"async\" src=\"https:\/\/eufortrisomy21.eu\/wp-content\/uploads\/2021\/02\/imageedit_11_6296460440.png\"\/>\r\n\t<\/a>\r\n\t<meta itemscope itemprop=\"mainEntityOfPage\" itemtype=\"https:\/\/schema.org\/WebPage\" itemid=\"https:\/\/eufortrisomy21.eu\/ngo\/life-network-foundation-malta\/\" content=\"Life Network Foundation Malta\" \/><meta itemprop=\"datePublished\" content=\"2021-02-18\" \/><meta itemprop=\"dateModified\" content=\"2021-03-12\" \/><meta itemprop=\"name\" content=\"EU for Trisomy 21\"\/><meta itemprop=\"url\" content=\"https:\/\/eufortrisomy21.eu\/author\/contacteufortrisomy21-eu\/\" \/><meta itemprop=\"name\" content=\"contact@eufortrisomy21.eu\" \/><meta itemprop=\"interactionType\" content=\"https:\/\/schema.org\/CommentAction\" \/><meta itemprop=\"userInteractionCount\" content=\"0\" \/>\r\n<a href=\"https:\/\/eufortrisomy21.eu\/ngo\/life-network-foundation-malta\/\">\r\n\tLife Network Foundation Malta\r\n\t<\/a>\r\n\t<meta itemscope itemprop=\"mainEntityOfPage\" itemtype=\"https:\/\/schema.org\/WebPage\" itemid=\"https:\/\/eufortrisomy21.eu\/ngo\/trisomie-21-corse\/\" content=\"TRISOMIE 21 CORSE\" \/><meta itemprop=\"datePublished\" content=\"2021-02-18\" \/><meta itemprop=\"dateModified\" content=\"2021-02-18\" \/><meta itemprop=\"name\" content=\"EU for Trisomy 21\"\/><meta itemprop=\"url\" content=\"https:\/\/eufortrisomy21.eu\/author\/contacteufortrisomy21-eu\/\" \/><meta itemprop=\"name\" content=\"contact@eufortrisomy21.eu\" \/><meta itemprop=\"interactionType\" content=\"https:\/\/schema.org\/CommentAction\" \/><meta itemprop=\"userInteractionCount\" content=\"0\" \/>\r\n<a href=\"https:\/\/eufortrisomy21.eu\/ngo\/trisomie-21-corse\/\">\r\n\tTRISOMIE 21 CORSE\r\n\t<\/a>\r\n\t<meta itemscope itemprop=\"mainEntityOfPage\" itemtype=\"https:\/\/schema.org\/WebPage\" itemid=\"https:\/\/eufortrisomy21.eu\/ngo\/30817\/\" content=\"Sunshine\" \/><meta itemprop=\"datePublished\" content=\"2021-02-17\" \/><meta itemprop=\"dateModified\" content=\"2021-02-17\" \/><meta itemprop=\"name\" content=\"EU for Trisomy 21\"\/><meta itemprop=\"url\" content=\"https:\/\/eufortrisomy21.eu\/author\/contacteufortrisomy21-eu\/\" \/><meta itemprop=\"name\" content=\"contact@eufortrisomy21.eu\" \/><meta itemprop=\"interactionType\" content=\"https:\/\/schema.org\/CommentAction\" \/><meta itemprop=\"userInteractionCount\" content=\"0\" \/>\r\n<a href=\"https:\/\/eufortrisomy21.eu\/ngo\/30817\/\">\r\n\t<img decoding=\"async\" src=\"https:\/\/eufortrisomy21.eu\/wp-content\/uploads\/2021\/02\/IMG-1f2580a7425e6db2a1ff00b7d3854cee-V.jpg\"\/>\r\n\t<\/a>\r\n\t<meta itemscope itemprop=\"mainEntityOfPage\" itemtype=\"https:\/\/schema.org\/WebPage\" itemid=\"https:\/\/eufortrisomy21.eu\/ngo\/hidden-treasures-down-association\/\" content=\"Hidden Treasures Down Association\" \/><meta itemprop=\"datePublished\" content=\"2021-02-16\" \/><meta itemprop=\"dateModified\" content=\"2021-07-18\" \/><meta itemprop=\"name\" content=\"EU for Trisomy 21\"\/><meta itemprop=\"url\" content=\"https:\/\/eufortrisomy21.eu\/author\/contacteufortrisomy21-eu\/\" \/><meta itemprop=\"name\" content=\"contact@eufortrisomy21.eu\" \/><meta itemprop=\"interactionType\" content=\"https:\/\/schema.org\/CommentAction\" \/><meta itemprop=\"userInteractionCount\" content=\"0\" \/>\r\n<a href=\"https:\/\/eufortrisomy21.eu\/ngo\/hidden-treasures-down-association\/\">\r\n\t<img decoding=\"async\" src=\"https:\/\/eufortrisomy21.eu\/wp-content\/uploads\/2021\/02\/rkde_small.png\"\/>\r\n\t<\/a>\r\n\t<meta itemscope itemprop=\"mainEntityOfPage\" itemtype=\"https:\/\/schema.org\/WebPage\" itemid=\"https:\/\/eufortrisomy21.eu\/ngo\/rien-quun-chromosome-en-plus\/\" content=\"Rien qu&#8217;un chromosome en +\" \/><meta itemprop=\"datePublished\" content=\"2021-02-12\" \/><meta itemprop=\"dateModified\" content=\"2021-02-17\" \/><meta itemprop=\"name\" content=\"EU for Trisomy 21\"\/><meta itemprop=\"url\" content=\"https:\/\/eufortrisomy21.eu\/author\/contacteufortrisomy21-eu\/\" \/><meta itemprop=\"name\" content=\"contact@eufortrisomy21.eu\" \/><meta itemprop=\"interactionType\" content=\"https:\/\/schema.org\/CommentAction\" \/><meta itemprop=\"userInteractionCount\" content=\"0\" \/>\r\n<a href=\"https:\/\/eufortrisomy21.eu\/ngo\/rien-quun-chromosome-en-plus\/\">\r\n\t<img decoding=\"async\" src=\"https:\/\/eufortrisomy21.eu\/wp-content\/uploads\/2021\/02\/logo-dc3a9finitif.gif\"\/>\r\n\t<\/a>\r\n\t<meta itemscope itemprop=\"mainEntityOfPage\" itemtype=\"https:\/\/schema.org\/WebPage\" itemid=\"https:\/\/eufortrisomy21.eu\/ngo\/asociatia-down-oradea-romania\/\" content=\"Asociatia Down Oradea Romania\" \/><meta itemprop=\"datePublished\" content=\"2021-02-11\" \/><meta itemprop=\"dateModified\" content=\"2021-02-11\" \/><meta itemprop=\"name\" content=\"EU for Trisomy 21\"\/><meta itemprop=\"url\" content=\"https:\/\/eufortrisomy21.eu\/author\/contacteufortrisomy21-eu\/\" \/><meta itemprop=\"name\" content=\"contact@eufortrisomy21.eu\" \/><meta itemprop=\"interactionType\" content=\"https:\/\/schema.org\/CommentAction\" \/><meta itemprop=\"userInteractionCount\" content=\"0\" \/>\r\n<a href=\"https:\/\/eufortrisomy21.eu\/ngo\/asociatia-down-oradea-romania\/\">\r\n\t<img decoding=\"async\" src=\"https:\/\/eufortrisomy21.eu\/wp-content\/uploads\/2021\/02\/Sigla-Down-scaled.jpg\"\/>\r\n\t<\/a>\r\n\t<meta itemscope itemprop=\"mainEntityOfPage\" itemtype=\"https:\/\/schema.org\/WebPage\" itemid=\"https:\/\/eufortrisomy21.eu\/ngo\/stowarzyszenie-rodzin-i-opiekunow-osob-z-zespolem-downa-bardziej-kochani\/\" content=\"Stowarzyszenie Rodzin i Opiekun\u00f3w Os\u00f3b z Zespo\u0142em Downa bardziej Kochani\" \/><meta itemprop=\"datePublished\" content=\"2021-02-11\" \/><meta itemprop=\"dateModified\" content=\"2021-02-11\" \/><meta itemprop=\"name\" content=\"EU for Trisomy 21\"\/><meta itemprop=\"url\" content=\"https:\/\/eufortrisomy21.eu\/author\/contacteufortrisomy21-eu\/\" \/><meta itemprop=\"name\" content=\"contact@eufortrisomy21.eu\" \/><meta itemprop=\"interactionType\" content=\"https:\/\/schema.org\/CommentAction\" \/><meta itemprop=\"userInteractionCount\" content=\"0\" \/>\r\n<a href=\"https:\/\/eufortrisomy21.eu\/ngo\/stowarzyszenie-rodzin-i-opiekunow-osob-z-zespolem-downa-bardziej-kochani\/\">\r\n\t<img decoding=\"async\" src=\"https:\/\/eufortrisomy21.eu\/wp-content\/uploads\/2021\/02\/logo-bk-scaled.jpg\"\/>\r\n\t<\/a>\r\n\t<meta itemscope itemprop=\"mainEntityOfPage\" itemtype=\"https:\/\/schema.org\/WebPage\" itemid=\"https:\/\/eufortrisomy21.eu\/ngo\/stowarzyszenie-rodzicow-i-przyjaciol-osob-z-zespolem-downa-tecza\/\" content=\"Stowarzyszenie Rodzic\u00f3w i Przyjaci\u00f3\u0142 Os\u00f3b z zespo\u0142em Downa &#8220;T\u0119cza&#8221;\" \/><meta itemprop=\"datePublished\" content=\"2021-02-09\" \/><meta itemprop=\"dateModified\" content=\"2021-02-10\" \/><meta itemprop=\"name\" content=\"EU for Trisomy 21\"\/><meta itemprop=\"url\" content=\"https:\/\/eufortrisomy21.eu\/author\/contacteufortrisomy21-eu\/\" \/><meta itemprop=\"name\" content=\"contact@eufortrisomy21.eu\" \/><meta itemprop=\"interactionType\" content=\"https:\/\/schema.org\/CommentAction\" \/><meta itemprop=\"userInteractionCount\" content=\"0\" \/>\r\n<a href=\"https:\/\/eufortrisomy21.eu\/ngo\/stowarzyszenie-rodzicow-i-przyjaciol-osob-z-zespolem-downa-tecza\/\">\r\n\tStowarzyszenie Rodzic\u00f3w i Przyjaci\u00f3\u0142 Os\u00f3b z zespo\u0142em Downa &#8220;T\u0119cza&#8221;\r\n\t<\/a>\r\n\t<meta itemscope itemprop=\"mainEntityOfPage\" itemtype=\"https:\/\/schema.org\/WebPage\" itemid=\"https:\/\/eufortrisomy21.eu\/ngo\/legnickie-stowarzyszenie-rodzin-i-przyjaciol-dzieci-z-zespolem-downa-otworz-serce\/\" content=\"LEGNICKIE STOWARZYSZENIE RODZIN I PRZYJACI\u00d3\u0141 DZIECI Z ZESPO\u0141EM DOWNA &#8220;OTW\u00d3RZ SERCE&#8221;\" \/><meta itemprop=\"datePublished\" content=\"2021-02-08\" \/><meta itemprop=\"dateModified\" content=\"2021-02-09\" \/><meta itemprop=\"name\" content=\"EU for Trisomy 21\"\/><meta itemprop=\"url\" content=\"https:\/\/eufortrisomy21.eu\/author\/contacteufortrisomy21-eu\/\" \/><meta itemprop=\"name\" content=\"contact@eufortrisomy21.eu\" \/><meta itemprop=\"interactionType\" content=\"https:\/\/schema.org\/CommentAction\" \/><meta itemprop=\"userInteractionCount\" content=\"0\" \/>\r\n<a href=\"https:\/\/eufortrisomy21.eu\/ngo\/legnickie-stowarzyszenie-rodzin-i-przyjaciol-dzieci-z-zespolem-downa-otworz-serce\/\">\r\n\t<img decoding=\"async\" src=\"https:\/\/eufortrisomy21.eu\/wp-content\/uploads\/2021\/02\/logo.png\"\/>\r\n\t<\/a>\r\n\t<meta itemscope itemprop=\"mainEntityOfPage\" itemtype=\"https:\/\/schema.org\/WebPage\" itemid=\"https:\/\/eufortrisomy21.eu\/ngo\/apei-de-chambery\/\" content=\"APEI de Chamb\u00e9ry\" \/><meta itemprop=\"datePublished\" content=\"2021-02-05\" \/><meta itemprop=\"dateModified\" content=\"2021-03-08\" \/><meta itemprop=\"name\" content=\"EU for Trisomy 21\"\/><meta itemprop=\"url\" content=\"https:\/\/eufortrisomy21.eu\/author\/contacteufortrisomy21-eu\/\" \/><meta itemprop=\"name\" content=\"contact@eufortrisomy21.eu\" \/><meta itemprop=\"interactionType\" content=\"https:\/\/schema.org\/CommentAction\" \/><meta itemprop=\"userInteractionCount\" content=\"0\" \/>\r\n<a href=\"https:\/\/eufortrisomy21.eu\/ngo\/apei-de-chambery\/\">\r\n\t<img decoding=\"async\" src=\"https:\/\/eufortrisomy21.eu\/wp-content\/uploads\/2021\/02\/1920_icon_apei_chambery.png\"\/>\r\n\t<\/a>\r\n\t<meta itemscope itemprop=\"mainEntityOfPage\" itemtype=\"https:\/\/schema.org\/WebPage\" itemid=\"https:\/\/eufortrisomy21.eu\/ngo\/ekek-amea-%ce%bf%cf%81%ce%b9%ce%b6%ce%bf%ce%bd%cf%84%ce%b1%cf%83\/\" content=\"EKEK AMEA &#8220;\u039f\u03a1\u0399\u0396\u039f\u039d\u03a4\u0391\u03a3&#8221;\" \/><meta itemprop=\"datePublished\" content=\"2021-02-05\" \/><meta itemprop=\"dateModified\" content=\"2021-02-05\" \/><meta itemprop=\"name\" content=\"EU for Trisomy 21\"\/><meta itemprop=\"url\" content=\"https:\/\/eufortrisomy21.eu\/author\/contacteufortrisomy21-eu\/\" \/><meta itemprop=\"name\" content=\"contact@eufortrisomy21.eu\" \/><meta itemprop=\"interactionType\" content=\"https:\/\/schema.org\/CommentAction\" \/><meta itemprop=\"userInteractionCount\" content=\"0\" \/>\r\n<a href=\"https:\/\/eufortrisomy21.eu\/ngo\/ekek-amea-%ce%bf%cf%81%ce%b9%ce%b6%ce%bf%ce%bd%cf%84%ce%b1%cf%83\/\">\r\n\t<img decoding=\"async\" src=\"https:\/\/eufortrisomy21.eu\/wp-content\/uploads\/2021\/02\/ekek-amea-_o\u03c1\u03b9\u03b6\u03bf\u03bd\u03c4\u03b1\u03c3.png\"\/>\r\n\t<\/a>\r\n\t<meta itemscope itemprop=\"mainEntityOfPage\" itemtype=\"https:\/\/schema.org\/WebPage\" itemid=\"https:\/\/eufortrisomy21.eu\/ngo\/tcap21\/\" content=\"TCAP21\" \/><meta itemprop=\"datePublished\" content=\"2021-02-04\" \/><meta itemprop=\"dateModified\" content=\"2021-08-22\" \/><meta itemprop=\"name\" content=\"EU for Trisomy 21\"\/><meta itemprop=\"url\" content=\"https:\/\/eufortrisomy21.eu\/author\/contacteufortrisomy21-eu\/\" \/><meta itemprop=\"name\" content=\"contact@eufortrisomy21.eu\" \/><meta itemprop=\"interactionType\" content=\"https:\/\/schema.org\/CommentAction\" \/><meta itemprop=\"userInteractionCount\" content=\"0\" \/>\r\n<a href=\"https:\/\/eufortrisomy21.eu\/ngo\/tcap21\/\">\r\n\t<img decoding=\"async\" src=\"https:\/\/eufortrisomy21.eu\/wp-content\/uploads\/2021\/02\/TCAP-LOGO-BASELINE2.png\"\/>\r\n\t<\/a>\r\n\t<meta itemscope itemprop=\"mainEntityOfPage\" itemtype=\"https:\/\/schema.org\/WebPage\" itemid=\"https:\/\/eufortrisomy21.eu\/ngo\/divadlo-aldente\/\" content=\"Divadlo Aldente\" \/><meta itemprop=\"datePublished\" content=\"2021-02-04\" \/><meta itemprop=\"dateModified\" content=\"2021-02-05\" \/><meta itemprop=\"name\" content=\"EU for Trisomy 21\"\/><meta itemprop=\"url\" content=\"https:\/\/eufortrisomy21.eu\/author\/contacteufortrisomy21-eu\/\" \/><meta itemprop=\"name\" content=\"contact@eufortrisomy21.eu\" \/><meta itemprop=\"interactionType\" content=\"https:\/\/schema.org\/CommentAction\" \/><meta itemprop=\"userInteractionCount\" content=\"0\" \/>\r\n<a href=\"https:\/\/eufortrisomy21.eu\/ngo\/divadlo-aldente\/\">\r\n\t<img decoding=\"async\" src=\"https:\/\/eufortrisomy21.eu\/wp-content\/uploads\/2021\/02\/Logo-Divadlo-Aldente.png\"\/>\r\n\t<\/a>\r\n\t<meta itemscope itemprop=\"mainEntityOfPage\" itemtype=\"https:\/\/schema.org\/WebPage\" itemid=\"https:\/\/eufortrisomy21.eu\/ngo\/up-with-down-foundation\/\" content=\"UP WITH DOWN Foundation\" \/><meta itemprop=\"datePublished\" content=\"2021-02-03\" \/><meta itemprop=\"dateModified\" content=\"2021-02-05\" \/><meta itemprop=\"name\" content=\"EU for Trisomy 21\"\/><meta itemprop=\"url\" content=\"https:\/\/eufortrisomy21.eu\/author\/contacteufortrisomy21-eu\/\" \/><meta itemprop=\"name\" content=\"contact@eufortrisomy21.eu\" \/><meta itemprop=\"interactionType\" content=\"https:\/\/schema.org\/CommentAction\" \/><meta itemprop=\"userInteractionCount\" content=\"0\" \/>\r\n<a href=\"https:\/\/eufortrisomy21.eu\/ngo\/up-with-down-foundation\/\">\r\n\t<img decoding=\"async\" src=\"https:\/\/eufortrisomy21.eu\/wp-content\/uploads\/2021\/02\/UPwithDOWN_logo-FINAL-NEWcolors-1-small.png\"\/>\r\n\t<\/a>\r\n\t<meta itemscope itemprop=\"mainEntityOfPage\" itemtype=\"https:\/\/schema.org\/WebPage\" itemid=\"https:\/\/eufortrisomy21.eu\/ngo\/usmevy-spolek-pro-pomoc-lidem-s-downovym-syndromem-a-jejich-rodinam\/\" content=\"\u00dasm\u011bvy &#8211; spolek pro pomoc lidem s Downov\u00fdm syndromem a jejich rodin\u00e1m\" \/><meta itemprop=\"datePublished\" content=\"2021-02-02\" \/><meta itemprop=\"dateModified\" content=\"2021-02-05\" \/><meta itemprop=\"name\" content=\"EU for Trisomy 21\"\/><meta itemprop=\"url\" content=\"https:\/\/eufortrisomy21.eu\/author\/contacteufortrisomy21-eu\/\" \/><meta itemprop=\"name\" content=\"contact@eufortrisomy21.eu\" \/><meta itemprop=\"interactionType\" content=\"https:\/\/schema.org\/CommentAction\" \/><meta itemprop=\"userInteractionCount\" content=\"0\" \/>\r\n<a href=\"https:\/\/eufortrisomy21.eu\/ngo\/usmevy-spolek-pro-pomoc-lidem-s-downovym-syndromem-a-jejich-rodinam\/\">\r\n\t<img decoding=\"async\" src=\"https:\/\/eufortrisomy21.eu\/wp-content\/uploads\/2021\/02\/usmevy_normal.png\"\/>\r\n\t<\/a>\r\n\t<meta itemscope itemprop=\"mainEntityOfPage\" itemtype=\"https:\/\/schema.org\/WebPage\" itemid=\"https:\/\/eufortrisomy21.eu\/ngo\/spolecnost-rodicu-a-pratel-deti-s-downovym-syndromem-downsyndrom-cz\/\" content=\"Spole\u010dnost rodi\u010d\u016f a p\u0159\u00e1tel d\u011bt\u00ed s Downov\u00fdm syndromem (DownSyndrom CZ)\" \/><meta itemprop=\"datePublished\" content=\"2021-02-02\" \/><meta itemprop=\"dateModified\" content=\"2021-02-05\" \/><meta itemprop=\"name\" content=\"EU for Trisomy 21\"\/><meta itemprop=\"url\" content=\"https:\/\/eufortrisomy21.eu\/author\/contacteufortrisomy21-eu\/\" \/><meta itemprop=\"name\" content=\"contact@eufortrisomy21.eu\" \/><meta itemprop=\"interactionType\" content=\"https:\/\/schema.org\/CommentAction\" \/><meta itemprop=\"userInteractionCount\" content=\"0\" \/>\r\n<a href=\"https:\/\/eufortrisomy21.eu\/ngo\/spolecnost-rodicu-a-pratel-deti-s-downovym-syndromem-downsyndrom-cz\/\">\r\n\t<img decoding=\"async\" src=\"https:\/\/eufortrisomy21.eu\/wp-content\/uploads\/2021\/02\/m_logo_ds.jpg\"\/>\r\n\t<\/a>\r\n\t<meta itemscope itemprop=\"mainEntityOfPage\" itemtype=\"https:\/\/schema.org\/WebPage\" itemid=\"https:\/\/eufortrisomy21.eu\/ngo\/asociatia-dai-o-sansa-alexandria-centrul-de-zi-sf-teodor\/\" content=\"Asociatia Dai o Sansa Alexandria &#8211; Centrul de zi Sf. Teodor\" \/><meta itemprop=\"datePublished\" content=\"2021-01-26\" \/><meta itemprop=\"dateModified\" content=\"2021-02-05\" \/><meta itemprop=\"name\" content=\"EU for Trisomy 21\"\/><meta itemprop=\"url\" content=\"https:\/\/eufortrisomy21.eu\/author\/contacteufortrisomy21-eu\/\" \/><meta itemprop=\"name\" content=\"contact@eufortrisomy21.eu\" \/><meta itemprop=\"interactionType\" content=\"https:\/\/schema.org\/CommentAction\" \/><meta itemprop=\"userInteractionCount\" content=\"0\" \/>\r\n<a href=\"https:\/\/eufortrisomy21.eu\/ngo\/asociatia-dai-o-sansa-alexandria-centrul-de-zi-sf-teodor\/\">\r\n\tAsociatia Dai o Sansa Alexandria &#8211; Centrul de zi Sf. Teodor\r\n\t<\/a>\r\n\t<meta itemscope itemprop=\"mainEntityOfPage\" itemtype=\"https:\/\/schema.org\/WebPage\" itemid=\"https:\/\/eufortrisomy21.eu\/ngo\/down-association-jiu-valley\/\" content=\"Down Association, Jiu Valley\" \/><meta itemprop=\"datePublished\" content=\"2021-01-26\" \/><meta itemprop=\"dateModified\" content=\"2021-02-05\" \/><meta itemprop=\"name\" content=\"EU for Trisomy 21\"\/><meta itemprop=\"url\" content=\"https:\/\/eufortrisomy21.eu\/author\/contacteufortrisomy21-eu\/\" \/><meta itemprop=\"name\" content=\"contact@eufortrisomy21.eu\" \/><meta itemprop=\"interactionType\" content=\"https:\/\/schema.org\/CommentAction\" \/><meta itemprop=\"userInteractionCount\" content=\"0\" \/>\r\n<a href=\"https:\/\/eufortrisomy21.eu\/ngo\/down-association-jiu-valley\/\">\r\n\t<img decoding=\"async\" src=\"https:\/\/eufortrisomy21.eu\/wp-content\/uploads\/2021\/01\/Asociatia-Down-Valea-Jiului.png\"\/>\r\n\t<\/a>\r\n\t<meta itemscope itemprop=\"mainEntityOfPage\" itemtype=\"https:\/\/schema.org\/WebPage\" itemid=\"https:\/\/eufortrisomy21.eu\/ngo\/fundacion-cromosuma\/\" content=\"fundacion cromosuma\" \/><meta itemprop=\"datePublished\" content=\"2021-01-25\" \/><meta itemprop=\"dateModified\" content=\"2021-02-05\" \/><meta itemprop=\"name\" content=\"EU for Trisomy 21\"\/><meta itemprop=\"url\" content=\"https:\/\/eufortrisomy21.eu\/author\/contacteufortrisomy21-eu\/\" \/><meta itemprop=\"name\" content=\"contact@eufortrisomy21.eu\" \/><meta itemprop=\"interactionType\" content=\"https:\/\/schema.org\/CommentAction\" \/><meta itemprop=\"userInteractionCount\" content=\"0\" \/>\r\n<a href=\"https:\/\/eufortrisomy21.eu\/ngo\/fundacion-cromosuma\/\">\r\n\t<img decoding=\"async\" src=\"https:\/\/eufortrisomy21.eu\/wp-content\/uploads\/2021\/01\/Diseno-CROMOSUMA-EN-CMYK.png\"\/>\r\n\t<\/a>\r\n\t<meta itemscope itemprop=\"mainEntityOfPage\" itemtype=\"https:\/\/schema.org\/WebPage\" itemid=\"https:\/\/eufortrisomy21.eu\/ngo\/asociatia-langdon-down-2000\/\" content=\"Asociatia Langdon Down 2000\" \/><meta itemprop=\"datePublished\" content=\"2021-01-20\" \/><meta itemprop=\"dateModified\" content=\"2021-02-05\" \/><meta itemprop=\"name\" content=\"EU for Trisomy 21\"\/><meta itemprop=\"url\" content=\"https:\/\/eufortrisomy21.eu\/author\/contacteufortrisomy21-eu\/\" \/><meta itemprop=\"name\" content=\"contact@eufortrisomy21.eu\" \/><meta itemprop=\"interactionType\" content=\"https:\/\/schema.org\/CommentAction\" \/><meta itemprop=\"userInteractionCount\" content=\"0\" \/>\r\n<a href=\"https:\/\/eufortrisomy21.eu\/ngo\/asociatia-langdon-down-2000\/\">\r\n\tAsociatia Langdon Down 2000\r\n\t<\/a>\r\n\t<meta itemscope itemprop=\"mainEntityOfPage\" itemtype=\"https:\/\/schema.org\/WebPage\" itemid=\"https:\/\/eufortrisomy21.eu\/ngo\/pro-down-foundation\/\" content=\"PRO DOWN FOUNDATION\" \/><meta itemprop=\"datePublished\" content=\"2021-01-19\" \/><meta itemprop=\"dateModified\" content=\"2021-02-05\" \/><meta itemprop=\"name\" content=\"EU for Trisomy 21\"\/><meta itemprop=\"url\" content=\"https:\/\/eufortrisomy21.eu\/author\/contacteufortrisomy21-eu\/\" \/><meta itemprop=\"name\" content=\"contact@eufortrisomy21.eu\" \/><meta itemprop=\"interactionType\" content=\"https:\/\/schema.org\/CommentAction\" \/><meta itemprop=\"userInteractionCount\" content=\"0\" \/>\r\n<a href=\"https:\/\/eufortrisomy21.eu\/ngo\/pro-down-foundation\/\">\r\n\t<img decoding=\"async\" src=\"https:\/\/eufortrisomy21.eu\/wp-content\/uploads\/2021\/01\/logo-pro-down-alapitvany.jpg\"\/>\r\n\t<\/a>\r\n\t<meta itemscope itemprop=\"mainEntityOfPage\" itemtype=\"https:\/\/schema.org\/WebPage\" itemid=\"https:\/\/eufortrisomy21.eu\/ngo\/asociatia-down-centrul-educational-raluca\/\" content=\"Asociatia Down Centrul Educational Raluca\" \/><meta itemprop=\"datePublished\" content=\"2021-01-19\" \/><meta itemprop=\"dateModified\" content=\"2021-02-05\" \/><meta itemprop=\"name\" content=\"EU for Trisomy 21\"\/><meta itemprop=\"url\" content=\"https:\/\/eufortrisomy21.eu\/author\/contacteufortrisomy21-eu\/\" \/><meta itemprop=\"name\" content=\"contact@eufortrisomy21.eu\" \/><meta itemprop=\"interactionType\" content=\"https:\/\/schema.org\/CommentAction\" \/><meta itemprop=\"userInteractionCount\" content=\"0\" \/>\r\n<a href=\"https:\/\/eufortrisomy21.eu\/ngo\/asociatia-down-centrul-educational-raluca\/\">\r\n\t<img decoding=\"async\" src=\"https:\/\/eufortrisomy21.eu\/wp-content\/uploads\/2021\/01\/sigla-adcer.jpg\"\/>\r\n\t<\/a>\r\n\t<meta itemscope itemprop=\"mainEntityOfPage\" itemtype=\"https:\/\/schema.org\/WebPage\" itemid=\"https:\/\/eufortrisomy21.eu\/ngo\/asociatia-botez-vlad-sergiu\/\" content=\"Asociatia Botez Vlad Sergiu\" \/><meta itemprop=\"datePublished\" content=\"2021-01-18\" \/><meta itemprop=\"dateModified\" content=\"2021-02-05\" \/><meta itemprop=\"name\" content=\"EU for Trisomy 21\"\/><meta itemprop=\"url\" content=\"https:\/\/eufortrisomy21.eu\/author\/contacteufortrisomy21-eu\/\" \/><meta itemprop=\"name\" content=\"contact@eufortrisomy21.eu\" \/><meta itemprop=\"interactionType\" content=\"https:\/\/schema.org\/CommentAction\" \/><meta itemprop=\"userInteractionCount\" content=\"0\" \/>\r\n<a href=\"https:\/\/eufortrisomy21.eu\/ngo\/asociatia-botez-vlad-sergiu\/\">\r\n\tAsociatia Botez Vlad Sergiu\r\n\t<\/a>\r\n\t<meta itemscope itemprop=\"mainEntityOfPage\" itemtype=\"https:\/\/schema.org\/WebPage\" itemid=\"https:\/\/eufortrisomy21.eu\/ngo\/asociatia-parintilor-copiilor-cu-sindrom-down-cluj\/\" content=\"Asociatia P\u0103rin\u021bilor Copiilor cu Sindrom Down Cluj\" \/><meta itemprop=\"datePublished\" content=\"2021-01-18\" \/><meta itemprop=\"dateModified\" content=\"2021-02-05\" \/><meta itemprop=\"name\" content=\"EU for Trisomy 21\"\/><meta itemprop=\"url\" content=\"https:\/\/eufortrisomy21.eu\/author\/contacteufortrisomy21-eu\/\" \/><meta itemprop=\"name\" content=\"contact@eufortrisomy21.eu\" \/><meta itemprop=\"interactionType\" content=\"https:\/\/schema.org\/CommentAction\" \/><meta itemprop=\"userInteractionCount\" content=\"0\" \/>\r\n<a href=\"https:\/\/eufortrisomy21.eu\/ngo\/asociatia-parintilor-copiilor-cu-sindrom-down-cluj\/\">\r\n\tAsociatia P\u0103rin\u021bilor Copiilor cu Sindrom Down Cluj\r\n\t<\/a>\r\n\t<meta itemscope itemprop=\"mainEntityOfPage\" itemtype=\"https:\/\/schema.org\/WebPage\" itemid=\"https:\/\/eufortrisomy21.eu\/ngo\/asociatia-hoffnung-romania\/\" content=\"ASOCIATIA HOFFNUNG ROMANIA\" \/><meta itemprop=\"datePublished\" content=\"2021-01-17\" \/><meta itemprop=\"dateModified\" content=\"2021-02-05\" \/><meta itemprop=\"name\" content=\"EU for Trisomy 21\"\/><meta itemprop=\"url\" content=\"https:\/\/eufortrisomy21.eu\/author\/contacteufortrisomy21-eu\/\" \/><meta itemprop=\"name\" content=\"contact@eufortrisomy21.eu\" \/><meta itemprop=\"interactionType\" content=\"https:\/\/schema.org\/CommentAction\" \/><meta itemprop=\"userInteractionCount\" content=\"0\" \/>\r\n<a href=\"https:\/\/eufortrisomy21.eu\/ngo\/asociatia-hoffnung-romania\/\">\r\n\t<img decoding=\"async\" src=\"https:\/\/eufortrisomy21.eu\/wp-content\/uploads\/2021\/01\/ANTET.png\"\/>\r\n\t<\/a>\r\n\t<meta itemscope itemprop=\"mainEntityOfPage\" itemtype=\"https:\/\/schema.org\/WebPage\" itemid=\"https:\/\/eufortrisomy21.eu\/ngo\/asociatia-down-plus-bucuresti\/\" content=\"Asociatia Down Plus Bucure\u0219ti\" \/><meta itemprop=\"datePublished\" content=\"2021-01-17\" \/><meta itemprop=\"dateModified\" content=\"2021-02-05\" \/><meta itemprop=\"name\" content=\"EU for Trisomy 21\"\/><meta itemprop=\"url\" content=\"https:\/\/eufortrisomy21.eu\/author\/contacteufortrisomy21-eu\/\" \/><meta itemprop=\"name\" content=\"contact@eufortrisomy21.eu\" \/><meta itemprop=\"interactionType\" content=\"https:\/\/schema.org\/CommentAction\" \/><meta itemprop=\"userInteractionCount\" content=\"0\" \/>\r\n<a href=\"https:\/\/eufortrisomy21.eu\/ngo\/asociatia-down-plus-bucuresti\/\">\r\n\t<img decoding=\"async\" src=\"https:\/\/eufortrisomy21.eu\/wp-content\/uploads\/2021\/01\/Logo-asociatie.jpg\"\/>\r\n\t<\/a>\r\n\t<meta itemscope itemprop=\"mainEntityOfPage\" itemtype=\"https:\/\/schema.org\/WebPage\" itemid=\"https:\/\/eufortrisomy21.eu\/ngo\/asociatia-langdon-down-oltenia-centrul-educational-teodora\/\" content=\"Asociatia Langdon Down Oltenia Centrul Educational Teodora\" \/><meta itemprop=\"datePublished\" content=\"2021-01-17\" \/><meta itemprop=\"dateModified\" content=\"2021-02-05\" \/><meta itemprop=\"name\" content=\"EU for Trisomy 21\"\/><meta itemprop=\"url\" content=\"https:\/\/eufortrisomy21.eu\/author\/contacteufortrisomy21-eu\/\" \/><meta itemprop=\"name\" content=\"contact@eufortrisomy21.eu\" \/><meta itemprop=\"interactionType\" content=\"https:\/\/schema.org\/CommentAction\" \/><meta itemprop=\"userInteractionCount\" content=\"0\" \/>\r\n<a href=\"https:\/\/eufortrisomy21.eu\/ngo\/asociatia-langdon-down-oltenia-centrul-educational-teodora\/\">\r\n\t<img decoding=\"async\" src=\"https:\/\/eufortrisomy21.eu\/wp-content\/uploads\/2021\/01\/Logo_Aldocet.png\"\/>\r\n\t<\/a>\r\n\t<meta itemscope itemprop=\"mainEntityOfPage\" itemtype=\"https:\/\/schema.org\/WebPage\" itemid=\"https:\/\/eufortrisomy21.eu\/ngo\/asociatia-copiilor-cu-sindrom-down-zambete-si-suflete-curate\/\" content=\"Asociatia Copiilor cu Sindrom Down &#8220;Zambete si Suflete Curate&#8221;\" \/><meta itemprop=\"datePublished\" content=\"2021-01-12\" \/><meta itemprop=\"dateModified\" content=\"2021-02-05\" \/><meta itemprop=\"name\" content=\"EU for Trisomy 21\"\/><meta itemprop=\"url\" content=\"https:\/\/eufortrisomy21.eu\/author\/contacteufortrisomy21-eu\/\" \/><meta itemprop=\"name\" content=\"contact@eufortrisomy21.eu\" \/><meta itemprop=\"interactionType\" content=\"https:\/\/schema.org\/CommentAction\" \/><meta itemprop=\"userInteractionCount\" content=\"0\" \/>\r\n<a href=\"https:\/\/eufortrisomy21.eu\/ngo\/asociatia-copiilor-cu-sindrom-down-zambete-si-suflete-curate\/\">\r\n\tAsociatia Copiilor cu Sindrom Down &#8220;Zambete si Suflete Curate&#8221;\r\n\t<\/a>\r\n\t<meta itemscope itemprop=\"mainEntityOfPage\" itemtype=\"https:\/\/schema.org\/WebPage\" itemid=\"https:\/\/eufortrisomy21.eu\/ngo\/fundacja-larche-larche-poland\/\" content=\"Fundacja L&#8217;Arche \/ L&#8217;Arche Poland\" \/><meta itemprop=\"datePublished\" content=\"2021-01-12\" \/><meta itemprop=\"dateModified\" content=\"2021-01-12\" \/><meta itemprop=\"name\" content=\"EU for Trisomy 21\"\/><meta itemprop=\"url\" content=\"https:\/\/eufortrisomy21.eu\/author\/contacteufortrisomy21-eu\/\" \/><meta itemprop=\"name\" content=\"contact@eufortrisomy21.eu\" \/><meta itemprop=\"interactionType\" content=\"https:\/\/schema.org\/CommentAction\" \/><meta itemprop=\"userInteractionCount\" content=\"0\" \/>\r\n<a href=\"https:\/\/eufortrisomy21.eu\/ngo\/fundacja-larche-larche-poland\/\">\r\n\t<img decoding=\"async\" src=\"https:\/\/eufortrisomy21.eu\/wp-content\/uploads\/2021\/01\/LArche_POLSKA_RGB_Blue_on_White.png\"\/>\r\n\t<\/a>\r\n\t<meta itemscope itemprop=\"mainEntityOfPage\" itemtype=\"https:\/\/schema.org\/WebPage\" itemid=\"https:\/\/eufortrisomy21.eu\/ngo\/world-youth-alliance-europe\/\" content=\"World Youth Alliance Europe\" \/><meta itemprop=\"datePublished\" content=\"2021-01-08\" \/><meta itemprop=\"dateModified\" content=\"2021-02-05\" \/><meta itemprop=\"name\" content=\"EU for Trisomy 21\"\/><meta itemprop=\"url\" content=\"https:\/\/eufortrisomy21.eu\/author\/contacteufortrisomy21-eu\/\" \/><meta itemprop=\"name\" content=\"contact@eufortrisomy21.eu\" \/><meta itemprop=\"interactionType\" content=\"https:\/\/schema.org\/CommentAction\" \/><meta itemprop=\"userInteractionCount\" content=\"0\" \/>\r\n<a href=\"https:\/\/eufortrisomy21.eu\/ngo\/world-youth-alliance-europe\/\">\r\n\t<img decoding=\"async\" src=\"https:\/\/eufortrisomy21.eu\/wp-content\/uploads\/2021\/01\/WYA-Europe-logo.jpg\"\/>\r\n\t<\/a>\r\n\t<meta itemscope itemprop=\"mainEntityOfPage\" itemtype=\"https:\/\/schema.org\/WebPage\" itemid=\"https:\/\/eufortrisomy21.eu\/ngo\/malta-federation-of-organisations-persons-with-disability-mfopd\/\" content=\"Malta Federation of Organisations Persons with Disability (MFOPD)\" \/><meta itemprop=\"datePublished\" content=\"2021-01-08\" \/><meta itemprop=\"dateModified\" content=\"2021-02-05\" \/><meta itemprop=\"name\" content=\"EU for Trisomy 21\"\/><meta itemprop=\"url\" content=\"https:\/\/eufortrisomy21.eu\/author\/contacteufortrisomy21-eu\/\" \/><meta itemprop=\"name\" content=\"contact@eufortrisomy21.eu\" \/><meta itemprop=\"interactionType\" content=\"https:\/\/schema.org\/CommentAction\" \/><meta itemprop=\"userInteractionCount\" content=\"0\" \/>\r\n<a href=\"https:\/\/eufortrisomy21.eu\/ngo\/malta-federation-of-organisations-persons-with-disability-mfopd\/\">\r\n\tMalta Federation of Organisations Persons with Disability (MFOPD)\r\n\t<\/a>\r\n\t<meta itemscope itemprop=\"mainEntityOfPage\" itemtype=\"https:\/\/schema.org\/WebPage\" itemid=\"https:\/\/eufortrisomy21.eu\/ngo\/down-syndrome-association\/\" content=\"Down Syndrome Association Malta\" \/><meta itemprop=\"datePublished\" content=\"2021-01-08\" \/><meta itemprop=\"dateModified\" content=\"2021-03-12\" \/><meta itemprop=\"name\" content=\"EU for Trisomy 21\"\/><meta itemprop=\"url\" content=\"https:\/\/eufortrisomy21.eu\/author\/contacteufortrisomy21-eu\/\" \/><meta itemprop=\"name\" content=\"contact@eufortrisomy21.eu\" \/><meta itemprop=\"interactionType\" content=\"https:\/\/schema.org\/CommentAction\" \/><meta itemprop=\"userInteractionCount\" content=\"0\" \/>\r\n<a href=\"https:\/\/eufortrisomy21.eu\/ngo\/down-syndrome-association\/\">\r\n\t<img decoding=\"async\" src=\"https:\/\/eufortrisomy21.eu\/wp-content\/uploads\/2021\/01\/IMG_20210108_091635.jpg\"\/>\r\n\t<\/a>\r\n\t<meta itemscope itemprop=\"mainEntityOfPage\" itemtype=\"https:\/\/schema.org\/WebPage\" itemid=\"https:\/\/eufortrisomy21.eu\/ngo\/ergastiri-eidikis-agogis-margarita-vtc-margarita\/\" content=\"ERGASTIRI EIDIKIS AGOGIS &#8220;MARGARITA&#8221; (VTC MARGARITA)\" \/><meta itemprop=\"datePublished\" content=\"2021-01-08\" \/><meta itemprop=\"dateModified\" content=\"2021-02-05\" \/><meta itemprop=\"name\" content=\"EU for Trisomy 21\"\/><meta itemprop=\"url\" content=\"https:\/\/eufortrisomy21.eu\/author\/contacteufortrisomy21-eu\/\" \/><meta itemprop=\"name\" content=\"contact@eufortrisomy21.eu\" \/><meta itemprop=\"interactionType\" content=\"https:\/\/schema.org\/CommentAction\" \/><meta itemprop=\"userInteractionCount\" content=\"0\" \/>\r\n<a href=\"https:\/\/eufortrisomy21.eu\/ngo\/ergastiri-eidikis-agogis-margarita-vtc-margarita\/\">\r\n\tERGASTIRI EIDIKIS AGOGIS &#8220;MARGARITA&#8221; (VTC MARGARITA)\r\n\t<\/a>\r\n\t<meta itemscope itemprop=\"mainEntityOfPage\" itemtype=\"https:\/\/schema.org\/WebPage\" itemid=\"https:\/\/eufortrisomy21.eu\/ngo\/eesti-vaimupuudega-inimeste-tugiliit\/\" content=\"Eesti Vaimupuudega Inimeste Tugiliit\" \/><meta itemprop=\"datePublished\" content=\"2021-01-06\" \/><meta itemprop=\"dateModified\" content=\"2021-01-07\" \/><meta itemprop=\"name\" content=\"EU for Trisomy 21\"\/><meta itemprop=\"url\" content=\"https:\/\/eufortrisomy21.eu\/author\/contacteufortrisomy21-eu\/\" \/><meta itemprop=\"name\" content=\"contact@eufortrisomy21.eu\" \/><meta itemprop=\"interactionType\" content=\"https:\/\/schema.org\/CommentAction\" \/><meta itemprop=\"userInteractionCount\" content=\"0\" \/>\r\n<a href=\"https:\/\/eufortrisomy21.eu\/ngo\/eesti-vaimupuudega-inimeste-tugiliit\/\">\r\n\t<img decoding=\"async\" src=\"https:\/\/eufortrisomy21.eu\/wp-content\/uploads\/2021\/01\/vaimukad-varviline-scaled.jpg\"\/>\r\n\t<\/a>\r\n\t<meta itemscope itemprop=\"mainEntityOfPage\" itemtype=\"https:\/\/schema.org\/WebPage\" itemid=\"https:\/\/eufortrisomy21.eu\/ngo\/asociatia-fantasticii-down-galati\/\" content=\"ASOCIATIA FANTASTICII DOWN GALATI\" \/><meta itemprop=\"datePublished\" content=\"2020-12-21\" \/><meta itemprop=\"dateModified\" content=\"2021-02-05\" \/><meta itemprop=\"name\" content=\"EU for Trisomy 21\"\/><meta itemprop=\"url\" content=\"https:\/\/eufortrisomy21.eu\/author\/contacteufortrisomy21-eu\/\" \/><meta itemprop=\"name\" content=\"contact@eufortrisomy21.eu\" \/><meta itemprop=\"interactionType\" content=\"https:\/\/schema.org\/CommentAction\" \/><meta itemprop=\"userInteractionCount\" content=\"0\" \/>\r\n<a href=\"https:\/\/eufortrisomy21.eu\/ngo\/asociatia-fantasticii-down-galati\/\">\r\n\t<img decoding=\"async\" src=\"https:\/\/eufortrisomy21.eu\/wp-content\/uploads\/2020\/12\/LogofinalFantasticiiDown.jpeg\"\/>\r\n\t<\/a>\r\n\t<meta itemscope itemprop=\"mainEntityOfPage\" itemtype=\"https:\/\/schema.org\/WebPage\" itemid=\"https:\/\/eufortrisomy21.eu\/ngo\/down-syndrome-association-of-greece\/\" content=\"DOWN SYNDROME ASSOCIATION OF GREECE\" \/><meta itemprop=\"datePublished\" content=\"2020-12-21\" \/><meta itemprop=\"dateModified\" content=\"2021-02-05\" \/><meta itemprop=\"name\" content=\"EU for Trisomy 21\"\/><meta itemprop=\"url\" content=\"https:\/\/eufortrisomy21.eu\/author\/contacteufortrisomy21-eu\/\" \/><meta itemprop=\"name\" content=\"contact@eufortrisomy21.eu\" \/><meta itemprop=\"interactionType\" content=\"https:\/\/schema.org\/CommentAction\" \/><meta itemprop=\"userInteractionCount\" content=\"0\" \/>\r\n<a href=\"https:\/\/eufortrisomy21.eu\/ngo\/down-syndrome-association-of-greece\/\">\r\n\t<img decoding=\"async\" src=\"https:\/\/eufortrisomy21.eu\/wp-content\/uploads\/2020\/12\/logo-down_version-1.png\"\/>\r\n\t<\/a>\r\n\t<meta itemscope itemprop=\"mainEntityOfPage\" itemtype=\"https:\/\/schema.org\/WebPage\" itemid=\"https:\/\/eufortrisomy21.eu\/ngo\/asociatia-down-art-therapy\/\" content=\"Asociatia Down Art Therapy\" \/><meta itemprop=\"datePublished\" content=\"2020-12-18\" \/><meta itemprop=\"dateModified\" content=\"2021-02-05\" \/><meta itemprop=\"name\" content=\"EU for Trisomy 21\"\/><meta itemprop=\"url\" content=\"https:\/\/eufortrisomy21.eu\/author\/contacteufortrisomy21-eu\/\" \/><meta itemprop=\"name\" content=\"contact@eufortrisomy21.eu\" \/><meta itemprop=\"interactionType\" content=\"https:\/\/schema.org\/CommentAction\" \/><meta itemprop=\"userInteractionCount\" content=\"0\" \/>\r\n<a href=\"https:\/\/eufortrisomy21.eu\/ngo\/asociatia-down-art-therapy\/\">\r\n\t<img decoding=\"async\" src=\"https:\/\/eufortrisomy21.eu\/wp-content\/uploads\/2020\/12\/dart-sigla.jpg\"\/>\r\n\t<\/a>\r\n\t<meta itemscope itemprop=\"mainEntityOfPage\" itemtype=\"https:\/\/schema.org\/WebPage\" itemid=\"https:\/\/eufortrisomy21.eu\/ngo\/asociatia-happyatoys\/\" content=\"Asociatia Happyatoys\" \/><meta itemprop=\"datePublished\" content=\"2020-12-15\" \/><meta itemprop=\"dateModified\" content=\"2021-08-22\" \/><meta itemprop=\"name\" content=\"EU for Trisomy 21\"\/><meta itemprop=\"url\" content=\"https:\/\/eufortrisomy21.eu\/author\/contacteufortrisomy21-eu\/\" \/><meta itemprop=\"name\" content=\"contact@eufortrisomy21.eu\" \/><meta itemprop=\"interactionType\" content=\"https:\/\/schema.org\/CommentAction\" \/><meta itemprop=\"userInteractionCount\" content=\"0\" \/>\r\n<a href=\"https:\/\/eufortrisomy21.eu\/ngo\/asociatia-happyatoys\/\">\r\n\t<img decoding=\"async\" src=\"https:\/\/eufortrisomy21.eu\/wp-content\/uploads\/2020\/12\/happyatoy.png\"\/>\r\n\t<\/a>\r\n\t\t<!-- .pp-content-posts -->\r\n\t\t\t\t<img loading=\"lazy\" decoding=\"async\" src=\"https:\/\/eufortrisomy21.eu\/wp-content\/uploads\/2021\/03\/Logo_EUforTrisomy21.svg\" alt=\"Logo_EUforTrisomy21\" itemprop=\"image\" height=\"0\" width=\"0\" title=\"Logo_EUforTrisomy21\" onerror=\"this.style.display='none'\"  \/>\r\n<h2>\r\n\t\tAbout Eufortrisomy21.eu\r\n\t<\/h2>\r\n\t<p>A platform for the collaboration of associations, citizens and politicians working together for the celebration of World Down syndrome Day, to make visible the intellectual disability in general and persons with trisomy 21 in particular (most common intellectual disability of genetic origin, also called Down syndrome).<\/p>\r\n\t\t\t<a href=\"https:\/\/eufortrisomy21.eu\/about\/\" target=\"_self\" role=\"button\" rel=\"noopener\">\r\n\t\t\t\t\t\t\tMore information\r\n\t\t\t\t\t<\/a>\r\n<h2>\r\n\t\tNeed help? doubts? more information?\r\n\t<\/h2>\r\n\t\t\t<a href=\"https:\/\/eufortrisomy21.eu\/contact\/\" target=\"_self\" role=\"button\" rel=\"noopener\">\r\n\t\t\t\t\t\t\tContact us\r\n\t\t\t<\/a>\r\n\t  &nbsp;&nbsp;Translate this page [gtranslate]\r\n\r\n","protected":false},"excerpt":{"rendered":"<p>What is it about ? This year on World Down Syndrome Day, the international theme is &#8220;What does Inclusion mean?&#8221;.&hellip;<\/p>","protected":false},"author":2,"featured_media":0,"parent":0,"menu_order":0,"comment_status":"closed","ping_status":"closed","template":"","meta":{"_acf_changed":false,"footnotes":""},"class_list":["post-32524","page","type-page","status-publish","hentry"],"acf":[],"_links":{"self":[{"href":"https:\/\/eufortrisomy21.eu\/ro\/wp-json\/wp\/v2\/pages\/32524"}],"collection":[{"href":"https:\/\/eufortrisomy21.eu\/ro\/wp-json\/wp\/v2\/pages"}],"about":[{"href":"https:\/\/eufortrisomy21.eu\/ro\/wp-json\/wp\/v2\/types\/page"}],"author":[{"embeddable":true,"href":"https:\/\/eufortrisomy21.eu\/ro\/wp-json\/wp\/v2\/users\/2"}],"replies":[{"embeddable":true,"href":"https:\/\/eufortrisomy21.eu\/ro\/wp-json\/wp\/v2\/comments?post=32524"}],"version-history":[{"count":1,"href":"https:\/\/eufortrisomy21.eu\/ro\/wp-json\/wp\/v2\/pages\/32524\/revisions"}],"predecessor-version":[{"id":33906,"href":"https:\/\/eufortrisomy21.eu\/ro\/wp-json\/wp\/v2\/pages\/32524\/revisions\/33906"}],"wp:attachment":[{"href":"https:\/\/eufortrisomy21.eu\/ro\/wp-json\/wp\/v2\/media?parent=32524"}],"curies":[{"name":"wp","href":"https:\/\/api.w.org\/{rel}","templated":true}]}}