{"id":31852,"date":"2021-03-15T10:59:09","date_gmt":"2021-03-15T09:59:09","guid":{"rendered":"https:\/\/eufortrisomy21.eu\/de\/?post_type=ngo&#038;p=31852"},"modified":"2021-03-15T13:24:48","modified_gmt":"2021-03-15T12:24:48","slug":"ich-bin-aktiv","status":"publish","type":"ngo","link":"https:\/\/eufortrisomy21.eu\/sk\/ngo\/ich-bin-aktiv\/","title":{"rendered":"ich bin aktiv"},"content":{"rendered":"<table width=\"99%\" border=\"0\" cellpadding=\"1\" cellspacing=\"0\" bgcolor=\"#EAEAEA\">\n<tr>\n<td>\n<table width=\"100%\" border=\"0\" cellpadding=\"5\" cellspacing=\"0\" bgcolor=\"#FFFFFF\">\n<tr bgcolor=\"#EAF2FA\">\n<td colspan=\"2\">\n\t\t                                        <font style=\"font-family: sans-serif;font-size:12px\"><strong>N\u00e1zov mimovl\u00e1dnej organiz\u00e1cie<\/strong><\/font>\n\t\t                                    <\/td>\n<\/tr>\n<tr bgcolor=\"#FFFFFF\">\n<td width=\"20\">&nbsp;<\/td>\n<td>\n\t\t                                        <font style=\"font-family: sans-serif;font-size:12px\">ich bin aktiv<\/font>\n\t\t                                    <\/td>\n<\/tr>\n<tr bgcolor=\"#EAF2FA\">\n<td colspan=\"2\">\n\t\t                                        <font style=\"font-family: sans-serif;font-size:12px\"><strong>Logo<\/strong><\/font>\n\t\t                                    <\/td>\n<\/tr>\n<tr bgcolor=\"#FFFFFF\">\n<td width=\"20\">&nbsp;<\/td>\n<td>\n\t\t                                        <font style=\"font-family: sans-serif;font-size:12px\"><\/p>\n<ul>\n<li><a href='https:\/\/eufortrisomy21.eu\/wp-content\/uploads\/2021\/03\/ichbinaktiv_LOGO-scaled.jpg' target='_blank' aria-label='Klicken zum Anschauen' rel=\"noopener\">ichbinaktiv_LOGO-scaled.jpg<\/a><\/li>\n<\/ul>\n<p><\/font>\n\t\t                                    <\/td>\n<\/tr>\n<tr bgcolor=\"#EAF2FA\">\n<td colspan=\"2\">\n\t\t                                        <font style=\"font-family: sans-serif;font-size:12px\"><strong>Krajina<\/strong><\/font>\n\t\t                                    <\/td>\n<\/tr>\n<tr bgcolor=\"#FFFFFF\">\n<td width=\"20\">&nbsp;<\/td>\n<td>\n\t\t                                        <font style=\"font-family: sans-serif;font-size:12px\">RAK\u00daSKO<\/font>\n\t\t                                    <\/td>\n<\/tr>\n<tr bgcolor=\"#EAF2FA\">\n<td colspan=\"2\">\n\t\t                                        <font style=\"font-family: sans-serif;font-size:12px\"><strong>Kr\u00e1tka prezent\u00e1cia mimovl\u00e1dnej organiz\u00e1cie<\/strong><\/font>\n\t\t                                    <\/td>\n<\/tr>\n<tr bgcolor=\"#FFFFFF\">\n<td width=\"20\">&nbsp;<\/td>\n<td>\n\t\t                                        <font style=\"font-family: sans-serif;font-size:12px\">Wir sind ein Verein f\u00fcr Menschen mit Behinderungen und m\u00f6chten f\u00fcr diese besonderen Menschen, ein selbstbestimmtes Leben in W\u00fcrde und auf ihre Bed\u00fcrfnisse abgestimmte Angebote schaffen. Der Verein ist  daher vor allem in den Bereichen &quot;Freizeit&quot;, &quot;Wohnen&quot;,  &quot;Bildung&quot; und &quot;Arbeit&quot; t\u00e4tig.<\/font>\n\t\t                                    <\/td>\n<\/tr>\n<tr bgcolor=\"#EAF2FA\">\n<td colspan=\"2\">\n\t\t                                        <font style=\"font-family: sans-serif;font-size:12px\"><strong>Webov\u00e1 str\u00e1nka<\/strong><\/font>\n\t\t                                    <\/td>\n<\/tr>\n<tr bgcolor=\"#FFFFFF\">\n<td width=\"20\">&nbsp;<\/td>\n<td>\n\t\t                                        <font style=\"font-family: sans-serif;font-size:12px\">https:\/\/www.ich-bin-aktiv.at<\/font>\n\t\t                                    <\/td>\n<\/tr>\n<tr bgcolor=\"#EAF2FA\">\n<td colspan=\"2\">\n\t\t                                        <font style=\"font-family: sans-serif;font-size:12px\"><strong>Facebook<\/strong><\/font>\n\t\t                                    <\/td>\n<\/tr>\n<tr bgcolor=\"#FFFFFF\">\n<td width=\"20\">&nbsp;<\/td>\n<td>\n\t\t                                        <font style=\"font-family: sans-serif;font-size:12px\">https:\/\/de-de.facebook.com\/ichbinaktiv\/<\/font>\n\t\t                                    <\/td>\n<\/tr>\n<tr bgcolor=\"#EAF2FA\">\n<td colspan=\"2\">\n\t\t                                        <font style=\"font-family: sans-serif;font-size:12px\"><strong>Krstn\u00e9 meno kontaktnej osoby<\/strong><\/font>\n\t\t                                    <\/td>\n<\/tr>\n<tr bgcolor=\"#FFFFFF\">\n<td width=\"20\">&nbsp;<\/td>\n<td>\n\t\t                                        <font style=\"font-family: sans-serif;font-size:12px\">Angelika<\/font>\n\t\t                                    <\/td>\n<\/tr>\n<tr bgcolor=\"#EAF2FA\">\n<td colspan=\"2\">\n\t\t                                        <font style=\"font-family: sans-serif;font-size:12px\"><strong>Priezvisko priezviska kontaktnej osoby<\/strong><\/font>\n\t\t                                    <\/td>\n<\/tr>\n<tr bgcolor=\"#FFFFFF\">\n<td width=\"20\">&nbsp;<\/td>\n<td>\n\t\t                                        <font style=\"font-family: sans-serif;font-size:12px\">Stuchlik<\/font>\n\t\t                                    <\/td>\n<\/tr>\n<tr bgcolor=\"#EAF2FA\">\n<td colspan=\"2\">\n\t\t                                        <font style=\"font-family: sans-serif;font-size:12px\"><strong>Email<\/strong><\/font>\n\t\t                                    <\/td>\n<\/tr>\n<tr bgcolor=\"#FFFFFF\">\n<td width=\"20\">&nbsp;<\/td>\n<td>\n\t\t                                        <font style=\"font-family: sans-serif;font-size:12px\"><a href='mailto:office@ich-bin-aktiv.at'>office@ich-bin-aktiv.at<\/a><\/font>\n\t\t                                    <\/td>\n<\/tr>\n<tr bgcolor=\"#EAF2FA\">\n<td colspan=\"2\">\n\t\t                                        <font style=\"font-family: sans-serif;font-size:12px\"><strong>Telef\u00f3n<\/strong><\/font>\n\t\t                                    <\/td>\n<\/tr>\n<tr bgcolor=\"#FFFFFF\">\n<td width=\"20\">&nbsp;<\/td>\n<td>\n\t\t                                        <font style=\"font-family: sans-serif;font-size:12px\">00436641273291<\/font>\n\t\t                                    <\/td>\n<\/tr>\n<tr bgcolor=\"#EAF2FA\">\n<td colspan=\"2\">\n\t\t                                        <font style=\"font-family: sans-serif;font-size:12px\"><strong>Mesto<\/strong><\/font>\n\t\t                                    <\/td>\n<\/tr>\n<tr bgcolor=\"#FFFFFF\">\n<td width=\"20\">&nbsp;<\/td>\n<td>\n\t\t                                        <font style=\"font-family: sans-serif;font-size:12px\">Wien<\/font>\n\t\t                                    <\/td>\n<\/tr>\n<tr bgcolor=\"#EAF2FA\">\n<td colspan=\"2\">\n\t\t                                        <font style=\"font-family: sans-serif;font-size:12px\"><strong>Chcem zaregistrova\u0165 jedn\u00e9ho alebo viacer\u00fdch \u013eud\u00ed s Downov\u00fdm syndr\u00f3mom<\/strong><\/font>\n\t\t                                    <\/td>\n<\/tr>\n<tr bgcolor=\"#FFFFFF\">\n<td width=\"20\">&nbsp;<\/td>\n<td>\n\t\t                                        <font style=\"font-family: sans-serif;font-size:12px\">Nie<\/font>\n\t\t                                    <\/td>\n<\/tr>\n<tr bgcolor=\"#EAF2FA\">\n<td colspan=\"2\">\n\t\t                                        <font style=\"font-family: sans-serif;font-size:12px\"><strong><\/strong><\/font>\n\t\t                                    <\/td>\n<\/tr>\n<tr bgcolor=\"#FFFFFF\">\n<td width=\"20\">&nbsp;<\/td>\n<td>\n\t\t                                        <font style=\"font-family: sans-serif;font-size:12px\"><img decoding=\"async\" src=\"https:\/\/eufortrisomy21.eu\/wp-content\/plugins\/gravityforms\/images\/tick.png\" \/> S\u00fahlas\u00edm s ochranou osobn\u00fdch \u00fadajov.<\/p>\n<div class=\"gfield_consent_description\">Vyplnen\u00edm tohto formul\u00e1ra vyjadrujete s\u00fahlas s t\u00fdm, \u017ee va\u0161e kontaktn\u00e9 \u00fadaje bud\u00fa uveden\u00e9 v kontaktnom s\u00fabore EUfortrisomy21. Upozor\u0148ujeme, \u017ee tento s\u00fabor zost\u00e1va v\u00fdlu\u010dnou zodpovednos\u0165ou EUfortrisomy21 a \u017ee za \u017eiadnych okolnost\u00ed nie je zdie\u013ean\u00fd s in\u00fdmi subjektmi. Ak si v bud\u00facnosti u\u017e ne\u017eel\u00e1te dost\u00e1va\u0165 na\u0161u komunik\u00e1ciu, jednoducho odhl\u00e1ste odkaz pomocou ni\u017e\u0161ie uveden\u00e9ho odkazu. Budete ma\u0165 pr\u00e1vo na pr\u00edstup, opravu alebo vymazanie \u00fadajov, ktor\u00e9 sa v\u00e1s t\u00fdkaj\u00fa, kedyko\u013evek a pr\u00e1vo namieta\u0165 alebo obmedzi\u0165 ich spracovanie. Pre uplatnenie svojich pr\u00e1v n\u00e1s m\u00f4\u017eete kontaktova\u0165 na privacy @ eufortrisomy21. \u010eal\u0161ie inform\u00e1cie o ochrane va\u0161ich osobn\u00fdch \u00fadajov: privacy @ eufortrisomy21<\/div>\n<p><\/font>\n\t\t                                    <\/td>\n<\/tr>\n<\/table>\n<\/td>\n<\/tr>\n<\/table>","protected":false},"featured_media":0,"template":"","country":[16],"class_list":["post-31852","ngo","type-ngo","status-publish","hentry","country-austria"],"acf":[],"_links":{"self":[{"href":"https:\/\/eufortrisomy21.eu\/sk\/wp-json\/wp\/v2\/ngo\/31852"}],"collection":[{"href":"https:\/\/eufortrisomy21.eu\/sk\/wp-json\/wp\/v2\/ngo"}],"about":[{"href":"https:\/\/eufortrisomy21.eu\/sk\/wp-json\/wp\/v2\/types\/ngo"}],"version-history":[{"count":0,"href":"https:\/\/eufortrisomy21.eu\/sk\/wp-json\/wp\/v2\/ngo\/31852\/revisions"}],"wp:attachment":[{"href":"https:\/\/eufortrisomy21.eu\/sk\/wp-json\/wp\/v2\/media?parent=31852"}],"wp:term":[{"taxonomy":"country","embeddable":true,"href":"https:\/\/eufortrisomy21.eu\/sk\/wp-json\/wp\/v2\/country?post=31852"}],"curies":[{"name":"wp","href":"https:\/\/api.w.org\/{rel}","templated":true}]}}