{"id":32125,"date":"2021-03-18T13:09:34","date_gmt":"2021-03-18T12:09:34","guid":{"rendered":"https:\/\/eufortrisomy21.eu\/de\/?post_type=ngo&#038;p=32125"},"modified":"2021-03-18T13:12:23","modified_gmt":"2021-03-18T12:12:23","slug":"kreissportjugend-im-kreissportbund-sonneberg-e-v","status":"publish","type":"ngo","link":"https:\/\/eufortrisomy21.eu\/sk\/ngo\/kreissportjugend-im-kreissportbund-sonneberg-e-v\/","title":{"rendered":"Kreissportjugend im Kreissportbund Sonneberg eV"},"content":{"rendered":"<table width=\"99%\" border=\"0\" cellpadding=\"1\" cellspacing=\"0\" bgcolor=\"#EAEAEA\">\n<tr>\n<td>\n<table width=\"100%\" border=\"0\" cellpadding=\"5\" cellspacing=\"0\" bgcolor=\"#FFFFFF\">\n<tr bgcolor=\"#EAF2FA\">\n<td colspan=\"2\">\n\t\t                                        <font style=\"font-family: sans-serif;font-size:12px\"><strong>N\u00e1zov mimovl\u00e1dnej organiz\u00e1cie<\/strong><\/font>\n\t\t                                    <\/td>\n<\/tr>\n<tr bgcolor=\"#FFFFFF\">\n<td width=\"20\">&nbsp;<\/td>\n<td>\n\t\t                                        <font style=\"font-family: sans-serif;font-size:12px\">Kreissportjugend im Kreissportbund Sonneberg eV<\/font>\n\t\t                                    <\/td>\n<\/tr>\n<tr bgcolor=\"#EAF2FA\">\n<td colspan=\"2\">\n\t\t                                        <font style=\"font-family: sans-serif;font-size:12px\"><strong>Logo<\/strong><\/font>\n\t\t                                    <\/td>\n<\/tr>\n<tr bgcolor=\"#FFFFFF\">\n<td width=\"20\">&nbsp;<\/td>\n<td>\n\t\t                                        <font style=\"font-family: sans-serif;font-size:12px\"><\/p>\n<ul>\n<li><a href='https:\/\/eufortrisomy21.eu\/wp-content\/uploads\/2021\/03\/Logo-KSJ.doc' target='_blank' aria-label='Klicken zum Anschauen' rel=\"noopener\">Logo-KSJ.doc<\/a><\/li>\n<\/ul>\n<p><\/font>\n\t\t                                    <\/td>\n<\/tr>\n<tr bgcolor=\"#EAF2FA\">\n<td colspan=\"2\">\n\t\t                                        <font style=\"font-family: sans-serif;font-size:12px\"><strong>Krajina<\/strong><\/font>\n\t\t                                    <\/td>\n<\/tr>\n<tr bgcolor=\"#FFFFFF\">\n<td width=\"20\">&nbsp;<\/td>\n<td>\n\t\t                                        <font style=\"font-family: sans-serif;font-size:12px\">NEMECKO<\/font>\n\t\t                                    <\/td>\n<\/tr>\n<tr bgcolor=\"#EAF2FA\">\n<td colspan=\"2\">\n\t\t                                        <font style=\"font-family: sans-serif;font-size:12px\"><strong>Kr\u00e1tka prezent\u00e1cia mimovl\u00e1dnej organiz\u00e1cie<\/strong><\/font>\n\t\t                                    <\/td>\n<\/tr>\n<tr bgcolor=\"#FFFFFF\">\n<td width=\"20\">&nbsp;<\/td>\n<td>\n\t\t                                        <font style=\"font-family: sans-serif;font-size:12px\">Die KSJ Sonneberg = Interessenvertreter der Kinder und Jugendlichen, bis 27 Jahren. Die KSJ leistet Angebote nach \u00a7 11 &#8211; 13 SGB VIII. Die KSJ unterst\u00fctzt den Kinder- und Jugendsport, indem sie Kinder und Jugendliche zur sportlichen Aktivit\u00e4t motiviert und sie in die Vereine integriert.<\/font>\n\t\t                                    <\/td>\n<\/tr>\n<tr bgcolor=\"#EAF2FA\">\n<td colspan=\"2\">\n\t\t                                        <font style=\"font-family: sans-serif;font-size:12px\"><strong>Webov\u00e1 str\u00e1nka<\/strong><\/font>\n\t\t                                    <\/td>\n<\/tr>\n<tr bgcolor=\"#FFFFFF\">\n<td width=\"20\">&nbsp;<\/td>\n<td>\n\t\t                                        <font style=\"font-family: sans-serif;font-size:12px\">www.ksb-son.de<\/font>\n\t\t                                    <\/td>\n<\/tr>\n<tr bgcolor=\"#EAF2FA\">\n<td colspan=\"2\">\n\t\t                                        <font style=\"font-family: sans-serif;font-size:12px\"><strong>Facebook<\/strong><\/font>\n\t\t                                    <\/td>\n<\/tr>\n<tr bgcolor=\"#FFFFFF\">\n<td width=\"20\">&nbsp;<\/td>\n<td>\n\t\t                                        <font style=\"font-family: sans-serif;font-size:12px\">https:\/\/www.facebook.com\/kreissportjugend.sonneberg<\/font>\n\t\t                                    <\/td>\n<\/tr>\n<tr bgcolor=\"#EAF2FA\">\n<td colspan=\"2\">\n\t\t                                        <font style=\"font-family: sans-serif;font-size:12px\"><strong>Instagram<\/strong><\/font>\n\t\t                                    <\/td>\n<\/tr>\n<tr bgcolor=\"#FFFFFF\">\n<td width=\"20\">&nbsp;<\/td>\n<td>\n\t\t                                        <font style=\"font-family: sans-serif;font-size:12px\">ksj_sonneberg<\/font>\n\t\t                                    <\/td>\n<\/tr>\n<tr bgcolor=\"#EAF2FA\">\n<td colspan=\"2\">\n\t\t                                        <font style=\"font-family: sans-serif;font-size:12px\"><strong>Krstn\u00e9 meno kontaktnej osoby<\/strong><\/font>\n\t\t                                    <\/td>\n<\/tr>\n<tr bgcolor=\"#FFFFFF\">\n<td width=\"20\">&nbsp;<\/td>\n<td>\n\t\t                                        <font style=\"font-family: sans-serif;font-size:12px\">Susanne<\/font>\n\t\t                                    <\/td>\n<\/tr>\n<tr bgcolor=\"#EAF2FA\">\n<td colspan=\"2\">\n\t\t                                        <font style=\"font-family: sans-serif;font-size:12px\"><strong>Priezvisko priezviska kontaktnej osoby<\/strong><\/font>\n\t\t                                    <\/td>\n<\/tr>\n<tr bgcolor=\"#FFFFFF\">\n<td width=\"20\">&nbsp;<\/td>\n<td>\n\t\t                                        <font style=\"font-family: sans-serif;font-size:12px\">Traut<\/font>\n\t\t                                    <\/td>\n<\/tr>\n<tr bgcolor=\"#EAF2FA\">\n<td colspan=\"2\">\n\t\t                                        <font style=\"font-family: sans-serif;font-size:12px\"><strong>Email<\/strong><\/font>\n\t\t                                    <\/td>\n<\/tr>\n<tr bgcolor=\"#FFFFFF\">\n<td width=\"20\">&nbsp;<\/td>\n<td>\n\t\t                                        <font style=\"font-family: sans-serif;font-size:12px\"><a href='mailto:susanne.traut@ksb-son.de'>susanne.traut@ksb-son.de<\/a><\/font>\n\t\t                                    <\/td>\n<\/tr>\n<tr bgcolor=\"#EAF2FA\">\n<td colspan=\"2\">\n\t\t                                        <font style=\"font-family: sans-serif;font-size:12px\"><strong>Telef\u00f3n<\/strong><\/font>\n\t\t                                    <\/td>\n<\/tr>\n<tr bgcolor=\"#FFFFFF\">\n<td width=\"20\">&nbsp;<\/td>\n<td>\n\t\t                                        <font style=\"font-family: sans-serif;font-size:12px\">03675\/702967<\/font>\n\t\t                                    <\/td>\n<\/tr>\n<tr bgcolor=\"#EAF2FA\">\n<td colspan=\"2\">\n\t\t                                        <font style=\"font-family: sans-serif;font-size:12px\"><strong>Mesto<\/strong><\/font>\n\t\t                                    <\/td>\n<\/tr>\n<tr bgcolor=\"#FFFFFF\">\n<td width=\"20\">&nbsp;<\/td>\n<td>\n\t\t                                        <font style=\"font-family: sans-serif;font-size:12px\">Sonneberg<\/font>\n\t\t                                    <\/td>\n<\/tr>\n<tr bgcolor=\"#EAF2FA\">\n<td colspan=\"2\">\n\t\t                                        <font style=\"font-family: sans-serif;font-size:12px\"><strong>Chcem zaregistrova\u0165 jedn\u00e9ho alebo viacer\u00fdch \u013eud\u00ed s Downov\u00fdm syndr\u00f3mom<\/strong><\/font>\n\t\t                                    <\/td>\n<\/tr>\n<tr bgcolor=\"#FFFFFF\">\n<td width=\"20\">&nbsp;<\/td>\n<td>\n\t\t                                        <font style=\"font-family: sans-serif;font-size:12px\">Nie<\/font>\n\t\t                                    <\/td>\n<\/tr>\n<tr bgcolor=\"#EAF2FA\">\n<td colspan=\"2\">\n\t\t                                        <font style=\"font-family: sans-serif;font-size:12px\"><strong>Kontaktujte optin<\/strong><\/font>\n\t\t                                    <\/td>\n<\/tr>\n<tr bgcolor=\"#FFFFFF\">\n<td width=\"20\">&nbsp;<\/td>\n<td>\n\t\t                                        <font style=\"font-family: sans-serif;font-size:12px\"><\/p>\n<ul class='bulleted'>\n<li>Chcel by ma kontaktova\u0165, aby som sa stal partnerom E\u00da pre Trizomiu 21<\/li>\n<\/ul>\n<p><\/font>\n\t\t                                    <\/td>\n<\/tr>\n<tr bgcolor=\"#EAF2FA\">\n<td colspan=\"2\">\n\t\t                                        <font style=\"font-family: sans-serif;font-size:12px\"><strong><\/strong><\/font>\n\t\t                                    <\/td>\n<\/tr>\n<tr bgcolor=\"#FFFFFF\">\n<td width=\"20\">&nbsp;<\/td>\n<td>\n\t\t                                        <font style=\"font-family: sans-serif;font-size:12px\"><img decoding=\"async\" src=\"https:\/\/eufortrisomy21.eu\/wp-content\/plugins\/gravityforms\/images\/tick.png\" \/> S\u00fahlas\u00edm s ochranou osobn\u00fdch \u00fadajov.<\/p>\n<div class=\"gfield_consent_description\">Vyplnen\u00edm tohto formul\u00e1ra vyjadrujete s\u00fahlas s t\u00fdm, \u017ee va\u0161e kontaktn\u00e9 \u00fadaje bud\u00fa uveden\u00e9 v kontaktnom s\u00fabore EUfortrisomy21. Upozor\u0148ujeme, \u017ee tento s\u00fabor zost\u00e1va v\u00fdlu\u010dnou zodpovednos\u0165ou EUfortrisomy21 a \u017ee za \u017eiadnych okolnost\u00ed nie je zdie\u013ean\u00fd s in\u00fdmi subjektmi. Ak si v bud\u00facnosti u\u017e ne\u017eel\u00e1te dost\u00e1va\u0165 na\u0161u komunik\u00e1ciu, jednoducho odhl\u00e1ste odkaz pomocou ni\u017e\u0161ie uveden\u00e9ho odkazu. Budete ma\u0165 pr\u00e1vo na pr\u00edstup, opravu alebo vymazanie \u00fadajov, ktor\u00e9 sa v\u00e1s t\u00fdkaj\u00fa, kedyko\u013evek a pr\u00e1vo namieta\u0165 alebo obmedzi\u0165 ich spracovanie. Pre uplatnenie svojich pr\u00e1v n\u00e1s m\u00f4\u017eete kontaktova\u0165 na privacy @ eufortrisomy21. \u010eal\u0161ie inform\u00e1cie o ochrane va\u0161ich osobn\u00fdch \u00fadajov: privacy @ eufortrisomy21<\/div>\n<p><\/font>\n\t\t                                    <\/td>\n<\/tr>\n<\/table>\n<\/td>\n<\/tr>\n<\/table>","protected":false},"featured_media":0,"template":"","country":[21],"class_list":["post-32125","ngo","type-ngo","status-publish","hentry","country-germany"],"acf":[],"_links":{"self":[{"href":"https:\/\/eufortrisomy21.eu\/sk\/wp-json\/wp\/v2\/ngo\/32125"}],"collection":[{"href":"https:\/\/eufortrisomy21.eu\/sk\/wp-json\/wp\/v2\/ngo"}],"about":[{"href":"https:\/\/eufortrisomy21.eu\/sk\/wp-json\/wp\/v2\/types\/ngo"}],"version-history":[{"count":0,"href":"https:\/\/eufortrisomy21.eu\/sk\/wp-json\/wp\/v2\/ngo\/32125\/revisions"}],"wp:attachment":[{"href":"https:\/\/eufortrisomy21.eu\/sk\/wp-json\/wp\/v2\/media?parent=32125"}],"wp:term":[{"taxonomy":"country","embeddable":true,"href":"https:\/\/eufortrisomy21.eu\/sk\/wp-json\/wp\/v2\/country?post=32125"}],"curies":[{"name":"wp","href":"https:\/\/api.w.org\/{rel}","templated":true}]}}