{"id":14530,"date":"2020-03-19T20:43:25","date_gmt":"2020-03-19T19:43:25","guid":{"rendered":"https:\/\/eufortrisomy21.eu\/?page_id=14530"},"modified":"2022-02-01T23:48:02","modified_gmt":"2022-02-01T22:48:02","slug":"research","status":"publish","type":"page","link":"https:\/\/eufortrisomy21.eu\/sk\/21march20\/research\/","title":{"rendered":"V\u00fdskum"},"content":{"rendered":"<h1>\n\t\t\n\t<\/h1>\n<h2>\n\t\tH\u013ead\u00e1me lie\u010dbu Downovho syndr\u00f3mu: in\u0161pirat\u00edvny vedeck\u00fd projekt, ktor\u00fd si zasl\u00fa\u017ei politick\u00fa v\u00f4\u013eu E\u00da\n\t<\/h2>\n\t<p>Eur\u00f3pski vedci, ktor\u00fdch Eur\u00f3psky parlament vyzval, aby verejne predstavili svoje diela, nap\u00edsali - spolu s \u010fal\u0161\u00edmi odborn\u00edkmi - oped. Vych\u00e1dza v eur\u00f3pskych novin\u00e1ch pri pr\u00edle\u017eitosti Svetov\u00e9ho d\u0148a Downovho syndr\u00f3mu. V \u010dl\u00e1nku s\u00fa zhrnut\u00e9 ciele a prielomy terapeutick\u00e9ho v\u00fdskumu: zn\u00ed\u017ei\u0165 zdravotn\u00e9 postihnutie a zlep\u0161i\u0165 kvalitu \u017eivota a nez\u00e1vislosti os\u00f4b s Downov\u00fdm syndr\u00f3mom:<\/p>\n\t\t\t\t<a href=\"https:\/\/www.lefigaro.fr\/vox\/culture\/l-ue-doit-faire-davantage-pour-la-recherche-d-un-traitement-de-la-trisomie-21-20200321\" target=\"_blank\" rel=\"noopener noreferrer\" itemprop=\"url\">\n\t\t\t\t<img loading=\"lazy\" decoding=\"async\" src=\"https:\/\/eufortrisomy21.eu\/wp-content\/uploads\/2020\/03\/france-150x150.png\" alt=\"france\" itemprop=\"image\" height=\"150\" width=\"150\" title=\"Franc\u00fazsko\" onerror=\"this.style.display='none'\"  \/>\n\t\t\t\t<\/a>\n<h4><a href=\"https:\/\/www.lefigaro.fr\/vox\/culture\/l-ue-doit-faire-davantage-pour-la-recherche-d-un-traitement-de-la-trisomie-21-20200321\" target=\"_blank\" rel=\"noopener noreferrer\">Le Figaro (Franc\u00fazsko)<\/a><\/h4>\t\t\n\t\t\t<p>Trouver un traitement pour la trisomie 21: un projet scientifique enthousiasmant m\u00e9ritant une volont\u00e9 politique de l&#039;Union europ\u00e9enne!<\/p>\n\t\t\t<a href=\"https:\/\/www.lefigaro.fr\/vox\/culture\/l-ue-doit-faire-davantage-pour-la-recherche-d-un-traitement-de-la-trisomie-21-20200321\" target=\"_blank\" role=\"button\" rel=\"noopener noreferrer\">\n\t\t\t\t\t\t\t\u010c\u00edta\u0165\n\t\t\t\t\t<\/a>\n\t\t\t\t<a href=\"https:\/\/www.lalibre.be\/debats\/opinions\/trouver-un-traitement-pour-la-trisomie-21-un-projet-scientifique-enthousiasmant-meritant-une-volonte-politique-de-l-union-europeenne-5e74e742d8ad582f31c4c05a\" target=\"_blank\" rel=\"noopener noreferrer\" itemprop=\"url\">\n\t\t\t\t<img loading=\"lazy\" decoding=\"async\" src=\"https:\/\/eufortrisomy21.eu\/wp-content\/uploads\/2020\/03\/belgium.png\" alt=\"belgium\" itemprop=\"image\" height=\"512\" width=\"512\" title=\"belgicko\" onerror=\"this.style.display='none'\"  \/>\n\t\t\t\t<\/a>\n<h4><a href=\"https:\/\/www.lalibre.be\/debats\/opinions\/trouver-un-traitement-pour-la-trisomie-21-un-projet-scientifique-enthousiasmant-meritant-une-volonte-politique-de-l-union-europeenne-5e74e742d8ad582f31c4c05a\" target=\"_blank\" rel=\"noopener noreferrer\">Libre Belgique (Belgicko)<\/a><\/h4>\t\t\n\t\t\t<p>Trouver un traitement pour la trisomie 21: un projet scientifique enthousiasmant m\u00e9ritant une volont\u00e9 politique de l&#039;Union europ\u00e9enne!<\/p>\n\t\t\t<a href=\"https:\/\/www.lalibre.be\/debats\/opinions\/trouver-un-traitement-pour-la-trisomie-21-un-projet-scientifique-enthousiasmant-meritant-une-volonte-politique-de-l-union-europeenne-5e74e742d8ad582f31c4c05a\" target=\"_blank\" role=\"button\" rel=\"noopener noreferrer\">\n\t\t\t\t\t\t\t\u010c\u00edta\u0165\n\t\t\t\t\t<\/a>\n\t\t\t\t<a href=\"https:\/\/www.lastampa.it\/salute\/2020\/03\/21\/news\/giornata-mondiale-della-sindrome-di-down-1.38616524\" target=\"_blank\" rel=\"noopener noreferrer\" itemprop=\"url\">\n\t\t\t\t<img loading=\"lazy\" decoding=\"async\" src=\"https:\/\/eufortrisomy21.eu\/wp-content\/uploads\/2020\/03\/italy.png\" alt=\"italy\" itemprop=\"image\" height=\"512\" width=\"512\" title=\"taliansko\" onerror=\"this.style.display='none'\"  \/>\n\t\t\t\t<\/a>\n<h4><a href=\"https:\/\/www.lastampa.it\/salute\/2020\/03\/21\/news\/giornata-mondiale-della-sindrome-di-down-1.38616524\" target=\"_blank\" rel=\"noopener noreferrer\">La Stampa (Taliansko)<\/a><\/h4>\t\t\n\t\t\t<p>Trovare una cura per la trisomia 21: un progetto scientifico entusiasmante che merita la volont\u00e0 politica dell&#8217;Unione Europea!<\/p>\n\t\t\t<a href=\"https:\/\/www.lastampa.it\/salute\/2020\/03\/21\/news\/giornata-mondiale-della-sindrome-di-down-1.38616524\" target=\"_blank\" role=\"button\" rel=\"noopener noreferrer\">\n\t\t\t\t\t\t\t\u010c\u00edta\u0165\n\t\t\t\t\t<\/a>\n\t\t\t\t<a href=\"https:\/\/wpolityce.pl\/spoleczenstwo\/492308-wspieramy-osoby-z-zespolem-downa\" target=\"_blank\" rel=\"noopener noreferrer\" itemprop=\"url\">\n\t\t\t\t<img loading=\"lazy\" decoding=\"async\" src=\"https:\/\/eufortrisomy21.eu\/wp-content\/uploads\/2020\/03\/republic-of-poland.png\" alt=\"republic-of-poland\" itemprop=\"image\" height=\"512\" width=\"512\" title=\"po\u013esk\u00e1 republika\" onerror=\"this.style.display='none'\"  \/>\n\t\t\t\t<\/a>\n<h4><a href=\"https:\/\/wpolityce.pl\/spoleczenstwo\/492308-wspieramy-osoby-z-zespolem-downa\" target=\"_blank\" rel=\"noopener noreferrer\">wPolityce (Po\u013esko)<\/a><\/h4>\t\t\n\t\t\t<p>Znalezienie lekarstwa na trisomi\u0119 21: ekscytuj\u0105cy projekt naukowy, kt\u00f3ry zas\u0142uguje na polityczn\u0105 wol\u0119 Unii Europejskiej!<\/p>\n\t\t\t<a href=\"https:\/\/wpolityce.pl\/spoleczenstwo\/492308-wspieramy-osoby-z-zespolem-downa\" target=\"_blank\" role=\"button\" rel=\"noopener noreferrer\">\n\t\t\t\t\t\t\t\u010c\u00edta\u0165\n\t\t\t\t\t<\/a>\n\t\t\t\t<a href=\"https:\/\/narod.hr\/zdravlje\/lijecenje-za-sindrom-down-entuzijastican-pothvat-znanstvenika-koji-zahtjeva-politicku-volju-europske-unije\" target=\"_blank\" rel=\"noopener noreferrer\" itemprop=\"url\">\n\t\t\t\t<img loading=\"lazy\" decoding=\"async\" src=\"https:\/\/eufortrisomy21.eu\/wp-content\/uploads\/2020\/03\/croatia.png\" alt=\"croatia\" itemprop=\"image\" height=\"512\" width=\"512\" title=\"chorv\u00e1tsko\" onerror=\"this.style.display='none'\"  \/>\n\t\t\t\t<\/a>\n<h4><a href=\"https:\/\/narod.hr\/zdravlje\/lijecenje-za-sindrom-down-entuzijastican-pothvat-znanstvenika-koji-zahtjeva-politicku-volju-europske-unije\" target=\"_blank\" rel=\"noopener noreferrer\">Narod (Chorv\u00e1tsko)<\/a><\/h4>\t\t\n\t\t\t<p>Lije\u010denje za sindrom Down: Entuzijasti\u010dan pothvat znanstvenika koji zahtjeva politi\u010dku volju Europske unije<\/p>\n\t\t\t<a href=\"https:\/\/narod.hr\/zdravlje\/lijecenje-za-sindrom-down-entuzijastican-pothvat-znanstvenika-koji-zahtjeva-politicku-volju-europske-unije\" target=\"_blank\" role=\"button\" rel=\"noopener noreferrer\">\n\t\t\t\t\t\t\t\u010c\u00edta\u0165\n\t\t\t\t\t<\/a>\n\t\t\t\t<a href=\"https:\/\/eufortrisomy21.eu\/wp-content\/uploads\/2020\/03\/TRIBUNEChercheursWDSD2020-German19mars.pdf\" target=\"_blank\" rel=\"noopener noreferrer\" itemprop=\"url\">\n\t\t\t\t<img loading=\"lazy\" decoding=\"async\" src=\"https:\/\/eufortrisomy21.eu\/wp-content\/uploads\/2020\/03\/germany.png\" alt=\"germany\" itemprop=\"image\" height=\"512\" width=\"512\" title=\"nemecko\" onerror=\"this.style.display='none'\"  \/>\n\t\t\t\t<\/a>\n<h4><a href=\"https:\/\/eufortrisomy21.eu\/wp-content\/uploads\/2020\/03\/TRIBUNEChercheursWDSD2020-German19mars.pdf\" target=\"_blank\" rel=\"noopener noreferrer\">Nemecko<\/a><\/h4>\t\t\n\t\t\t<p>Die Heilbehandlung der Trisomie 21 entwickeln: ein begeisterndes wissenschaftliches Projekt, das die Anerkennung der Europ\u00e4ischen Union verdient!<\/p>\n\t\t\t<a href=\"https:\/\/eufortrisomy21.eu\/wp-content\/uploads\/2020\/03\/TRIBUNEChercheursWDSD2020-German19mars.pdf\" target=\"_blank\" role=\"button\" rel=\"noopener noreferrer\">\n\t\t\t\t\t\t\t\u010c\u00edta\u0165\n\t\t\t\t\t<\/a>\n\t\t\t\t<a href=\"https:\/\/eufortrisomy21.eu\/wp-content\/uploads\/2020\/03\/TRIBUNEChercheursWDSD2020-ES23mars.pdf\" target=\"_blank\" rel=\"noopener noreferrer\" itemprop=\"url\">\n\t\t\t\t<img loading=\"lazy\" decoding=\"async\" src=\"https:\/\/eufortrisomy21.eu\/wp-content\/uploads\/2020\/03\/spain.png\" alt=\"spain\" itemprop=\"image\" height=\"512\" width=\"512\" title=\"\u0161panielsko\" onerror=\"this.style.display='none'\"  \/>\n\t\t\t\t<\/a>\n<h4><a href=\"https:\/\/eufortrisomy21.eu\/wp-content\/uploads\/2020\/03\/TRIBUNEChercheursWDSD2020-ES23mars.pdf\" target=\"_blank\" rel=\"noopener noreferrer\">\u0160panielsko<\/a><\/h4>\t\t\n\t\t\t<p>Buscando el tratamiento del s\u00edndrome de Down: un proyecto cient\u00edfico inspirador que merece la voluntad pol\u00edtica de la UE<\/p>\n\t\t\t<a href=\"https:\/\/eufortrisomy21.eu\/wp-content\/uploads\/2020\/03\/TRIBUNEChercheursWDSD2020-ES23mars.pdf\" target=\"_blank\" role=\"button\" rel=\"noopener noreferrer\">\n\t\t\t\t\t\t\t\u010c\u00edta\u0165\n\t\t\t\t\t<\/a>\n\t<p>Viac inform\u00e1ci\u00ed o vedeck\u00fdch objavoch n\u00e1jdete v troch abstraktoch: <\/p>\n<ul>\n<li>Csaba SZABO Abstrakt (<a href=\"https:\/\/eufortrisomy21.eu\/wp-content\/uploads\/2020\/03\/ABSTRACTCsabaSzabo.pdf\" target=\"_blank\" rel=\"noopener noreferrer\">Zobrazi\u0165 abstrakt<\/a><em>)<\/em><\/li>\n<li>Andre Megarbane Abstract (<a href=\"https:\/\/eufortrisomy21.eu\/wp-content\/uploads\/2020\/03\/AbstractAndreMegarbane.pdf\" target=\"_blank\" rel=\"noopener noreferrer\">Zobrazi\u0165 abstrakt<\/a><em>)<\/em><\/li>\n<li>Andre Strydom Abstract (<a href=\"https:\/\/eufortrisomy21.eu\/wp-content\/uploads\/2020\/03\/ABSTRACTAlzheimer-DSAndreStrydom.pdf\" target=\"_blank\" rel=\"noopener noreferrer\">Zobrazi\u0165 abstrakt<\/a>)<\/li>\n<\/ul>","protected":false},"excerpt":{"rendered":"<p>Looking for Down syndrome treatment: an inspiring scientific project which deserves EU\u2019s political will European researchers, who were invited by&hellip;<\/p>","protected":false},"author":2,"featured_media":0,"parent":14422,"menu_order":0,"comment_status":"closed","ping_status":"closed","template":"","meta":{"_acf_changed":false,"footnotes":""},"class_list":["post-14530","page","type-page","status-publish","hentry"],"acf":[],"_links":{"self":[{"href":"https:\/\/eufortrisomy21.eu\/sk\/wp-json\/wp\/v2\/pages\/14530"}],"collection":[{"href":"https:\/\/eufortrisomy21.eu\/sk\/wp-json\/wp\/v2\/pages"}],"about":[{"href":"https:\/\/eufortrisomy21.eu\/sk\/wp-json\/wp\/v2\/types\/page"}],"author":[{"embeddable":true,"href":"https:\/\/eufortrisomy21.eu\/sk\/wp-json\/wp\/v2\/users\/2"}],"replies":[{"embeddable":true,"href":"https:\/\/eufortrisomy21.eu\/sk\/wp-json\/wp\/v2\/comments?post=14530"}],"version-history":[{"count":0,"href":"https:\/\/eufortrisomy21.eu\/sk\/wp-json\/wp\/v2\/pages\/14530\/revisions"}],"up":[{"embeddable":true,"href":"https:\/\/eufortrisomy21.eu\/sk\/wp-json\/wp\/v2\/pages\/14422"}],"wp:attachment":[{"href":"https:\/\/eufortrisomy21.eu\/sk\/wp-json\/wp\/v2\/media?parent=14530"}],"curies":[{"name":"wp","href":"https:\/\/api.w.org\/{rel}","templated":true}]}}