{"id":29503,"date":"2021-01-08T07:28:17","date_gmt":"2021-01-08T06:28:17","guid":{"rendered":"https:\/\/eufortrisomy21.eu\/?post_type=ngo&#038;p=29503"},"modified":"2021-02-05T23:48:17","modified_gmt":"2021-02-05T22:48:17","slug":"ergastiri-eidikis-agogis-margarita-vtc-margarita","status":"publish","type":"ngo","link":"https:\/\/eufortrisomy21.eu\/sv\/ngo\/ergastiri-eidikis-agogis-margarita-vtc-margarita\/","title":{"rendered":"ERGASTIRI EIDIKIS AGOGIS \u201cMARGARITA\u201d (VTC MARGARITA)"},"content":{"rendered":"<table border=\"0\" width=\"99%\" cellspacing=\"0\" cellpadding=\"1\" bgcolor=\"#EAEAEA\">\n<tbody>\n<tr>\n<td>\n<table border=\"0\" width=\"100%\" cellspacing=\"0\" cellpadding=\"5\" bgcolor=\"#FFFFFF\">\n<tbody>\n<tr bgcolor=\"#EAF2FA\">\n<td colspan=\"2\"><span style=\"font-family: sans-serif; font-size: 12px;\"><strong>Name of the NGO<\/strong><\/span><\/td>\n<\/tr>\n<tr bgcolor=\"#FFFFFF\">\n<td width=\"20\"><\/td>\n<td><span style=\"font-family: sans-serif; font-size: 12px;\">ERGASTIRI EIDIKIS AGOGIS \u201cMARGARITA\u201d (VTC MARGARITA)<\/span><\/td>\n<\/tr>\n<tr bgcolor=\"#EAF2FA\">\n<td colspan=\"2\"><span style=\"font-family: sans-serif; font-size: 12px;\"><strong>Land<\/strong><\/span><\/td>\n<\/tr>\n<tr bgcolor=\"#FFFFFF\">\n<td width=\"20\"><\/td>\n<td><span style=\"font-family: sans-serif; font-size: 12px;\">GREKLAND<\/span><\/td>\n<\/tr>\n<tr bgcolor=\"#EAF2FA\">\n<td colspan=\"2\"><span style=\"font-family: sans-serif; font-size: 12px;\"><strong>Short presentation of the NGO<\/strong><\/span><\/td>\n<\/tr>\n<tr bgcolor=\"#FFFFFF\">\n<td width=\"20\"><\/td>\n<td><span style=\"font-family: sans-serif; font-size: 12px;\">MARGARITA \u00e4r ett specialiserat centrum f\u00f6r personer med intellektuella funktionsneds\u00e4ttningar. Det grundades 1979 av Ioanna Tsokopoulou, mamma till Leonidas, ett barn med Downs syndrom. Det avleder cirka 100 elever i regionen Attika.<\/span><\/td>\n<\/tr>\n<tr bgcolor=\"#EAF2FA\">\n<td colspan=\"2\"><span style=\"font-family: sans-serif; font-size: 12px;\"><strong>Contact person&#8217;s first name<\/strong><\/span><\/td>\n<\/tr>\n<tr bgcolor=\"#FFFFFF\">\n<td width=\"20\"><\/td>\n<td><span style=\"font-family: sans-serif; font-size: 12px;\">Ioannis<\/span><\/td>\n<\/tr>\n<tr bgcolor=\"#EAF2FA\">\n<td colspan=\"2\"><span style=\"font-family: sans-serif; font-size: 12px;\"><strong>Contact person&#8217;s last name<\/strong><\/span><\/td>\n<\/tr>\n<tr bgcolor=\"#FFFFFF\">\n<td width=\"20\"><\/td>\n<td><span style=\"font-family: sans-serif; font-size: 12px;\">Bistas<\/span><\/td>\n<\/tr>\n<tr bgcolor=\"#EAF2FA\">\n<td colspan=\"2\"><span style=\"font-family: sans-serif; font-size: 12px;\"><strong>E-post<\/strong><\/span><\/td>\n<\/tr>\n<tr bgcolor=\"#FFFFFF\">\n<td width=\"20\"><\/td>\n<td><span style=\"font-family: sans-serif; font-size: 12px;\">g.bistas@eeamargarita.gr<\/span><\/td>\n<\/tr>\n<tr bgcolor=\"#EAF2FA\">\n<td colspan=\"2\"><span style=\"font-family: sans-serif; font-size: 12px;\"><strong>Telefon<\/strong><\/span><\/td>\n<\/tr>\n<tr bgcolor=\"#FFFFFF\">\n<td width=\"20\"><\/td>\n<td><span style=\"font-family: sans-serif; font-size: 12px;\">+302108044812, +306936141330<\/span><\/td>\n<\/tr>\n<tr bgcolor=\"#EAF2FA\">\n<td colspan=\"2\"><span style=\"font-family: sans-serif; font-size: 12px;\"><strong>Stad<\/strong><\/span><\/td>\n<\/tr>\n<tr bgcolor=\"#FFFFFF\">\n<td width=\"20\"><\/td>\n<td><span style=\"font-family: sans-serif; font-size: 12px;\">Nea Penteli, Attika<\/span><\/td>\n<\/tr>\n<tr bgcolor=\"#EAF2FA\">\n<td colspan=\"2\"><span style=\"font-family: sans-serif; font-size: 12px;\"><strong>I want to register one or more people with Down&#8217;s syndrome<\/strong><\/span><\/td>\n<\/tr>\n<tr bgcolor=\"#FFFFFF\">\n<td width=\"20\"><\/td>\n<td><span style=\"font-family: sans-serif; font-size: 12px;\">No<\/span><\/td>\n<\/tr>\n<tr bgcolor=\"#EAF2FA\">\n<td colspan=\"2\"><span style=\"font-family: sans-serif; font-size: 12px;\"><strong>Contact optin<\/strong><\/span><\/td>\n<\/tr>\n<tr bgcolor=\"#FFFFFF\">\n<td width=\"20\"><\/td>\n<td>\n<ul class=\"bulleted\">\n<li>I would like to be contacted to become a partner of EU for Trisomy 21<\/li>\n<\/ul>\n<p>&nbsp;<\/td>\n<\/tr>\n<tr bgcolor=\"#EAF2FA\">\n<td colspan=\"2\"><\/td>\n<\/tr>\n<tr bgcolor=\"#FFFFFF\">\n<td width=\"20\"><\/td>\n<td><span style=\"font-family: sans-serif; font-size: 12px;\"><span style=\"font-family: sans-serif; font-size: 12px;\"><img decoding=\"async\" src=\"https:\/\/eufortrisomy21.eu\/wp-content\/plugins\/gravityforms\/images\/tick.png\" \/> Jag godk\u00e4nner sekretesspolicyn.<\/span><\/span><\/p>\n<div class=\"gfield_consent_description\">Genom att fylla i detta formul\u00e4r godk\u00e4nner du att dina kontaktuppgifter kommer att ing\u00e5 i EUfortrisomy21-kontaktfilen. Observera att den h\u00e4r filen fortfarande \u00e4r EUfortrisomy21 ensam ansvarig och att den under inga omst\u00e4ndigheter delas med andra enheter. Om du inte l\u00e4ngre vill ta emot v\u00e5r kommunikation i framtiden kan du helt enkelt avsluta prenumerationen med l\u00e4nken nedan. Du har r\u00e4tt att n\u00e4r som helst f\u00e5 \u00e5tkomst till, korrigera eller radera uppgifter om dig och r\u00e4tt att mots\u00e4tta dig eller begr\u00e4nsa behandlingen av dem. F\u00f6r att ut\u00f6va dina r\u00e4ttigheter kan du kontakta oss p\u00e5 privacy @ eufortrisomy21. F\u00f6r mer information om skyddet av dina personuppgifter: privacy @ eufortrisomy21<\/div>\n<p>&nbsp;<\/td>\n<\/tr>\n<\/tbody>\n<\/table>\n<\/td>\n<\/tr>\n<\/tbody>\n<\/table>","protected":false},"featured_media":0,"template":"","country":[29],"class_list":["post-29503","ngo","type-ngo","status-publish","hentry","country-greece"],"acf":[],"_links":{"self":[{"href":"https:\/\/eufortrisomy21.eu\/sv\/wp-json\/wp\/v2\/ngo\/29503"}],"collection":[{"href":"https:\/\/eufortrisomy21.eu\/sv\/wp-json\/wp\/v2\/ngo"}],"about":[{"href":"https:\/\/eufortrisomy21.eu\/sv\/wp-json\/wp\/v2\/types\/ngo"}],"version-history":[{"count":0,"href":"https:\/\/eufortrisomy21.eu\/sv\/wp-json\/wp\/v2\/ngo\/29503\/revisions"}],"wp:attachment":[{"href":"https:\/\/eufortrisomy21.eu\/sv\/wp-json\/wp\/v2\/media?parent=29503"}],"wp:term":[{"taxonomy":"country","embeddable":true,"href":"https:\/\/eufortrisomy21.eu\/sv\/wp-json\/wp\/v2\/country?post=29503"}],"curies":[{"name":"wp","href":"https:\/\/api.w.org\/{rel}","templated":true}]}}