{"id":14534,"date":"2020-03-19T20:48:33","date_gmt":"2020-03-19T19:48:33","guid":{"rendered":"https:\/\/eufortrisomy21.eu\/?page_id=14534"},"modified":"2022-02-01T23:47:47","modified_gmt":"2022-02-01T22:47:47","slug":"challenge","status":"publish","type":"page","link":"https:\/\/eufortrisomy21.eu\/sv\/21march20\/challenge\/","title":{"rendered":"Utmaning"},"content":{"rendered":"<h1>\n\t\t\n\t<\/h1>\n<h2>\n\t\tOj\u00e4mna strumpor utmaning\n\t<\/h2>\n\t\t\t\t\t\t<img decoding=\"async\" src=\"https:\/\/i.ytimg.com\/vi\/QZ3elhGVp_Q\/maxresdefault.jpg\"  \/>\n\t<p>Fem familjer fr\u00e5n Belgien, Frankrike, Italien, Spanien och Polen har utmanat parlamentsledam\u00f6terna (parlamentsledam\u00f6ter) att inte matcha sina strumpor till st\u00f6d f\u00f6r firandet av World Down Syndrome Day, vilket inneb\u00e4r att m\u00e4nniskor med Downs syndrom kan vara annorlunda (som v\u00e5r strumpor) men de berikar v\u00e5rt samh\u00e4lle p\u00e5 det vackraste s\u00e4ttet.<\/p>\n<p>Denna onlinekampanj f\u00f6rbereder World Down Syndrome Day som firas som varje \u00e5r den 21 mars.<\/p>\n<p>EU for Trisomy 21 har i samarbete med m\u00e5nga andra icke-statliga organisationer och ledam\u00f6ter organiserat en rad aktiviteter f\u00f6r detta speciella tillf\u00e4lle i Europaparlamentet. Tyv\u00e4rr har de aktiviteter som planerats i parlamentet f\u00f6r denna fest avbrutits p\u00e5 grund av instruktionerna p\u00e5 Covid-19.<\/p>\n\t<p>Icke desto mindre forts\u00e4tter kampanjen med sociala medier med matchande strumpor att b\u00f6rja med lanseringen idag av videon med fem personer med Downs syndrom och deras familjer som utmanar parlamentsledam\u00f6ter att inte matcha sina strumpor.<\/p>\n<p>Under denna kampanj kommer ledam\u00f6terna att f\u00e5 en kort anteckning om behovet av \u00e5tg\u00e4rder fr\u00e5n Europeiska unionen om h\u00e4lsa, utbildning, j\u00e4mst\u00e4lldhet och forskning f\u00f6r att hantera de problem som m\u00e4nniskor med Downs syndrom och deras familjer st\u00e5r inf\u00f6r.<\/p>\n<p>EU for Trisomy 21 inbjuder dig att g\u00e5 med i kampanjen som inte matchar strumpor genom att l\u00e4gga upp ditt foto eller din video p\u00e5 Twitter, Facebook eller Instagram med hashtags #EUforTrisomy21 #WDSD20 och #WorldDownSyndromeDay.<\/p>\n<p>F\u00f6r mer information: <a href=\"mailto:antonio@eufortrisomy21.eu\">antonio@eufortrisomy21.eu<\/a><\/p>","protected":false},"excerpt":{"rendered":"<p>Mismatched socks challenge Five families from Belgium, France, Italy, Spain and Poland has challenged the Members of the European Parliament&hellip;<\/p>","protected":false},"author":2,"featured_media":0,"parent":14422,"menu_order":0,"comment_status":"closed","ping_status":"closed","template":"","meta":{"_acf_changed":false,"footnotes":""},"class_list":["post-14534","page","type-page","status-publish","hentry"],"acf":[],"_links":{"self":[{"href":"https:\/\/eufortrisomy21.eu\/sv\/wp-json\/wp\/v2\/pages\/14534"}],"collection":[{"href":"https:\/\/eufortrisomy21.eu\/sv\/wp-json\/wp\/v2\/pages"}],"about":[{"href":"https:\/\/eufortrisomy21.eu\/sv\/wp-json\/wp\/v2\/types\/page"}],"author":[{"embeddable":true,"href":"https:\/\/eufortrisomy21.eu\/sv\/wp-json\/wp\/v2\/users\/2"}],"replies":[{"embeddable":true,"href":"https:\/\/eufortrisomy21.eu\/sv\/wp-json\/wp\/v2\/comments?post=14534"}],"version-history":[{"count":0,"href":"https:\/\/eufortrisomy21.eu\/sv\/wp-json\/wp\/v2\/pages\/14534\/revisions"}],"up":[{"embeddable":true,"href":"https:\/\/eufortrisomy21.eu\/sv\/wp-json\/wp\/v2\/pages\/14422"}],"wp:attachment":[{"href":"https:\/\/eufortrisomy21.eu\/sv\/wp-json\/wp\/v2\/media?parent=14534"}],"curies":[{"name":"wp","href":"https:\/\/api.w.org\/{rel}","templated":true}]}}