{"id":31203,"date":"2021-03-01T15:24:05","date_gmt":"2021-03-01T14:24:05","guid":{"rendered":"https:\/\/eufortrisomy21.eu\/?page_id=31203"},"modified":"2025-01-27T16:19:21","modified_gmt":"2025-01-27T15:19:21","slug":"about","status":"publish","type":"page","link":"https:\/\/eufortrisomy21.eu\/sv\/about\/","title":{"rendered":"Handla om"},"content":{"rendered":"<img loading=\"lazy\" decoding=\"async\" src=\"https:\/\/eufortrisomy21.eu\/wp-content\/uploads\/2021\/03\/EuforTrisomy21_Home.jpg\" alt=\"EuforTrisomy21_Home\" itemprop=\"image\" height=\"834\" width=\"2500\" title=\"EuforTrisomy21_Home\" onerror=\"this.style.display='none'\"  \/>\n\t<h3>\n\t\t\t\tVad \u00e4r EU f\u00f6r Trisomy 21?\n\t\t\t<\/h3>\n\t\t\t<p>A platform where groups, citizens, and politicians work together to celebrate World Down Syndrome Day. The goal is to raise awareness about intellectual disabilities, especially Trisomy 21 (also called Down Syndrome), which is the most common genetic intellectual disability.We use simpler english in this description so that our message is clear and easy to understand for everyone, including people with intellectual disabilities.<\/p>\t\n\t<p><strong>EU for Trisomy 21 (EUFT21)<\/strong> is a group of organizations from all over Europe working to make life better for people with Down Syndrome (Trisomy 21).<\/p>\n<p>We connect 53 partners in 23 EU countries to share ideas, work together, and speak with one voice to the European Union.<\/p>\n<p>We want to help people with Trisomy 21 have more <strong>freedom, visibility, good health, and fair treatment<\/strong>. The European Union can make laws to improve areas like healthcare, jobs, education, and human rights, but support for people with intellectual disabilities is often too little or stays the same.<\/p>\n\t<p>To make a change, EUFT21 works to:<\/p>\n<ul>\n<li><strong>Stop discrimination<\/strong> and make sure people with Down Syndrome are treated fairly.<\/li>\n<li>Help people with disabilities learn skills and become more independent.<\/li>\n<li>Create chances for people with Down Syndrome to talk directly to EU leaders.<\/li>\n<li>Push for better laws and funding to support people with disabilities.<\/li>\n<li>Make sure the EU keeps its promises to protect disability rights.<\/li>\n<\/ul>\n<p>Our activities include training workshops, skill-building programs, and talking with leaders in the European Parliament. We also help people with disabilities learn about their rights and take part in decisions that affect them.<\/p>\n<p>Our work supports important EU plans, like the <strong>EU Strategy for the Rights of Persons with Disabilities (2021-2030)<\/strong>, to make sure everyone has a voice and equal opportunities.<\/p>\n\t<h3>\n\t\t\t\tVad g\u00f6r <i>EU f\u00f6r trisomi 21<\/i> vilja ?\n\t\t\t<\/h3>\n\t\t\t<p>Vi vill att behoven hos personer med intellektuella funktionshinder ska prioriteras p\u00e5 den europeiska agendan f\u00f6r att garantera verklig j\u00e4mlikhet mellan medborgarna.<\/p>\t\n\t\t\t\t\t\t\t\t\t\t\t\t<h3>Synlighet<\/h3>\n\t\t\t<!-- END .front -->\n\t\t\t\t\t\t<p>People\u00a0with disabilities\u00a0are not\u00a0present in the political environment,\u00a0are not\u00a0present\u00a0in the labour market neither in the media.\u00a0If people with disabilities are not visible in the society, it&#8217;s impossible to create the necessary changes.\u00a0\u00a0<\/p>\t\t\t\t\t\n\t\t\t<!-- END .back -->\n\t\t <!-- ifb-flip-box -->\n\t <!-- flip-box -->\n\t\t\t\t\t\t\t\t\t\t\t\t<h3>Icke-diskriminering<\/h3>\n\t\t\t<!-- END .front -->\n\t\t\t\t\t\t<p>EU: s lagstiftning mot diskriminering har kommit l\u00e5ngt de senaste \u00e5ren f\u00f6r de olika minoritetsgrupperna, utom f\u00f6r personer med funktionsneds\u00e4ttning. M\u00e4nniskor med intellektuella funktionsneds\u00e4ttningar beh\u00f6ver n\u00e5gra speciella anpassningar f\u00f6r att s\u00e4kerst\u00e4lla att dessa lagar och r\u00e4ttspraxis skyddar dem och inte bara i teorin.<\/p>\t\t\t\t\t\n\t\t\t<!-- END .back -->\n\t\t <!-- ifb-flip-box -->\n\t <!-- flip-box -->\n\t\t\t\t<img decoding=\"async\" src=\"https:\/\/eufortrisomy21.eu\/wp-content\/uploads\/2020\/02\/icons8-stethoscope-50.png\" alt=\"icons8-stethoscope-50\" title=\"ikoner8-stetoskop-50\" itemprop=\"image\"\/>\n\t\t\t\t\t\t\t\t\t\t\t\t<h3>H\u00e4lsa<\/h3>\n\t\t\t<!-- END .front -->\n\t\t\t\t\t\t<p>The European Union\u00a0must\u00a0act in the best interest of people with intellectual disabilities to ensure their right\u00a0to a &#8220;a high level of human health protection&#8221; as established by the Charter of fundamental rights of the European Union.\u00a0\u00a0\u00a0\u00a0\u00a0\u00a0\u00a0\u00a0\u00a0\u00a0\u00a0\u00a0\u00a0<\/p>\t\t\t\t\t\n\t\t\t<!-- END .back -->\n\t\t <!-- ifb-flip-box -->\n\t <!-- flip-box -->\n\t\t\t\t\t\t\t\t\t\t\t\t<h3>Autonomi<\/h3>\n\t\t\t<!-- END .front -->\n\t\t\t\t\t\t<p>F\u00f6r att garantera personer med intellektuella funktionshinder oberoende och valfrihet m\u00e5ste vi fr\u00e4mja deras autonomi. F\u00f6r detta \u00e4ndam\u00e5l m\u00e5ste EU uppmuntra medicinsk forskningsprogram med terapeutiska m\u00e5l och inkluderande innovativa sociala projekt som integrerar i samh\u00e4llet deras m\u00e5ngfald.<\/p>\t\t\t\t\t\n\t\t\t<!-- END .back -->\n\t\t <!-- ifb-flip-box -->\n\t <!-- flip-box -->","protected":false},"excerpt":{"rendered":"<p>What is EU for Trisomy 21 ? A platform where groups, citizens, and politicians work together to celebrate World Down&hellip;<\/p>","protected":false},"author":2,"featured_media":0,"parent":0,"menu_order":9,"comment_status":"closed","ping_status":"closed","template":"","meta":{"_acf_changed":false,"footnotes":""},"class_list":["post-31203","page","type-page","status-publish","hentry"],"acf":[],"_links":{"self":[{"href":"https:\/\/eufortrisomy21.eu\/sv\/wp-json\/wp\/v2\/pages\/31203"}],"collection":[{"href":"https:\/\/eufortrisomy21.eu\/sv\/wp-json\/wp\/v2\/pages"}],"about":[{"href":"https:\/\/eufortrisomy21.eu\/sv\/wp-json\/wp\/v2\/types\/page"}],"author":[{"embeddable":true,"href":"https:\/\/eufortrisomy21.eu\/sv\/wp-json\/wp\/v2\/users\/2"}],"replies":[{"embeddable":true,"href":"https:\/\/eufortrisomy21.eu\/sv\/wp-json\/wp\/v2\/comments?post=31203"}],"version-history":[{"count":2,"href":"https:\/\/eufortrisomy21.eu\/sv\/wp-json\/wp\/v2\/pages\/31203\/revisions"}],"predecessor-version":[{"id":33905,"href":"https:\/\/eufortrisomy21.eu\/sv\/wp-json\/wp\/v2\/pages\/31203\/revisions\/33905"}],"wp:attachment":[{"href":"https:\/\/eufortrisomy21.eu\/sv\/wp-json\/wp\/v2\/media?parent=31203"}],"curies":[{"name":"wp","href":"https:\/\/api.w.org\/{rel}","templated":true}]}}